{"id":643,"date":"2024-11-05T21:06:48","date_gmt":"2024-11-05T20:06:48","guid":{"rendered":"https:\/\/bruelhart-ducret.dev.hayloft-it.ch\/?post_type=project&#038;p=643"},"modified":"2025-05-08T14:30:42","modified_gmt":"2025-05-08T12:30:42","slug":"abbaye-maigrauge","status":"publish","type":"project","link":"https:\/\/www.bruelhartducret.ch\/fr\/projet\/abbaye-maigrauge\/","title":{"rendered":"Abbaye de la Maigrauge"},"content":{"rendered":"<div class=\"wp-block-group alignfull hero-with-title-and-cover is-layout-flow wp-block-group-is-layout-flow\">\n<h1 class=\"wp-block-heading\">Abbaye de la Maigrauge<\/h1>\n\n\n\n<div class=\"wp-block-cover alignfull is-light\"><span aria-hidden=\"true\" class=\"wp-block-cover__background has-background-dim-0 has-background-dim\" style=\"background-color:#b6aea9\"><\/span><img loading=\"lazy\" decoding=\"async\" width=\"1920\" height=\"1080\" src=\"https:\/\/www.bruelhartducret.ch\/wp-content\/uploads\/2024\/11\/05_16_9.webp\" class=\"wp-block-cover__image-background wp-post-image\" alt=\"\" data-object-fit=\"cover\" data-object-position=\"51% 71%\" style=\"object-position:51% 71%;\" srcset=\"https:\/\/www.bruelhartducret.ch\/wp-content\/uploads\/2024\/11\/05_16_9.webp 1920w, https:\/\/www.bruelhartducret.ch\/wp-content\/uploads\/2024\/11\/05_16_9-300x169.webp 300w, https:\/\/www.bruelhartducret.ch\/wp-content\/uploads\/2024\/11\/05_16_9-1024x576.webp 1024w, https:\/\/www.bruelhartducret.ch\/wp-content\/uploads\/2024\/11\/05_16_9-768x432.webp 768w, https:\/\/www.bruelhartducret.ch\/wp-content\/uploads\/2024\/11\/05_16_9-1536x864.webp 1536w, https:\/\/www.bruelhartducret.ch\/wp-content\/uploads\/2024\/11\/05_16_9-18x10.webp 18w, https:\/\/www.bruelhartducret.ch\/wp-content\/uploads\/2024\/11\/05_16_9-407x229.webp 407w\" sizes=\"auto, (max-width: 1920px) 100vw, 1920px\" \/><div class=\"wp-block-cover__inner-container is-layout-flow wp-block-cover-is-layout-flow\">\n<p class=\"has-text-align-center has-large-font-size\"><\/p>\n<\/div><\/div>\n<\/div>\n\n\n\n<div class=\"wp-block-group alignfull lead-wrapper is-layout-flow wp-block-group-is-layout-flow\">\n<p class=\"is-style-lead\">Le cou\u00advent de la Maigrauge fond\u00e9 en 1255 a \u00e9t\u00e9 b\u00e2ti selon les codes l\u2019architecture clas\u00adsique de l\u2019ordre cis\u00adter\u00adcien.<\/p>\n\n\n\n<p>Les b\u00e2ti\u00adments et ses divers\u00ades instal\u00adla\u00adtions ont \u00e9t\u00e9 util\u00adis\u00e9s sans inter\u00adrup\u00adtion, mais agran\u00addis \u00e0 plusieurs repris\u00ades, trans\u00adfor\u00adm\u00e9s et ensuite recon\u00adstru\u00adits apr\u00e8s le grand incendie de 1660. En col\u00adlab\u00ado\u00adra\u00adtion avec le ser\u00advice des biens cul\u00adturels, des arch\u00e9o\u00adlogues et des restau\u00adra\u00adteurs d\u2019art, les mat\u00e9ri\u00adaux orig\u00adinels recou\u00advrant les fa\u00e7ades ont \u00e9t\u00e9 remis en place et assai\u00adnis. L\u2019aspect actuel du cou\u00advent cor\u00adre\u00adspond \u00e0 celui de 1660.<\/p>\n\n\n<div class=\"wp-block-button align wp-block-bruelhart-ducret-print-button\">\n    <button class=\"wp-element-button\" onclick=\"window.print()\">\n        PDF herunterladen    <\/button>\n<\/div>\n\n<\/div>\n\n\n\n<figure class=\"wp-block-gallery alignwide has-nested-images columns-2 is-cropped is-style-masonry wp-block-gallery-1 is-layout-flex wp-block-gallery-is-layout-flex\">\n<figure data-no-zoom=\"true\" class=\"wp-block-image size-large\"><a href=\"https:\/\/bruelhartducret.ch\/wp-content\/uploads\/2024\/11\/02_16_9-2.jpg\"><img loading=\"lazy\" decoding=\"async\" width=\"1024\" height=\"576\" data-id=\"649\" src=\"https:\/\/bruelhartducret.ch\/wp-content\/uploads\/2024\/11\/02_16_9-2-1024x576.webp\" alt=\"\" class=\"wp-image-649\" srcset=\"https:\/\/www.bruelhartducret.ch\/wp-content\/uploads\/2024\/11\/02_16_9-2-1024x576.webp 1024w, https:\/\/www.bruelhartducret.ch\/wp-content\/uploads\/2024\/11\/02_16_9-2-300x169.webp 300w, https:\/\/www.bruelhartducret.ch\/wp-content\/uploads\/2024\/11\/02_16_9-2-768x432.webp 768w, https:\/\/www.bruelhartducret.ch\/wp-content\/uploads\/2024\/11\/02_16_9-2-1536x864.webp 1536w, https:\/\/www.bruelhartducret.ch\/wp-content\/uploads\/2024\/11\/02_16_9-2-18x10.webp 18w, https:\/\/www.bruelhartducret.ch\/wp-content\/uploads\/2024\/11\/02_16_9-2-407x229.webp 407w, https:\/\/www.bruelhartducret.ch\/wp-content\/uploads\/2024\/11\/02_16_9-2.webp 1920w\" sizes=\"auto, (max-width: 1024px) 100vw, 1024px\" \/><\/a><\/figure>\n\n\n\n<figure data-no-zoom=\"true\" class=\"wp-block-image size-large\"><a href=\"https:\/\/bruelhartducret.ch\/wp-content\/uploads\/2024\/11\/09_16_9-1.jpg\"><img loading=\"lazy\" decoding=\"async\" width=\"1024\" height=\"576\" data-id=\"648\" src=\"https:\/\/bruelhartducret.ch\/wp-content\/uploads\/2024\/11\/09_16_9-1-1024x576.webp\" alt=\"\" class=\"wp-image-648\" srcset=\"https:\/\/www.bruelhartducret.ch\/wp-content\/uploads\/2024\/11\/09_16_9-1-1024x576.webp 1024w, https:\/\/www.bruelhartducret.ch\/wp-content\/uploads\/2024\/11\/09_16_9-1-300x169.webp 300w, https:\/\/www.bruelhartducret.ch\/wp-content\/uploads\/2024\/11\/09_16_9-1-768x432.webp 768w, https:\/\/www.bruelhartducret.ch\/wp-content\/uploads\/2024\/11\/09_16_9-1-1536x864.webp 1536w, https:\/\/www.bruelhartducret.ch\/wp-content\/uploads\/2024\/11\/09_16_9-1-18x10.webp 18w, https:\/\/www.bruelhartducret.ch\/wp-content\/uploads\/2024\/11\/09_16_9-1-407x229.webp 407w, https:\/\/www.bruelhartducret.ch\/wp-content\/uploads\/2024\/11\/09_16_9-1.webp 1920w\" sizes=\"auto, (max-width: 1024px) 100vw, 1024px\" \/><\/a><\/figure>\n\n\n\n<figure data-no-zoom=\"true\" class=\"wp-block-image size-large\"><a href=\"https:\/\/bruelhartducret.ch\/wp-content\/uploads\/2024\/11\/Hauptbild_01_16_9-1.jpg\"><img loading=\"lazy\" decoding=\"async\" width=\"1024\" height=\"576\" data-id=\"646\" src=\"https:\/\/bruelhartducret.ch\/wp-content\/uploads\/2024\/11\/Hauptbild_01_16_9-1-1024x576.webp\" alt=\"\" class=\"wp-image-646\" srcset=\"https:\/\/www.bruelhartducret.ch\/wp-content\/uploads\/2024\/11\/Hauptbild_01_16_9-1-1024x576.webp 1024w, https:\/\/www.bruelhartducret.ch\/wp-content\/uploads\/2024\/11\/Hauptbild_01_16_9-1-300x169.webp 300w, https:\/\/www.bruelhartducret.ch\/wp-content\/uploads\/2024\/11\/Hauptbild_01_16_9-1-768x432.webp 768w, https:\/\/www.bruelhartducret.ch\/wp-content\/uploads\/2024\/11\/Hauptbild_01_16_9-1-1536x864.webp 1536w, https:\/\/www.bruelhartducret.ch\/wp-content\/uploads\/2024\/11\/Hauptbild_01_16_9-1-18x10.webp 18w, https:\/\/www.bruelhartducret.ch\/wp-content\/uploads\/2024\/11\/Hauptbild_01_16_9-1-407x229.webp 407w, https:\/\/www.bruelhartducret.ch\/wp-content\/uploads\/2024\/11\/Hauptbild_01_16_9-1.webp 1920w\" sizes=\"auto, (max-width: 1024px) 100vw, 1024px\" \/><\/a><\/figure>\n\n\n\n<figure data-no-zoom=\"true\" class=\"wp-block-image size-large\"><a href=\"https:\/\/bruelhartducret.ch\/wp-content\/uploads\/2024\/11\/07_16_9.jpg\"><img loading=\"lazy\" decoding=\"async\" width=\"1024\" height=\"576\" data-id=\"645\" src=\"https:\/\/bruelhartducret.ch\/wp-content\/uploads\/2024\/11\/07_16_9-1024x576.webp\" alt=\"\" class=\"wp-image-645\" srcset=\"https:\/\/www.bruelhartducret.ch\/wp-content\/uploads\/2024\/11\/07_16_9-1024x576.webp 1024w, https:\/\/www.bruelhartducret.ch\/wp-content\/uploads\/2024\/11\/07_16_9-300x169.webp 300w, https:\/\/www.bruelhartducret.ch\/wp-content\/uploads\/2024\/11\/07_16_9-768x432.webp 768w, https:\/\/www.bruelhartducret.ch\/wp-content\/uploads\/2024\/11\/07_16_9-1536x864.webp 1536w, https:\/\/www.bruelhartducret.ch\/wp-content\/uploads\/2024\/11\/07_16_9-18x10.webp 18w, https:\/\/www.bruelhartducret.ch\/wp-content\/uploads\/2024\/11\/07_16_9-407x229.webp 407w, https:\/\/www.bruelhartducret.ch\/wp-content\/uploads\/2024\/11\/07_16_9.webp 1920w\" sizes=\"auto, (max-width: 1024px) 100vw, 1024px\" \/><\/a><\/figure>\n<\/figure>\n\n\n<dl class=\"alignwide has-background has-primary-background-color wp-block-bruelhart-ducret-metadata\">\n            <dt>Localisation<\/dt>\n        <dd>Fribourg<\/dd>\n            <dt>Ach\u00e8vement<\/dt>\n        <dd>2013<\/dd>\n            <dt>Photos<\/dt>\n        <dd>Br\u00fclhart Ducret SA<\/dd>\n    <\/dl>\n\n\n<div class=\"wp-block-bruelhart-ducret-post-navigation\">\n            <a class=\"previous\" href=\"https:\/\/www.bruelhartducret.ch\/fr\/apercu-du-projet\/\">\n            zur\u00fcck zur \u00dcbersicht        <\/a>\n                <a class=\"next\" href=\"https:\/\/www.bruelhartducret.ch\/fr\/projet\/maison-passive-ecologique\/\">\n            n\u00e4chstes Projekt        <\/a>\n    <\/div>\n\n<div class=\"alignfull has-background has-primary-background-color wp-block-group alignfull wp-block-bruelhart-ducret-contact has-background has-primary-background-color\">\n    <div class=\"content-wrapper\">\n        <div class=\"acf-innerblocks-container\">\n\n<h5 class=\"wp-block-heading\">Personne de contact<\/h5>\n\n\n\n<h2 class=\"wp-block-heading\"><strong>Vous avez des questions sur ce projet ou vous souhaitez lancer le v\u00f4tre ?<\/strong> N'h\u00e9sitez pas \u00e0 nous contacter.<\/h2>\n\n\n\n<div class=\"wp-block-buttons is-layout-flex wp-block-buttons-is-layout-flex\">\n<div class=\"wp-block-button\"><a class=\"wp-block-button__link wp-element-button\" href=\"\/fr\/buero\/#ansprechpartner\">Tous les contacts<\/a><\/div>\n<\/div>\n\n<\/div>\n    <\/div>\n            <figure href=\"https:\/\/www.bruelhartducret.ch\/fr\/?employee=automatisch-gespeicherter-entwurf-4\" class=\"post-814 employee type-employee status-publish hentry\" data-turbo=\"false\">\n    <div class=\"portrait-wrapper\">\n        <img loading=\"lazy\" decoding=\"async\" width=\"407\" height=\"305\" src=\"https:\/\/www.bruelhartducret.ch\/wp-content\/uploads\/2025\/02\/Sacha_2025_2-407x305.webp\" class=\"attachment-portrait size-portrait\" alt=\"\" srcset=\"https:\/\/www.bruelhartducret.ch\/wp-content\/uploads\/2025\/02\/Sacha_2025_2-407x305.webp 407w, https:\/\/www.bruelhartducret.ch\/wp-content\/uploads\/2025\/02\/Sacha_2025_2-300x225.webp 300w, https:\/\/www.bruelhartducret.ch\/wp-content\/uploads\/2025\/02\/Sacha_2025_2-1024x768.webp 1024w, https:\/\/www.bruelhartducret.ch\/wp-content\/uploads\/2025\/02\/Sacha_2025_2-768x576.webp 768w, https:\/\/www.bruelhartducret.ch\/wp-content\/uploads\/2025\/02\/Sacha_2025_2-1536x1152.webp 1536w, https:\/\/www.bruelhartducret.ch\/wp-content\/uploads\/2025\/02\/Sacha_2025_2-2048x1536.webp 2048w, https:\/\/www.bruelhartducret.ch\/wp-content\/uploads\/2025\/02\/Sacha_2025_2-16x12.webp 16w\" sizes=\"auto, (max-width: 407px) 100vw, 407px\" \/>                    <a class=\"linkedin\" href=\"https:\/\/ch.linkedin.com\/in\/sacha-br%C3%BClhart-850106167\" target=\"_blank\"><\/a>\n            <\/div>\n    <figcaption>\n        <h3 class=\"name\">Sacha Br\u00fclhart <\/h3>\n                    <div class=\"occupation\">\n                                    <span class=\"job\">Architecte FH, biologiste du b\u00e2timent SIB<\/span>\n                                                    <span class=\"position\">Partenaire principal, co-directeur<\/span>\n                            <\/div>\n                            <div class=\"links\">\n                                    <a class=\"phone\" href=\"tel:+41 58 861 61 01\">+41 58 861 61 01<\/a>\n                                                    <a class=\"email\" href=\"mailto:sacha.bruelhart@bruelhartducret.ch\">sacha.bruelhart@bruelhartducret.ch<\/a>\n                            <\/div>\n            <\/figcaption>\n<\/figure>    <\/div>\n\n<div class=\"alignfull is-layout-constrained wp-block-group alignfull wp-block-bruelhart-ducret-further-references\">\n    <div class=\"acf-innerblocks-container\">\n\n<h5 class=\"wp-block-heading\">Plus de r\u00e9f\u00e9rences<\/h5>\n\n\n\n<h2 class=\"wp-block-heading\">Encore plus de projets sur ce th\u00e8me<\/h2>\n\n\n\n<div class=\"wp-block-buttons is-layout-flex wp-block-buttons-is-layout-flex\">\n<div class=\"wp-block-button\"><a class=\"wp-block-button__link wp-element-button\" href=\"https:\/\/www.bruelhartducret.ch\/fr\/apercu-du-projet\/\">voir tous les projets<\/a><\/div>\n<\/div>\n\n<\/div>\n    <div class=\"alignfull wp-block-bruelhart-ducret-projects\">\n    <turbo-frame id=\"projects\" data-turbo=\"true\">\n                <div class=\"teasers\">\n                            <a href=\"https:\/\/www.bruelhartducret.ch\/fr\/projet\/schulhausplasselb\/\" class=\"post-1577 project type-project status-publish has-post-thumbnail hentry project_cat-denkmalpflege project_cat-umbau-renovation-und-sanierung\" data-turbo=\"false\">\n    <div class=\"image-wrapper\">\n        <img loading=\"lazy\" decoding=\"async\" width=\"1920\" height=\"1050\" src=\"https:\/\/www.bruelhartducret.ch\/wp-content\/uploads\/2025\/12\/BDA-Pla-251015-ARC001.webp\" class=\"attachment-post-thumbnail size-post-thumbnail wp-post-image\" alt=\"\" srcset=\"https:\/\/www.bruelhartducret.ch\/wp-content\/uploads\/2025\/12\/BDA-Pla-251015-ARC001.webp 1920w, https:\/\/www.bruelhartducret.ch\/wp-content\/uploads\/2025\/12\/BDA-Pla-251015-ARC001-300x164.webp 300w, https:\/\/www.bruelhartducret.ch\/wp-content\/uploads\/2025\/12\/BDA-Pla-251015-ARC001-1024x560.webp 1024w, https:\/\/www.bruelhartducret.ch\/wp-content\/uploads\/2025\/12\/BDA-Pla-251015-ARC001-768x420.webp 768w, https:\/\/www.bruelhartducret.ch\/wp-content\/uploads\/2025\/12\/BDA-Pla-251015-ARC001-1536x840.webp 1536w, https:\/\/www.bruelhartducret.ch\/wp-content\/uploads\/2025\/12\/BDA-Pla-251015-ARC001-18x10.webp 18w, https:\/\/www.bruelhartducret.ch\/wp-content\/uploads\/2025\/12\/BDA-Pla-251015-ARC001-407x223.webp 407w\" sizes=\"auto, (max-width: 1920px) 100vw, 1920px\" \/>    <\/div>\n    <div class=\"data-wrapper\">\n        <h3 class=\"title\">Schulhaus Plasselb<\/h3>\n        <p class=\"excerpt\">Das Schulhaus der Gemeinde Plasselb wurde im Rahmen eines umfassenden Gesamtprojekts sorgf\u00e4ltig saniert und strukturell ert\u00fcchtigt. Die Massnahmen erfolgten mit grossem Respekt vor der bestehenden Bausubstanz und mit dem Ziel, die architektonische Identit\u00e4t des Geb\u00e4udes zu bewahren und gleichzeitig den heutigen technischen, energetischen und funktionalen Anforderungen gerecht zu werden.<\/p>\n        <div class=\"wp-block-button read-more\">\n            <span class=\"wp-element-button\">en savoir plus<\/span>\n        <\/div>\n    <\/div>\n<\/a>                            <a href=\"https:\/\/www.bruelhartducret.ch\/fr\/projet\/werkhofjungo\/\" class=\"post-1564 project type-project status-publish has-post-thumbnail hentry project_cat-gewerbebauten\" data-turbo=\"false\">\n    <div class=\"image-wrapper\">\n        <img loading=\"lazy\" decoding=\"async\" width=\"1920\" height=\"1440\" src=\"https:\/\/www.bruelhartducret.ch\/wp-content\/uploads\/2025\/12\/BDA-Jun-251002-ARC003.webp\" class=\"attachment-post-thumbnail size-post-thumbnail wp-post-image\" alt=\"\" srcset=\"https:\/\/www.bruelhartducret.ch\/wp-content\/uploads\/2025\/12\/BDA-Jun-251002-ARC003.webp 1920w, https:\/\/www.bruelhartducret.ch\/wp-content\/uploads\/2025\/12\/BDA-Jun-251002-ARC003-300x225.webp 300w, https:\/\/www.bruelhartducret.ch\/wp-content\/uploads\/2025\/12\/BDA-Jun-251002-ARC003-1024x768.webp 1024w, https:\/\/www.bruelhartducret.ch\/wp-content\/uploads\/2025\/12\/BDA-Jun-251002-ARC003-768x576.webp 768w, https:\/\/www.bruelhartducret.ch\/wp-content\/uploads\/2025\/12\/BDA-Jun-251002-ARC003-1536x1152.webp 1536w, https:\/\/www.bruelhartducret.ch\/wp-content\/uploads\/2025\/12\/BDA-Jun-251002-ARC003-16x12.webp 16w, https:\/\/www.bruelhartducret.ch\/wp-content\/uploads\/2025\/12\/BDA-Jun-251002-ARC003-407x305.webp 407w\" sizes=\"auto, (max-width: 1920px) 100vw, 1920px\" \/>    <\/div>\n    <div class=\"data-wrapper\">\n        <h3 class=\"title\">Werkhof Jungo Gartengestaltung<\/h3>\n        <p class=\"excerpt\">Werkhof Jungo Gartengestaltung<\/p>\n        <div class=\"wp-block-button read-more\">\n            <span class=\"wp-element-button\">en savoir plus<\/span>\n        <\/div>\n    <\/div>\n<\/a>                            <a href=\"https:\/\/www.bruelhartducret.ch\/fr\/projet\/bd-regal-2\/\" class=\"post-1527 project type-project status-publish has-post-thumbnail hentry project_cat-moebeldesign\" data-turbo=\"false\">\n    <div class=\"image-wrapper\">\n        <img loading=\"lazy\" decoding=\"async\" width=\"2560\" height=\"1314\" src=\"https:\/\/www.bruelhartducret.ch\/wp-content\/uploads\/2025\/10\/BDA-Reg-220131-MOB001-Kopie-scaled.webp\" class=\"attachment-post-thumbnail size-post-thumbnail wp-post-image\" alt=\"\" srcset=\"https:\/\/www.bruelhartducret.ch\/wp-content\/uploads\/2025\/10\/BDA-Reg-220131-MOB001-Kopie-scaled.webp 2560w, https:\/\/www.bruelhartducret.ch\/wp-content\/uploads\/2025\/10\/BDA-Reg-220131-MOB001-Kopie-300x154.webp 300w, https:\/\/www.bruelhartducret.ch\/wp-content\/uploads\/2025\/10\/BDA-Reg-220131-MOB001-Kopie-1024x526.webp 1024w, https:\/\/www.bruelhartducret.ch\/wp-content\/uploads\/2025\/10\/BDA-Reg-220131-MOB001-Kopie-768x394.webp 768w, https:\/\/www.bruelhartducret.ch\/wp-content\/uploads\/2025\/10\/BDA-Reg-220131-MOB001-Kopie-1536x789.webp 1536w, https:\/\/www.bruelhartducret.ch\/wp-content\/uploads\/2025\/10\/BDA-Reg-220131-MOB001-Kopie-2048x1051.webp 2048w, https:\/\/www.bruelhartducret.ch\/wp-content\/uploads\/2025\/10\/BDA-Reg-220131-MOB001-Kopie-18x9.webp 18w, https:\/\/www.bruelhartducret.ch\/wp-content\/uploads\/2025\/10\/BDA-Reg-220131-MOB001-Kopie-407x209.webp 407w\" sizes=\"auto, (max-width: 2560px) 100vw, 2560px\" \/>    <\/div>\n    <div class=\"data-wrapper\">\n        <h3 class=\"title\">BD Regal #<\/h3>\n        <p class=\"excerpt\">La modularit\u00e9 avec une exigence architecturale<\/p>\n        <div class=\"wp-block-button read-more\">\n            <span class=\"wp-element-button\">en savoir plus<\/span>\n        <\/div>\n    <\/div>\n<\/a>                    <\/div>\n            <\/turbo-frame>\n<\/div>\n<\/div>","protected":false},"excerpt":{"rendered":"<p>En collaboration avec le Service des biens culturels de Fribourg, des arch\u00e9ologues et des restaurateurs, les fa\u00e7ades ont \u00e9t\u00e9 recr\u00e9\u00e9es, r\u00e9par\u00e9es et rafra\u00eechies avec des mat\u00e9riaux de construction traditionnels.<\/p>","protected":false},"featured_media":647,"template":"","project_cat":[20,22],"class_list":["post-643","project","type-project","status-publish","has-post-thumbnail","hentry","project_cat-denkmalpflege","project_cat-umbau-renovation-und-sanierung"],"acf":[],"_links":{"self":[{"href":"https:\/\/www.bruelhartducret.ch\/fr\/wp-json\/wp\/v2\/project\/643","targetHints":{"allow":["GET"]}}],"collection":[{"href":"https:\/\/www.bruelhartducret.ch\/fr\/wp-json\/wp\/v2\/project"}],"about":[{"href":"https:\/\/www.bruelhartducret.ch\/fr\/wp-json\/wp\/v2\/types\/project"}],"wp:featuredmedia":[{"embeddable":true,"href":"https:\/\/www.bruelhartducret.ch\/fr\/wp-json\/wp\/v2\/media\/647"}],"wp:attachment":[{"href":"https:\/\/www.bruelhartducret.ch\/fr\/wp-json\/wp\/v2\/media?parent=643"}],"wp:term":[{"taxonomy":"project_cat","embeddable":true,"href":"https:\/\/www.bruelhartducret.ch\/fr\/wp-json\/wp\/v2\/project_cat?post=643"}],"curies":[{"name":"wp","href":"https:\/\/api.w.org\/{rel}","templated":true}]}}