{"id":623,"date":"2024-11-09T20:52:14","date_gmt":"2024-11-09T19:52:14","guid":{"rendered":"https:\/\/bruelhart-ducret.dev.hayloft-it.ch\/?post_type=project&#038;p=623"},"modified":"2025-05-14T17:52:38","modified_gmt":"2025-05-14T15:52:38","slug":"maison-individuelle-twr","status":"publish","type":"project","link":"https:\/\/www.bruelhartducret.ch\/fr\/projet\/maison-individuelle-twr\/","title":{"rendered":"Mai\u00adson TWR"},"content":{"rendered":"<div class=\"wp-block-group alignfull hero-with-title-and-cover is-layout-flow wp-block-group-is-layout-flow\">\n<h1 class=\"wp-block-heading\">Mai\u00adson TWR<\/h1>\n\n\n\n<div class=\"wp-block-cover alignfull\"><span aria-hidden=\"true\" class=\"wp-block-cover__background has-background-dim-0 has-background-dim\" style=\"background-color:#797e96\"><\/span><img loading=\"lazy\" decoding=\"async\" width=\"1920\" height=\"1080\" src=\"https:\/\/www.bruelhartducret.ch\/wp-content\/uploads\/2024\/11\/EFH-Coco_Suedostansicht_atelier-ducret-Kopie.webp\" class=\"wp-block-cover__image-background wp-post-image\" alt=\"\" data-object-fit=\"cover\" data-object-position=\"50% 10%\" style=\"object-position:50% 10%;\" srcset=\"https:\/\/www.bruelhartducret.ch\/wp-content\/uploads\/2024\/11\/EFH-Coco_Suedostansicht_atelier-ducret-Kopie.webp 1920w, https:\/\/www.bruelhartducret.ch\/wp-content\/uploads\/2024\/11\/EFH-Coco_Suedostansicht_atelier-ducret-Kopie-300x169.webp 300w, https:\/\/www.bruelhartducret.ch\/wp-content\/uploads\/2024\/11\/EFH-Coco_Suedostansicht_atelier-ducret-Kopie-1024x576.webp 1024w, https:\/\/www.bruelhartducret.ch\/wp-content\/uploads\/2024\/11\/EFH-Coco_Suedostansicht_atelier-ducret-Kopie-768x432.webp 768w, https:\/\/www.bruelhartducret.ch\/wp-content\/uploads\/2024\/11\/EFH-Coco_Suedostansicht_atelier-ducret-Kopie-1536x864.webp 1536w, https:\/\/www.bruelhartducret.ch\/wp-content\/uploads\/2024\/11\/EFH-Coco_Suedostansicht_atelier-ducret-Kopie-18x10.webp 18w, https:\/\/www.bruelhartducret.ch\/wp-content\/uploads\/2024\/11\/EFH-Coco_Suedostansicht_atelier-ducret-Kopie-407x229.webp 407w\" sizes=\"auto, (max-width: 1920px) 100vw, 1920px\" \/><div class=\"wp-block-cover__inner-container is-layout-flow wp-block-cover-is-layout-flow\">\n<p class=\"has-text-align-center has-large-font-size\"><\/p>\n<\/div><\/div>\n<\/div>\n\n\n\n<div class=\"wp-block-group alignfull lead-wrapper is-layout-flow wp-block-group-is-layout-flow\">\n<p class=\"is-style-lead\">La mai\u00adson indi\u00advidu\u00adelle avec bureaux \u00e0 l\u2019\u00e9\u00adtage inf\u00e9rieur a \u00e9t\u00e9 achev\u00e9e en 2016. Au rez-de-chauss\u00e9e, un salon et une salle \u00e0 manger ouverts et lumineux vous invi\u00adtent \u00e0 vous attarder. Les deux \u00e9tages sup\u00e9rieurs con\u00adti\u00aden\u00adnent les cham\u00adbres \u00e0 couch\u00ader.<\/p>\n\n\n\n<h4 class=\"wp-block-heading\">Auto\u00adsuff\u00adi\u00adsance \u00e9nerg\u00e9\u00adtique gr\u00e2ce \u00e0 l\u2019\u00e9n\u00adergie solaire<\/h4>\n\n\n\n<p>Auto\u00adsuff\u00adi\u00adsance \u00e9nerg\u00e9\u00adtique gr\u00e2ce \u00e0 l\u2019\u00e9n\u00adergie solaire_\u200b\nPour la mai\u00adson indi\u00advidu\u00adelle \u00e0 St. Ursen, les archi\u00adtectes ont choisi une struc\u00adture de planch\u00ader, de fa\u00e7ade et de toit pure\u00adment min\u00e9rale, y com\u00adpris l\u2019iso\u00adla\u00adtion ther\u00admique. Cela per\u00admet d\u2019obtenir une bonne valeur d\u2019iso\u00adla\u00adtion ther\u00admique en plus d\u2019un cli\u00admat int\u00e9rieur agr\u00e9able et peut stock\u00ader beau\u00adcoup de chaleur. Une pompe \u00e0 chaleur \u00e0 sonde g\u00e9other\u00admique four\u00adnit le peu d\u2019\u00e9n\u00adergie de chauffage dont la mai\u00adson a encore besoin gr\u00e2ce \u00e0 cette bonne iso\u00adla\u00adtion. Le sys\u00adt\u00e8me pho\u00adto\u00advolta\u00efque instal\u00adl\u00e9 sur les toits de la mai\u00adson et de l\u2019abri pour voiture pro\u00adduit plus de 9 MWh d\u2019\u00e9lec\u00adtric\u00adit\u00e9 par an. L\u2019\u00e9n\u00adergie solaire est con\u00adtr\u00f4l\u00e9e intel\u00adligem\u00adment et util\u00adis\u00e9e comme \u00e9lec\u00adtric\u00adit\u00e9 domes\u00adtique ain\u00adsi que pour le fonc\u00adtion\u00adnement du sys\u00adt\u00e8me de chauffage et du v\u00e9hicule \u00e9lec\u00adtrique. Gr\u00e2ce \u00e0 une solu\u00adtion de stock\u00adage, l\u2019\u00e9n\u00adergie dont la famille n\u2019a pas besoin pen\u00addant la journ\u00e9e est disponible la nuit. Un sys\u00adt\u00e8me solaire ther\u00admique com\u00adpl\u00e8te la pro\u00adduc\u00adtion d\u2019eau chaude, un sys\u00adt\u00e8me de col\u00adlecte des eaux de pluie ali\u00admente la chas\u00adse d\u2019eau des toi\u00adlettes, la machine \u00e0 laver et l\u2019ir\u00adri\u00adga\u00adtion du jardin. De cette fa\u00e7on, le b\u00e2ti\u00adment pro\u00adduit env\u00adi\u00adron autant d\u2019\u00e9n\u00adergie pen\u00addant l\u2019an\u00adn\u00e9e que la famille a besoin pour utilis\u00ader la mai\u00adson et le v\u00e9hicule.<\/p>\n\n\n\n<h4 class=\"wp-block-heading\">B\u00e2ti\u00adment adaptable<\/h4>\n\n\n\n<p>Si les besoins de la famille changent, tous les murs int\u00e9rieurs, \u00e0 l\u2019ex\u00adcep\u00adtion du mur cen\u00adtral de l\u2019escalier, peu\u00advent \u00eatre retir\u00e9s de la cave au dernier \u00e9tage et la dis\u00adpo\u00adsi\u00adtion des pi\u00e8ces peut \u00eatre adap\u00adt\u00e9e assez facile\u00adment. La cham\u00adbre \u00e0 couch\u00ader prin\u00adci\u00adpale du dernier \u00e9tage en est un exem\u00adple : elle pour\u00adrait un jour \u00eatre trans\u00adfor\u00adm\u00e9e en une grande salle de s\u00e9jour avec la ter\u00adrasse attenante offrant une vue sur les Alpes fri\u00adbour\u00adgeois\u00ades et le Jura gr\u00e2ce \u00e0 de petites mesures de con\u00adstruc\u00adtion.<\/p>\n\n\n\n<p>Une exten\u00adsion sur le ter\u00adrain est \u00e9gale\u00adment pr\u00e9vue en rai\u00adson des fon\u00adda\u00adtions exis\u00adtantes et du d\u00e9veloppe\u00adment, et une mai\u00adson g\u00e9n\u00e9ra\u00adtionnelle est \u00e9gale\u00adment envis\u00adag\u00e9e.<\/p>\n\n\n\n<p>\u00abLe com\u00adpactage est un sujet d\u2019ac\u00adtu\u00adal\u00adit\u00e9. Nous voulions cr\u00e9er les con\u00addi\u00adtions pour r\u00e9pon\u00addre aux deman\u00addes futures. Nous pour\u00adrions ajouter une autre mai\u00adson sur le c\u00f4t\u00e9 sud-est.\u00bb<\/p>\n\n\n<div class=\"wp-block-button align wp-block-bruelhart-ducret-print-button\">\n    <button class=\"wp-element-button\" onclick=\"window.print()\">\n        PDF herunterladen    <\/button>\n<\/div>\n\n<\/div>\n\n\n\n<figure class=\"wp-block-gallery alignwide has-nested-images columns-2 is-cropped is-style-masonry wp-block-gallery-1 is-layout-flex wp-block-gallery-is-layout-flex\">\n<figure data-no-zoom=\"true\" class=\"wp-block-image size-large\"><a href=\"https:\/\/bruelhartducret.ch\/wp-content\/uploads\/2024\/11\/EFH-Coco_Suedostansicht_atelier-ducret-Kopie.jpg\"><img loading=\"lazy\" decoding=\"async\" width=\"1024\" height=\"576\" data-id=\"624\" src=\"https:\/\/bruelhartducret.ch\/wp-content\/uploads\/2024\/11\/EFH-Coco_Suedostansicht_atelier-ducret-Kopie-1024x576.webp\" alt=\"\" class=\"wp-image-624\" srcset=\"https:\/\/www.bruelhartducret.ch\/wp-content\/uploads\/2024\/11\/EFH-Coco_Suedostansicht_atelier-ducret-Kopie-1024x576.webp 1024w, https:\/\/www.bruelhartducret.ch\/wp-content\/uploads\/2024\/11\/EFH-Coco_Suedostansicht_atelier-ducret-Kopie-300x169.webp 300w, https:\/\/www.bruelhartducret.ch\/wp-content\/uploads\/2024\/11\/EFH-Coco_Suedostansicht_atelier-ducret-Kopie-768x432.webp 768w, https:\/\/www.bruelhartducret.ch\/wp-content\/uploads\/2024\/11\/EFH-Coco_Suedostansicht_atelier-ducret-Kopie-1536x864.webp 1536w, https:\/\/www.bruelhartducret.ch\/wp-content\/uploads\/2024\/11\/EFH-Coco_Suedostansicht_atelier-ducret-Kopie-18x10.webp 18w, https:\/\/www.bruelhartducret.ch\/wp-content\/uploads\/2024\/11\/EFH-Coco_Suedostansicht_atelier-ducret-Kopie-407x229.webp 407w, https:\/\/www.bruelhartducret.ch\/wp-content\/uploads\/2024\/11\/EFH-Coco_Suedostansicht_atelier-ducret-Kopie.webp 1920w\" sizes=\"auto, (max-width: 1024px) 100vw, 1024px\" \/><\/a><\/figure>\n\n\n\n<figure data-no-zoom=\"true\" class=\"wp-block-image size-large\"><a href=\"https:\/\/bruelhartducret.ch\/wp-content\/uploads\/2024\/11\/EFH-Coco_Suedwestansicht_atelier-ducret-Kopie.jpg\"><img loading=\"lazy\" decoding=\"async\" width=\"1024\" height=\"576\" data-id=\"626\" src=\"https:\/\/bruelhartducret.ch\/wp-content\/uploads\/2024\/11\/EFH-Coco_Suedwestansicht_atelier-ducret-Kopie-1024x576.webp\" alt=\"\" class=\"wp-image-626\" srcset=\"https:\/\/www.bruelhartducret.ch\/wp-content\/uploads\/2024\/11\/EFH-Coco_Suedwestansicht_atelier-ducret-Kopie-1024x576.webp 1024w, https:\/\/www.bruelhartducret.ch\/wp-content\/uploads\/2024\/11\/EFH-Coco_Suedwestansicht_atelier-ducret-Kopie-300x169.webp 300w, https:\/\/www.bruelhartducret.ch\/wp-content\/uploads\/2024\/11\/EFH-Coco_Suedwestansicht_atelier-ducret-Kopie-768x432.webp 768w, https:\/\/www.bruelhartducret.ch\/wp-content\/uploads\/2024\/11\/EFH-Coco_Suedwestansicht_atelier-ducret-Kopie-1536x864.webp 1536w, https:\/\/www.bruelhartducret.ch\/wp-content\/uploads\/2024\/11\/EFH-Coco_Suedwestansicht_atelier-ducret-Kopie-18x10.webp 18w, https:\/\/www.bruelhartducret.ch\/wp-content\/uploads\/2024\/11\/EFH-Coco_Suedwestansicht_atelier-ducret-Kopie-407x229.webp 407w, https:\/\/www.bruelhartducret.ch\/wp-content\/uploads\/2024\/11\/EFH-Coco_Suedwestansicht_atelier-ducret-Kopie.webp 1920w\" sizes=\"auto, (max-width: 1024px) 100vw, 1024px\" \/><\/a><\/figure>\n\n\n\n<figure data-no-zoom=\"true\" class=\"wp-block-image size-large\"><a href=\"https:\/\/bruelhartducret.ch\/wp-content\/uploads\/2024\/11\/181025_Projektplaene-EFH-Ducret-Coco_lb.jpg\"><img loading=\"lazy\" decoding=\"async\" width=\"1024\" height=\"576\" data-id=\"625\" src=\"https:\/\/bruelhartducret.ch\/wp-content\/uploads\/2024\/11\/181025_Projektplaene-EFH-Ducret-Coco_lb-1024x576.webp\" alt=\"\" class=\"wp-image-625\" srcset=\"https:\/\/www.bruelhartducret.ch\/wp-content\/uploads\/2024\/11\/181025_Projektplaene-EFH-Ducret-Coco_lb-1024x576.webp 1024w, https:\/\/www.bruelhartducret.ch\/wp-content\/uploads\/2024\/11\/181025_Projektplaene-EFH-Ducret-Coco_lb-300x169.webp 300w, https:\/\/www.bruelhartducret.ch\/wp-content\/uploads\/2024\/11\/181025_Projektplaene-EFH-Ducret-Coco_lb-768x432.webp 768w, https:\/\/www.bruelhartducret.ch\/wp-content\/uploads\/2024\/11\/181025_Projektplaene-EFH-Ducret-Coco_lb-1536x864.webp 1536w, https:\/\/www.bruelhartducret.ch\/wp-content\/uploads\/2024\/11\/181025_Projektplaene-EFH-Ducret-Coco_lb-18x10.webp 18w, https:\/\/www.bruelhartducret.ch\/wp-content\/uploads\/2024\/11\/181025_Projektplaene-EFH-Ducret-Coco_lb-407x229.webp 407w, https:\/\/www.bruelhartducret.ch\/wp-content\/uploads\/2024\/11\/181025_Projektplaene-EFH-Ducret-Coco_lb.webp 1920w\" sizes=\"auto, (max-width: 1024px) 100vw, 1024px\" \/><\/a><\/figure>\n\n\n\n<figure data-no-zoom=\"true\" class=\"wp-block-image size-large\"><a href=\"https:\/\/www.bruelhartducret.ch\/wp-content\/uploads\/2025\/05\/TWR-Haus-scaled.webp\"><img loading=\"lazy\" decoding=\"async\" width=\"1024\" height=\"683\" data-id=\"1330\" src=\"https:\/\/www.bruelhartducret.ch\/wp-content\/uploads\/2025\/05\/TWR-Haus-1024x683.webp\" alt=\"\" class=\"wp-image-1330\" srcset=\"https:\/\/www.bruelhartducret.ch\/wp-content\/uploads\/2025\/05\/TWR-Haus-1024x683.webp 1024w, https:\/\/www.bruelhartducret.ch\/wp-content\/uploads\/2025\/05\/TWR-Haus-300x200.webp 300w, https:\/\/www.bruelhartducret.ch\/wp-content\/uploads\/2025\/05\/TWR-Haus-768x512.webp 768w, https:\/\/www.bruelhartducret.ch\/wp-content\/uploads\/2025\/05\/TWR-Haus-1536x1024.webp 1536w, https:\/\/www.bruelhartducret.ch\/wp-content\/uploads\/2025\/05\/TWR-Haus-2048x1365.webp 2048w, https:\/\/www.bruelhartducret.ch\/wp-content\/uploads\/2025\/05\/TWR-Haus-18x12.webp 18w, https:\/\/www.bruelhartducret.ch\/wp-content\/uploads\/2025\/05\/TWR-Haus-407x271.webp 407w\" sizes=\"auto, (max-width: 1024px) 100vw, 1024px\" \/><\/a><\/figure>\n<\/figure>\n\n\n<dl class=\"alignwide has-background has-primary-background-color wp-block-bruelhart-ducret-metadata\">\n            <dt>Localisation<\/dt>\n        <dd>St. Ursen<\/dd>\n            <dt>Ma\u00eetre d'ouvrage<\/dt>\n        <dd>Priv\u00e9<\/dd>\n            <dt>Ach\u00e8vement<\/dt>\n        <dd>2016<\/dd>\n            <dt>Photos<\/dt>\n        <dd>Ducret Steve<\/dd>\n    <\/dl>\n\n\n<div class=\"wp-block-bruelhart-ducret-post-navigation\">\n            <a class=\"previous\" href=\"https:\/\/www.bruelhartducret.ch\/fr\/apercu-du-projet\/\">\n            zur\u00fcck zur \u00dcbersicht        <\/a>\n                <a class=\"next\" href=\"https:\/\/www.bruelhartducret.ch\/fr\/projet\/mfh-minergie-a\/\">\n            n\u00e4chstes Projekt        <\/a>\n    <\/div>\n\n<div class=\"alignfull has-background has-primary-background-color wp-block-group alignfull wp-block-bruelhart-ducret-contact has-background has-primary-background-color\">\n    <div class=\"content-wrapper\">\n        <div class=\"acf-innerblocks-container\">\n\n<h5 class=\"wp-block-heading\">Personne de contact<\/h5>\n\n\n\n<h2 class=\"wp-block-heading\"><strong>Vous avez des questions sur ce projet ou vous souhaitez lancer le v\u00f4tre ?<\/strong> N'h\u00e9sitez pas \u00e0 nous contacter.<\/h2>\n\n\n\n<div class=\"wp-block-buttons is-layout-flex wp-block-buttons-is-layout-flex\">\n<div class=\"wp-block-button\"><a class=\"wp-block-button__link wp-element-button\" href=\"\/fr\/buero\/#ansprechpartner\">Tous les contacts<\/a><\/div>\n<\/div>\n\n<\/div>\n    <\/div>\n            <figure href=\"https:\/\/www.bruelhartducret.ch\/fr\/?employee=automatisch-gespeicherter-entwurf-4\" class=\"post-814 employee type-employee status-publish hentry\" data-turbo=\"false\">\n    <div class=\"portrait-wrapper\">\n        <img loading=\"lazy\" decoding=\"async\" width=\"407\" height=\"305\" src=\"https:\/\/www.bruelhartducret.ch\/wp-content\/uploads\/2025\/02\/Sacha_2025_2-407x305.webp\" class=\"attachment-portrait size-portrait\" alt=\"\" srcset=\"https:\/\/www.bruelhartducret.ch\/wp-content\/uploads\/2025\/02\/Sacha_2025_2-407x305.webp 407w, https:\/\/www.bruelhartducret.ch\/wp-content\/uploads\/2025\/02\/Sacha_2025_2-300x225.webp 300w, https:\/\/www.bruelhartducret.ch\/wp-content\/uploads\/2025\/02\/Sacha_2025_2-1024x768.webp 1024w, https:\/\/www.bruelhartducret.ch\/wp-content\/uploads\/2025\/02\/Sacha_2025_2-768x576.webp 768w, https:\/\/www.bruelhartducret.ch\/wp-content\/uploads\/2025\/02\/Sacha_2025_2-1536x1152.webp 1536w, https:\/\/www.bruelhartducret.ch\/wp-content\/uploads\/2025\/02\/Sacha_2025_2-2048x1536.webp 2048w, https:\/\/www.bruelhartducret.ch\/wp-content\/uploads\/2025\/02\/Sacha_2025_2-16x12.webp 16w\" sizes=\"auto, (max-width: 407px) 100vw, 407px\" \/>                    <a class=\"linkedin\" href=\"https:\/\/ch.linkedin.com\/in\/sacha-br%C3%BClhart-850106167\" target=\"_blank\"><\/a>\n            <\/div>\n    <figcaption>\n        <h3 class=\"name\">Sacha Br\u00fclhart <\/h3>\n                    <div class=\"occupation\">\n                                    <span class=\"job\">Architecte FH, biologiste du b\u00e2timent SIB<\/span>\n                                                    <span class=\"position\">Partenaire principal, co-directeur<\/span>\n                            <\/div>\n                            <div class=\"links\">\n                                    <a class=\"phone\" href=\"tel:+41 58 861 61 01\">+41 58 861 61 01<\/a>\n                                                    <a class=\"email\" href=\"mailto:sacha.bruelhart@bruelhartducret.ch\">sacha.bruelhart@bruelhartducret.ch<\/a>\n                            <\/div>\n            <\/figcaption>\n<\/figure>    <\/div>\n\n<div class=\"alignfull is-layout-constrained wp-block-group alignfull wp-block-bruelhart-ducret-further-references\">\n    <div class=\"acf-innerblocks-container\">\n\n<h5 class=\"wp-block-heading\">Plus de r\u00e9f\u00e9rences<\/h5>\n\n\n\n<h2 class=\"wp-block-heading\">Encore plus de projets sur ce th\u00e8me<\/h2>\n\n\n\n<div class=\"wp-block-buttons is-layout-flex wp-block-buttons-is-layout-flex\">\n<div class=\"wp-block-button\"><a class=\"wp-block-button__link wp-element-button\" href=\"https:\/\/www.bruelhartducret.ch\/fr\/apercu-du-projet\/\">voir tous les projets<\/a><\/div>\n<\/div>\n\n<\/div>\n    <div class=\"alignfull wp-block-bruelhart-ducret-projects\">\n    <turbo-frame id=\"projects\" data-turbo=\"true\">\n                <div class=\"teasers\">\n                            <a href=\"https:\/\/www.bruelhartducret.ch\/fr\/projet\/schulhausplasselb\/\" class=\"post-1577 project type-project status-publish has-post-thumbnail hentry project_cat-denkmalpflege project_cat-umbau-renovation-und-sanierung\" data-turbo=\"false\">\n    <div class=\"image-wrapper\">\n        <img loading=\"lazy\" decoding=\"async\" width=\"1920\" height=\"1050\" src=\"https:\/\/www.bruelhartducret.ch\/wp-content\/uploads\/2025\/12\/BDA-Pla-251015-ARC001.webp\" class=\"attachment-post-thumbnail size-post-thumbnail wp-post-image\" alt=\"\" srcset=\"https:\/\/www.bruelhartducret.ch\/wp-content\/uploads\/2025\/12\/BDA-Pla-251015-ARC001.webp 1920w, https:\/\/www.bruelhartducret.ch\/wp-content\/uploads\/2025\/12\/BDA-Pla-251015-ARC001-300x164.webp 300w, https:\/\/www.bruelhartducret.ch\/wp-content\/uploads\/2025\/12\/BDA-Pla-251015-ARC001-1024x560.webp 1024w, https:\/\/www.bruelhartducret.ch\/wp-content\/uploads\/2025\/12\/BDA-Pla-251015-ARC001-768x420.webp 768w, https:\/\/www.bruelhartducret.ch\/wp-content\/uploads\/2025\/12\/BDA-Pla-251015-ARC001-1536x840.webp 1536w, https:\/\/www.bruelhartducret.ch\/wp-content\/uploads\/2025\/12\/BDA-Pla-251015-ARC001-18x10.webp 18w, https:\/\/www.bruelhartducret.ch\/wp-content\/uploads\/2025\/12\/BDA-Pla-251015-ARC001-407x223.webp 407w\" sizes=\"auto, (max-width: 1920px) 100vw, 1920px\" \/>    <\/div>\n    <div class=\"data-wrapper\">\n        <h3 class=\"title\">Schulhaus Plasselb<\/h3>\n        <p class=\"excerpt\">Das Schulhaus der Gemeinde Plasselb wurde im Rahmen eines umfassenden Gesamtprojekts sorgf\u00e4ltig saniert und strukturell ert\u00fcchtigt. Die Massnahmen erfolgten mit grossem Respekt vor der bestehenden Bausubstanz und mit dem Ziel, die architektonische Identit\u00e4t des Geb\u00e4udes zu bewahren und gleichzeitig den heutigen technischen, energetischen und funktionalen Anforderungen gerecht zu werden.<\/p>\n        <div class=\"wp-block-button read-more\">\n            <span class=\"wp-element-button\">en savoir plus<\/span>\n        <\/div>\n    <\/div>\n<\/a>                            <a href=\"https:\/\/www.bruelhartducret.ch\/fr\/projet\/werkhofjungo\/\" class=\"post-1564 project type-project status-publish has-post-thumbnail hentry project_cat-gewerbebauten\" data-turbo=\"false\">\n    <div class=\"image-wrapper\">\n        <img loading=\"lazy\" decoding=\"async\" width=\"1920\" height=\"1440\" src=\"https:\/\/www.bruelhartducret.ch\/wp-content\/uploads\/2025\/12\/BDA-Jun-251002-ARC003.webp\" class=\"attachment-post-thumbnail size-post-thumbnail wp-post-image\" alt=\"\" srcset=\"https:\/\/www.bruelhartducret.ch\/wp-content\/uploads\/2025\/12\/BDA-Jun-251002-ARC003.webp 1920w, https:\/\/www.bruelhartducret.ch\/wp-content\/uploads\/2025\/12\/BDA-Jun-251002-ARC003-300x225.webp 300w, https:\/\/www.bruelhartducret.ch\/wp-content\/uploads\/2025\/12\/BDA-Jun-251002-ARC003-1024x768.webp 1024w, https:\/\/www.bruelhartducret.ch\/wp-content\/uploads\/2025\/12\/BDA-Jun-251002-ARC003-768x576.webp 768w, https:\/\/www.bruelhartducret.ch\/wp-content\/uploads\/2025\/12\/BDA-Jun-251002-ARC003-1536x1152.webp 1536w, https:\/\/www.bruelhartducret.ch\/wp-content\/uploads\/2025\/12\/BDA-Jun-251002-ARC003-16x12.webp 16w, https:\/\/www.bruelhartducret.ch\/wp-content\/uploads\/2025\/12\/BDA-Jun-251002-ARC003-407x305.webp 407w\" sizes=\"auto, (max-width: 1920px) 100vw, 1920px\" \/>    <\/div>\n    <div class=\"data-wrapper\">\n        <h3 class=\"title\">Werkhof Jungo Gartengestaltung<\/h3>\n        <p class=\"excerpt\">Werkhof Jungo Gartengestaltung<\/p>\n        <div class=\"wp-block-button read-more\">\n            <span class=\"wp-element-button\">en savoir plus<\/span>\n        <\/div>\n    <\/div>\n<\/a>                            <a href=\"https:\/\/www.bruelhartducret.ch\/fr\/projet\/bd-regal-2\/\" class=\"post-1527 project type-project status-publish has-post-thumbnail hentry project_cat-moebeldesign\" data-turbo=\"false\">\n    <div class=\"image-wrapper\">\n        <img loading=\"lazy\" decoding=\"async\" width=\"2560\" height=\"1314\" src=\"https:\/\/www.bruelhartducret.ch\/wp-content\/uploads\/2025\/10\/BDA-Reg-220131-MOB001-Kopie-scaled.webp\" class=\"attachment-post-thumbnail size-post-thumbnail wp-post-image\" alt=\"\" srcset=\"https:\/\/www.bruelhartducret.ch\/wp-content\/uploads\/2025\/10\/BDA-Reg-220131-MOB001-Kopie-scaled.webp 2560w, https:\/\/www.bruelhartducret.ch\/wp-content\/uploads\/2025\/10\/BDA-Reg-220131-MOB001-Kopie-300x154.webp 300w, https:\/\/www.bruelhartducret.ch\/wp-content\/uploads\/2025\/10\/BDA-Reg-220131-MOB001-Kopie-1024x526.webp 1024w, https:\/\/www.bruelhartducret.ch\/wp-content\/uploads\/2025\/10\/BDA-Reg-220131-MOB001-Kopie-768x394.webp 768w, https:\/\/www.bruelhartducret.ch\/wp-content\/uploads\/2025\/10\/BDA-Reg-220131-MOB001-Kopie-1536x789.webp 1536w, https:\/\/www.bruelhartducret.ch\/wp-content\/uploads\/2025\/10\/BDA-Reg-220131-MOB001-Kopie-2048x1051.webp 2048w, https:\/\/www.bruelhartducret.ch\/wp-content\/uploads\/2025\/10\/BDA-Reg-220131-MOB001-Kopie-18x9.webp 18w, https:\/\/www.bruelhartducret.ch\/wp-content\/uploads\/2025\/10\/BDA-Reg-220131-MOB001-Kopie-407x209.webp 407w\" sizes=\"auto, (max-width: 2560px) 100vw, 2560px\" \/>    <\/div>\n    <div class=\"data-wrapper\">\n        <h3 class=\"title\">BD Regal #<\/h3>\n        <p class=\"excerpt\">La modularit\u00e9 avec une exigence architecturale<\/p>\n        <div class=\"wp-block-button read-more\">\n            <span class=\"wp-element-button\">en savoir plus<\/span>\n        <\/div>\n    <\/div>\n<\/a>                    <\/div>\n            <\/turbo-frame>\n<\/div>\n<\/div>","protected":false},"excerpt":{"rendered":"<p>La maison individuelle avec des bureaux \u00e0 l'\u00e9tage inf\u00e9rieur a \u00e9t\u00e9 achev\u00e9e en 2016. Au rez-de-chauss\u00e9e, un salon et une salle \u00e0 manger ouverts et lumineux invitent \u00e0 la d\u00e9tente. Les deux \u00e9tages sup\u00e9rieurs contiennent les chambres \u00e0 coucher.<\/p>","protected":false},"featured_media":624,"template":"","project_cat":[5],"class_list":["post-623","project","type-project","status-publish","has-post-thumbnail","hentry","project_cat-projektentwicklung-wohnungsbau"],"acf":[],"_links":{"self":[{"href":"https:\/\/www.bruelhartducret.ch\/fr\/wp-json\/wp\/v2\/project\/623","targetHints":{"allow":["GET"]}}],"collection":[{"href":"https:\/\/www.bruelhartducret.ch\/fr\/wp-json\/wp\/v2\/project"}],"about":[{"href":"https:\/\/www.bruelhartducret.ch\/fr\/wp-json\/wp\/v2\/types\/project"}],"wp:featuredmedia":[{"embeddable":true,"href":"https:\/\/www.bruelhartducret.ch\/fr\/wp-json\/wp\/v2\/media\/624"}],"wp:attachment":[{"href":"https:\/\/www.bruelhartducret.ch\/fr\/wp-json\/wp\/v2\/media?parent=623"}],"wp:term":[{"taxonomy":"project_cat","embeddable":true,"href":"https:\/\/www.bruelhartducret.ch\/fr\/wp-json\/wp\/v2\/project_cat?post=623"}],"curies":[{"name":"wp","href":"https:\/\/api.w.org\/{rel}","templated":true}]}}