{"id":564,"date":"2024-11-17T16:02:50","date_gmt":"2024-11-17T15:02:50","guid":{"rendered":"https:\/\/bruelhart-ducret.dev.hayloft-it.ch\/?post_type=project&#038;p=564"},"modified":"2025-05-08T14:31:52","modified_gmt":"2025-05-08T12:31:52","slug":"villa-bellerive","status":"publish","type":"project","link":"https:\/\/www.bruelhartducret.ch\/fr\/projet\/villa-bellerive\/","title":{"rendered":"Villa Bellerive"},"content":{"rendered":"<div class=\"wp-block-group alignfull hero-with-title-and-cover is-layout-flow wp-block-group-is-layout-flow\">\n<h1 class=\"wp-block-heading\">Villa Bellerive<\/h1>\n\n\n\n<div class=\"wp-block-cover alignfull\"><span aria-hidden=\"true\" class=\"wp-block-cover__background has-background-dim-0 has-background-dim\" style=\"background-color:#636475\"><\/span><img loading=\"lazy\" decoding=\"async\" width=\"1920\" height=\"1080\" src=\"https:\/\/www.bruelhartducret.ch\/wp-content\/uploads\/2024\/11\/02_RGB_Serie_Nr3_IMG_5818.webp\" class=\"wp-block-cover__image-background wp-post-image\" alt=\"\" data-object-fit=\"cover\" data-object-position=\"54% 25%\" style=\"object-position:54% 25%;\" srcset=\"https:\/\/www.bruelhartducret.ch\/wp-content\/uploads\/2024\/11\/02_RGB_Serie_Nr3_IMG_5818.webp 1920w, https:\/\/www.bruelhartducret.ch\/wp-content\/uploads\/2024\/11\/02_RGB_Serie_Nr3_IMG_5818-300x169.webp 300w, https:\/\/www.bruelhartducret.ch\/wp-content\/uploads\/2024\/11\/02_RGB_Serie_Nr3_IMG_5818-1024x576.webp 1024w, https:\/\/www.bruelhartducret.ch\/wp-content\/uploads\/2024\/11\/02_RGB_Serie_Nr3_IMG_5818-768x432.webp 768w, https:\/\/www.bruelhartducret.ch\/wp-content\/uploads\/2024\/11\/02_RGB_Serie_Nr3_IMG_5818-1536x864.webp 1536w, https:\/\/www.bruelhartducret.ch\/wp-content\/uploads\/2024\/11\/02_RGB_Serie_Nr3_IMG_5818-18x10.webp 18w, https:\/\/www.bruelhartducret.ch\/wp-content\/uploads\/2024\/11\/02_RGB_Serie_Nr3_IMG_5818-407x229.webp 407w\" sizes=\"auto, (max-width: 1920px) 100vw, 1920px\" \/><div class=\"wp-block-cover__inner-container is-layout-flow wp-block-cover-is-layout-flow\">\n<p class=\"has-text-align-center has-large-font-size\"><\/p>\n<\/div><\/div>\n<\/div>\n\n\n\n<div class=\"wp-block-group alignfull lead-wrapper is-layout-flow wp-block-group-is-layout-flow\">\n<p class=\"is-style-lead\">La Villa Bellerive est situ\u00e9e sur le versant sud du Mont Vully, au milieu des vignes du c\u00e9l\u00e8bre vin blanc du m\u00eame nom.<\/p>\n\n\n\n<p>La vil\u00adla Bel\u00adlerive se situe sur le ver\u00adsant sud du Mont Vul\u00adly. Nich\u00e9e dans les c\u00e9l\u00e8bres vig\u00adno\u00adbles de Vul\u00adly la vil\u00adla s\u2019offre une vue idyllique sur l\u2019ensemble du lac de Morat et des som\u00admets spec\u00adtac\u00adu\u00adlaires du Mont M\u00f6nch, Eiger et de la Jungfrau.<br><br>Cette vil\u00adla en b\u00e9ton s\u2019int\u00e8gre \u00e0 la pente du ter\u00adrain et entre en sym\u00adbiose avec un paysage \u00e0 couper le souf\u00adfl\u00e9. Il s\u2019agit ici d\u2019une con\u00adstruc\u00adtion apr\u00e8s d\u00e9mo\u00adli\u00adtion d\u2019une anci\u00adenne et mod\u00adeste mai\u00adson. L\u2019\u00e9tat de celle-ci n\u00e9 per\u00adme\u00adt\u00adtait ni la r\u00e9no\u00adva\u00adtion ni la con\u00adser\u00adva\u00adtion. La con\u00adstruc\u00adtion d\u2019une nou\u00advelle vil\u00adla en ce lieu a per\u00admis de com\u00adpos\u00ader un pro\u00adjet dans l\u2019attente des souhaits et des besoins des pro\u00adpri\u00e9\u00adtaires. Un nou\u00adv\u00adel \u00e9di\u00adfice \u00e0 la hau\u00adteur du pres\u00adtige du lieu.<br><br>La struc\u00adture du b\u00e2ti\u00adment a \u00e9t\u00e9 con\u00e7ue de telle sorte que le plan d\u2019\u00e9tage est qua\u00adsi\u00adment libre ce qui per\u00admet une facil\u00adit\u00e9 d\u2019appropriation et de r\u00e9ap\u00adpro\u00adpri\u00ada\u00adtion de l\u2019espace. Cette flex\u00adi\u00adbil\u00adit\u00e9 est un atout majeur du b\u00e2ti\u00adment.<br><br>L\u2019espace rez-de-chauss\u00e9e plus isol\u00e9 con\u00adcerne les pi\u00e8ces de nuit. Les cham\u00adbres s\u2019ouvrent alors sur un am\u00e9\u00adnage\u00adment ext\u00e9rieur de qual\u00adit\u00e9. L\u2019articulation de la vil\u00adla per\u00admet une con\u00adser\u00adva\u00adtion de l\u2019intimit\u00e9 des espaces de nuit et une dif\u00adf\u00e9ren\u00adci\u00ada\u00adtion entre l\u2019espace jour tr\u00e8s ouvert et l\u2019espace nuit plus intime.<br><br>Une peau en b\u00e9ton enveloppe le b\u00e2ti\u00adment et l\u2019oriente vers le lac. La fa\u00e7ade s\u2019adapte au ter\u00adrain et g\u00e9n\u00e8re par cela une s\u00e9rie d\u2019ouverture et de cadrage sur l\u2019ext\u00e9rieur. Les mat\u00e9ri\u00adaux dom\u00adi\u00adnants de cette vil\u00adla sont le b\u00e9ton appar\u00adent et les grandes sur\u00adfaces vit\u00adr\u00e9es. Egale\u00adment des bris\u00ades soleil mobiles en bois de m\u00e9l\u00e8ze mas\u00adsif vien\u00adnent cr\u00e9er une atmo\u00adsph\u00e8re chaleureuse.<\/p>\n\n\n\n<p>Le pro\u00adjet accorde une atten\u00adtion par\u00adti\u00adc\u00aduli\u00e8re \u00e0 la lumi\u00e8re naturelle et arti\u00adfi\u00adcielle. En \u00e9troite col\u00adlab\u00ado\u00adra\u00adtion avec des sp\u00e9\u00adcial\u00adistes de l\u2019\u00e9clairage une s\u00e9rie de lumi\u00adnaire a \u00e9t\u00e9 d\u00e9velop\u00adp\u00e9e. Dans l\u2019espace s\u00e9jour et l\u2019espace salle \u00e0 manger l\u2019\u00e9clairage est int\u00e9\u00adgr\u00e9e et se trou\u00adve en plein jour tr\u00e8s dis\u00adcret. Afin de cap\u00adtur\u00ader les lignes \u00e9pur\u00e9es de la vil\u00adla, une bande Led con\u00adtr\u00f4lable a \u00e9t\u00e9 int\u00e9\u00adgr\u00e9e sur la total\u00adit\u00e9 du vit\u00adrage de la fa\u00e7ade avant de l\u2019espace jour.<\/p>\n\n\n<div class=\"wp-block-button align wp-block-bruelhart-ducret-print-button\">\n    <button class=\"wp-element-button\" onclick=\"window.print()\">\n        PDF herunterladen    <\/button>\n<\/div>\n\n<\/div>\n\n\n\n<figure class=\"wp-block-gallery alignwide has-nested-images columns-2 is-cropped is-style-masonry wp-block-gallery-1 is-layout-flex wp-block-gallery-is-layout-flex\">\n<figure data-no-zoom=\"true\" class=\"wp-block-image size-large\"><a href=\"https:\/\/bruelhartducret.ch\/wp-content\/uploads\/2024\/11\/Panorama_Wohnen_Blaue_Stunde_HDR_IMG_5842_bis_IMG_5848.jpg\"><img loading=\"lazy\" decoding=\"async\" width=\"1024\" height=\"768\" data-id=\"568\" src=\"https:\/\/bruelhartducret.ch\/wp-content\/uploads\/2024\/11\/Panorama_Wohnen_Blaue_Stunde_HDR_IMG_5842_bis_IMG_5848-1024x768.webp\" alt=\"\" class=\"wp-image-568\" srcset=\"https:\/\/www.bruelhartducret.ch\/wp-content\/uploads\/2024\/11\/Panorama_Wohnen_Blaue_Stunde_HDR_IMG_5842_bis_IMG_5848-1024x768.webp 1024w, https:\/\/www.bruelhartducret.ch\/wp-content\/uploads\/2024\/11\/Panorama_Wohnen_Blaue_Stunde_HDR_IMG_5842_bis_IMG_5848-300x225.webp 300w, https:\/\/www.bruelhartducret.ch\/wp-content\/uploads\/2024\/11\/Panorama_Wohnen_Blaue_Stunde_HDR_IMG_5842_bis_IMG_5848-768x576.webp 768w, https:\/\/www.bruelhartducret.ch\/wp-content\/uploads\/2024\/11\/Panorama_Wohnen_Blaue_Stunde_HDR_IMG_5842_bis_IMG_5848-1536x1152.webp 1536w, https:\/\/www.bruelhartducret.ch\/wp-content\/uploads\/2024\/11\/Panorama_Wohnen_Blaue_Stunde_HDR_IMG_5842_bis_IMG_5848-16x12.webp 16w, https:\/\/www.bruelhartducret.ch\/wp-content\/uploads\/2024\/11\/Panorama_Wohnen_Blaue_Stunde_HDR_IMG_5842_bis_IMG_5848-407x305.webp 407w, https:\/\/www.bruelhartducret.ch\/wp-content\/uploads\/2024\/11\/Panorama_Wohnen_Blaue_Stunde_HDR_IMG_5842_bis_IMG_5848.webp 1920w\" sizes=\"auto, (max-width: 1024px) 100vw, 1024px\" \/><\/a><\/figure>\n\n\n\n<figure data-no-zoom=\"true\" class=\"wp-block-image size-large\"><a href=\"https:\/\/bruelhartducret.ch\/wp-content\/uploads\/2024\/11\/01_Sicht_Suedost_Totale_IMG_5761.jpg\"><img loading=\"lazy\" decoding=\"async\" width=\"1024\" height=\"576\" data-id=\"566\" src=\"https:\/\/bruelhartducret.ch\/wp-content\/uploads\/2024\/11\/01_Sicht_Suedost_Totale_IMG_5761-1024x576.webp\" alt=\"\" class=\"wp-image-566\" srcset=\"https:\/\/www.bruelhartducret.ch\/wp-content\/uploads\/2024\/11\/01_Sicht_Suedost_Totale_IMG_5761-1024x576.webp 1024w, https:\/\/www.bruelhartducret.ch\/wp-content\/uploads\/2024\/11\/01_Sicht_Suedost_Totale_IMG_5761-300x169.webp 300w, https:\/\/www.bruelhartducret.ch\/wp-content\/uploads\/2024\/11\/01_Sicht_Suedost_Totale_IMG_5761-768x432.webp 768w, https:\/\/www.bruelhartducret.ch\/wp-content\/uploads\/2024\/11\/01_Sicht_Suedost_Totale_IMG_5761-1536x864.webp 1536w, https:\/\/www.bruelhartducret.ch\/wp-content\/uploads\/2024\/11\/01_Sicht_Suedost_Totale_IMG_5761-18x10.webp 18w, https:\/\/www.bruelhartducret.ch\/wp-content\/uploads\/2024\/11\/01_Sicht_Suedost_Totale_IMG_5761-407x229.webp 407w, https:\/\/www.bruelhartducret.ch\/wp-content\/uploads\/2024\/11\/01_Sicht_Suedost_Totale_IMG_5761.webp 1920w\" sizes=\"auto, (max-width: 1024px) 100vw, 1024px\" \/><\/a><\/figure>\n\n\n\n<figure data-no-zoom=\"true\" class=\"wp-block-image size-large\"><a href=\"https:\/\/bruelhartducret.ch\/wp-content\/uploads\/2024\/11\/RGB_Serie_Nr1_IMG_5812.jpg\"><img loading=\"lazy\" decoding=\"async\" width=\"1024\" height=\"576\" data-id=\"573\" src=\"https:\/\/bruelhartducret.ch\/wp-content\/uploads\/2024\/11\/RGB_Serie_Nr1_IMG_5812-1024x576.webp\" alt=\"\" class=\"wp-image-573\" srcset=\"https:\/\/www.bruelhartducret.ch\/wp-content\/uploads\/2024\/11\/RGB_Serie_Nr1_IMG_5812-1024x576.webp 1024w, https:\/\/www.bruelhartducret.ch\/wp-content\/uploads\/2024\/11\/RGB_Serie_Nr1_IMG_5812-300x169.webp 300w, https:\/\/www.bruelhartducret.ch\/wp-content\/uploads\/2024\/11\/RGB_Serie_Nr1_IMG_5812-768x432.webp 768w, https:\/\/www.bruelhartducret.ch\/wp-content\/uploads\/2024\/11\/RGB_Serie_Nr1_IMG_5812-1536x864.webp 1536w, https:\/\/www.bruelhartducret.ch\/wp-content\/uploads\/2024\/11\/RGB_Serie_Nr1_IMG_5812-18x10.webp 18w, https:\/\/www.bruelhartducret.ch\/wp-content\/uploads\/2024\/11\/RGB_Serie_Nr1_IMG_5812-407x229.webp 407w, https:\/\/www.bruelhartducret.ch\/wp-content\/uploads\/2024\/11\/RGB_Serie_Nr1_IMG_5812.webp 1920w\" sizes=\"auto, (max-width: 1024px) 100vw, 1024px\" \/><\/a><\/figure>\n\n\n\n<figure data-no-zoom=\"true\" class=\"wp-block-image size-large\"><a href=\"https:\/\/bruelhartducret.ch\/wp-content\/uploads\/2024\/11\/02_RGB_Serie_Nr3_IMG_5818.jpg\"><img loading=\"lazy\" decoding=\"async\" width=\"1024\" height=\"576\" data-id=\"572\" src=\"https:\/\/bruelhartducret.ch\/wp-content\/uploads\/2024\/11\/02_RGB_Serie_Nr3_IMG_5818-1024x576.webp\" alt=\"\" class=\"wp-image-572\" srcset=\"https:\/\/www.bruelhartducret.ch\/wp-content\/uploads\/2024\/11\/02_RGB_Serie_Nr3_IMG_5818-1024x576.webp 1024w, https:\/\/www.bruelhartducret.ch\/wp-content\/uploads\/2024\/11\/02_RGB_Serie_Nr3_IMG_5818-300x169.webp 300w, https:\/\/www.bruelhartducret.ch\/wp-content\/uploads\/2024\/11\/02_RGB_Serie_Nr3_IMG_5818-768x432.webp 768w, https:\/\/www.bruelhartducret.ch\/wp-content\/uploads\/2024\/11\/02_RGB_Serie_Nr3_IMG_5818-1536x864.webp 1536w, https:\/\/www.bruelhartducret.ch\/wp-content\/uploads\/2024\/11\/02_RGB_Serie_Nr3_IMG_5818-18x10.webp 18w, https:\/\/www.bruelhartducret.ch\/wp-content\/uploads\/2024\/11\/02_RGB_Serie_Nr3_IMG_5818-407x229.webp 407w, https:\/\/www.bruelhartducret.ch\/wp-content\/uploads\/2024\/11\/02_RGB_Serie_Nr3_IMG_5818.webp 1920w\" sizes=\"auto, (max-width: 1024px) 100vw, 1024px\" \/><\/a><\/figure>\n\n\n\n<figure data-no-zoom=\"true\" class=\"wp-block-image size-large\"><a href=\"https:\/\/bruelhartducret.ch\/wp-content\/uploads\/2024\/11\/RGB_Serie_Nr2_IMG_5815.jpg\"><img loading=\"lazy\" decoding=\"async\" width=\"1024\" height=\"576\" data-id=\"571\" src=\"https:\/\/bruelhartducret.ch\/wp-content\/uploads\/2024\/11\/RGB_Serie_Nr2_IMG_5815-1024x576.webp\" alt=\"\" class=\"wp-image-571\" srcset=\"https:\/\/www.bruelhartducret.ch\/wp-content\/uploads\/2024\/11\/RGB_Serie_Nr2_IMG_5815-1024x576.webp 1024w, https:\/\/www.bruelhartducret.ch\/wp-content\/uploads\/2024\/11\/RGB_Serie_Nr2_IMG_5815-300x169.webp 300w, https:\/\/www.bruelhartducret.ch\/wp-content\/uploads\/2024\/11\/RGB_Serie_Nr2_IMG_5815-768x432.webp 768w, https:\/\/www.bruelhartducret.ch\/wp-content\/uploads\/2024\/11\/RGB_Serie_Nr2_IMG_5815-1536x864.webp 1536w, https:\/\/www.bruelhartducret.ch\/wp-content\/uploads\/2024\/11\/RGB_Serie_Nr2_IMG_5815-18x10.webp 18w, https:\/\/www.bruelhartducret.ch\/wp-content\/uploads\/2024\/11\/RGB_Serie_Nr2_IMG_5815-407x229.webp 407w, https:\/\/www.bruelhartducret.ch\/wp-content\/uploads\/2024\/11\/RGB_Serie_Nr2_IMG_5815.webp 1920w\" sizes=\"auto, (max-width: 1024px) 100vw, 1024px\" \/><\/a><\/figure>\n\n\n\n<figure data-no-zoom=\"true\" class=\"wp-block-image size-large\"><a href=\"https:\/\/bruelhartducret.ch\/wp-content\/uploads\/2024\/11\/RGB_Serie_Nr5_IMG_5824.jpg\"><img loading=\"lazy\" decoding=\"async\" width=\"1024\" height=\"576\" data-id=\"570\" src=\"https:\/\/bruelhartducret.ch\/wp-content\/uploads\/2024\/11\/RGB_Serie_Nr5_IMG_5824-1024x576.webp\" alt=\"\" class=\"wp-image-570\" srcset=\"https:\/\/www.bruelhartducret.ch\/wp-content\/uploads\/2024\/11\/RGB_Serie_Nr5_IMG_5824-1024x576.webp 1024w, https:\/\/www.bruelhartducret.ch\/wp-content\/uploads\/2024\/11\/RGB_Serie_Nr5_IMG_5824-300x169.webp 300w, https:\/\/www.bruelhartducret.ch\/wp-content\/uploads\/2024\/11\/RGB_Serie_Nr5_IMG_5824-768x432.webp 768w, https:\/\/www.bruelhartducret.ch\/wp-content\/uploads\/2024\/11\/RGB_Serie_Nr5_IMG_5824-1536x864.webp 1536w, https:\/\/www.bruelhartducret.ch\/wp-content\/uploads\/2024\/11\/RGB_Serie_Nr5_IMG_5824-18x10.webp 18w, https:\/\/www.bruelhartducret.ch\/wp-content\/uploads\/2024\/11\/RGB_Serie_Nr5_IMG_5824-407x229.webp 407w, https:\/\/www.bruelhartducret.ch\/wp-content\/uploads\/2024\/11\/RGB_Serie_Nr5_IMG_5824.webp 1920w\" sizes=\"auto, (max-width: 1024px) 100vw, 1024px\" \/><\/a><\/figure>\n\n\n\n<figure data-no-zoom=\"true\" class=\"wp-block-image size-large\"><a href=\"https:\/\/bruelhartducret.ch\/wp-content\/uploads\/2024\/11\/RGB_Serie_Nr4_IMG_5821.jpg\"><img loading=\"lazy\" decoding=\"async\" width=\"1024\" height=\"576\" data-id=\"569\" src=\"https:\/\/bruelhartducret.ch\/wp-content\/uploads\/2024\/11\/RGB_Serie_Nr4_IMG_5821-1024x576.webp\" alt=\"\" class=\"wp-image-569\" srcset=\"https:\/\/www.bruelhartducret.ch\/wp-content\/uploads\/2024\/11\/RGB_Serie_Nr4_IMG_5821-1024x576.webp 1024w, https:\/\/www.bruelhartducret.ch\/wp-content\/uploads\/2024\/11\/RGB_Serie_Nr4_IMG_5821-300x169.webp 300w, https:\/\/www.bruelhartducret.ch\/wp-content\/uploads\/2024\/11\/RGB_Serie_Nr4_IMG_5821-768x432.webp 768w, https:\/\/www.bruelhartducret.ch\/wp-content\/uploads\/2024\/11\/RGB_Serie_Nr4_IMG_5821-1536x864.webp 1536w, https:\/\/www.bruelhartducret.ch\/wp-content\/uploads\/2024\/11\/RGB_Serie_Nr4_IMG_5821-18x10.webp 18w, https:\/\/www.bruelhartducret.ch\/wp-content\/uploads\/2024\/11\/RGB_Serie_Nr4_IMG_5821-407x229.webp 407w, https:\/\/www.bruelhartducret.ch\/wp-content\/uploads\/2024\/11\/RGB_Serie_Nr4_IMG_5821.webp 1920w\" sizes=\"auto, (max-width: 1024px) 100vw, 1024px\" \/><\/a><\/figure>\n\n\n\n<figure data-no-zoom=\"true\" class=\"wp-block-image size-large\"><a href=\"https:\/\/bruelhartducret.ch\/wp-content\/uploads\/2024\/11\/RGB_Serie_Nr7_IMG_5830.jpg\"><img loading=\"lazy\" decoding=\"async\" width=\"1024\" height=\"576\" data-id=\"567\" src=\"https:\/\/bruelhartducret.ch\/wp-content\/uploads\/2024\/11\/RGB_Serie_Nr7_IMG_5830-1024x576.webp\" alt=\"\" class=\"wp-image-567\" srcset=\"https:\/\/www.bruelhartducret.ch\/wp-content\/uploads\/2024\/11\/RGB_Serie_Nr7_IMG_5830-1024x576.webp 1024w, https:\/\/www.bruelhartducret.ch\/wp-content\/uploads\/2024\/11\/RGB_Serie_Nr7_IMG_5830-300x169.webp 300w, https:\/\/www.bruelhartducret.ch\/wp-content\/uploads\/2024\/11\/RGB_Serie_Nr7_IMG_5830-768x432.webp 768w, https:\/\/www.bruelhartducret.ch\/wp-content\/uploads\/2024\/11\/RGB_Serie_Nr7_IMG_5830-1536x864.webp 1536w, https:\/\/www.bruelhartducret.ch\/wp-content\/uploads\/2024\/11\/RGB_Serie_Nr7_IMG_5830-18x10.webp 18w, https:\/\/www.bruelhartducret.ch\/wp-content\/uploads\/2024\/11\/RGB_Serie_Nr7_IMG_5830-407x229.webp 407w, https:\/\/www.bruelhartducret.ch\/wp-content\/uploads\/2024\/11\/RGB_Serie_Nr7_IMG_5830.webp 1920w\" sizes=\"auto, (max-width: 1024px) 100vw, 1024px\" \/><\/a><\/figure>\n<\/figure>\n\n\n<dl class=\"alignwide has-background has-primary-background-color wp-block-bruelhart-ducret-metadata\">\n            <dt>Localisation<\/dt>\n        <dd>Bellerive VD<\/dd>\n            <dt>Ma\u00eetre d'ouvrage<\/dt>\n        <dd>Priv\u00e9<\/dd>\n            <dt>Ach\u00e8vement<\/dt>\n        <dd>2014<\/dd>\n            <dt>Photos<\/dt>\n        <dd>Knuchel J\u00fcrg | Ducret Steve<\/dd>\n    <\/dl>\n\n\n<div class=\"wp-block-bruelhart-ducret-post-navigation\">\n            <a class=\"previous\" href=\"https:\/\/www.bruelhartducret.ch\/fr\/apercu-du-projet\/\">\n            zur\u00fcck zur \u00dcbersicht        <\/a>\n                <a class=\"next\" href=\"https:\/\/www.bruelhartducret.ch\/fr\/projet\/villa-espace\/\">\n            n\u00e4chstes Projekt        <\/a>\n    <\/div>\n\n<div class=\"alignfull has-background has-primary-background-color wp-block-group alignfull wp-block-bruelhart-ducret-contact has-background has-primary-background-color\">\n    <div class=\"content-wrapper\">\n        <div class=\"acf-innerblocks-container\">\n\n<h5 class=\"wp-block-heading\">Personne de contact<\/h5>\n\n\n\n<h2 class=\"wp-block-heading\"><strong>Vous avez des questions sur ce projet ou vous souhaitez lancer le v\u00f4tre ?<\/strong> N'h\u00e9sitez pas \u00e0 nous contacter.<\/h2>\n\n\n\n<div class=\"wp-block-buttons is-layout-flex wp-block-buttons-is-layout-flex\">\n<div class=\"wp-block-button\"><a class=\"wp-block-button__link wp-element-button\" href=\"\/fr\/buero\/#ansprechpartner\">Tous les contacts<\/a><\/div>\n<\/div>\n\n<\/div>\n    <\/div>\n            <figure href=\"https:\/\/www.bruelhartducret.ch\/fr\/?employee=automatisch-gespeicherter-entwurf-4\" class=\"post-814 employee type-employee status-publish hentry\" data-turbo=\"false\">\n    <div class=\"portrait-wrapper\">\n        <img loading=\"lazy\" decoding=\"async\" width=\"407\" height=\"305\" src=\"https:\/\/www.bruelhartducret.ch\/wp-content\/uploads\/2025\/02\/Sacha_2025_2-407x305.webp\" class=\"attachment-portrait size-portrait\" alt=\"\" srcset=\"https:\/\/www.bruelhartducret.ch\/wp-content\/uploads\/2025\/02\/Sacha_2025_2-407x305.webp 407w, https:\/\/www.bruelhartducret.ch\/wp-content\/uploads\/2025\/02\/Sacha_2025_2-300x225.webp 300w, https:\/\/www.bruelhartducret.ch\/wp-content\/uploads\/2025\/02\/Sacha_2025_2-1024x768.webp 1024w, https:\/\/www.bruelhartducret.ch\/wp-content\/uploads\/2025\/02\/Sacha_2025_2-768x576.webp 768w, https:\/\/www.bruelhartducret.ch\/wp-content\/uploads\/2025\/02\/Sacha_2025_2-1536x1152.webp 1536w, https:\/\/www.bruelhartducret.ch\/wp-content\/uploads\/2025\/02\/Sacha_2025_2-2048x1536.webp 2048w, https:\/\/www.bruelhartducret.ch\/wp-content\/uploads\/2025\/02\/Sacha_2025_2-16x12.webp 16w\" sizes=\"auto, (max-width: 407px) 100vw, 407px\" \/>                    <a class=\"linkedin\" href=\"https:\/\/ch.linkedin.com\/in\/sacha-br%C3%BClhart-850106167\" target=\"_blank\"><\/a>\n            <\/div>\n    <figcaption>\n        <h3 class=\"name\">Sacha Br\u00fclhart <\/h3>\n                    <div class=\"occupation\">\n                                    <span class=\"job\">Architecte FH, biologiste du b\u00e2timent SIB<\/span>\n                                                    <span class=\"position\">Partenaire principal, co-directeur<\/span>\n                            <\/div>\n                            <div class=\"links\">\n                                    <a class=\"phone\" href=\"tel:+41 58 861 61 01\">+41 58 861 61 01<\/a>\n                                                    <a class=\"email\" href=\"mailto:sacha.bruelhart@bruelhartducret.ch\">sacha.bruelhart@bruelhartducret.ch<\/a>\n                            <\/div>\n            <\/figcaption>\n<\/figure>    <\/div>\n\n<div class=\"alignfull is-layout-constrained wp-block-group alignfull wp-block-bruelhart-ducret-further-references\">\n    <div class=\"acf-innerblocks-container\">\n\n<h5 class=\"wp-block-heading\">Plus de r\u00e9f\u00e9rences<\/h5>\n\n\n\n<h2 class=\"wp-block-heading\">Encore plus de projets sur ce th\u00e8me<\/h2>\n\n\n\n<div class=\"wp-block-buttons is-layout-flex wp-block-buttons-is-layout-flex\">\n<div class=\"wp-block-button\"><a class=\"wp-block-button__link wp-element-button\" href=\"https:\/\/www.bruelhartducret.ch\/fr\/apercu-du-projet\/\">voir tous les projets<\/a><\/div>\n<\/div>\n\n<\/div>\n    <div class=\"alignfull wp-block-bruelhart-ducret-projects\">\n    <turbo-frame id=\"projects\" data-turbo=\"true\">\n                <div class=\"teasers\">\n                            <a href=\"https:\/\/www.bruelhartducret.ch\/fr\/projet\/schulhausplasselb\/\" class=\"post-1577 project type-project status-publish has-post-thumbnail hentry project_cat-denkmalpflege project_cat-umbau-renovation-und-sanierung\" data-turbo=\"false\">\n    <div class=\"image-wrapper\">\n        <img loading=\"lazy\" decoding=\"async\" width=\"1920\" height=\"1050\" src=\"https:\/\/www.bruelhartducret.ch\/wp-content\/uploads\/2025\/12\/BDA-Pla-251015-ARC001.webp\" class=\"attachment-post-thumbnail size-post-thumbnail wp-post-image\" alt=\"\" srcset=\"https:\/\/www.bruelhartducret.ch\/wp-content\/uploads\/2025\/12\/BDA-Pla-251015-ARC001.webp 1920w, https:\/\/www.bruelhartducret.ch\/wp-content\/uploads\/2025\/12\/BDA-Pla-251015-ARC001-300x164.webp 300w, https:\/\/www.bruelhartducret.ch\/wp-content\/uploads\/2025\/12\/BDA-Pla-251015-ARC001-1024x560.webp 1024w, https:\/\/www.bruelhartducret.ch\/wp-content\/uploads\/2025\/12\/BDA-Pla-251015-ARC001-768x420.webp 768w, https:\/\/www.bruelhartducret.ch\/wp-content\/uploads\/2025\/12\/BDA-Pla-251015-ARC001-1536x840.webp 1536w, https:\/\/www.bruelhartducret.ch\/wp-content\/uploads\/2025\/12\/BDA-Pla-251015-ARC001-18x10.webp 18w, https:\/\/www.bruelhartducret.ch\/wp-content\/uploads\/2025\/12\/BDA-Pla-251015-ARC001-407x223.webp 407w\" sizes=\"auto, (max-width: 1920px) 100vw, 1920px\" \/>    <\/div>\n    <div class=\"data-wrapper\">\n        <h3 class=\"title\">Schulhaus Plasselb<\/h3>\n        <p class=\"excerpt\">Das Schulhaus der Gemeinde Plasselb wurde im Rahmen eines umfassenden Gesamtprojekts sorgf\u00e4ltig saniert und strukturell ert\u00fcchtigt. Die Massnahmen erfolgten mit grossem Respekt vor der bestehenden Bausubstanz und mit dem Ziel, die architektonische Identit\u00e4t des Geb\u00e4udes zu bewahren und gleichzeitig den heutigen technischen, energetischen und funktionalen Anforderungen gerecht zu werden.<\/p>\n        <div class=\"wp-block-button read-more\">\n            <span class=\"wp-element-button\">en savoir plus<\/span>\n        <\/div>\n    <\/div>\n<\/a>                            <a href=\"https:\/\/www.bruelhartducret.ch\/fr\/projet\/werkhofjungo\/\" class=\"post-1564 project type-project status-publish has-post-thumbnail hentry project_cat-gewerbebauten\" data-turbo=\"false\">\n    <div class=\"image-wrapper\">\n        <img loading=\"lazy\" decoding=\"async\" width=\"1920\" height=\"1440\" src=\"https:\/\/www.bruelhartducret.ch\/wp-content\/uploads\/2025\/12\/BDA-Jun-251002-ARC003.webp\" class=\"attachment-post-thumbnail size-post-thumbnail wp-post-image\" alt=\"\" srcset=\"https:\/\/www.bruelhartducret.ch\/wp-content\/uploads\/2025\/12\/BDA-Jun-251002-ARC003.webp 1920w, https:\/\/www.bruelhartducret.ch\/wp-content\/uploads\/2025\/12\/BDA-Jun-251002-ARC003-300x225.webp 300w, https:\/\/www.bruelhartducret.ch\/wp-content\/uploads\/2025\/12\/BDA-Jun-251002-ARC003-1024x768.webp 1024w, https:\/\/www.bruelhartducret.ch\/wp-content\/uploads\/2025\/12\/BDA-Jun-251002-ARC003-768x576.webp 768w, https:\/\/www.bruelhartducret.ch\/wp-content\/uploads\/2025\/12\/BDA-Jun-251002-ARC003-1536x1152.webp 1536w, https:\/\/www.bruelhartducret.ch\/wp-content\/uploads\/2025\/12\/BDA-Jun-251002-ARC003-16x12.webp 16w, https:\/\/www.bruelhartducret.ch\/wp-content\/uploads\/2025\/12\/BDA-Jun-251002-ARC003-407x305.webp 407w\" sizes=\"auto, (max-width: 1920px) 100vw, 1920px\" \/>    <\/div>\n    <div class=\"data-wrapper\">\n        <h3 class=\"title\">Werkhof Jungo Gartengestaltung<\/h3>\n        <p class=\"excerpt\">Werkhof Jungo Gartengestaltung<\/p>\n        <div class=\"wp-block-button read-more\">\n            <span class=\"wp-element-button\">en savoir plus<\/span>\n        <\/div>\n    <\/div>\n<\/a>                            <a href=\"https:\/\/www.bruelhartducret.ch\/fr\/projet\/bd-regal-2\/\" class=\"post-1527 project type-project status-publish has-post-thumbnail hentry project_cat-moebeldesign\" data-turbo=\"false\">\n    <div class=\"image-wrapper\">\n        <img loading=\"lazy\" decoding=\"async\" width=\"2560\" height=\"1314\" src=\"https:\/\/www.bruelhartducret.ch\/wp-content\/uploads\/2025\/10\/BDA-Reg-220131-MOB001-Kopie-scaled.webp\" class=\"attachment-post-thumbnail size-post-thumbnail wp-post-image\" alt=\"\" srcset=\"https:\/\/www.bruelhartducret.ch\/wp-content\/uploads\/2025\/10\/BDA-Reg-220131-MOB001-Kopie-scaled.webp 2560w, https:\/\/www.bruelhartducret.ch\/wp-content\/uploads\/2025\/10\/BDA-Reg-220131-MOB001-Kopie-300x154.webp 300w, https:\/\/www.bruelhartducret.ch\/wp-content\/uploads\/2025\/10\/BDA-Reg-220131-MOB001-Kopie-1024x526.webp 1024w, https:\/\/www.bruelhartducret.ch\/wp-content\/uploads\/2025\/10\/BDA-Reg-220131-MOB001-Kopie-768x394.webp 768w, https:\/\/www.bruelhartducret.ch\/wp-content\/uploads\/2025\/10\/BDA-Reg-220131-MOB001-Kopie-1536x789.webp 1536w, https:\/\/www.bruelhartducret.ch\/wp-content\/uploads\/2025\/10\/BDA-Reg-220131-MOB001-Kopie-2048x1051.webp 2048w, https:\/\/www.bruelhartducret.ch\/wp-content\/uploads\/2025\/10\/BDA-Reg-220131-MOB001-Kopie-18x9.webp 18w, https:\/\/www.bruelhartducret.ch\/wp-content\/uploads\/2025\/10\/BDA-Reg-220131-MOB001-Kopie-407x209.webp 407w\" sizes=\"auto, (max-width: 2560px) 100vw, 2560px\" \/>    <\/div>\n    <div class=\"data-wrapper\">\n        <h3 class=\"title\">BD Regal #<\/h3>\n        <p class=\"excerpt\">La modularit\u00e9 avec une exigence architecturale<\/p>\n        <div class=\"wp-block-button read-more\">\n            <span class=\"wp-element-button\">en savoir plus<\/span>\n        <\/div>\n    <\/div>\n<\/a>                    <\/div>\n            <\/turbo-frame>\n<\/div>\n<\/div>","protected":false},"excerpt":{"rendered":"<p>La Villa Bellerive est situ\u00e9e sur le versant sud du Mont Vully, au milieu des vignes du c\u00e9l\u00e8bre vin blanc du m\u00eame nom.<\/p>","protected":false},"featured_media":572,"template":"","project_cat":[5],"class_list":["post-564","project","type-project","status-publish","has-post-thumbnail","hentry","project_cat-projektentwicklung-wohnungsbau"],"acf":[],"_links":{"self":[{"href":"https:\/\/www.bruelhartducret.ch\/fr\/wp-json\/wp\/v2\/project\/564","targetHints":{"allow":["GET"]}}],"collection":[{"href":"https:\/\/www.bruelhartducret.ch\/fr\/wp-json\/wp\/v2\/project"}],"about":[{"href":"https:\/\/www.bruelhartducret.ch\/fr\/wp-json\/wp\/v2\/types\/project"}],"wp:featuredmedia":[{"embeddable":true,"href":"https:\/\/www.bruelhartducret.ch\/fr\/wp-json\/wp\/v2\/media\/572"}],"wp:attachment":[{"href":"https:\/\/www.bruelhartducret.ch\/fr\/wp-json\/wp\/v2\/media?parent=564"}],"wp:term":[{"taxonomy":"project_cat","embeddable":true,"href":"https:\/\/www.bruelhartducret.ch\/fr\/wp-json\/wp\/v2\/project_cat?post=564"}],"curies":[{"name":"wp","href":"https:\/\/api.w.org\/{rel}","templated":true}]}}