{"id":526,"date":"2024-11-21T15:18:49","date_gmt":"2024-11-21T14:18:49","guid":{"rendered":"https:\/\/bruelhart-ducret.dev.hayloft-it.ch\/?post_type=project&#038;p=526"},"modified":"2025-05-13T08:53:50","modified_gmt":"2025-05-13T06:53:50","slug":"buffet-de-la-gare","status":"publish","type":"project","link":"https:\/\/www.bruelhartducret.ch\/fr\/projet\/buffet-de-la-gare\/","title":{"rendered":"Buf\u00adfet de la Gare"},"content":{"rendered":"<div class=\"wp-block-group alignfull hero-with-title-and-cover is-layout-flow wp-block-group-is-layout-flow\">\n<h1 class=\"wp-block-heading\">Buf\u00adfet de la Gare<\/h1>\n\n\n\n<div class=\"wp-block-cover is-light\"><img decoding=\"async\" class=\"wp-block-cover__image-background wp-image-533\" alt=\"\" src=\"https:\/\/bruelhartducret.ch\/wp-content\/uploads\/2024\/11\/BDA-Buf-210327-ARC007.jpg\" style=\"object-position:52% 71%\" data-object-fit=\"cover\" data-object-position=\"52% 71%\"\/><span aria-hidden=\"true\" class=\"wp-block-cover__background has-background-dim-0 has-background-dim\"><\/span><div class=\"wp-block-cover__inner-container is-layout-constrained wp-block-cover-is-layout-constrained\">\n<p class=\"has-text-align-center has-large-font-size\"><\/p>\n<\/div><\/div>\n<\/div>\n\n\n\n<div class=\"wp-block-group alignfull lead-wrapper is-layout-constrained wp-block-group-is-layout-constrained\">\n<p class=\"is-style-lead\">L\u2019H\u00f4tel Bahn\u00adhof D\u00fcdin\u00adgen a \u00e9t\u00e9 con\u00adstru\u00adit vers 1900 dans le style de l\u2019architecture locale appel\u00e9 \u00e9gale\u00adment \u00ab Heimat\u00adstil \u00bb et a subi plusieurs r\u00e9no\u00adva\u00adtions. Ce con\u00adcept souhaitait com\u00adbin\u00ader l\u2019ancien et le nou\u00adveau, et don\u00adner \u00e0 l\u2019ensemble une allure de buf\u00adfet de gare de d\u00e9but de si\u00e8\u00adcle.<\/p>\n\n\n\n<p>Le restaurant de 100 places, la cuisine gastronomique et une salle publique ont \u00e9t\u00e9 totalement r\u00e9nov\u00e9s. Les unit\u00e9s des chambres d'h\u00f4tel des \u00e9tages sup\u00e9rieurs, qui sont soumises \u00e0 une trame de plan claire, ont \u00e9t\u00e9 conserv\u00e9es et transform\u00e9es en bureaux. D'une mani\u00e8re g\u00e9n\u00e9rale, le concept de r\u00e9novation et d'am\u00e9nagement global a veill\u00e9 \u00e0 n'utiliser que des mat\u00e9riaux de haute qualit\u00e9, qui refl\u00e8tent et respectent la mat\u00e9rialisation d'origine du buffet de la gare, construit dans le style Heimatstil, sans toutefois l'imiter.<\/p>\n\n\n<div class=\"wp-block-button align wp-block-bruelhart-ducret-print-button\">\n    <button class=\"wp-element-button\" onclick=\"window.print()\">\n        PDF herunterladen    <\/button>\n<\/div>\n\n<\/div>\n\n\n\n<figure class=\"wp-block-gallery alignwide has-nested-images columns-2 is-cropped is-style-masonry wp-block-gallery-1 is-layout-flex wp-block-gallery-is-layout-flex\">\n<figure data-no-zoom=\"true\" class=\"wp-block-image size-large\"><a href=\"https:\/\/bruelhartducret.ch\/wp-content\/uploads\/2025\/05\/Bahnhofbuffet-Duedingen_1.webp\"><img loading=\"lazy\" decoding=\"async\" width=\"1024\" height=\"767\" data-id=\"1215\" src=\"https:\/\/bruelhartducret.ch\/wp-content\/uploads\/2025\/05\/Bahnhofbuffet-Duedingen_1-1024x767.webp\" alt=\"\" class=\"wp-image-1215\" srcset=\"https:\/\/www.bruelhartducret.ch\/wp-content\/uploads\/2025\/05\/Bahnhofbuffet-Duedingen_1-1024x767.webp 1024w, https:\/\/www.bruelhartducret.ch\/wp-content\/uploads\/2025\/05\/Bahnhofbuffet-Duedingen_1-300x225.webp 300w, https:\/\/www.bruelhartducret.ch\/wp-content\/uploads\/2025\/05\/Bahnhofbuffet-Duedingen_1-768x576.webp 768w, https:\/\/www.bruelhartducret.ch\/wp-content\/uploads\/2025\/05\/Bahnhofbuffet-Duedingen_1-1536x1151.webp 1536w, https:\/\/www.bruelhartducret.ch\/wp-content\/uploads\/2025\/05\/Bahnhofbuffet-Duedingen_1-16x12.webp 16w, https:\/\/www.bruelhartducret.ch\/wp-content\/uploads\/2025\/05\/Bahnhofbuffet-Duedingen_1-407x305.webp 407w, https:\/\/www.bruelhartducret.ch\/wp-content\/uploads\/2025\/05\/Bahnhofbuffet-Duedingen_1.webp 1800w\" sizes=\"auto, (max-width: 1024px) 100vw, 1024px\" \/><\/a><figcaption class=\"wp-element-caption\">Documentation apr\u00e8s la fin des travaux<\/figcaption><\/figure>\n\n\n\n<figure data-no-zoom=\"true\" class=\"wp-block-image size-large\"><a href=\"https:\/\/bruelhartducret.ch\/wp-content\/uploads\/2024\/11\/BDA-Buf-210420-ARC003.jpg\"><img loading=\"lazy\" decoding=\"async\" width=\"1024\" height=\"576\" data-id=\"530\" src=\"https:\/\/bruelhartducret.ch\/wp-content\/uploads\/2024\/11\/BDA-Buf-210420-ARC003-1024x576.webp\" alt=\"\" class=\"wp-image-530\" srcset=\"https:\/\/www.bruelhartducret.ch\/wp-content\/uploads\/2024\/11\/BDA-Buf-210420-ARC003-1024x576.webp 1024w, https:\/\/www.bruelhartducret.ch\/wp-content\/uploads\/2024\/11\/BDA-Buf-210420-ARC003-300x169.webp 300w, https:\/\/www.bruelhartducret.ch\/wp-content\/uploads\/2024\/11\/BDA-Buf-210420-ARC003-768x432.webp 768w, https:\/\/www.bruelhartducret.ch\/wp-content\/uploads\/2024\/11\/BDA-Buf-210420-ARC003-1536x864.webp 1536w, https:\/\/www.bruelhartducret.ch\/wp-content\/uploads\/2024\/11\/BDA-Buf-210420-ARC003-18x10.webp 18w, https:\/\/www.bruelhartducret.ch\/wp-content\/uploads\/2024\/11\/BDA-Buf-210420-ARC003-407x229.webp 407w, https:\/\/www.bruelhartducret.ch\/wp-content\/uploads\/2024\/11\/BDA-Buf-210420-ARC003.webp 1920w\" sizes=\"auto, (max-width: 1024px) 100vw, 1024px\" \/><\/a><\/figure>\n\n\n\n<figure data-no-zoom=\"true\" class=\"wp-block-image size-large\"><a href=\"https:\/\/bruelhartducret.ch\/wp-content\/uploads\/2024\/11\/BDA-Buf-210420-ARC001.jpg\"><img loading=\"lazy\" decoding=\"async\" width=\"1024\" height=\"576\" data-id=\"536\" src=\"https:\/\/bruelhartducret.ch\/wp-content\/uploads\/2024\/11\/BDA-Buf-210420-ARC001-1024x576.webp\" alt=\"\" class=\"wp-image-536\" srcset=\"https:\/\/www.bruelhartducret.ch\/wp-content\/uploads\/2024\/11\/BDA-Buf-210420-ARC001-1024x576.webp 1024w, https:\/\/www.bruelhartducret.ch\/wp-content\/uploads\/2024\/11\/BDA-Buf-210420-ARC001-300x169.webp 300w, https:\/\/www.bruelhartducret.ch\/wp-content\/uploads\/2024\/11\/BDA-Buf-210420-ARC001-768x432.webp 768w, https:\/\/www.bruelhartducret.ch\/wp-content\/uploads\/2024\/11\/BDA-Buf-210420-ARC001-1536x864.webp 1536w, https:\/\/www.bruelhartducret.ch\/wp-content\/uploads\/2024\/11\/BDA-Buf-210420-ARC001-18x10.webp 18w, https:\/\/www.bruelhartducret.ch\/wp-content\/uploads\/2024\/11\/BDA-Buf-210420-ARC001-407x229.webp 407w, https:\/\/www.bruelhartducret.ch\/wp-content\/uploads\/2024\/11\/BDA-Buf-210420-ARC001.webp 1920w\" sizes=\"auto, (max-width: 1024px) 100vw, 1024px\" \/><\/a><\/figure>\n\n\n\n<figure data-no-zoom=\"true\" class=\"wp-block-image size-large\"><a href=\"https:\/\/bruelhartducret.ch\/wp-content\/uploads\/2024\/11\/BDA-Buf-210327-ARC014.jpg\"><img loading=\"lazy\" decoding=\"async\" width=\"1024\" height=\"576\" data-id=\"537\" src=\"https:\/\/bruelhartducret.ch\/wp-content\/uploads\/2024\/11\/BDA-Buf-210327-ARC014-1024x576.webp\" alt=\"\" class=\"wp-image-537\" srcset=\"https:\/\/www.bruelhartducret.ch\/wp-content\/uploads\/2024\/11\/BDA-Buf-210327-ARC014-1024x576.webp 1024w, https:\/\/www.bruelhartducret.ch\/wp-content\/uploads\/2024\/11\/BDA-Buf-210327-ARC014-300x169.webp 300w, https:\/\/www.bruelhartducret.ch\/wp-content\/uploads\/2024\/11\/BDA-Buf-210327-ARC014-768x432.webp 768w, https:\/\/www.bruelhartducret.ch\/wp-content\/uploads\/2024\/11\/BDA-Buf-210327-ARC014-1536x864.webp 1536w, https:\/\/www.bruelhartducret.ch\/wp-content\/uploads\/2024\/11\/BDA-Buf-210327-ARC014-18x10.webp 18w, https:\/\/www.bruelhartducret.ch\/wp-content\/uploads\/2024\/11\/BDA-Buf-210327-ARC014-407x229.webp 407w, https:\/\/www.bruelhartducret.ch\/wp-content\/uploads\/2024\/11\/BDA-Buf-210327-ARC014.webp 1920w\" sizes=\"auto, (max-width: 1024px) 100vw, 1024px\" \/><\/a><\/figure>\n\n\n\n<figure data-no-zoom=\"true\" class=\"wp-block-image size-large\"><a href=\"https:\/\/bruelhartducret.ch\/wp-content\/uploads\/2025\/05\/Bahnhofbuffet-Duedingen_9.webp\"><img loading=\"lazy\" decoding=\"async\" width=\"767\" height=\"1024\" data-id=\"1224\" src=\"https:\/\/bruelhartducret.ch\/wp-content\/uploads\/2025\/05\/Bahnhofbuffet-Duedingen_9-767x1024.webp\" alt=\"\" class=\"wp-image-1224\" srcset=\"https:\/\/www.bruelhartducret.ch\/wp-content\/uploads\/2025\/05\/Bahnhofbuffet-Duedingen_9-767x1024.webp 767w, https:\/\/www.bruelhartducret.ch\/wp-content\/uploads\/2025\/05\/Bahnhofbuffet-Duedingen_9-225x300.webp 225w, https:\/\/www.bruelhartducret.ch\/wp-content\/uploads\/2025\/05\/Bahnhofbuffet-Duedingen_9-768x1025.webp 768w, https:\/\/www.bruelhartducret.ch\/wp-content\/uploads\/2025\/05\/Bahnhofbuffet-Duedingen_9-1151x1536.webp 1151w, https:\/\/www.bruelhartducret.ch\/wp-content\/uploads\/2025\/05\/Bahnhofbuffet-Duedingen_9-9x12.webp 9w, https:\/\/www.bruelhartducret.ch\/wp-content\/uploads\/2025\/05\/Bahnhofbuffet-Duedingen_9-407x543.webp 407w, https:\/\/www.bruelhartducret.ch\/wp-content\/uploads\/2025\/05\/Bahnhofbuffet-Duedingen_9.webp 1349w\" sizes=\"auto, (max-width: 767px) 100vw, 767px\" \/><\/a><\/figure>\n\n\n\n<figure data-no-zoom=\"true\" class=\"wp-block-image size-large\"><a href=\"https:\/\/bruelhartducret.ch\/wp-content\/uploads\/2024\/11\/BDA-Buf-210327-ARC006.jpg\"><img loading=\"lazy\" decoding=\"async\" width=\"1024\" height=\"576\" data-id=\"532\" src=\"https:\/\/bruelhartducret.ch\/wp-content\/uploads\/2024\/11\/BDA-Buf-210327-ARC006-1024x576.webp\" alt=\"\" class=\"wp-image-532\" srcset=\"https:\/\/www.bruelhartducret.ch\/wp-content\/uploads\/2024\/11\/BDA-Buf-210327-ARC006-1024x576.webp 1024w, https:\/\/www.bruelhartducret.ch\/wp-content\/uploads\/2024\/11\/BDA-Buf-210327-ARC006-300x169.webp 300w, https:\/\/www.bruelhartducret.ch\/wp-content\/uploads\/2024\/11\/BDA-Buf-210327-ARC006-768x432.webp 768w, https:\/\/www.bruelhartducret.ch\/wp-content\/uploads\/2024\/11\/BDA-Buf-210327-ARC006-1536x864.webp 1536w, https:\/\/www.bruelhartducret.ch\/wp-content\/uploads\/2024\/11\/BDA-Buf-210327-ARC006-18x10.webp 18w, https:\/\/www.bruelhartducret.ch\/wp-content\/uploads\/2024\/11\/BDA-Buf-210327-ARC006-407x229.webp 407w, https:\/\/www.bruelhartducret.ch\/wp-content\/uploads\/2024\/11\/BDA-Buf-210327-ARC006.webp 1920w\" sizes=\"auto, (max-width: 1024px) 100vw, 1024px\" \/><\/a><\/figure>\n\n\n\n<figure data-no-zoom=\"true\" class=\"wp-block-image size-large\"><a href=\"https:\/\/bruelhartducret.ch\/wp-content\/uploads\/2025\/05\/Bahnhofbuffet-Duedingen_7.webp\"><img loading=\"lazy\" decoding=\"async\" width=\"767\" height=\"1024\" data-id=\"1222\" src=\"https:\/\/bruelhartducret.ch\/wp-content\/uploads\/2025\/05\/Bahnhofbuffet-Duedingen_7-767x1024.webp\" alt=\"\" class=\"wp-image-1222\" srcset=\"https:\/\/www.bruelhartducret.ch\/wp-content\/uploads\/2025\/05\/Bahnhofbuffet-Duedingen_7-767x1024.webp 767w, https:\/\/www.bruelhartducret.ch\/wp-content\/uploads\/2025\/05\/Bahnhofbuffet-Duedingen_7-225x300.webp 225w, https:\/\/www.bruelhartducret.ch\/wp-content\/uploads\/2025\/05\/Bahnhofbuffet-Duedingen_7-768x1025.webp 768w, https:\/\/www.bruelhartducret.ch\/wp-content\/uploads\/2025\/05\/Bahnhofbuffet-Duedingen_7-1151x1536.webp 1151w, https:\/\/www.bruelhartducret.ch\/wp-content\/uploads\/2025\/05\/Bahnhofbuffet-Duedingen_7-9x12.webp 9w, https:\/\/www.bruelhartducret.ch\/wp-content\/uploads\/2025\/05\/Bahnhofbuffet-Duedingen_7-407x543.webp 407w, https:\/\/www.bruelhartducret.ch\/wp-content\/uploads\/2025\/05\/Bahnhofbuffet-Duedingen_7.webp 1349w\" sizes=\"auto, (max-width: 767px) 100vw, 767px\" \/><\/a><\/figure>\n\n\n\n<figure data-no-zoom=\"true\" class=\"wp-block-image size-large\"><a href=\"https:\/\/bruelhartducret.ch\/wp-content\/uploads\/2024\/11\/BDA-Buf-210327-ARC015.jpg\"><img loading=\"lazy\" decoding=\"async\" width=\"1024\" height=\"576\" data-id=\"535\" src=\"https:\/\/bruelhartducret.ch\/wp-content\/uploads\/2024\/11\/BDA-Buf-210327-ARC015-1024x576.webp\" alt=\"\" class=\"wp-image-535\" srcset=\"https:\/\/www.bruelhartducret.ch\/wp-content\/uploads\/2024\/11\/BDA-Buf-210327-ARC015-1024x576.webp 1024w, https:\/\/www.bruelhartducret.ch\/wp-content\/uploads\/2024\/11\/BDA-Buf-210327-ARC015-300x169.webp 300w, https:\/\/www.bruelhartducret.ch\/wp-content\/uploads\/2024\/11\/BDA-Buf-210327-ARC015-768x432.webp 768w, https:\/\/www.bruelhartducret.ch\/wp-content\/uploads\/2024\/11\/BDA-Buf-210327-ARC015-1536x864.webp 1536w, https:\/\/www.bruelhartducret.ch\/wp-content\/uploads\/2024\/11\/BDA-Buf-210327-ARC015-18x10.webp 18w, https:\/\/www.bruelhartducret.ch\/wp-content\/uploads\/2024\/11\/BDA-Buf-210327-ARC015-407x229.webp 407w, https:\/\/www.bruelhartducret.ch\/wp-content\/uploads\/2024\/11\/BDA-Buf-210327-ARC015.webp 1920w\" sizes=\"auto, (max-width: 1024px) 100vw, 1024px\" \/><\/a><\/figure>\n\n\n\n<figure data-no-zoom=\"true\" class=\"wp-block-image size-large\"><a href=\"https:\/\/bruelhartducret.ch\/wp-content\/uploads\/2024\/11\/BDA-Buf-210327-ARC012.jpg\"><img loading=\"lazy\" decoding=\"async\" width=\"1024\" height=\"576\" data-id=\"534\" src=\"https:\/\/bruelhartducret.ch\/wp-content\/uploads\/2024\/11\/BDA-Buf-210327-ARC012-1024x576.webp\" alt=\"\" class=\"wp-image-534\" srcset=\"https:\/\/www.bruelhartducret.ch\/wp-content\/uploads\/2024\/11\/BDA-Buf-210327-ARC012-1024x576.webp 1024w, https:\/\/www.bruelhartducret.ch\/wp-content\/uploads\/2024\/11\/BDA-Buf-210327-ARC012-300x169.webp 300w, https:\/\/www.bruelhartducret.ch\/wp-content\/uploads\/2024\/11\/BDA-Buf-210327-ARC012-768x432.webp 768w, https:\/\/www.bruelhartducret.ch\/wp-content\/uploads\/2024\/11\/BDA-Buf-210327-ARC012-1536x864.webp 1536w, https:\/\/www.bruelhartducret.ch\/wp-content\/uploads\/2024\/11\/BDA-Buf-210327-ARC012-18x10.webp 18w, https:\/\/www.bruelhartducret.ch\/wp-content\/uploads\/2024\/11\/BDA-Buf-210327-ARC012-407x229.webp 407w, https:\/\/www.bruelhartducret.ch\/wp-content\/uploads\/2024\/11\/BDA-Buf-210327-ARC012.webp 1920w\" sizes=\"auto, (max-width: 1024px) 100vw, 1024px\" \/><\/a><\/figure>\n\n\n\n<figure data-no-zoom=\"true\" class=\"wp-block-image size-large\"><a href=\"https:\/\/bruelhartducret.ch\/wp-content\/uploads\/2025\/05\/Bahnhofbuffet-Duedingen_6.webp\"><img loading=\"lazy\" decoding=\"async\" width=\"768\" height=\"1024\" data-id=\"1221\" src=\"https:\/\/bruelhartducret.ch\/wp-content\/uploads\/2025\/05\/Bahnhofbuffet-Duedingen_6-768x1024.webp\" alt=\"\" class=\"wp-image-1221\" srcset=\"https:\/\/www.bruelhartducret.ch\/wp-content\/uploads\/2025\/05\/Bahnhofbuffet-Duedingen_6-768x1024.webp 768w, https:\/\/www.bruelhartducret.ch\/wp-content\/uploads\/2025\/05\/Bahnhofbuffet-Duedingen_6-225x300.webp 225w, https:\/\/www.bruelhartducret.ch\/wp-content\/uploads\/2025\/05\/Bahnhofbuffet-Duedingen_6-1152x1536.webp 1152w, https:\/\/www.bruelhartducret.ch\/wp-content\/uploads\/2025\/05\/Bahnhofbuffet-Duedingen_6-9x12.webp 9w, https:\/\/www.bruelhartducret.ch\/wp-content\/uploads\/2025\/05\/Bahnhofbuffet-Duedingen_6-407x543.webp 407w, https:\/\/www.bruelhartducret.ch\/wp-content\/uploads\/2025\/05\/Bahnhofbuffet-Duedingen_6.webp 1350w\" sizes=\"auto, (max-width: 768px) 100vw, 768px\" \/><\/a><\/figure>\n\n\n\n<figure data-no-zoom=\"true\" class=\"wp-block-image size-large\"><a href=\"https:\/\/bruelhartducret.ch\/wp-content\/uploads\/2025\/05\/Bahnhofbuffet-Duedingen_7.webp\"><img loading=\"lazy\" decoding=\"async\" width=\"767\" height=\"1024\" data-id=\"1222\" src=\"https:\/\/bruelhartducret.ch\/wp-content\/uploads\/2025\/05\/Bahnhofbuffet-Duedingen_7-767x1024.webp\" alt=\"\" class=\"wp-image-1222\" srcset=\"https:\/\/www.bruelhartducret.ch\/wp-content\/uploads\/2025\/05\/Bahnhofbuffet-Duedingen_7-767x1024.webp 767w, https:\/\/www.bruelhartducret.ch\/wp-content\/uploads\/2025\/05\/Bahnhofbuffet-Duedingen_7-225x300.webp 225w, https:\/\/www.bruelhartducret.ch\/wp-content\/uploads\/2025\/05\/Bahnhofbuffet-Duedingen_7-768x1025.webp 768w, https:\/\/www.bruelhartducret.ch\/wp-content\/uploads\/2025\/05\/Bahnhofbuffet-Duedingen_7-1151x1536.webp 1151w, https:\/\/www.bruelhartducret.ch\/wp-content\/uploads\/2025\/05\/Bahnhofbuffet-Duedingen_7-9x12.webp 9w, https:\/\/www.bruelhartducret.ch\/wp-content\/uploads\/2025\/05\/Bahnhofbuffet-Duedingen_7-407x543.webp 407w, https:\/\/www.bruelhartducret.ch\/wp-content\/uploads\/2025\/05\/Bahnhofbuffet-Duedingen_7.webp 1349w\" sizes=\"auto, (max-width: 767px) 100vw, 767px\" \/><\/a><\/figure>\n\n\n\n<figure data-no-zoom=\"true\" class=\"wp-block-image size-large\"><a href=\"https:\/\/bruelhartducret.ch\/wp-content\/uploads\/2025\/05\/Bahnhofbuffet-Duedingen_5.webp\"><img loading=\"lazy\" decoding=\"async\" width=\"768\" height=\"1024\" data-id=\"1220\" src=\"https:\/\/bruelhartducret.ch\/wp-content\/uploads\/2025\/05\/Bahnhofbuffet-Duedingen_5-768x1024.webp\" alt=\"\" class=\"wp-image-1220\" srcset=\"https:\/\/www.bruelhartducret.ch\/wp-content\/uploads\/2025\/05\/Bahnhofbuffet-Duedingen_5-768x1024.webp 768w, https:\/\/www.bruelhartducret.ch\/wp-content\/uploads\/2025\/05\/Bahnhofbuffet-Duedingen_5-225x300.webp 225w, https:\/\/www.bruelhartducret.ch\/wp-content\/uploads\/2025\/05\/Bahnhofbuffet-Duedingen_5-1152x1536.webp 1152w, https:\/\/www.bruelhartducret.ch\/wp-content\/uploads\/2025\/05\/Bahnhofbuffet-Duedingen_5-9x12.webp 9w, https:\/\/www.bruelhartducret.ch\/wp-content\/uploads\/2025\/05\/Bahnhofbuffet-Duedingen_5-407x543.webp 407w, https:\/\/www.bruelhartducret.ch\/wp-content\/uploads\/2025\/05\/Bahnhofbuffet-Duedingen_5.webp 1350w\" sizes=\"auto, (max-width: 768px) 100vw, 768px\" \/><\/a><\/figure>\n\n\n\n<figure data-no-zoom=\"true\" class=\"wp-block-image size-large\"><a href=\"https:\/\/bruelhartducret.ch\/wp-content\/uploads\/2025\/05\/Bahnhofbuffet-Duedingen_3.webp\"><img loading=\"lazy\" decoding=\"async\" width=\"768\" height=\"1024\" data-id=\"1218\" src=\"https:\/\/bruelhartducret.ch\/wp-content\/uploads\/2025\/05\/Bahnhofbuffet-Duedingen_3-768x1024.webp\" alt=\"\" class=\"wp-image-1218\" srcset=\"https:\/\/www.bruelhartducret.ch\/wp-content\/uploads\/2025\/05\/Bahnhofbuffet-Duedingen_3-768x1024.webp 768w, https:\/\/www.bruelhartducret.ch\/wp-content\/uploads\/2025\/05\/Bahnhofbuffet-Duedingen_3-225x300.webp 225w, https:\/\/www.bruelhartducret.ch\/wp-content\/uploads\/2025\/05\/Bahnhofbuffet-Duedingen_3-1152x1536.webp 1152w, https:\/\/www.bruelhartducret.ch\/wp-content\/uploads\/2025\/05\/Bahnhofbuffet-Duedingen_3-9x12.webp 9w, https:\/\/www.bruelhartducret.ch\/wp-content\/uploads\/2025\/05\/Bahnhofbuffet-Duedingen_3-407x543.webp 407w, https:\/\/www.bruelhartducret.ch\/wp-content\/uploads\/2025\/05\/Bahnhofbuffet-Duedingen_3.webp 1350w\" sizes=\"auto, (max-width: 768px) 100vw, 768px\" \/><\/a><\/figure>\n\n\n\n<figure data-no-zoom=\"true\" class=\"wp-block-image size-large\"><a href=\"https:\/\/bruelhartducret.ch\/wp-content\/uploads\/2025\/05\/Bahnhofbuffet-Duedingen_4.webp\"><img loading=\"lazy\" decoding=\"async\" width=\"768\" height=\"1024\" data-id=\"1219\" src=\"https:\/\/bruelhartducret.ch\/wp-content\/uploads\/2025\/05\/Bahnhofbuffet-Duedingen_4-768x1024.webp\" alt=\"\" class=\"wp-image-1219\" srcset=\"https:\/\/www.bruelhartducret.ch\/wp-content\/uploads\/2025\/05\/Bahnhofbuffet-Duedingen_4-768x1024.webp 768w, https:\/\/www.bruelhartducret.ch\/wp-content\/uploads\/2025\/05\/Bahnhofbuffet-Duedingen_4-225x300.webp 225w, https:\/\/www.bruelhartducret.ch\/wp-content\/uploads\/2025\/05\/Bahnhofbuffet-Duedingen_4-1152x1536.webp 1152w, https:\/\/www.bruelhartducret.ch\/wp-content\/uploads\/2025\/05\/Bahnhofbuffet-Duedingen_4-9x12.webp 9w, https:\/\/www.bruelhartducret.ch\/wp-content\/uploads\/2025\/05\/Bahnhofbuffet-Duedingen_4-407x543.webp 407w, https:\/\/www.bruelhartducret.ch\/wp-content\/uploads\/2025\/05\/Bahnhofbuffet-Duedingen_4.webp 1350w\" sizes=\"auto, (max-width: 768px) 100vw, 768px\" \/><\/a><\/figure>\n\n\n\n<figure data-no-zoom=\"true\" class=\"wp-block-image alignright size-large\"><a href=\"https:\/\/bruelhartducret.ch\/wp-content\/uploads\/2024\/11\/BDA-Buf-210323-ARC012.jpg\"><img loading=\"lazy\" decoding=\"async\" width=\"1024\" height=\"576\" data-id=\"531\" src=\"https:\/\/bruelhartducret.ch\/wp-content\/uploads\/2024\/11\/BDA-Buf-210323-ARC012-1024x576.webp\" alt=\"\" class=\"wp-image-531\" srcset=\"https:\/\/www.bruelhartducret.ch\/wp-content\/uploads\/2024\/11\/BDA-Buf-210323-ARC012-1024x576.webp 1024w, https:\/\/www.bruelhartducret.ch\/wp-content\/uploads\/2024\/11\/BDA-Buf-210323-ARC012-300x169.webp 300w, https:\/\/www.bruelhartducret.ch\/wp-content\/uploads\/2024\/11\/BDA-Buf-210323-ARC012-768x432.webp 768w, https:\/\/www.bruelhartducret.ch\/wp-content\/uploads\/2024\/11\/BDA-Buf-210323-ARC012-1536x864.webp 1536w, https:\/\/www.bruelhartducret.ch\/wp-content\/uploads\/2024\/11\/BDA-Buf-210323-ARC012-18x10.webp 18w, https:\/\/www.bruelhartducret.ch\/wp-content\/uploads\/2024\/11\/BDA-Buf-210323-ARC012-407x229.webp 407w, https:\/\/www.bruelhartducret.ch\/wp-content\/uploads\/2024\/11\/BDA-Buf-210323-ARC012.webp 1920w\" sizes=\"auto, (max-width: 1024px) 100vw, 1024px\" \/><\/a><\/figure>\n<\/figure>\n\n\n<dl class=\"alignwide has-background has-primary-background-color wp-block-bruelhart-ducret-metadata\">\n            <dt>Localisation<\/dt>\n        <dd>Guin<\/dd>\n            <dt>Ma\u00eetre d'ouvrage<\/dt>\n        <dd>Commune de Guin<\/dd>\n            <dt>Ach\u00e8vement<\/dt>\n        <dd>2021<\/dd>\n            <dt>Photos<\/dt>\n        <dd>Thomas Telley<\/dd>\n    <\/dl>\n\n\n<div class=\"wp-block-bruelhart-ducret-post-navigation\">\n            <a class=\"previous\" href=\"https:\/\/www.bruelhartducret.ch\/fr\/apercu-du-projet\/\">\n            zur\u00fcck zur \u00dcbersicht        <\/a>\n                <a class=\"next\" href=\"https:\/\/www.bruelhartducret.ch\/fr\/projet\/salle-dinhumation-tafers\/\">\n            n\u00e4chstes Projekt        <\/a>\n    <\/div>\n\n<div class=\"alignfull has-background has-primary-background-color wp-block-group alignfull wp-block-bruelhart-ducret-contact has-background has-primary-background-color\">\n    <div class=\"content-wrapper\">\n        <div class=\"acf-innerblocks-container\">\n\n<h5 class=\"wp-block-heading\">Personne de contact<\/h5>\n\n\n\n<h2 class=\"wp-block-heading\"><strong>Vous avez des questions sur ce projet ou vous souhaitez lancer le v\u00f4tre ?<\/strong> N'h\u00e9sitez pas \u00e0 nous contacter.<\/h2>\n\n\n\n<div class=\"wp-block-buttons is-layout-flex wp-block-buttons-is-layout-flex\">\n<div class=\"wp-block-button\"><a class=\"wp-block-button__link wp-element-button\" href=\"\/fr\/buero\/#ansprechpartner\">Tous les contacts<\/a><\/div>\n<\/div>\n\n<\/div>\n    <\/div>\n            <figure href=\"https:\/\/www.bruelhartducret.ch\/fr\/?employee=automatisch-gespeicherter-entwurf-4\" class=\"post-814 employee type-employee status-publish hentry\" data-turbo=\"false\">\n    <div class=\"portrait-wrapper\">\n        <img loading=\"lazy\" decoding=\"async\" width=\"407\" height=\"305\" src=\"https:\/\/www.bruelhartducret.ch\/wp-content\/uploads\/2025\/02\/Sacha_2025_2-407x305.webp\" class=\"attachment-portrait size-portrait\" alt=\"\" srcset=\"https:\/\/www.bruelhartducret.ch\/wp-content\/uploads\/2025\/02\/Sacha_2025_2-407x305.webp 407w, https:\/\/www.bruelhartducret.ch\/wp-content\/uploads\/2025\/02\/Sacha_2025_2-300x225.webp 300w, https:\/\/www.bruelhartducret.ch\/wp-content\/uploads\/2025\/02\/Sacha_2025_2-1024x768.webp 1024w, https:\/\/www.bruelhartducret.ch\/wp-content\/uploads\/2025\/02\/Sacha_2025_2-768x576.webp 768w, https:\/\/www.bruelhartducret.ch\/wp-content\/uploads\/2025\/02\/Sacha_2025_2-1536x1152.webp 1536w, https:\/\/www.bruelhartducret.ch\/wp-content\/uploads\/2025\/02\/Sacha_2025_2-2048x1536.webp 2048w, https:\/\/www.bruelhartducret.ch\/wp-content\/uploads\/2025\/02\/Sacha_2025_2-16x12.webp 16w\" sizes=\"auto, (max-width: 407px) 100vw, 407px\" \/>                    <a class=\"linkedin\" href=\"https:\/\/ch.linkedin.com\/in\/sacha-br%C3%BClhart-850106167\" target=\"_blank\"><\/a>\n            <\/div>\n    <figcaption>\n        <h3 class=\"name\">Sacha Br\u00fclhart <\/h3>\n                    <div class=\"occupation\">\n                                    <span class=\"job\">Architecte FH, biologiste du b\u00e2timent SIB<\/span>\n                                                    <span class=\"position\">Partenaire principal, co-directeur<\/span>\n                            <\/div>\n                            <div class=\"links\">\n                                    <a class=\"phone\" href=\"tel:+41 58 861 61 01\">+41 58 861 61 01<\/a>\n                                                    <a class=\"email\" href=\"mailto:sacha.bruelhart@bruelhartducret.ch\">sacha.bruelhart@bruelhartducret.ch<\/a>\n                            <\/div>\n            <\/figcaption>\n<\/figure>    <\/div>\n\n<div class=\"alignfull is-layout-constrained wp-block-group alignfull wp-block-bruelhart-ducret-further-references\">\n    <div class=\"acf-innerblocks-container\">\n\n<h5 class=\"wp-block-heading\">plus de r\u00e9f\u00e9rences<\/h5>\n\n\n\n<h2 class=\"wp-block-heading\">Encore plus de projets sur ce th\u00e8me<\/h2>\n\n\n\n<div class=\"wp-block-buttons is-layout-flex wp-block-buttons-is-layout-flex\">\n<div class=\"wp-block-button\"><a class=\"wp-block-button__link wp-element-button\" href=\"https:\/\/www.bruelhartducret.ch\/fr\/apercu-du-projet\/\">voir tous les projets<\/a><\/div>\n<\/div>\n\n<\/div>\n    <div class=\"alignfull wp-block-bruelhart-ducret-projects\">\n    <turbo-frame id=\"projects\" data-turbo=\"true\">\n                <div class=\"teasers\">\n                            <a href=\"https:\/\/www.bruelhartducret.ch\/fr\/projet\/schulhausplasselb\/\" class=\"post-1577 project type-project status-publish has-post-thumbnail hentry project_cat-denkmalpflege project_cat-umbau-renovation-und-sanierung\" data-turbo=\"false\">\n    <div class=\"image-wrapper\">\n        <img loading=\"lazy\" decoding=\"async\" width=\"1920\" height=\"1050\" src=\"https:\/\/www.bruelhartducret.ch\/wp-content\/uploads\/2025\/12\/BDA-Pla-251015-ARC001.webp\" class=\"attachment-post-thumbnail size-post-thumbnail wp-post-image\" alt=\"\" srcset=\"https:\/\/www.bruelhartducret.ch\/wp-content\/uploads\/2025\/12\/BDA-Pla-251015-ARC001.webp 1920w, https:\/\/www.bruelhartducret.ch\/wp-content\/uploads\/2025\/12\/BDA-Pla-251015-ARC001-300x164.webp 300w, https:\/\/www.bruelhartducret.ch\/wp-content\/uploads\/2025\/12\/BDA-Pla-251015-ARC001-1024x560.webp 1024w, https:\/\/www.bruelhartducret.ch\/wp-content\/uploads\/2025\/12\/BDA-Pla-251015-ARC001-768x420.webp 768w, https:\/\/www.bruelhartducret.ch\/wp-content\/uploads\/2025\/12\/BDA-Pla-251015-ARC001-1536x840.webp 1536w, https:\/\/www.bruelhartducret.ch\/wp-content\/uploads\/2025\/12\/BDA-Pla-251015-ARC001-18x10.webp 18w, https:\/\/www.bruelhartducret.ch\/wp-content\/uploads\/2025\/12\/BDA-Pla-251015-ARC001-407x223.webp 407w\" sizes=\"auto, (max-width: 1920px) 100vw, 1920px\" \/>    <\/div>\n    <div class=\"data-wrapper\">\n        <h3 class=\"title\">Schulhaus Plasselb<\/h3>\n        <p class=\"excerpt\">Das Schulhaus der Gemeinde Plasselb wurde im Rahmen eines umfassenden Gesamtprojekts sorgf\u00e4ltig saniert und strukturell ert\u00fcchtigt. Die Massnahmen erfolgten mit grossem Respekt vor der bestehenden Bausubstanz und mit dem Ziel, die architektonische Identit\u00e4t des Geb\u00e4udes zu bewahren und gleichzeitig den heutigen technischen, energetischen und funktionalen Anforderungen gerecht zu werden.<\/p>\n        <div class=\"wp-block-button read-more\">\n            <span class=\"wp-element-button\">en savoir plus<\/span>\n        <\/div>\n    <\/div>\n<\/a>                            <a href=\"https:\/\/www.bruelhartducret.ch\/fr\/projet\/werkhofjungo\/\" class=\"post-1564 project type-project status-publish has-post-thumbnail hentry project_cat-gewerbebauten\" data-turbo=\"false\">\n    <div class=\"image-wrapper\">\n        <img loading=\"lazy\" decoding=\"async\" width=\"1920\" height=\"1440\" src=\"https:\/\/www.bruelhartducret.ch\/wp-content\/uploads\/2025\/12\/BDA-Jun-251002-ARC003.webp\" class=\"attachment-post-thumbnail size-post-thumbnail wp-post-image\" alt=\"\" srcset=\"https:\/\/www.bruelhartducret.ch\/wp-content\/uploads\/2025\/12\/BDA-Jun-251002-ARC003.webp 1920w, https:\/\/www.bruelhartducret.ch\/wp-content\/uploads\/2025\/12\/BDA-Jun-251002-ARC003-300x225.webp 300w, https:\/\/www.bruelhartducret.ch\/wp-content\/uploads\/2025\/12\/BDA-Jun-251002-ARC003-1024x768.webp 1024w, https:\/\/www.bruelhartducret.ch\/wp-content\/uploads\/2025\/12\/BDA-Jun-251002-ARC003-768x576.webp 768w, https:\/\/www.bruelhartducret.ch\/wp-content\/uploads\/2025\/12\/BDA-Jun-251002-ARC003-1536x1152.webp 1536w, https:\/\/www.bruelhartducret.ch\/wp-content\/uploads\/2025\/12\/BDA-Jun-251002-ARC003-16x12.webp 16w, https:\/\/www.bruelhartducret.ch\/wp-content\/uploads\/2025\/12\/BDA-Jun-251002-ARC003-407x305.webp 407w\" sizes=\"auto, (max-width: 1920px) 100vw, 1920px\" \/>    <\/div>\n    <div class=\"data-wrapper\">\n        <h3 class=\"title\">Werkhof Jungo Gartengestaltung<\/h3>\n        <p class=\"excerpt\">Werkhof Jungo Gartengestaltung<\/p>\n        <div class=\"wp-block-button read-more\">\n            <span class=\"wp-element-button\">en savoir plus<\/span>\n        <\/div>\n    <\/div>\n<\/a>                            <a href=\"https:\/\/www.bruelhartducret.ch\/fr\/projet\/bd-regal-2\/\" class=\"post-1527 project type-project status-publish has-post-thumbnail hentry project_cat-moebeldesign\" data-turbo=\"false\">\n    <div class=\"image-wrapper\">\n        <img loading=\"lazy\" decoding=\"async\" width=\"2560\" height=\"1314\" src=\"https:\/\/www.bruelhartducret.ch\/wp-content\/uploads\/2025\/10\/BDA-Reg-220131-MOB001-Kopie-scaled.webp\" class=\"attachment-post-thumbnail size-post-thumbnail wp-post-image\" alt=\"\" srcset=\"https:\/\/www.bruelhartducret.ch\/wp-content\/uploads\/2025\/10\/BDA-Reg-220131-MOB001-Kopie-scaled.webp 2560w, https:\/\/www.bruelhartducret.ch\/wp-content\/uploads\/2025\/10\/BDA-Reg-220131-MOB001-Kopie-300x154.webp 300w, https:\/\/www.bruelhartducret.ch\/wp-content\/uploads\/2025\/10\/BDA-Reg-220131-MOB001-Kopie-1024x526.webp 1024w, https:\/\/www.bruelhartducret.ch\/wp-content\/uploads\/2025\/10\/BDA-Reg-220131-MOB001-Kopie-768x394.webp 768w, https:\/\/www.bruelhartducret.ch\/wp-content\/uploads\/2025\/10\/BDA-Reg-220131-MOB001-Kopie-1536x789.webp 1536w, https:\/\/www.bruelhartducret.ch\/wp-content\/uploads\/2025\/10\/BDA-Reg-220131-MOB001-Kopie-2048x1051.webp 2048w, https:\/\/www.bruelhartducret.ch\/wp-content\/uploads\/2025\/10\/BDA-Reg-220131-MOB001-Kopie-18x9.webp 18w, https:\/\/www.bruelhartducret.ch\/wp-content\/uploads\/2025\/10\/BDA-Reg-220131-MOB001-Kopie-407x209.webp 407w\" sizes=\"auto, (max-width: 2560px) 100vw, 2560px\" \/>    <\/div>\n    <div class=\"data-wrapper\">\n        <h3 class=\"title\">BD Regal #<\/h3>\n        <p class=\"excerpt\">La modularit\u00e9 avec une exigence architecturale<\/p>\n        <div class=\"wp-block-button read-more\">\n            <span class=\"wp-element-button\">en savoir plus<\/span>\n        <\/div>\n    <\/div>\n<\/a>                    <\/div>\n            <\/turbo-frame>\n<\/div>\n<\/div>","protected":false},"excerpt":{"rendered":"<p>Le nouveau concept combine l'ancien et le nouveau et conf\u00e8re \u00e0 l'ensemble une ambiance de buffet de gare du d\u00e9but du si\u00e8cle.<\/p>","protected":false},"featured_media":530,"template":"","project_cat":[20,21,22],"class_list":["post-526","project","type-project","status-publish","has-post-thumbnail","hentry","project_cat-denkmalpflege","project_cat-gewerbebauten","project_cat-umbau-renovation-und-sanierung"],"acf":[],"_links":{"self":[{"href":"https:\/\/www.bruelhartducret.ch\/fr\/wp-json\/wp\/v2\/project\/526","targetHints":{"allow":["GET"]}}],"collection":[{"href":"https:\/\/www.bruelhartducret.ch\/fr\/wp-json\/wp\/v2\/project"}],"about":[{"href":"https:\/\/www.bruelhartducret.ch\/fr\/wp-json\/wp\/v2\/types\/project"}],"wp:featuredmedia":[{"embeddable":true,"href":"https:\/\/www.bruelhartducret.ch\/fr\/wp-json\/wp\/v2\/media\/530"}],"wp:attachment":[{"href":"https:\/\/www.bruelhartducret.ch\/fr\/wp-json\/wp\/v2\/media?parent=526"}],"wp:term":[{"taxonomy":"project_cat","embeddable":true,"href":"https:\/\/www.bruelhartducret.ch\/fr\/wp-json\/wp\/v2\/project_cat?post=526"}],"curies":[{"name":"wp","href":"https:\/\/api.w.org\/{rel}","templated":true}]}}