{"id":518,"date":"2024-11-21T15:11:47","date_gmt":"2024-11-21T14:11:47","guid":{"rendered":"https:\/\/bruelhart-ducret.dev.hayloft-it.ch\/?post_type=project&#038;p=518"},"modified":"2025-05-13T10:30:19","modified_gmt":"2025-05-13T08:30:19","slug":"salle-dinhumation-tafers","status":"publish","type":"project","link":"https:\/\/www.bruelhartducret.ch\/fr\/projet\/salle-dinhumation-tafers\/","title":{"rendered":"Chapelle fun\u00e9raire \u00e0 Tavel"},"content":{"rendered":"<div class=\"wp-block-group alignfull hero-with-title-and-cover is-layout-flow wp-block-group-is-layout-flow\">\n<h1 class=\"wp-block-heading\">Chapelle fun\u00e9raire \u00e0 Tavel<\/h1>\n\n\n\n<div class=\"wp-block-cover is-light\"><img decoding=\"async\" class=\"wp-block-cover__image-background wp-image-520\" alt=\"\" src=\"https:\/\/bruelhartducret.ch\/wp-content\/uploads\/2024\/11\/Aufbahrungshalle-tafers-visualisierung.jpg\" style=\"object-position:50% 54%\" data-object-fit=\"cover\" data-object-position=\"50% 54%\"\/><span aria-hidden=\"true\" class=\"wp-block-cover__background has-background-dim-0 has-background-dim\"><\/span><div class=\"wp-block-cover__inner-container is-layout-constrained wp-block-cover-is-layout-constrained\">\n<p class=\"has-text-align-center has-large-font-size\"><\/p>\n<\/div><\/div>\n<\/div>\n\n\n\n<div class=\"wp-block-group alignfull lead-wrapper is-layout-constrained wp-block-group-is-layout-constrained\">\n<p class=\"is-style-lead\">\u00c0 l\u2019oc\u00adca\u00adsion du con\u00adcours por\u00adtant sur la con\u00adstruc\u00adtion d\u2019une nou\u00advelle chapelle fun\u00e9raire \u00e0 Tavel, notre pro\u00adjet a \u00e9t\u00e9 hon\u00ador\u00e9 par le pre\u00admier prix.<\/p>\n\n\n\n<p>Tavel va se dot\u00ader d\u2019une chapelle fun\u00e9raire qui servi\u00adra de lieu de recueille\u00adment sans dis\u00adtinc\u00adtion de religion.<br><br>Le b\u00e2ti\u00adment est entour\u00e9 d\u2019un chemin de recueille\u00adment sur le c\u00f4t\u00e9 ouest et invite \u00e0 entr\u00ader dans la chapelle fun\u00e9raire. Le vaste parvis est un lieu de rassem\u00adble\u00adment et de partage. Par sa con\u00adcep\u00adtion, l\u2019en\u00adtr\u00e9e con\u00adstitue un lieu pro\u00adt\u00e9g\u00e9 de ren\u00adcon\u00adtre et de recueille\u00adment pour le dernier adieu.<br>Gr\u00e2ce au choix des mat\u00e9ri\u00adaux et aux tons chauds, un sen\u00adti\u00adment de r\u00e9con\u00adfort et de pro\u00adtec\u00adtion se d\u00e9gage de ce site d\u00e9di\u00e9 au deuil et aux moments de l\u00e2ch\u00ader-prise. L\u2019har\u00admonie de l\u2019e\u00adspace invite \u00e0 faire ses adieux dans le calme.<br><br>Un fil\u00adtre lumineux orne\u00admen\u00adt\u00e9 sur la baie vit\u00adr\u00e9e devant le bassin d\u2019eau dif\u00adfuse des reflets extra\u00ador\u00addi\u00adnaires \u00e0 l\u2019in\u00adt\u00e9rieur de la pi\u00e8ce.<br><br>En fonc\u00adtion de l\u2019u\u00adtil\u00adi\u00adsa\u00adtion, les espaces int\u00e9rieurs sont libre\u00adment am\u00e9\u00adnage\u00adables gr\u00e2ce \u00e0 des cloi\u00adsons coulis\u00adsantes.<br><br>Nous exp\u00adri\u00admons notre recon\u00adnais\u00adsance pour les r\u00e9ac\u00adtions pos\u00adi\u00adtives et nous r\u00e9jouis\u00adsons de la r\u00e9al\u00adi\u00adsa\u00adtion de ce projet.<\/p>\n\n\n\n<p>Bureau d\u2019ar\u00adchi\u00adtec\u00adture Jacques Fol\u00adly<\/p>\n\n\n\n<p>en col\u00adlab\u00ado\u00adra\u00adtion avec BR\u00dcL\u00adHART DUCRET AG<\/p>\n\n\n<div class=\"wp-block-button align wp-block-bruelhart-ducret-print-button\">\n    <button class=\"wp-element-button\" onclick=\"window.print()\">\n        PDF herunterladen    <\/button>\n<\/div>\n\n<\/div>\n\n\n\n<figure class=\"wp-block-gallery alignwide has-nested-images columns-2 is-cropped is-style-masonry wp-block-gallery-1 is-layout-flex wp-block-gallery-is-layout-flex\">\n<figure data-no-zoom=\"true\" class=\"wp-block-image size-large\"><a href=\"https:\/\/bruelhartducret.ch\/wp-content\/uploads\/2024\/11\/Aufbahrungshalle-tafers-visualisierung2.jpg\"><img loading=\"lazy\" decoding=\"async\" width=\"1024\" height=\"576\" data-id=\"522\" src=\"https:\/\/bruelhartducret.ch\/wp-content\/uploads\/2024\/11\/Aufbahrungshalle-tafers-visualisierung2-1024x576.webp\" alt=\"\" class=\"wp-image-522\" srcset=\"https:\/\/www.bruelhartducret.ch\/wp-content\/uploads\/2024\/11\/Aufbahrungshalle-tafers-visualisierung2-1024x576.webp 1024w, https:\/\/www.bruelhartducret.ch\/wp-content\/uploads\/2024\/11\/Aufbahrungshalle-tafers-visualisierung2-300x169.webp 300w, https:\/\/www.bruelhartducret.ch\/wp-content\/uploads\/2024\/11\/Aufbahrungshalle-tafers-visualisierung2-768x432.webp 768w, https:\/\/www.bruelhartducret.ch\/wp-content\/uploads\/2024\/11\/Aufbahrungshalle-tafers-visualisierung2-1536x864.webp 1536w, https:\/\/www.bruelhartducret.ch\/wp-content\/uploads\/2024\/11\/Aufbahrungshalle-tafers-visualisierung2-18x10.webp 18w, https:\/\/www.bruelhartducret.ch\/wp-content\/uploads\/2024\/11\/Aufbahrungshalle-tafers-visualisierung2-407x229.webp 407w, https:\/\/www.bruelhartducret.ch\/wp-content\/uploads\/2024\/11\/Aufbahrungshalle-tafers-visualisierung2.webp 1920w\" sizes=\"auto, (max-width: 1024px) 100vw, 1024px\" \/><\/a><\/figure>\n\n\n\n<figure data-no-zoom=\"true\" class=\"wp-block-image size-large\"><a href=\"https:\/\/bruelhartducret.ch\/wp-content\/uploads\/2024\/11\/Aufbahrungshalle-tafers-grundriss.jpg\"><img loading=\"lazy\" decoding=\"async\" width=\"1024\" height=\"576\" data-id=\"523\" src=\"https:\/\/bruelhartducret.ch\/wp-content\/uploads\/2024\/11\/Aufbahrungshalle-tafers-grundriss-1024x576.webp\" alt=\"\" class=\"wp-image-523\" srcset=\"https:\/\/www.bruelhartducret.ch\/wp-content\/uploads\/2024\/11\/Aufbahrungshalle-tafers-grundriss-1024x576.webp 1024w, https:\/\/www.bruelhartducret.ch\/wp-content\/uploads\/2024\/11\/Aufbahrungshalle-tafers-grundriss-300x169.webp 300w, https:\/\/www.bruelhartducret.ch\/wp-content\/uploads\/2024\/11\/Aufbahrungshalle-tafers-grundriss-768x432.webp 768w, https:\/\/www.bruelhartducret.ch\/wp-content\/uploads\/2024\/11\/Aufbahrungshalle-tafers-grundriss-1536x864.webp 1536w, https:\/\/www.bruelhartducret.ch\/wp-content\/uploads\/2024\/11\/Aufbahrungshalle-tafers-grundriss-18x10.webp 18w, https:\/\/www.bruelhartducret.ch\/wp-content\/uploads\/2024\/11\/Aufbahrungshalle-tafers-grundriss-407x229.webp 407w, https:\/\/www.bruelhartducret.ch\/wp-content\/uploads\/2024\/11\/Aufbahrungshalle-tafers-grundriss.webp 1920w\" sizes=\"auto, (max-width: 1024px) 100vw, 1024px\" \/><\/a><\/figure>\n\n\n\n<figure data-no-zoom=\"true\" class=\"wp-block-image size-large\"><a href=\"https:\/\/bruelhartducret.ch\/wp-content\/uploads\/2024\/11\/Aufbahrungshalle-Tafers-Fassade.jpg\"><img loading=\"lazy\" decoding=\"async\" width=\"1024\" height=\"576\" data-id=\"524\" src=\"https:\/\/bruelhartducret.ch\/wp-content\/uploads\/2024\/11\/Aufbahrungshalle-Tafers-Fassade-1024x576.webp\" alt=\"\" class=\"wp-image-524\" srcset=\"https:\/\/www.bruelhartducret.ch\/wp-content\/uploads\/2024\/11\/Aufbahrungshalle-Tafers-Fassade-1024x576.webp 1024w, https:\/\/www.bruelhartducret.ch\/wp-content\/uploads\/2024\/11\/Aufbahrungshalle-Tafers-Fassade-300x169.webp 300w, https:\/\/www.bruelhartducret.ch\/wp-content\/uploads\/2024\/11\/Aufbahrungshalle-Tafers-Fassade-768x432.webp 768w, https:\/\/www.bruelhartducret.ch\/wp-content\/uploads\/2024\/11\/Aufbahrungshalle-Tafers-Fassade-1536x864.webp 1536w, https:\/\/www.bruelhartducret.ch\/wp-content\/uploads\/2024\/11\/Aufbahrungshalle-Tafers-Fassade-18x10.webp 18w, https:\/\/www.bruelhartducret.ch\/wp-content\/uploads\/2024\/11\/Aufbahrungshalle-Tafers-Fassade-407x229.webp 407w, https:\/\/www.bruelhartducret.ch\/wp-content\/uploads\/2024\/11\/Aufbahrungshalle-Tafers-Fassade.webp 1920w\" sizes=\"auto, (max-width: 1024px) 100vw, 1024px\" \/><\/a><\/figure>\n\n\n\n<figure data-no-zoom=\"true\" class=\"wp-block-image size-large\"><a href=\"https:\/\/bruelhartducret.ch\/wp-content\/uploads\/2024\/11\/Aufbahrungshalle-Tafers-Schnitt.jpg\"><img loading=\"lazy\" decoding=\"async\" width=\"1024\" height=\"576\" data-id=\"525\" src=\"https:\/\/bruelhartducret.ch\/wp-content\/uploads\/2024\/11\/Aufbahrungshalle-Tafers-Schnitt-1024x576.webp\" alt=\"\" class=\"wp-image-525\" srcset=\"https:\/\/www.bruelhartducret.ch\/wp-content\/uploads\/2024\/11\/Aufbahrungshalle-Tafers-Schnitt-1024x576.webp 1024w, https:\/\/www.bruelhartducret.ch\/wp-content\/uploads\/2024\/11\/Aufbahrungshalle-Tafers-Schnitt-300x169.webp 300w, https:\/\/www.bruelhartducret.ch\/wp-content\/uploads\/2024\/11\/Aufbahrungshalle-Tafers-Schnitt-768x432.webp 768w, https:\/\/www.bruelhartducret.ch\/wp-content\/uploads\/2024\/11\/Aufbahrungshalle-Tafers-Schnitt-1536x864.webp 1536w, https:\/\/www.bruelhartducret.ch\/wp-content\/uploads\/2024\/11\/Aufbahrungshalle-Tafers-Schnitt-18x10.webp 18w, https:\/\/www.bruelhartducret.ch\/wp-content\/uploads\/2024\/11\/Aufbahrungshalle-Tafers-Schnitt-407x229.webp 407w, https:\/\/www.bruelhartducret.ch\/wp-content\/uploads\/2024\/11\/Aufbahrungshalle-Tafers-Schnitt.webp 1920w\" sizes=\"auto, (max-width: 1024px) 100vw, 1024px\" \/><\/a><\/figure>\n<\/figure>\n\n\n<dl class=\"alignwide has-background has-primary-background-color wp-block-bruelhart-ducret-metadata\">\n            <dt>Localisation<\/dt>\n        <dd>Tavel<\/dd>\n            <dt>Ma\u00eetre d'ouvrage<\/dt>\n        <dd>Commune de Tavel<\/dd>\n            <dt>Ach\u00e8vement<\/dt>\n        <dd>&#8211;<\/dd>\n            <dt>Photos<\/dt>\n        <dd>Br\u00fclhart Ducret SA<\/dd>\n    <\/dl>\n\n\n<div class=\"wp-block-bruelhart-ducret-post-navigation\">\n            <a class=\"previous\" href=\"https:\/\/www.bruelhartducret.ch\/fr\/apercu-du-projet\/\">\n            zur\u00fcck zur \u00dcbersicht        <\/a>\n                <a class=\"next\" href=\"https:\/\/www.bruelhartducret.ch\/fr\/projet\/villa-lugnorre\/\">\n            n\u00e4chstes Projekt        <\/a>\n    <\/div>\n\n<div class=\"alignfull has-background has-primary-background-color wp-block-group alignfull wp-block-bruelhart-ducret-contact has-background has-primary-background-color\">\n    <div class=\"content-wrapper\">\n        <div class=\"acf-innerblocks-container\">\n\n<h5 class=\"wp-block-heading\">Personne de contact<\/h5>\n\n\n\n<h2 class=\"wp-block-heading\"><strong>Vous avez des questions sur ce projet ou vous souhaitez lancer le v\u00f4tre ?<\/strong> N'h\u00e9sitez pas \u00e0 nous contacter.<\/h2>\n\n\n\n<div class=\"wp-block-buttons is-layout-flex wp-block-buttons-is-layout-flex\">\n<div class=\"wp-block-button\"><a class=\"wp-block-button__link wp-element-button\" href=\"\/fr\/buero\/#ansprechpartner\">Tous les contacts<\/a><\/div>\n<\/div>\n\n<\/div>\n    <\/div>\n            <figure href=\"https:\/\/www.bruelhartducret.ch\/fr\/?employee=automatisch-gespeicherter-entwurf-4\" class=\"post-814 employee type-employee status-publish hentry\" data-turbo=\"false\">\n    <div class=\"portrait-wrapper\">\n        <img loading=\"lazy\" decoding=\"async\" width=\"407\" height=\"305\" src=\"https:\/\/www.bruelhartducret.ch\/wp-content\/uploads\/2025\/02\/Sacha_2025_2-407x305.webp\" class=\"attachment-portrait size-portrait\" alt=\"\" srcset=\"https:\/\/www.bruelhartducret.ch\/wp-content\/uploads\/2025\/02\/Sacha_2025_2-407x305.webp 407w, https:\/\/www.bruelhartducret.ch\/wp-content\/uploads\/2025\/02\/Sacha_2025_2-300x225.webp 300w, https:\/\/www.bruelhartducret.ch\/wp-content\/uploads\/2025\/02\/Sacha_2025_2-1024x768.webp 1024w, https:\/\/www.bruelhartducret.ch\/wp-content\/uploads\/2025\/02\/Sacha_2025_2-768x576.webp 768w, https:\/\/www.bruelhartducret.ch\/wp-content\/uploads\/2025\/02\/Sacha_2025_2-1536x1152.webp 1536w, https:\/\/www.bruelhartducret.ch\/wp-content\/uploads\/2025\/02\/Sacha_2025_2-2048x1536.webp 2048w, https:\/\/www.bruelhartducret.ch\/wp-content\/uploads\/2025\/02\/Sacha_2025_2-16x12.webp 16w\" sizes=\"auto, (max-width: 407px) 100vw, 407px\" \/>                    <a class=\"linkedin\" href=\"https:\/\/ch.linkedin.com\/in\/sacha-br%C3%BClhart-850106167\" target=\"_blank\"><\/a>\n            <\/div>\n    <figcaption>\n        <h3 class=\"name\">Sacha Br\u00fclhart <\/h3>\n                    <div class=\"occupation\">\n                                    <span class=\"job\">Architecte FH, biologiste du b\u00e2timent SIB<\/span>\n                                                    <span class=\"position\">Partenaire principal, co-directeur<\/span>\n                            <\/div>\n                            <div class=\"links\">\n                                    <a class=\"phone\" href=\"tel:+41 58 861 61 01\">+41 58 861 61 01<\/a>\n                                                    <a class=\"email\" href=\"mailto:sacha.bruelhart@bruelhartducret.ch\">sacha.bruelhart@bruelhartducret.ch<\/a>\n                            <\/div>\n            <\/figcaption>\n<\/figure>    <\/div>\n\n<div class=\"alignfull is-layout-constrained wp-block-group alignfull wp-block-bruelhart-ducret-further-references\">\n    <div class=\"acf-innerblocks-container\">\n\n<h5 class=\"wp-block-heading\">plus de r\u00e9f\u00e9rences<\/h5>\n\n\n\n<h2 class=\"wp-block-heading\">Encore plus de projets sur ce th\u00e8me<\/h2>\n\n\n\n<div class=\"wp-block-buttons is-layout-flex wp-block-buttons-is-layout-flex\">\n<div class=\"wp-block-button\"><a class=\"wp-block-button__link wp-element-button\" href=\"https:\/\/www.bruelhartducret.ch\/fr\/apercu-du-projet\/\">voir tous les projets<\/a><\/div>\n<\/div>\n\n<\/div>\n    <div class=\"alignfull wp-block-bruelhart-ducret-projects\">\n    <turbo-frame id=\"projects\" data-turbo=\"true\">\n                <div class=\"teasers\">\n                            <a href=\"https:\/\/www.bruelhartducret.ch\/fr\/projet\/schulhausplasselb\/\" class=\"post-1577 project type-project status-publish has-post-thumbnail hentry project_cat-denkmalpflege project_cat-umbau-renovation-und-sanierung\" data-turbo=\"false\">\n    <div class=\"image-wrapper\">\n        <img loading=\"lazy\" decoding=\"async\" width=\"1920\" height=\"1050\" src=\"https:\/\/www.bruelhartducret.ch\/wp-content\/uploads\/2025\/12\/BDA-Pla-251015-ARC001.webp\" class=\"attachment-post-thumbnail size-post-thumbnail wp-post-image\" alt=\"\" srcset=\"https:\/\/www.bruelhartducret.ch\/wp-content\/uploads\/2025\/12\/BDA-Pla-251015-ARC001.webp 1920w, https:\/\/www.bruelhartducret.ch\/wp-content\/uploads\/2025\/12\/BDA-Pla-251015-ARC001-300x164.webp 300w, https:\/\/www.bruelhartducret.ch\/wp-content\/uploads\/2025\/12\/BDA-Pla-251015-ARC001-1024x560.webp 1024w, https:\/\/www.bruelhartducret.ch\/wp-content\/uploads\/2025\/12\/BDA-Pla-251015-ARC001-768x420.webp 768w, https:\/\/www.bruelhartducret.ch\/wp-content\/uploads\/2025\/12\/BDA-Pla-251015-ARC001-1536x840.webp 1536w, https:\/\/www.bruelhartducret.ch\/wp-content\/uploads\/2025\/12\/BDA-Pla-251015-ARC001-18x10.webp 18w, https:\/\/www.bruelhartducret.ch\/wp-content\/uploads\/2025\/12\/BDA-Pla-251015-ARC001-407x223.webp 407w\" sizes=\"auto, (max-width: 1920px) 100vw, 1920px\" \/>    <\/div>\n    <div class=\"data-wrapper\">\n        <h3 class=\"title\">Schulhaus Plasselb<\/h3>\n        <p class=\"excerpt\">Das Schulhaus der Gemeinde Plasselb wurde im Rahmen eines umfassenden Gesamtprojekts sorgf\u00e4ltig saniert und strukturell ert\u00fcchtigt. Die Massnahmen erfolgten mit grossem Respekt vor der bestehenden Bausubstanz und mit dem Ziel, die architektonische Identit\u00e4t des Geb\u00e4udes zu bewahren und gleichzeitig den heutigen technischen, energetischen und funktionalen Anforderungen gerecht zu werden.<\/p>\n        <div class=\"wp-block-button read-more\">\n            <span class=\"wp-element-button\">en savoir plus<\/span>\n        <\/div>\n    <\/div>\n<\/a>                            <a href=\"https:\/\/www.bruelhartducret.ch\/fr\/projet\/werkhofjungo\/\" class=\"post-1564 project type-project status-publish has-post-thumbnail hentry project_cat-gewerbebauten\" data-turbo=\"false\">\n    <div class=\"image-wrapper\">\n        <img loading=\"lazy\" decoding=\"async\" width=\"1920\" height=\"1440\" src=\"https:\/\/www.bruelhartducret.ch\/wp-content\/uploads\/2025\/12\/BDA-Jun-251002-ARC003.webp\" class=\"attachment-post-thumbnail size-post-thumbnail wp-post-image\" alt=\"\" srcset=\"https:\/\/www.bruelhartducret.ch\/wp-content\/uploads\/2025\/12\/BDA-Jun-251002-ARC003.webp 1920w, https:\/\/www.bruelhartducret.ch\/wp-content\/uploads\/2025\/12\/BDA-Jun-251002-ARC003-300x225.webp 300w, https:\/\/www.bruelhartducret.ch\/wp-content\/uploads\/2025\/12\/BDA-Jun-251002-ARC003-1024x768.webp 1024w, https:\/\/www.bruelhartducret.ch\/wp-content\/uploads\/2025\/12\/BDA-Jun-251002-ARC003-768x576.webp 768w, https:\/\/www.bruelhartducret.ch\/wp-content\/uploads\/2025\/12\/BDA-Jun-251002-ARC003-1536x1152.webp 1536w, https:\/\/www.bruelhartducret.ch\/wp-content\/uploads\/2025\/12\/BDA-Jun-251002-ARC003-16x12.webp 16w, https:\/\/www.bruelhartducret.ch\/wp-content\/uploads\/2025\/12\/BDA-Jun-251002-ARC003-407x305.webp 407w\" sizes=\"auto, (max-width: 1920px) 100vw, 1920px\" \/>    <\/div>\n    <div class=\"data-wrapper\">\n        <h3 class=\"title\">Werkhof Jungo Gartengestaltung<\/h3>\n        <p class=\"excerpt\">Werkhof Jungo Gartengestaltung<\/p>\n        <div class=\"wp-block-button read-more\">\n            <span class=\"wp-element-button\">en savoir plus<\/span>\n        <\/div>\n    <\/div>\n<\/a>                            <a href=\"https:\/\/www.bruelhartducret.ch\/fr\/projet\/bd-regal-2\/\" class=\"post-1527 project type-project status-publish has-post-thumbnail hentry project_cat-moebeldesign\" data-turbo=\"false\">\n    <div class=\"image-wrapper\">\n        <img loading=\"lazy\" decoding=\"async\" width=\"2560\" height=\"1314\" src=\"https:\/\/www.bruelhartducret.ch\/wp-content\/uploads\/2025\/10\/BDA-Reg-220131-MOB001-Kopie-scaled.webp\" class=\"attachment-post-thumbnail size-post-thumbnail wp-post-image\" alt=\"\" srcset=\"https:\/\/www.bruelhartducret.ch\/wp-content\/uploads\/2025\/10\/BDA-Reg-220131-MOB001-Kopie-scaled.webp 2560w, https:\/\/www.bruelhartducret.ch\/wp-content\/uploads\/2025\/10\/BDA-Reg-220131-MOB001-Kopie-300x154.webp 300w, https:\/\/www.bruelhartducret.ch\/wp-content\/uploads\/2025\/10\/BDA-Reg-220131-MOB001-Kopie-1024x526.webp 1024w, https:\/\/www.bruelhartducret.ch\/wp-content\/uploads\/2025\/10\/BDA-Reg-220131-MOB001-Kopie-768x394.webp 768w, https:\/\/www.bruelhartducret.ch\/wp-content\/uploads\/2025\/10\/BDA-Reg-220131-MOB001-Kopie-1536x789.webp 1536w, https:\/\/www.bruelhartducret.ch\/wp-content\/uploads\/2025\/10\/BDA-Reg-220131-MOB001-Kopie-2048x1051.webp 2048w, https:\/\/www.bruelhartducret.ch\/wp-content\/uploads\/2025\/10\/BDA-Reg-220131-MOB001-Kopie-18x9.webp 18w, https:\/\/www.bruelhartducret.ch\/wp-content\/uploads\/2025\/10\/BDA-Reg-220131-MOB001-Kopie-407x209.webp 407w\" sizes=\"auto, (max-width: 2560px) 100vw, 2560px\" \/>    <\/div>\n    <div class=\"data-wrapper\">\n        <h3 class=\"title\">BD Regal #<\/h3>\n        <p class=\"excerpt\">La modularit\u00e9 avec une exigence architecturale<\/p>\n        <div class=\"wp-block-button read-more\">\n            <span class=\"wp-element-button\">en savoir plus<\/span>\n        <\/div>\n    <\/div>\n<\/a>                    <\/div>\n            <\/turbo-frame>\n<\/div>\n<\/div>","protected":false},"excerpt":{"rendered":"<p>Lors du concours de projet pour la construction d'une nouvelle salle d'inhumation \u00e0 Tavel, notre projet a \u00e9t\u00e9 r\u00e9compens\u00e9 par le premier prix.<\/p>","protected":false},"featured_media":520,"template":"","project_cat":[21],"class_list":["post-518","project","type-project","status-publish","has-post-thumbnail","hentry","project_cat-gewerbebauten"],"acf":[],"_links":{"self":[{"href":"https:\/\/www.bruelhartducret.ch\/fr\/wp-json\/wp\/v2\/project\/518","targetHints":{"allow":["GET"]}}],"collection":[{"href":"https:\/\/www.bruelhartducret.ch\/fr\/wp-json\/wp\/v2\/project"}],"about":[{"href":"https:\/\/www.bruelhartducret.ch\/fr\/wp-json\/wp\/v2\/types\/project"}],"wp:featuredmedia":[{"embeddable":true,"href":"https:\/\/www.bruelhartducret.ch\/fr\/wp-json\/wp\/v2\/media\/520"}],"wp:attachment":[{"href":"https:\/\/www.bruelhartducret.ch\/fr\/wp-json\/wp\/v2\/media?parent=518"}],"wp:term":[{"taxonomy":"project_cat","embeddable":true,"href":"https:\/\/www.bruelhartducret.ch\/fr\/wp-json\/wp\/v2\/project_cat?post=518"}],"curies":[{"name":"wp","href":"https:\/\/api.w.org\/{rel}","templated":true}]}}