{"id":1287,"date":"2024-11-20T09:21:00","date_gmt":"2024-11-20T08:21:00","guid":{"rendered":"https:\/\/www.bruelhartducret.ch\/?post_type=project&#038;p=1287"},"modified":"2025-05-14T12:02:09","modified_gmt":"2025-05-14T10:02:09","slug":"drei-hoefe-guemmenen","status":"publish","type":"project","link":"https:\/\/www.bruelhartducret.ch\/fr\/projet\/drei-hoefe-guemmenen\/","title":{"rendered":"Drei H\u00f6fe G\u00fcmmenen"},"content":{"rendered":"<div class=\"wp-block-group alignfull hero-with-title-and-cover is-layout-flow wp-block-group-is-layout-flow\">\n<h1 class=\"wp-block-heading\">Drei H\u00f6fe G\u00fcmmenen<\/h1>\n\n\n\n<div class=\"wp-block-cover alignfull is-light\"><img loading=\"lazy\" decoding=\"async\" width=\"1024\" height=\"683\" class=\"wp-block-cover__image-background wp-image-1322 size-large\" alt=\"\" src=\"https:\/\/www.bruelhartducret.ch\/wp-content\/uploads\/2025\/05\/Drei-Hoefe-Guemmen_4-1024x683.webp\" style=\"object-position:50% 52%\" data-object-fit=\"cover\" data-object-position=\"50% 52%\" srcset=\"https:\/\/www.bruelhartducret.ch\/wp-content\/uploads\/2025\/05\/Drei-Hoefe-Guemmen_4-1024x683.webp 1024w, https:\/\/www.bruelhartducret.ch\/wp-content\/uploads\/2025\/05\/Drei-Hoefe-Guemmen_4-300x200.webp 300w, https:\/\/www.bruelhartducret.ch\/wp-content\/uploads\/2025\/05\/Drei-Hoefe-Guemmen_4-768x512.webp 768w, https:\/\/www.bruelhartducret.ch\/wp-content\/uploads\/2025\/05\/Drei-Hoefe-Guemmen_4-1536x1024.webp 1536w, https:\/\/www.bruelhartducret.ch\/wp-content\/uploads\/2025\/05\/Drei-Hoefe-Guemmen_4-2048x1365.webp 2048w, https:\/\/www.bruelhartducret.ch\/wp-content\/uploads\/2025\/05\/Drei-Hoefe-Guemmen_4-18x12.webp 18w, https:\/\/www.bruelhartducret.ch\/wp-content\/uploads\/2025\/05\/Drei-Hoefe-Guemmen_4-407x271.webp 407w\" sizes=\"auto, (max-width: 1024px) 100vw, 1024px\" \/><span aria-hidden=\"true\" class=\"wp-block-cover__background has-background-dim-0 has-background-dim\" style=\"background-color:#c2c2c2\"><\/span><div class=\"wp-block-cover__inner-container is-layout-flow wp-block-cover-is-layout-flow\">\n<p class=\"has-text-align-center has-large-font-size\"><\/p>\n<\/div><\/div>\n<\/div>\n\n\n\n<div class=\"wp-block-group alignfull lead-wrapper is-layout-flow wp-block-group-is-layout-flow\">\n<p class=\"is-style-lead\">R\u00e9interpr\u00e9tation contemporaine d\u2019un ensemble rural typique<\/p>\n\n\n\n<p><\/p>\n\n\n\n<p>Le projet r\u00e9sidentiel se compose de trois groupes de fermes, form\u00e9s par diff\u00e9rents types et tailles de b\u00e2timents, organis\u00e9s autour de cours centrales. L\u2019architecture r\u00e9interpr\u00e8te les ensembles agricoles typiques de la r\u00e9gion, sans suivre une structure villageoise rigide. En plus des logements principaux, des surfaces commerciales et de services sont pr\u00e9vues le long de la route de Berne.<\/p>\n\n\n\n<p>Les trois types de b\u00e2timents varient en volum\u00e9trie, mat\u00e9riaux et formes de toiture. Des constructions massives avec fa\u00e7ades perc\u00e9es et toits \u00e0 deux pans en tuiles ou en panneaux photovolta\u00efques c\u00f4toient des b\u00e2timents en bois avec galeries ext\u00e9rieures et toits \u00e0 faible pente. Malgr\u00e9 cette diversit\u00e9, l\u2019objectif est de cr\u00e9er une structure d\u2019habitat coh\u00e9rente, semblable \u00e0 un village.<\/p>\n\n\n\n<p>Le terrain l\u00e9g\u00e8rement en pente est int\u00e9gr\u00e9 dans l\u2019am\u00e9nagement et structur\u00e9 par trois \u00e9l\u00e9ments paysagers majeurs : une zone de r\u00e9tention et d\u2019infiltration le long du chemin de Br\u00fcgglimatt, une bande v\u00e9g\u00e9tale centrale avec des arbres fruitiers, un alignement d\u2019arbres le long de la limite ouest de la parcelle.<\/p>\n\n\n\n<p>En plus des cours semi-publiques, des espaces ext\u00e9rieurs priv\u00e9s sont pr\u00e9vus pour les logements du rez-de-chauss\u00e9e. Une surface commune centrale de 600 m\u00b2 ainsi que des aires de jeux et de d\u00e9tente offrent des espaces adapt\u00e9s \u00e0 tous les \u00e2ges. Le chemin de Br\u00fcgglimatt sera reli\u00e9 \u00e0 la gare pour les pi\u00e9tons et les cyclistes, tandis que de nouveaux chemins traverseront les groupes de fermes.<\/p>\n\n\n\n<p>L\u2019am\u00e9nagement \u00e9cologique comprend des prairies, des haies arbor\u00e9es et des fosses de r\u00e9tention plant\u00e9es de mani\u00e8re naturelle. Les eaux de toiture et de surface sont collect\u00e9es et dirig\u00e9es vers des zones d\u2019infiltration. Les places de stationnement visiteurs sont con\u00e7ues comme des surfaces engazonn\u00e9es circulables.<\/p>\n\n\n<div class=\"wp-block-button align wp-block-bruelhart-ducret-print-button\">\n    <button class=\"wp-element-button\" onclick=\"window.print()\">\n        PDF herunterladen    <\/button>\n<\/div>\n\n<\/div>\n\n\n\n<figure class=\"wp-block-gallery alignwide has-nested-images columns-2 is-cropped is-style-masonry wp-block-gallery-1 is-layout-flex wp-block-gallery-is-layout-flex\">\n<figure data-no-zoom=\"true\" class=\"wp-block-image size-large\"><a href=\"https:\/\/www.bruelhartducret.ch\/wp-content\/uploads\/2025\/05\/Drei-Hoefe-Guemmenen_Plan-scaled.webp\"><img loading=\"lazy\" decoding=\"async\" width=\"1024\" height=\"819\" data-id=\"1293\" src=\"https:\/\/www.bruelhartducret.ch\/wp-content\/uploads\/2025\/05\/Drei-Hoefe-Guemmenen_Plan-1024x819.webp\" alt=\"\" class=\"wp-image-1293\" srcset=\"https:\/\/www.bruelhartducret.ch\/wp-content\/uploads\/2025\/05\/Drei-Hoefe-Guemmenen_Plan-1024x819.webp 1024w, https:\/\/www.bruelhartducret.ch\/wp-content\/uploads\/2025\/05\/Drei-Hoefe-Guemmenen_Plan-300x240.webp 300w, https:\/\/www.bruelhartducret.ch\/wp-content\/uploads\/2025\/05\/Drei-Hoefe-Guemmenen_Plan-768x614.webp 768w, https:\/\/www.bruelhartducret.ch\/wp-content\/uploads\/2025\/05\/Drei-Hoefe-Guemmenen_Plan-1536x1229.webp 1536w, https:\/\/www.bruelhartducret.ch\/wp-content\/uploads\/2025\/05\/Drei-Hoefe-Guemmenen_Plan-2048x1639.webp 2048w, https:\/\/www.bruelhartducret.ch\/wp-content\/uploads\/2025\/05\/Drei-Hoefe-Guemmenen_Plan-15x12.webp 15w, https:\/\/www.bruelhartducret.ch\/wp-content\/uploads\/2025\/05\/Drei-Hoefe-Guemmenen_Plan-407x326.webp 407w\" sizes=\"auto, (max-width: 1024px) 100vw, 1024px\" \/><\/a><\/figure>\n\n\n\n<figure data-no-zoom=\"true\" class=\"wp-block-image size-large\"><a href=\"https:\/\/www.bruelhartducret.ch\/wp-content\/uploads\/2025\/05\/Drei-Hoefe-Guemmen_2-scaled.webp\"><img loading=\"lazy\" decoding=\"async\" width=\"1024\" height=\"683\" data-id=\"1320\" src=\"https:\/\/www.bruelhartducret.ch\/wp-content\/uploads\/2025\/05\/Drei-Hoefe-Guemmen_2-1024x683.webp\" alt=\"\" class=\"wp-image-1320\" srcset=\"https:\/\/www.bruelhartducret.ch\/wp-content\/uploads\/2025\/05\/Drei-Hoefe-Guemmen_2-1024x683.webp 1024w, https:\/\/www.bruelhartducret.ch\/wp-content\/uploads\/2025\/05\/Drei-Hoefe-Guemmen_2-300x200.webp 300w, https:\/\/www.bruelhartducret.ch\/wp-content\/uploads\/2025\/05\/Drei-Hoefe-Guemmen_2-768x512.webp 768w, https:\/\/www.bruelhartducret.ch\/wp-content\/uploads\/2025\/05\/Drei-Hoefe-Guemmen_2-1536x1024.webp 1536w, https:\/\/www.bruelhartducret.ch\/wp-content\/uploads\/2025\/05\/Drei-Hoefe-Guemmen_2-2048x1365.webp 2048w, https:\/\/www.bruelhartducret.ch\/wp-content\/uploads\/2025\/05\/Drei-Hoefe-Guemmen_2-18x12.webp 18w, https:\/\/www.bruelhartducret.ch\/wp-content\/uploads\/2025\/05\/Drei-Hoefe-Guemmen_2-407x271.webp 407w\" sizes=\"auto, (max-width: 1024px) 100vw, 1024px\" \/><\/a><\/figure>\n\n\n\n<figure data-no-zoom=\"true\" class=\"wp-block-image size-large\"><a href=\"https:\/\/www.bruelhartducret.ch\/wp-content\/uploads\/2025\/05\/Drei-Hoefe-Guemmen_1-scaled.webp\"><img loading=\"lazy\" decoding=\"async\" width=\"1024\" height=\"683\" data-id=\"1319\" src=\"https:\/\/www.bruelhartducret.ch\/wp-content\/uploads\/2025\/05\/Drei-Hoefe-Guemmen_1-1024x683.webp\" alt=\"\" class=\"wp-image-1319\" srcset=\"https:\/\/www.bruelhartducret.ch\/wp-content\/uploads\/2025\/05\/Drei-Hoefe-Guemmen_1-1024x683.webp 1024w, https:\/\/www.bruelhartducret.ch\/wp-content\/uploads\/2025\/05\/Drei-Hoefe-Guemmen_1-300x200.webp 300w, https:\/\/www.bruelhartducret.ch\/wp-content\/uploads\/2025\/05\/Drei-Hoefe-Guemmen_1-768x512.webp 768w, https:\/\/www.bruelhartducret.ch\/wp-content\/uploads\/2025\/05\/Drei-Hoefe-Guemmen_1-1536x1024.webp 1536w, https:\/\/www.bruelhartducret.ch\/wp-content\/uploads\/2025\/05\/Drei-Hoefe-Guemmen_1-2048x1365.webp 2048w, https:\/\/www.bruelhartducret.ch\/wp-content\/uploads\/2025\/05\/Drei-Hoefe-Guemmen_1-18x12.webp 18w, https:\/\/www.bruelhartducret.ch\/wp-content\/uploads\/2025\/05\/Drei-Hoefe-Guemmen_1-407x271.webp 407w\" sizes=\"auto, (max-width: 1024px) 100vw, 1024px\" \/><\/a><\/figure>\n\n\n\n<figure data-no-zoom=\"true\" class=\"wp-block-image size-large\"><a href=\"https:\/\/www.bruelhartducret.ch\/wp-content\/uploads\/2025\/05\/Drei-Hoefe-Guemmen_3-scaled.webp\"><img loading=\"lazy\" decoding=\"async\" width=\"1024\" height=\"683\" data-id=\"1321\" src=\"https:\/\/www.bruelhartducret.ch\/wp-content\/uploads\/2025\/05\/Drei-Hoefe-Guemmen_3-1024x683.webp\" alt=\"\" class=\"wp-image-1321\" srcset=\"https:\/\/www.bruelhartducret.ch\/wp-content\/uploads\/2025\/05\/Drei-Hoefe-Guemmen_3-1024x683.webp 1024w, https:\/\/www.bruelhartducret.ch\/wp-content\/uploads\/2025\/05\/Drei-Hoefe-Guemmen_3-300x200.webp 300w, https:\/\/www.bruelhartducret.ch\/wp-content\/uploads\/2025\/05\/Drei-Hoefe-Guemmen_3-768x512.webp 768w, https:\/\/www.bruelhartducret.ch\/wp-content\/uploads\/2025\/05\/Drei-Hoefe-Guemmen_3-1536x1024.webp 1536w, https:\/\/www.bruelhartducret.ch\/wp-content\/uploads\/2025\/05\/Drei-Hoefe-Guemmen_3-2048x1365.webp 2048w, https:\/\/www.bruelhartducret.ch\/wp-content\/uploads\/2025\/05\/Drei-Hoefe-Guemmen_3-18x12.webp 18w, https:\/\/www.bruelhartducret.ch\/wp-content\/uploads\/2025\/05\/Drei-Hoefe-Guemmen_3-407x271.webp 407w\" sizes=\"auto, (max-width: 1024px) 100vw, 1024px\" \/><\/a><\/figure>\n\n\n\n<figure data-no-zoom=\"true\" class=\"wp-block-image size-large\"><a href=\"https:\/\/www.bruelhartducret.ch\/wp-content\/uploads\/2025\/05\/Drei-Hoefe-Guemmen_4-scaled.webp\"><img loading=\"lazy\" decoding=\"async\" width=\"1024\" height=\"683\" data-id=\"1322\" src=\"https:\/\/www.bruelhartducret.ch\/wp-content\/uploads\/2025\/05\/Drei-Hoefe-Guemmen_4-1024x683.webp\" alt=\"\" class=\"wp-image-1322\" srcset=\"https:\/\/www.bruelhartducret.ch\/wp-content\/uploads\/2025\/05\/Drei-Hoefe-Guemmen_4-1024x683.webp 1024w, https:\/\/www.bruelhartducret.ch\/wp-content\/uploads\/2025\/05\/Drei-Hoefe-Guemmen_4-300x200.webp 300w, https:\/\/www.bruelhartducret.ch\/wp-content\/uploads\/2025\/05\/Drei-Hoefe-Guemmen_4-768x512.webp 768w, https:\/\/www.bruelhartducret.ch\/wp-content\/uploads\/2025\/05\/Drei-Hoefe-Guemmen_4-1536x1024.webp 1536w, https:\/\/www.bruelhartducret.ch\/wp-content\/uploads\/2025\/05\/Drei-Hoefe-Guemmen_4-2048x1365.webp 2048w, https:\/\/www.bruelhartducret.ch\/wp-content\/uploads\/2025\/05\/Drei-Hoefe-Guemmen_4-18x12.webp 18w, https:\/\/www.bruelhartducret.ch\/wp-content\/uploads\/2025\/05\/Drei-Hoefe-Guemmen_4-407x271.webp 407w\" sizes=\"auto, (max-width: 1024px) 100vw, 1024px\" \/><\/a><\/figure>\n<\/figure>\n\n\n<dl class=\"alignwide has-background has-primary-background-color wp-block-bruelhart-ducret-metadata\">\n            <dt>Localisation<\/dt>\n        <dd>G\u00fcmmenen<\/dd>\n            <dt>Ma\u00eetre d'ouvrage<\/dt>\n        <dd>Dora AG<\/dd>\n            <dt>Ach\u00e8vement<\/dt>\n        <dd>2032<\/dd>\n            <dt>Photos<\/dt>\n        <dd>Br\u00fclhart Ducret SA<\/dd>\n    <\/dl>\n\n\n<div class=\"wp-block-bruelhart-ducret-post-navigation\">\n            <a class=\"previous\" href=\"https:\/\/www.bruelhartducret.ch\/fr\/apercu-du-projet\/\">\n            zur\u00fcck zur \u00dcbersicht        <\/a>\n                <a class=\"next\" href=\"https:\/\/www.bruelhartducret.ch\/fr\/projet\/landi-sense-duedingen\/\">\n            n\u00e4chstes Projekt        <\/a>\n    <\/div>\n\n<div class=\"alignfull has-background has-primary-background-color wp-block-group alignfull wp-block-bruelhart-ducret-contact has-background has-primary-background-color\">\n    <div class=\"content-wrapper\">\n        <div class=\"acf-innerblocks-container\">\n\n<h5 class=\"wp-block-heading\">Personne de contact<\/h5>\n\n\n\n<h2 class=\"wp-block-heading\"><strong>Vous avez des questions sur ce projet ou vous souhaitez lancer le v\u00f4tre ?<\/strong> N'h\u00e9sitez pas \u00e0 nous contacter.<\/h2>\n\n\n\n<div class=\"wp-block-buttons is-layout-flex wp-block-buttons-is-layout-flex\">\n<div class=\"wp-block-button\"><a class=\"wp-block-button__link wp-element-button\" href=\"\/fr\/buero\/#ansprechpartner\">Tous les contacts<\/a><\/div>\n<\/div>\n\n<\/div>\n    <\/div>\n            <figure href=\"https:\/\/www.bruelhartducret.ch\/fr\/?employee=automatisch-gespeicherter-entwurf-4\" class=\"post-814 employee type-employee status-publish hentry\" data-turbo=\"false\">\n    <div class=\"portrait-wrapper\">\n        <img loading=\"lazy\" decoding=\"async\" width=\"407\" height=\"305\" src=\"https:\/\/www.bruelhartducret.ch\/wp-content\/uploads\/2025\/02\/Sacha_2025_2-407x305.webp\" class=\"attachment-portrait size-portrait\" alt=\"\" srcset=\"https:\/\/www.bruelhartducret.ch\/wp-content\/uploads\/2025\/02\/Sacha_2025_2-407x305.webp 407w, https:\/\/www.bruelhartducret.ch\/wp-content\/uploads\/2025\/02\/Sacha_2025_2-300x225.webp 300w, https:\/\/www.bruelhartducret.ch\/wp-content\/uploads\/2025\/02\/Sacha_2025_2-1024x768.webp 1024w, https:\/\/www.bruelhartducret.ch\/wp-content\/uploads\/2025\/02\/Sacha_2025_2-768x576.webp 768w, https:\/\/www.bruelhartducret.ch\/wp-content\/uploads\/2025\/02\/Sacha_2025_2-1536x1152.webp 1536w, https:\/\/www.bruelhartducret.ch\/wp-content\/uploads\/2025\/02\/Sacha_2025_2-2048x1536.webp 2048w, https:\/\/www.bruelhartducret.ch\/wp-content\/uploads\/2025\/02\/Sacha_2025_2-16x12.webp 16w\" sizes=\"auto, (max-width: 407px) 100vw, 407px\" \/>                    <a class=\"linkedin\" href=\"https:\/\/ch.linkedin.com\/in\/sacha-br%C3%BClhart-850106167\" target=\"_blank\"><\/a>\n            <\/div>\n    <figcaption>\n        <h3 class=\"name\">Sacha Br\u00fclhart <\/h3>\n                    <div class=\"occupation\">\n                                    <span class=\"job\">Architecte FH, biologiste du b\u00e2timent SIB<\/span>\n                                                    <span class=\"position\">Partenaire principal, co-directeur<\/span>\n                            <\/div>\n                            <div class=\"links\">\n                                    <a class=\"phone\" href=\"tel:+41 58 861 61 01\">+41 58 861 61 01<\/a>\n                                                    <a class=\"email\" href=\"mailto:sacha.bruelhart@bruelhartducret.ch\">sacha.bruelhart@bruelhartducret.ch<\/a>\n                            <\/div>\n            <\/figcaption>\n<\/figure>    <\/div>\n\n<div class=\"alignfull is-layout-constrained wp-block-group alignfull wp-block-bruelhart-ducret-further-references\">\n    <div class=\"acf-innerblocks-container\">\n\n<h5 class=\"wp-block-heading\">Plus de r\u00e9f\u00e9rences<\/h5>\n\n\n\n<h2 class=\"wp-block-heading\">Encore plus de projets sur ce th\u00e8me<\/h2>\n\n\n\n<div class=\"wp-block-buttons is-layout-flex wp-block-buttons-is-layout-flex\">\n<div class=\"wp-block-button\"><a class=\"wp-block-button__link wp-element-button\" href=\"https:\/\/www.bruelhartducret.ch\/fr\/apercu-du-projet\/\">voir tous les projets<\/a><\/div>\n<\/div>\n\n<\/div>\n    <div class=\"alignfull wp-block-bruelhart-ducret-projects\">\n    <turbo-frame id=\"projects\" data-turbo=\"true\">\n                <div class=\"teasers\">\n                            <a href=\"https:\/\/www.bruelhartducret.ch\/fr\/projet\/schulhausplasselb\/\" class=\"post-1577 project type-project status-publish has-post-thumbnail hentry project_cat-denkmalpflege project_cat-umbau-renovation-und-sanierung\" data-turbo=\"false\">\n    <div class=\"image-wrapper\">\n        <img loading=\"lazy\" decoding=\"async\" width=\"1920\" height=\"1050\" src=\"https:\/\/www.bruelhartducret.ch\/wp-content\/uploads\/2025\/12\/BDA-Pla-251015-ARC001.webp\" class=\"attachment-post-thumbnail size-post-thumbnail wp-post-image\" alt=\"\" srcset=\"https:\/\/www.bruelhartducret.ch\/wp-content\/uploads\/2025\/12\/BDA-Pla-251015-ARC001.webp 1920w, https:\/\/www.bruelhartducret.ch\/wp-content\/uploads\/2025\/12\/BDA-Pla-251015-ARC001-300x164.webp 300w, https:\/\/www.bruelhartducret.ch\/wp-content\/uploads\/2025\/12\/BDA-Pla-251015-ARC001-1024x560.webp 1024w, https:\/\/www.bruelhartducret.ch\/wp-content\/uploads\/2025\/12\/BDA-Pla-251015-ARC001-768x420.webp 768w, https:\/\/www.bruelhartducret.ch\/wp-content\/uploads\/2025\/12\/BDA-Pla-251015-ARC001-1536x840.webp 1536w, https:\/\/www.bruelhartducret.ch\/wp-content\/uploads\/2025\/12\/BDA-Pla-251015-ARC001-18x10.webp 18w, https:\/\/www.bruelhartducret.ch\/wp-content\/uploads\/2025\/12\/BDA-Pla-251015-ARC001-407x223.webp 407w\" sizes=\"auto, (max-width: 1920px) 100vw, 1920px\" \/>    <\/div>\n    <div class=\"data-wrapper\">\n        <h3 class=\"title\">Schulhaus Plasselb<\/h3>\n        <p class=\"excerpt\">Das Schulhaus der Gemeinde Plasselb wurde im Rahmen eines umfassenden Gesamtprojekts sorgf\u00e4ltig saniert und strukturell ert\u00fcchtigt. Die Massnahmen erfolgten mit grossem Respekt vor der bestehenden Bausubstanz und mit dem Ziel, die architektonische Identit\u00e4t des Geb\u00e4udes zu bewahren und gleichzeitig den heutigen technischen, energetischen und funktionalen Anforderungen gerecht zu werden.<\/p>\n        <div class=\"wp-block-button read-more\">\n            <span class=\"wp-element-button\">en savoir plus<\/span>\n        <\/div>\n    <\/div>\n<\/a>                            <a href=\"https:\/\/www.bruelhartducret.ch\/fr\/projet\/werkhofjungo\/\" class=\"post-1564 project type-project status-publish has-post-thumbnail hentry project_cat-gewerbebauten\" data-turbo=\"false\">\n    <div class=\"image-wrapper\">\n        <img loading=\"lazy\" decoding=\"async\" width=\"1920\" height=\"1440\" src=\"https:\/\/www.bruelhartducret.ch\/wp-content\/uploads\/2025\/12\/BDA-Jun-251002-ARC003.webp\" class=\"attachment-post-thumbnail size-post-thumbnail wp-post-image\" alt=\"\" srcset=\"https:\/\/www.bruelhartducret.ch\/wp-content\/uploads\/2025\/12\/BDA-Jun-251002-ARC003.webp 1920w, https:\/\/www.bruelhartducret.ch\/wp-content\/uploads\/2025\/12\/BDA-Jun-251002-ARC003-300x225.webp 300w, https:\/\/www.bruelhartducret.ch\/wp-content\/uploads\/2025\/12\/BDA-Jun-251002-ARC003-1024x768.webp 1024w, https:\/\/www.bruelhartducret.ch\/wp-content\/uploads\/2025\/12\/BDA-Jun-251002-ARC003-768x576.webp 768w, https:\/\/www.bruelhartducret.ch\/wp-content\/uploads\/2025\/12\/BDA-Jun-251002-ARC003-1536x1152.webp 1536w, https:\/\/www.bruelhartducret.ch\/wp-content\/uploads\/2025\/12\/BDA-Jun-251002-ARC003-16x12.webp 16w, https:\/\/www.bruelhartducret.ch\/wp-content\/uploads\/2025\/12\/BDA-Jun-251002-ARC003-407x305.webp 407w\" sizes=\"auto, (max-width: 1920px) 100vw, 1920px\" \/>    <\/div>\n    <div class=\"data-wrapper\">\n        <h3 class=\"title\">Werkhof Jungo Gartengestaltung<\/h3>\n        <p class=\"excerpt\">Werkhof Jungo Gartengestaltung<\/p>\n        <div class=\"wp-block-button read-more\">\n            <span class=\"wp-element-button\">en savoir plus<\/span>\n        <\/div>\n    <\/div>\n<\/a>                            <a href=\"https:\/\/www.bruelhartducret.ch\/fr\/projet\/bd-regal-2\/\" class=\"post-1527 project type-project status-publish has-post-thumbnail hentry project_cat-moebeldesign\" data-turbo=\"false\">\n    <div class=\"image-wrapper\">\n        <img loading=\"lazy\" decoding=\"async\" width=\"2560\" height=\"1314\" src=\"https:\/\/www.bruelhartducret.ch\/wp-content\/uploads\/2025\/10\/BDA-Reg-220131-MOB001-Kopie-scaled.webp\" class=\"attachment-post-thumbnail size-post-thumbnail wp-post-image\" alt=\"\" srcset=\"https:\/\/www.bruelhartducret.ch\/wp-content\/uploads\/2025\/10\/BDA-Reg-220131-MOB001-Kopie-scaled.webp 2560w, https:\/\/www.bruelhartducret.ch\/wp-content\/uploads\/2025\/10\/BDA-Reg-220131-MOB001-Kopie-300x154.webp 300w, https:\/\/www.bruelhartducret.ch\/wp-content\/uploads\/2025\/10\/BDA-Reg-220131-MOB001-Kopie-1024x526.webp 1024w, https:\/\/www.bruelhartducret.ch\/wp-content\/uploads\/2025\/10\/BDA-Reg-220131-MOB001-Kopie-768x394.webp 768w, https:\/\/www.bruelhartducret.ch\/wp-content\/uploads\/2025\/10\/BDA-Reg-220131-MOB001-Kopie-1536x789.webp 1536w, https:\/\/www.bruelhartducret.ch\/wp-content\/uploads\/2025\/10\/BDA-Reg-220131-MOB001-Kopie-2048x1051.webp 2048w, https:\/\/www.bruelhartducret.ch\/wp-content\/uploads\/2025\/10\/BDA-Reg-220131-MOB001-Kopie-18x9.webp 18w, https:\/\/www.bruelhartducret.ch\/wp-content\/uploads\/2025\/10\/BDA-Reg-220131-MOB001-Kopie-407x209.webp 407w\" sizes=\"auto, (max-width: 2560px) 100vw, 2560px\" \/>    <\/div>\n    <div class=\"data-wrapper\">\n        <h3 class=\"title\">BD Regal #<\/h3>\n        <p class=\"excerpt\">La modularit\u00e9 avec une exigence architecturale<\/p>\n        <div class=\"wp-block-button read-more\">\n            <span class=\"wp-element-button\">en savoir plus<\/span>\n        <\/div>\n    <\/div>\n<\/a>                    <\/div>\n            <\/turbo-frame>\n<\/div>\n<\/div>","protected":false},"excerpt":{"rendered":"<p>R\u00e9interpr\u00e9tation contemporaine d\u2019un ensemble rural typique<\/p>","protected":false},"featured_media":1322,"template":"","project_cat":[5],"class_list":["post-1287","project","type-project","status-publish","has-post-thumbnail","hentry","project_cat-projektentwicklung-wohnungsbau"],"acf":[],"_links":{"self":[{"href":"https:\/\/www.bruelhartducret.ch\/fr\/wp-json\/wp\/v2\/project\/1287","targetHints":{"allow":["GET"]}}],"collection":[{"href":"https:\/\/www.bruelhartducret.ch\/fr\/wp-json\/wp\/v2\/project"}],"about":[{"href":"https:\/\/www.bruelhartducret.ch\/fr\/wp-json\/wp\/v2\/types\/project"}],"wp:featuredmedia":[{"embeddable":true,"href":"https:\/\/www.bruelhartducret.ch\/fr\/wp-json\/wp\/v2\/media\/1322"}],"wp:attachment":[{"href":"https:\/\/www.bruelhartducret.ch\/fr\/wp-json\/wp\/v2\/media?parent=1287"}],"wp:term":[{"taxonomy":"project_cat","embeddable":true,"href":"https:\/\/www.bruelhartducret.ch\/fr\/wp-json\/wp\/v2\/project_cat?post=1287"}],"curies":[{"name":"wp","href":"https:\/\/api.w.org\/{rel}","templated":true}]}}