{"id":835,"date":"2025-03-18T08:12:52","date_gmt":"2025-03-18T07:12:52","guid":{"rendered":"https:\/\/bruelhart-ducret.dev.hayloft-it.ch\/?page_id=835"},"modified":"2025-07-24T10:54:38","modified_gmt":"2025-07-24T08:54:38","slug":"design-de-meubles","status":"publish","type":"page","link":"https:\/\/www.bruelhartducret.ch\/fr\/design-de-meubles\/","title":{"rendered":"Architecture d'int\u00e9rieur | Design de meubles"},"content":{"rendered":"<div class=\"wp-block-group alignfull hero-with-title-and-cover is-layout-flow wp-block-group-is-layout-flow\">\n<h1 class=\"wp-block-heading\"><strong>Innenarchitektur | <strong><strong><strong><strong><strong>Design de meubles<\/strong><\/strong><\/strong><\/strong><\/strong>:<\/strong> Des solutions individuelles pour des espaces uniques<\/h1>\n\n\n\n<div class=\"wp-block-cover alignfull is-light\"><img loading=\"lazy\" decoding=\"async\" width=\"2560\" height=\"1989\" class=\"wp-block-cover__image-background wp-image-1010\" alt=\"\" src=\"https:\/\/bruelhartducret.ch\/wp-content\/uploads\/2025\/05\/Regal-Bruelhart-Ducret-scaled.webp\" data-object-fit=\"cover\" srcset=\"https:\/\/www.bruelhartducret.ch\/wp-content\/uploads\/2025\/05\/Regal-Bruelhart-Ducret-scaled.webp 2560w, https:\/\/www.bruelhartducret.ch\/wp-content\/uploads\/2025\/05\/Regal-Bruelhart-Ducret-300x233.webp 300w, https:\/\/www.bruelhartducret.ch\/wp-content\/uploads\/2025\/05\/Regal-Bruelhart-Ducret-1024x796.webp 1024w, https:\/\/www.bruelhartducret.ch\/wp-content\/uploads\/2025\/05\/Regal-Bruelhart-Ducret-768x597.webp 768w, https:\/\/www.bruelhartducret.ch\/wp-content\/uploads\/2025\/05\/Regal-Bruelhart-Ducret-1536x1194.webp 1536w, https:\/\/www.bruelhartducret.ch\/wp-content\/uploads\/2025\/05\/Regal-Bruelhart-Ducret-2048x1592.webp 2048w, https:\/\/www.bruelhartducret.ch\/wp-content\/uploads\/2025\/05\/Regal-Bruelhart-Ducret-15x12.webp 15w, https:\/\/www.bruelhartducret.ch\/wp-content\/uploads\/2025\/05\/Regal-Bruelhart-Ducret-407x316.webp 407w\" sizes=\"auto, (max-width: 2560px) 100vw, 2560px\" \/><span aria-hidden=\"true\" class=\"wp-block-cover__background has-background-dim-0 has-background-dim\" style=\"background-color:#8d988e\"><\/span><div class=\"wp-block-cover__inner-container is-layout-constrained wp-block-cover-is-layout-constrained\">\n<p class=\"has-text-align-center has-large-font-size\"><\/p>\n<\/div><\/div>\n<\/div>\n\n\n\n<div class=\"wp-block-group alignfull lead-wrapper is-layout-constrained wp-block-group-is-layout-constrained\">\n<p class=\"is-style-lead\">Les meubles sont plus que de simples objets fonctionnels - ils marquent le caract\u00e8re d'une pi\u00e8ce et influencent son atmosph\u00e8re, son ergonomie et ses possibilit\u00e9s d'utilisation. Notre approche du design de meubles allie l'artisanat \u00e0 une conception innovante afin de cr\u00e9er des solutions sur mesure qui s'int\u00e8grent parfaitement \u00e0 votre environnement. &nbsp;<\/p>\n\n\n\n<p class=\"is-style-lead\">Chez Br\u00fclhart Ducret, nous concevons des meubles qui ne sont pas seulement esth\u00e9tiques, mais qui r\u00e9pondent \u00e9galement aux exigences les plus \u00e9lev\u00e9es en mati\u00e8re de qualit\u00e9 des mat\u00e9riaux, de fonctionnalit\u00e9 et de durabilit\u00e9. Qu'il s'agisse de meubles encastr\u00e9s, de pi\u00e8ces uniques fabriqu\u00e9es sur mesure ou de concepts complets d'am\u00e9nagement int\u00e9rieur, nous d\u00e9veloppons des solutions qui r\u00e9pondent exactement \u00e0 vos besoins. &nbsp;<\/p>\n\n\n\n<h2 class=\"wp-block-heading\"><strong><strong><strong><strong>Les avantages d'un design de meuble personnalis\u00e9 avec nous :<\/strong><\/strong><\/strong><\/strong><\/h2>\n\n\n\n<ul class=\"wp-block-list\">\n<li><strong>Conception sur mesure :<\/strong> Chaque meuble est con\u00e7u individuellement et adapt\u00e9 \u00e0 vos exigences spatiales et fonctionnelles. &nbsp;<\/li>\n\n\n\n<li><strong>Mat\u00e9riaux de haute qualit\u00e9 :<\/strong> Nous misons sur des mat\u00e9riaux durables, durables et nobles, qui s\u00e9duisent aussi bien au toucher qu'\u00e0 l'\u0153il. &nbsp;<\/li>\n\n\n\n<li><strong>Ergonomie et confort : <\/strong>Nos designs allient l'esth\u00e9tique \u00e0 une utilisation optimale et \u00e0 des principes ergonomiques - pour un confort d'habitation et de travail maximal. &nbsp;<\/li>\n\n\n\n<li><strong>Perfection fonctionnelle : <\/strong>Gr\u00e2ce \u00e0 des solutions d\u00e9taill\u00e9es intelligentes, des m\u00e9canismes innovants et des concepts de rangement intelligents, nous cr\u00e9ons un maximum d'avantages. &nbsp;<\/li>\n\n\n\n<li><strong>Pr\u00e9cision artisanale : <\/strong>Nous travaillons avec des menuisiers, des selliers, des m\u00e9talliers, etc. exp\u00e9riment\u00e9s.<\/li>\n<\/ul>\n<\/div>\n\n\n\n<div style=\"height:50px\" aria-hidden=\"true\" class=\"wp-block-spacer\"><\/div>\n\n\n\n<p class=\"is-style-lead\"><strong><strong><strong><strong>Avec Br\u00fclhart Ducret, vous b\u00e9n\u00e9ficiez d'un design de mobilier unique qui s'int\u00e8gre parfaitement \u00e0 votre architecture et transforme votre espace en un environnement harmonieux et fonctionnel. Nous cr\u00e9ons des meubles de caract\u00e8re - individuels, de haute qualit\u00e9 et intemporels.<\/strong><\/strong><\/strong><\/strong><\/p>\n\n\n\n<div class=\"wp-block-group alignfull is-layout-constrained wp-block-group-is-layout-constrained\">\n<h5 class=\"wp-block-heading\">R\u00e9f\u00e9rences<\/h5>\n\n\n\n<h2 class=\"wp-block-heading\">Projets r\u00e9alis\u00e9s<\/h2>\n\n\n\n<div class=\"wp-block-buttons is-layout-flex wp-block-buttons-is-layout-flex\">\n<div class=\"wp-block-button\"><a class=\"wp-block-button__link wp-element-button\" href=\"https:\/\/www.bruelhartducret.ch\/fr\/apercu-du-projet\/\">voir tous les projets<\/a><\/div>\n<\/div>\n\n\n<div class=\"align is-style-list wp-block-bruelhart-ducret-projects\">\n    <turbo-frame id=\"projects\" data-turbo=\"true\">\n                <div class=\"teasers\">\n                            <a href=\"https:\/\/www.bruelhartducret.ch\/fr\/projet\/bd-regal-2\/\" class=\"post-1527 project type-project status-publish has-post-thumbnail hentry project_cat-moebeldesign\" data-turbo=\"false\">\n    <div class=\"image-wrapper\">\n        <img loading=\"lazy\" decoding=\"async\" width=\"2560\" height=\"1314\" src=\"https:\/\/www.bruelhartducret.ch\/wp-content\/uploads\/2025\/10\/BDA-Reg-220131-MOB001-Kopie-scaled.webp\" class=\"attachment-post-thumbnail size-post-thumbnail wp-post-image\" alt=\"\" srcset=\"https:\/\/www.bruelhartducret.ch\/wp-content\/uploads\/2025\/10\/BDA-Reg-220131-MOB001-Kopie-scaled.webp 2560w, https:\/\/www.bruelhartducret.ch\/wp-content\/uploads\/2025\/10\/BDA-Reg-220131-MOB001-Kopie-300x154.webp 300w, https:\/\/www.bruelhartducret.ch\/wp-content\/uploads\/2025\/10\/BDA-Reg-220131-MOB001-Kopie-1024x526.webp 1024w, https:\/\/www.bruelhartducret.ch\/wp-content\/uploads\/2025\/10\/BDA-Reg-220131-MOB001-Kopie-768x394.webp 768w, https:\/\/www.bruelhartducret.ch\/wp-content\/uploads\/2025\/10\/BDA-Reg-220131-MOB001-Kopie-1536x789.webp 1536w, https:\/\/www.bruelhartducret.ch\/wp-content\/uploads\/2025\/10\/BDA-Reg-220131-MOB001-Kopie-2048x1051.webp 2048w, https:\/\/www.bruelhartducret.ch\/wp-content\/uploads\/2025\/10\/BDA-Reg-220131-MOB001-Kopie-18x9.webp 18w, https:\/\/www.bruelhartducret.ch\/wp-content\/uploads\/2025\/10\/BDA-Reg-220131-MOB001-Kopie-407x209.webp 407w\" sizes=\"auto, (max-width: 2560px) 100vw, 2560px\" \/>    <\/div>\n    <div class=\"data-wrapper\">\n        <h3 class=\"title\">BD Regal #<\/h3>\n        <p class=\"excerpt\">La modularit\u00e9 avec une exigence architecturale<\/p>\n        <div class=\"wp-block-button read-more\">\n            <span class=\"wp-element-button\">en savoir plus<\/span>\n        <\/div>\n    <\/div>\n<\/a>                    <\/div>\n            <\/turbo-frame>\n<\/div>\n<\/div>\n\n\n<div class=\"alignfull has-background has-primary-background-color wp-block-group alignfull wp-block-bruelhart-ducret-contact has-background has-primary-background-color\">\n    <div class=\"content-wrapper\">\n        <div class=\"acf-innerblocks-container\">\n\n<h5 class=\"wp-block-heading\">Personne de contact<\/h5>\n\n\n\n<h2 class=\"wp-block-heading\"><strong>Vous avez des questions sur le d\u00e9veloppement de projets de construction de logements ?<\/strong> N'h\u00e9sitez pas \u00e0 nous contacter.<\/h2>\n\n\n\n<div class=\"wp-block-buttons is-layout-flex wp-block-buttons-is-layout-flex\">\n<div class=\"wp-block-button\"><a class=\"wp-block-button__link wp-element-button\" href=\"https:\/\/www.bruelhartducret.ch\/fr\/bureau-darchitecture\/#team\">Tous les contacts<\/a><\/div>\n<\/div>\n\n<\/div>\n    <\/div>\n            <div class=\"employees\">\n            <figure href=\"https:\/\/www.bruelhartducret.ch\/fr\/?employee=automatisch-gespeicherter-entwurf-4\" class=\"post-814 employee type-employee status-publish hentry\" data-turbo=\"false\">\n    <div class=\"portrait-wrapper\">\n        <img loading=\"lazy\" decoding=\"async\" width=\"407\" height=\"305\" src=\"https:\/\/www.bruelhartducret.ch\/wp-content\/uploads\/2025\/02\/Sacha_2025_2-407x305.webp\" class=\"attachment-portrait size-portrait\" alt=\"\" srcset=\"https:\/\/www.bruelhartducret.ch\/wp-content\/uploads\/2025\/02\/Sacha_2025_2-407x305.webp 407w, https:\/\/www.bruelhartducret.ch\/wp-content\/uploads\/2025\/02\/Sacha_2025_2-300x225.webp 300w, https:\/\/www.bruelhartducret.ch\/wp-content\/uploads\/2025\/02\/Sacha_2025_2-1024x768.webp 1024w, https:\/\/www.bruelhartducret.ch\/wp-content\/uploads\/2025\/02\/Sacha_2025_2-768x576.webp 768w, https:\/\/www.bruelhartducret.ch\/wp-content\/uploads\/2025\/02\/Sacha_2025_2-1536x1152.webp 1536w, https:\/\/www.bruelhartducret.ch\/wp-content\/uploads\/2025\/02\/Sacha_2025_2-2048x1536.webp 2048w, https:\/\/www.bruelhartducret.ch\/wp-content\/uploads\/2025\/02\/Sacha_2025_2-16x12.webp 16w\" sizes=\"auto, (max-width: 407px) 100vw, 407px\" \/>                    <a class=\"linkedin\" href=\"https:\/\/ch.linkedin.com\/in\/sacha-br%C3%BClhart-850106167\" target=\"_blank\"><\/a>\n            <\/div>\n    <figcaption>\n        <h3 class=\"name\">Sacha Br\u00fclhart <\/h3>\n                    <div class=\"occupation\">\n                                    <span class=\"job\">Architecte FH, biologiste du b\u00e2timent SIB<\/span>\n                                                    <span class=\"position\">Partenaire principal, co-directeur<\/span>\n                            <\/div>\n                            <div class=\"links\">\n                                    <a class=\"phone\" href=\"tel:+41 58 861 61 01\">+41 58 861 61 01<\/a>\n                                                    <a class=\"email\" href=\"mailto:sacha.bruelhart@bruelhartducret.ch\">sacha.bruelhart@bruelhartducret.ch<\/a>\n                            <\/div>\n            <\/figcaption>\n<\/figure>            <figure href=\"https:\/\/www.bruelhartducret.ch\/fr\/?employee=automatisch-gespeicherter-entwurf-4\" class=\"post-753 employee type-employee status-publish hentry\" data-turbo=\"false\">\n    <div class=\"portrait-wrapper\">\n        <img loading=\"lazy\" decoding=\"async\" width=\"407\" height=\"304\" src=\"https:\/\/www.bruelhartducret.ch\/wp-content\/uploads\/2025\/02\/2025_Steve-Ducret_1-scaled-e1752062618327-407x304.webp\" class=\"attachment-portrait size-portrait\" alt=\"\" srcset=\"https:\/\/www.bruelhartducret.ch\/wp-content\/uploads\/2025\/02\/2025_Steve-Ducret_1-scaled-e1752062618327-407x304.webp 407w, https:\/\/www.bruelhartducret.ch\/wp-content\/uploads\/2025\/02\/2025_Steve-Ducret_1-scaled-e1752062618327-300x224.webp 300w, https:\/\/www.bruelhartducret.ch\/wp-content\/uploads\/2025\/02\/2025_Steve-Ducret_1-scaled-e1752062618327-1024x766.webp 1024w, https:\/\/www.bruelhartducret.ch\/wp-content\/uploads\/2025\/02\/2025_Steve-Ducret_1-scaled-e1752062618327-768x575.webp 768w, https:\/\/www.bruelhartducret.ch\/wp-content\/uploads\/2025\/02\/2025_Steve-Ducret_1-scaled-e1752062618327-1536x1149.webp 1536w, https:\/\/www.bruelhartducret.ch\/wp-content\/uploads\/2025\/02\/2025_Steve-Ducret_1-scaled-e1752062618327-16x12.webp 16w, https:\/\/www.bruelhartducret.ch\/wp-content\/uploads\/2025\/02\/2025_Steve-Ducret_1-scaled-e1752062618327.webp 1540w\" sizes=\"auto, (max-width: 407px) 100vw, 407px\" \/>                    <a class=\"linkedin\" href=\"https:\/\/ch.linkedin.com\/in\/steve-ducret-9ba43746\" target=\"_blank\"><\/a>\n            <\/div>\n    <figcaption>\n        <h3 class=\"name\">Steve Ducret<\/h3>\n                    <div class=\"occupation\">\n                                    <span class=\"job\">Architecte FH<\/span>\n                                                    <span class=\"position\">Partenaire principal, co-directeur<\/span>\n                            <\/div>\n                            <div class=\"links\">\n                                    <a class=\"phone\" href=\"tel:+41 58 861 61 02\">+41 58 861 61 02<\/a>\n                                                    <a class=\"email\" href=\"mailto:steve.ducret@bruelhartducret.ch\">steve.ducret@bruelhartducret.ch<\/a>\n                            <\/div>\n            <\/figcaption>\n<\/figure>        <\/div>\n    <\/div>\n\n<div class=\"blaze-slider alignwide wp-block-bruelhart-ducret-testimonials\">\n    <div class=\"blaze-container\">\n        <div class=\"blaze-track-container\">\n            <ul class=\"blaze-track\">\n                                    <blockquote>\n                        <p>De la planification en 2021 jusqu'\u00e0 la remise des cl\u00e9s fin 2023, Br\u00fclhart Ducret SA et ses collaborateurs cr\u00e9atifs et exp\u00e9riment\u00e9s nous ont merveilleusement soutenus dans la r\u00e9alisation de notre projet de nouvelle construction.\nNous sommes tr\u00e8s heureux de notre superbe maison individuelle et avons eu beaucoup de plaisir \u00e0 mettre en \u0153uvre le projet avec Br\u00fclhart Ducret SA.<\/p>\n                        <cite>Eileen F.<\/cite>\n                    <\/blockquote>\n                                    <blockquote>\n                        <p>Mon bureau d'architecture, pour un projet de construction. Nous sommes impatients de voir le projet prendre forme.<\/p>\n                        <cite>Ralph Ch.<\/cite>\n                    <\/blockquote>\n                                    <blockquote>\n                        <p>La confiance est la base de tout investissement immobilier.\nNotre collaboration de longue date avec Br\u00fclhart Ducret SA d\u00e9montre que cr\u00e9ativit\u00e9, flexibilit\u00e9, sens strat\u00e9gique et expertise approfondie s\u2019unissent ici au plus haut niveau \u2013 un partenariat qui fait ses preuves.<\/p>\n                        <cite>Erich T.<\/cite>\n                    <\/blockquote>\n                                    <blockquote>\n                        <p>Notre architecte a fait de notre r\u00eave une r\u00e9alit\u00e9<\/p>\n                        <cite>Dora F., Daniel R.<\/cite>\n                    <\/blockquote>\n                                    <blockquote>\n                        <p>Le bureau d'architectes de mon choix pour un projet de construction. C'est toujours passionnant d'observer comment le projet prend forme.<\/p>\n                        <cite>David Z.<\/cite>\n                    <\/blockquote>\n                            <\/ul>\n        <\/div>\n        <div class=\"blaze-navigation\">\n            <button class=\"blaze-prev\"><\/button>\n            <button class=\"blaze-next\"><\/button>\n        <\/div>\n    <\/div>\n<\/div>","protected":false},"excerpt":{"rendered":"<p>Innenarchitektur | M\u00f6beldesign: Individuelle L\u00f6sungen f\u00fcr einzigartige R\u00e4ume M\u00f6bel sind mehr als nur funktionale Objekte \u2013 sie pr\u00e4gen den Charakter eines Raumes und beeinflussen dessen Atmosph\u00e4re, Ergonomie und Nutzungsm\u00f6glichkeiten. Unser Ansatz im M\u00f6beldesign verbindet Handwerkskunst mit innovativer Gestaltung, um massgeschneiderte L\u00f6sungen zu schaffen, die sich perfekt in Ihre Umgebung integrieren. &nbsp; Bei Br\u00fclhart Ducret entwerfen [&hellip;]<\/p>","protected":false},"author":2,"featured_media":0,"parent":0,"menu_order":0,"comment_status":"closed","ping_status":"closed","template":"","meta":{"footnotes":""},"class_list":["post-835","page","type-page","status-publish","hentry"],"acf":[],"_links":{"self":[{"href":"https:\/\/www.bruelhartducret.ch\/fr\/wp-json\/wp\/v2\/pages\/835","targetHints":{"allow":["GET"]}}],"collection":[{"href":"https:\/\/www.bruelhartducret.ch\/fr\/wp-json\/wp\/v2\/pages"}],"about":[{"href":"https:\/\/www.bruelhartducret.ch\/fr\/wp-json\/wp\/v2\/types\/page"}],"author":[{"embeddable":true,"href":"https:\/\/www.bruelhartducret.ch\/fr\/wp-json\/wp\/v2\/users\/2"}],"replies":[{"embeddable":true,"href":"https:\/\/www.bruelhartducret.ch\/fr\/wp-json\/wp\/v2\/comments?post=835"}],"version-history":[{"count":22,"href":"https:\/\/www.bruelhartducret.ch\/fr\/wp-json\/wp\/v2\/pages\/835\/revisions"}],"predecessor-version":[{"id":1489,"href":"https:\/\/www.bruelhartducret.ch\/fr\/wp-json\/wp\/v2\/pages\/835\/revisions\/1489"}],"wp:attachment":[{"href":"https:\/\/www.bruelhartducret.ch\/fr\/wp-json\/wp\/v2\/media?parent=835"}],"curies":[{"name":"wp","href":"https:\/\/api.w.org\/{rel}","templated":true}]}}