{"id":80,"date":"2025-10-21T09:49:00","date_gmt":"2025-10-21T07:49:00","guid":{"rendered":"https:\/\/bruelhart-ducret.dev.hayloft-it.ch\/?page_id=80"},"modified":"2025-10-21T09:49:01","modified_gmt":"2025-10-21T07:49:01","slug":"home","status":"publish","type":"page","link":"https:\/\/www.bruelhartducret.ch\/fr\/","title":{"rendered":"Accueil"},"content":{"rendered":"<div class=\"wp-block-cover alignfull is-light is-style-blur is-style-focus-cursor\" style=\"min-height:100vh;aspect-ratio:unset;; --position-x: 67%; --position-y: 35%;\"><img decoding=\"async\" class=\"wp-block-cover__image-background wp-image-473 focal-point-wrapper\" alt=\"\" src=\"https:\/\/bruelhartducret.ch\/wp-content\/uploads\/2024\/10\/bild-1.jpg\" style=\"object-position:67% 35%\" data-object-fit=\"cover\" data-object-position=\"67% 35%\"\/><img decoding=\"async\" class=\"wp-block-cover__image-background wp-image-473\" alt=\"\" src=\"https:\/\/bruelhartducret.ch\/wp-content\/uploads\/2024\/10\/bild-1.jpg\" style=\"object-position:67% 35%\" data-object-fit=\"cover\" data-object-position=\"67% 35%\"\/><span aria-hidden=\"true\" class=\"wp-block-cover__background has-background-dim-0 has-background-dim\"><\/span><div class=\"wp-block-cover__inner-container is-layout-constrained wp-block-cover-is-layout-constrained\">\n<h1 class=\"wp-block-heading\">Des solutions architecturales ax\u00e9es sur le design<br><strong><strong>La fonctionnalit\u00e9 esth\u00e9tique, gage de succ\u00e8s.<\/strong><\/strong><\/h1>\n<\/div><\/div>\n\n\n\n<div class=\"wp-block-group alignwide is-layout-flow wp-block-group-is-layout-flow\">\n<div class=\"wp-block-columns lead-with-link is-layout-flex wp-container-core-columns-is-layout-9d6595d7 wp-block-columns-is-layout-flex\">\n<div class=\"wp-block-column is-layout-flow wp-block-column-is-layout-flow\" style=\"flex-basis:872px\">\n<p>Pour notre bureau d'architecture, un design de qualit\u00e9 est un objectif fondamental et une exigence essentielle pour chaque projet de construction. Nous ne consid\u00e9rons pas le design comme une fin en soi, mais comme l'essence esth\u00e9tique de toutes les exigences de l'objet et des conditions locales. Notre conviction et notre exp\u00e9rience reposent sur le fait que les solutions esth\u00e9tiques fonctionnelles ont plus de succ\u00e8s \u00e0 tous les niveaux.<\/p>\n\n\n\n<p><strong>Ce qui est beau de mani\u00e8re fonctionnelle a plus de succ\u00e8s. Cette compr\u00e9hension commune est la base d'une collaboration r\u00e9ussie et de r\u00e9sultats exceptionnels.<\/strong><\/p>\n<\/div>\n\n\n\n<div class=\"wp-block-column is-layout-flow wp-block-column-is-layout-flow\">\n<div class=\"wp-block-buttons is-layout-flex wp-block-buttons-is-layout-flex\">\n<div class=\"wp-block-button\"><a class=\"wp-block-button__link wp-element-button\" href=\"https:\/\/www.bruelhartducret.ch\/fr\/apercu-du-projet\/\">Voir les projets<\/a><\/div>\n<\/div>\n<\/div>\n<\/div>\n\n\n\n<h2 class=\"wp-block-heading\"><strong>Ces domaines sont au c\u0153ur de notre exp\u00e9rience et de nos comp\u00e9tences :<\/strong><\/h2>\n\n\n\n<div class=\"wp-block-group focal-point-images is-vertical is-layout-flex wp-container-core-group-is-layout-8cf370e7 wp-block-group-is-layout-flex\">\n<div class=\"wp-block-media-text is-stacked-on-mobile is-vertically-aligned-top\"><figure class=\"wp-block-media-text__media\" data-no-zoom=\"true\"><a href=\"https:\/\/www.bruelhartducret.ch\/fr\/developpement-de-projets-de-construction-de-logements\/\"><img loading=\"lazy\" decoding=\"async\" width=\"1024\" height=\"768\" src=\"https:\/\/bruelhartducret.ch\/wp-content\/uploads\/2025\/05\/Panorama-1715-bruelhart-Ducret-1024x768.webp\" alt=\"\" class=\"wp-image-1009 size-full\" srcset=\"https:\/\/www.bruelhartducret.ch\/wp-content\/uploads\/2025\/05\/Panorama-1715-bruelhart-Ducret-1024x768.webp 1024w, https:\/\/www.bruelhartducret.ch\/wp-content\/uploads\/2025\/05\/Panorama-1715-bruelhart-Ducret-300x225.webp 300w, https:\/\/www.bruelhartducret.ch\/wp-content\/uploads\/2025\/05\/Panorama-1715-bruelhart-Ducret-768x576.webp 768w, https:\/\/www.bruelhartducret.ch\/wp-content\/uploads\/2025\/05\/Panorama-1715-bruelhart-Ducret-1536x1152.webp 1536w, https:\/\/www.bruelhartducret.ch\/wp-content\/uploads\/2025\/05\/Panorama-1715-bruelhart-Ducret-2048x1536.webp 2048w, https:\/\/www.bruelhartducret.ch\/wp-content\/uploads\/2025\/05\/Panorama-1715-bruelhart-Ducret-16x12.webp 16w, https:\/\/www.bruelhartducret.ch\/wp-content\/uploads\/2025\/05\/Panorama-1715-bruelhart-Ducret-407x305.webp 407w\" sizes=\"auto, (max-width: 1024px) 100vw, 1024px\" \/><\/a><\/figure><div class=\"wp-block-media-text__content\">\n<h3 class=\"wp-block-heading\"><strong><strong>D\u00e9veloppement de projets <strong>Construction de logements<\/strong><\/strong>:<\/strong> Des logements attrayants et durables avec une plus-value<\/h3>\n\n\n\n<p>Dans ce domaine en particulier, les exigences des promoteurs immobiliers et des futurs utilisateurs en mati\u00e8re de \"fonctionnalit\u00e9 esth\u00e9tique\" ont augment\u00e9.<\/p>\n\n\n\n<p>Et plus un projet r\u00e9pond \u00e0 ces exigences pour les promoteurs et les futurs utilisateurs, plus il est per\u00e7u comme attractif et de qualit\u00e9, ce qui renforce sa comp\u00e9titivit\u00e9.<\/p>\n\n\n\n<div class=\"wp-block-buttons is-layout-flex wp-block-buttons-is-layout-flex\">\n<div class=\"wp-block-button\"><a class=\"wp-block-button__link wp-element-button\" href=\"https:\/\/www.bruelhartducret.ch\/fr\/developpement-de-projets-de-construction-de-logements\/\">en savoir plus<\/a><\/div>\n<\/div>\n<\/div><\/div>\n\n\n\n<div class=\"wp-block-media-text is-stacked-on-mobile is-vertically-aligned-top\"><figure class=\"wp-block-media-text__media\" data-no-zoom=\"true\"><a href=\"https:\/\/www.bruelhartducret.ch\/fr\/conservation-du-patrimoine\/\"><img loading=\"lazy\" decoding=\"async\" width=\"1024\" height=\"683\" src=\"https:\/\/bruelhartducret.ch\/wp-content\/uploads\/2025\/05\/Maigrauge-Bruelhart-Ducret-1024x683.webp\" alt=\"\" class=\"wp-image-1008 size-full\" srcset=\"https:\/\/www.bruelhartducret.ch\/wp-content\/uploads\/2025\/05\/Maigrauge-Bruelhart-Ducret-1024x683.webp 1024w, https:\/\/www.bruelhartducret.ch\/wp-content\/uploads\/2025\/05\/Maigrauge-Bruelhart-Ducret-300x200.webp 300w, https:\/\/www.bruelhartducret.ch\/wp-content\/uploads\/2025\/05\/Maigrauge-Bruelhart-Ducret-768x512.webp 768w, https:\/\/www.bruelhartducret.ch\/wp-content\/uploads\/2025\/05\/Maigrauge-Bruelhart-Ducret-1536x1024.webp 1536w, https:\/\/www.bruelhartducret.ch\/wp-content\/uploads\/2025\/05\/Maigrauge-Bruelhart-Ducret-2048x1366.webp 2048w, https:\/\/www.bruelhartducret.ch\/wp-content\/uploads\/2025\/05\/Maigrauge-Bruelhart-Ducret-18x12.webp 18w, https:\/\/www.bruelhartducret.ch\/wp-content\/uploads\/2025\/05\/Maigrauge-Bruelhart-Ducret-407x271.webp 407w\" sizes=\"auto, (max-width: 1024px) 100vw, 1024px\" \/><\/a><\/figure><div class=\"wp-block-media-text__content\">\n<h3 class=\"wp-block-heading\"><strong>Conservation du patrimoine : <\/strong>Conserver, d\u00e9velopper, pr\u00e9server.<\/h3>\n\n\n\n<p>La conservation des monuments historiques repr\u00e9sente l'une des t\u00e2ches les plus exigeantes de l'architecture. Nous comprenons l'importance de pr\u00e9server l'ancien et l'historique avec respect tout en faisant \u00e9voluer l'objet vers l'avenir gr\u00e2ce \u00e0 de nouveaux aspects.<\/p>\n\n\n\n<div class=\"wp-block-buttons is-layout-flex wp-block-buttons-is-layout-flex\">\n<div class=\"wp-block-button\"><a class=\"wp-block-button__link wp-element-button\" href=\"https:\/\/www.bruelhartducret.ch\/fr\/conservation-du-patrimoine\/\">en savoir plus<\/a><\/div>\n<\/div>\n<\/div><\/div>\n\n\n\n<div class=\"wp-block-media-text is-stacked-on-mobile is-vertically-aligned-top\"><figure class=\"wp-block-media-text__media\" data-no-zoom=\"true\"><a href=\"https:\/\/www.bruelhartducret.ch\/fr\/transformation-renovation-assainissement\/\"><img loading=\"lazy\" decoding=\"async\" width=\"1024\" height=\"768\" src=\"https:\/\/bruelhartducret.ch\/wp-content\/uploads\/2025\/03\/denkmalpflege-architekt-1024x768.webp\" alt=\"\" class=\"wp-image-938 size-full\" srcset=\"https:\/\/www.bruelhartducret.ch\/wp-content\/uploads\/2025\/03\/denkmalpflege-architekt-1024x768.webp 1024w, https:\/\/www.bruelhartducret.ch\/wp-content\/uploads\/2025\/03\/denkmalpflege-architekt-300x225.webp 300w, https:\/\/www.bruelhartducret.ch\/wp-content\/uploads\/2025\/03\/denkmalpflege-architekt-768x576.webp 768w, https:\/\/www.bruelhartducret.ch\/wp-content\/uploads\/2025\/03\/denkmalpflege-architekt-1536x1152.webp 1536w, https:\/\/www.bruelhartducret.ch\/wp-content\/uploads\/2025\/03\/denkmalpflege-architekt-16x12.webp 16w, https:\/\/www.bruelhartducret.ch\/wp-content\/uploads\/2025\/03\/denkmalpflege-architekt-407x305.webp 407w, https:\/\/www.bruelhartducret.ch\/wp-content\/uploads\/2025\/03\/denkmalpflege-architekt.webp 1920w\" sizes=\"auto, (max-width: 1024px) 100vw, 1024px\" \/><\/a><\/figure><div class=\"wp-block-media-text__content\">\n<h3 class=\"wp-block-heading\"><strong><strong><strong>Transformations, r\u00e9novations et assainissements<\/strong>:<\/strong><\/strong> Optimiser l'existant, pr\u00e9server les valeurs, cr\u00e9er du nouveau.<\/h3>\n\n\n\n<p>La fonctionnalit\u00e9 esth\u00e9tique permet d'am\u00e9liorer l'ambiance des pi\u00e8ces et de les rendre plus attrayantes. Des concepts d'espace innovants jouent un r\u00f4le d\u00e9cisif pour la satisfaction des utilisateurs et la valeur \u00e0 long terme du bien immobilier.<\/p>\n\n\n\n<div class=\"wp-block-buttons is-layout-flex wp-block-buttons-is-layout-flex\">\n<div class=\"wp-block-button\"><a class=\"wp-block-button__link wp-element-button\" href=\"https:\/\/www.bruelhartducret.ch\/fr\/transformation-renovation-assainissement\/\">en savoir plus<\/a><\/div>\n<\/div>\n<\/div><\/div>\n\n\n\n<div class=\"wp-block-media-text is-stacked-on-mobile is-vertically-aligned-top\"><figure class=\"wp-block-media-text__media\" data-no-zoom=\"true\"><a href=\"https:\/\/www.bruelhartducret.ch\/fr\/batiments-industriels\/\"><img decoding=\"async\" src=\"https:\/\/bruelhartducret.ch\/wp-content\/uploads\/2024\/10\/Praxis-St.-Ursen_Atelier-Ducret_01.jpg\" alt=\"\" class=\"wp-image-477 size-full\"\/><\/a><\/figure><div class=\"wp-block-media-text__content\">\n<h3 class=\"wp-block-heading\"><strong><strong>B\u00e2timents commerciaux<\/strong>:<\/strong> Fonctionnalit\u00e9, efficacit\u00e9 et qualit\u00e9 architecturale r\u00e9unies.<\/h3>\n\n\n\n<p>L'image architecturale d'une entreprise est d\u00e9terminante pour sa perception sur le march\u00e9. C'est particuli\u00e8rement vrai pour l'apparence de ses b\u00e2timents. Le choix de miser sur une fonctionnalit\u00e9 esth\u00e9tique favorise le succ\u00e8s de l'entreprise \u00e0 long terme. De plus, un environnement de travail agr\u00e9able contribue de mani\u00e8re d\u00e9terminante \u00e0 attirer et \u00e0 fid\u00e9liser les collaborateurs.<\/p>\n\n\n\n<div class=\"wp-block-buttons is-layout-flex wp-block-buttons-is-layout-flex\">\n<div class=\"wp-block-button\"><a class=\"wp-block-button__link wp-element-button\" href=\"https:\/\/www.bruelhartducret.ch\/fr\/batiments-industriels\/\">en savoir plus<\/a><\/div>\n<\/div>\n<\/div><\/div>\n\n\n\n<div class=\"wp-block-media-text is-stacked-on-mobile is-vertically-aligned-top\"><figure class=\"wp-block-media-text__media\" data-no-zoom=\"true\"><a href=\"https:\/\/www.bruelhartducret.ch\/fr\/design-de-meubles\/\"><img loading=\"lazy\" decoding=\"async\" width=\"1024\" height=\"796\" src=\"https:\/\/bruelhartducret.ch\/wp-content\/uploads\/2025\/05\/Regal-Bruelhart-Ducret-1024x796.webp\" alt=\"\" class=\"wp-image-1010 size-full\" srcset=\"https:\/\/www.bruelhartducret.ch\/wp-content\/uploads\/2025\/05\/Regal-Bruelhart-Ducret-1024x796.webp 1024w, https:\/\/www.bruelhartducret.ch\/wp-content\/uploads\/2025\/05\/Regal-Bruelhart-Ducret-300x233.webp 300w, https:\/\/www.bruelhartducret.ch\/wp-content\/uploads\/2025\/05\/Regal-Bruelhart-Ducret-768x597.webp 768w, https:\/\/www.bruelhartducret.ch\/wp-content\/uploads\/2025\/05\/Regal-Bruelhart-Ducret-1536x1194.webp 1536w, https:\/\/www.bruelhartducret.ch\/wp-content\/uploads\/2025\/05\/Regal-Bruelhart-Ducret-2048x1592.webp 2048w, https:\/\/www.bruelhartducret.ch\/wp-content\/uploads\/2025\/05\/Regal-Bruelhart-Ducret-15x12.webp 15w, https:\/\/www.bruelhartducret.ch\/wp-content\/uploads\/2025\/05\/Regal-Bruelhart-Ducret-407x316.webp 407w\" sizes=\"auto, (max-width: 1024px) 100vw, 1024px\" \/><\/a><\/figure><div class=\"wp-block-media-text__content\">\n<h3 class=\"wp-block-heading\"><strong><strong><strong>Design de meubles<\/strong><\/strong>:<\/strong> Des solutions individuelles pour des espaces uniques.<\/h3>\n\n\n\n<p>Les meubles sont plus que de simples objets fonctionnels - ils fa\u00e7onnent le caract\u00e8re d'une pi\u00e8ce et influencent son atmosph\u00e8re, son ergonomie et ses possibilit\u00e9s d'utilisation. Notre approche du design de meubles allie l'artisanat \u00e0 une conception innovante afin de cr\u00e9er des solutions sur mesure qui s'int\u00e8grent parfaitement \u00e0 votre environnement.<\/p>\n\n\n\n<div class=\"wp-block-buttons is-layout-flex wp-block-buttons-is-layout-flex\">\n<div class=\"wp-block-button\"><a class=\"wp-block-button__link wp-element-button\" href=\"https:\/\/www.bruelhartducret.ch\/fr\/apercu-du-projet\/?kategorie=moebeldesign\">en savoir plus<\/a><\/div>\n<\/div>\n<\/div><\/div>\n<\/div>\n<\/div>\n\n\n<div class=\"blaze-slider alignwide wp-block-bruelhart-ducret-testimonials\">\n    <div class=\"blaze-container\">\n        <div class=\"blaze-track-container\">\n            <ul class=\"blaze-track\">\n                                    <blockquote>\n                        <p>De la planification en 2021 jusqu'\u00e0 la remise des cl\u00e9s fin 2023, Br\u00fclhart Ducret SA et ses collaborateurs cr\u00e9atifs et exp\u00e9riment\u00e9s nous ont merveilleusement soutenus dans la r\u00e9alisation de notre projet de nouvelle construction.\nNous sommes tr\u00e8s heureux de notre superbe maison individuelle et avons eu beaucoup de plaisir \u00e0 mettre en \u0153uvre le projet avec Br\u00fclhart Ducret SA.<\/p>\n                        <cite>Eileen F.<\/cite>\n                    <\/blockquote>\n                                    <blockquote>\n                        <p>Mon bureau d'architecture, pour un projet de construction. Nous sommes impatients de voir le projet prendre forme.<\/p>\n                        <cite>Ralph Ch.<\/cite>\n                    <\/blockquote>\n                                    <blockquote>\n                        <p>La confiance est la base de tout investissement immobilier.\nNotre collaboration de longue date avec Br\u00fclhart Ducret SA d\u00e9montre que cr\u00e9ativit\u00e9, flexibilit\u00e9, sens strat\u00e9gique et expertise approfondie s\u2019unissent ici au plus haut niveau \u2013 un partenariat qui fait ses preuves.<\/p>\n                        <cite>Erich T.<\/cite>\n                    <\/blockquote>\n                                    <blockquote>\n                        <p>Notre architecte a fait de notre r\u00eave une r\u00e9alit\u00e9<\/p>\n                        <cite>Dora F., Daniel R.<\/cite>\n                    <\/blockquote>\n                                    <blockquote>\n                        <p>Le bureau d'architectes de mon choix pour un projet de construction. C'est toujours passionnant d'observer comment le projet prend forme.<\/p>\n                        <cite>David Z.<\/cite>\n                    <\/blockquote>\n                            <\/ul>\n        <\/div>\n        <div class=\"blaze-navigation\">\n            <button class=\"blaze-prev\"><\/button>\n            <button class=\"blaze-next\"><\/button>\n        <\/div>\n    <\/div>\n<\/div>\n\n\n<h2 class=\"wp-block-heading\">\u00c0 propos de Br\u00fclhart Ducret<\/h2>\n\n\n\n<p class=\"is-style-lead\">Suffisamment grand pour chaque projet - mais toujours accompagn\u00e9 personnellement sur le plan op\u00e9rationnel par le chef de projet et l'un des deux partenaires !<\/p>\n\n\n\n<figure class=\"wp-block-embed alignwide is-type-video is-provider-vimeo wp-block-embed-vimeo wp-embed-aspect-16-9 wp-has-aspect-ratio\"><div class=\"wp-block-embed__wrapper\">\n<iframe loading=\"lazy\" title=\"BR\u00dcLHART DUCRET\" src=\"https:\/\/player.vimeo.com\/video\/1051456738?dnt=1&amp;app_id=122963\" width=\"500\" height=\"281\" frameborder=\"0\" allow=\"autoplay; fullscreen; picture-in-picture; clipboard-write; encrypted-media; web-share\" referrerpolicy=\"strict-origin-when-cross-origin\"><\/iframe>\n<\/div><\/figure>\n\n\n\n<div class=\"wp-block-group alignfull offset-content is-layout-constrained wp-block-group-is-layout-constrained\">\n<div class=\"wp-block-group alignfull has-primary-background-color has-background is-layout-constrained wp-block-group-is-layout-constrained\">\n<h5 class=\"wp-block-heading\">Actualit\u00e9s et nouveaut\u00e9s<\/h5>\n\n\n\n<div class=\"wp-block-group lead-with-cta is-nowrap is-layout-flex wp-container-core-group-is-layout-ad2f72ca wp-block-group-is-layout-flex\">\n<p class=\"is-style-lead\"><strong>Fonctionnalit\u00e9 esth\u00e9tique dans l'application pratique :<\/strong> Lisez ici les articles de notre blog \u00e0 ce sujet !<\/p>\n\n\n\n<div class=\"wp-block-buttons is-layout-flex wp-block-buttons-is-layout-flex\">\n<div class=\"wp-block-button\"><a class=\"wp-block-button__link wp-element-button\" href=\"https:\/\/www.bruelhartducret.ch\/fr\/expertise\/\">en savoir plus<\/a><\/div>\n<\/div>\n<\/div>\n<\/div>\n\n\n<div class=\"alignfull is-style-slider is-offset wp-block-bruelhart-ducret-posts\">\n    <turbo-frame id=\"posts\" data-turbo=\"true\">\n                <div class=\"teasers\">\n                            <a href=\"https:\/\/www.bruelhartducret.ch\/fr\/skitagingstaad\/\" class=\"post-1604 post type-post status-publish format-standard has-post-thumbnail hentry\" data-turbo=\"false\">\n    <div class=\"image-wrapper\">\n        <img loading=\"lazy\" decoding=\"async\" width=\"480\" height=\"570\" src=\"https:\/\/www.bruelhartducret.ch\/wp-content\/uploads\/2026\/03\/Skitag-1-480x570.webp\" class=\"attachment-teaser size-teaser wp-post-image\" alt=\"\" srcset=\"https:\/\/www.bruelhartducret.ch\/wp-content\/uploads\/2026\/03\/Skitag-1-480x570.webp 480w, https:\/\/www.bruelhartducret.ch\/wp-content\/uploads\/2026\/03\/Skitag-1-960x1140.webp 960w\" sizes=\"auto, (max-width: 480px) 100vw, 480px\" \/>    <\/div>\n    <div class=\"data-wrapper\">\n        <h3 class=\"title\">Journ\u00e9e de ski \u00e0 Gstaad<\/h3>\n        <p class=\"excerpt\">Une journ\u00e9e de ski parfaite avec des conditions d'enneigement optimales, du soleil et de la bonne humeur !<\/p>\n        <div class=\"wp-block-button read-more\">\n            <span class=\"wp-element-button\">en savoir plus<\/span>\n        <\/div>\n    <\/div>\n<\/a>                            <a href=\"https:\/\/www.bruelhartducret.ch\/fr\/dimitri-gl\/\" class=\"post-1555 post type-post status-publish format-standard has-post-thumbnail hentry\" data-turbo=\"false\">\n    <div class=\"image-wrapper\">\n        <img loading=\"lazy\" decoding=\"async\" width=\"480\" height=\"570\" src=\"https:\/\/www.bruelhartducret.ch\/wp-content\/uploads\/2025\/11\/251017_Portrait-GL-BD-480x570.webp\" class=\"attachment-teaser size-teaser wp-post-image\" alt=\"\" srcset=\"https:\/\/www.bruelhartducret.ch\/wp-content\/uploads\/2025\/11\/251017_Portrait-GL-BD-480x570.webp 480w, https:\/\/www.bruelhartducret.ch\/wp-content\/uploads\/2025\/11\/251017_Portrait-GL-BD-960x1140.webp 960w\" sizes=\"auto, (max-width: 480px) 100vw, 480px\" \/>    <\/div>\n    <div class=\"data-wrapper\">\n        <h3 class=\"title\">BR\u00dcLHART DUCRET AG \u00c9LARGIT SA DIRECTION<\/h3>\n        <p class=\"excerpt\">\u00c9largit direction<\/p>\n        <div class=\"wp-block-button read-more\">\n            <span class=\"wp-element-button\">en savoir plus<\/span>\n        <\/div>\n    <\/div>\n<\/a>                            <a href=\"https:\/\/www.bruelhartducret.ch\/fr\/seislermaess-3\/\" class=\"post-1546 post type-post status-publish format-standard has-post-thumbnail hentry\" data-turbo=\"false\">\n    <div class=\"image-wrapper\">\n        <img loading=\"lazy\" decoding=\"async\" width=\"480\" height=\"570\" src=\"https:\/\/www.bruelhartducret.ch\/wp-content\/uploads\/2025\/11\/thumbnail_IMG_9979-480x570.webp\" class=\"attachment-teaser size-teaser wp-post-image\" alt=\"\" srcset=\"https:\/\/www.bruelhartducret.ch\/wp-content\/uploads\/2025\/11\/thumbnail_IMG_9979-480x570.webp 480w, https:\/\/www.bruelhartducret.ch\/wp-content\/uploads\/2025\/11\/thumbnail_IMG_9979-960x1140.webp 960w\" sizes=\"auto, (max-width: 480px) 100vw, 480px\" \/>    <\/div>\n    <div class=\"data-wrapper\">\n        <h3 class=\"title\">Visite au mus\u00e9e &amp; plaisirs culinaires \u00e0 Fribourg<\/h3>\n        <p class=\"excerpt\">Visite au mus\u00e9e &amp; plaisirs culinaires \u00e0 Fribourg<\/p>\n        <div class=\"wp-block-button read-more\">\n            <span class=\"wp-element-button\">en savoir plus<\/span>\n        <\/div>\n    <\/div>\n<\/a>                            <a href=\"https:\/\/www.bruelhartducret.ch\/fr\/seislermaess\/\" class=\"post-1414 post type-post status-publish format-standard has-post-thumbnail hentry\" data-turbo=\"false\">\n    <div class=\"image-wrapper\">\n        <img loading=\"lazy\" decoding=\"async\" width=\"480\" height=\"570\" src=\"https:\/\/www.bruelhartducret.ch\/wp-content\/uploads\/2025\/06\/Bild01_bearbeitet-1-480x570.webp\" class=\"attachment-teaser size-teaser wp-post-image\" alt=\"\" srcset=\"https:\/\/www.bruelhartducret.ch\/wp-content\/uploads\/2025\/06\/Bild01_bearbeitet-1-480x570.webp 480w, https:\/\/www.bruelhartducret.ch\/wp-content\/uploads\/2025\/06\/Bild01_bearbeitet-1-9x12.webp 9w, https:\/\/www.bruelhartducret.ch\/wp-content\/uploads\/2025\/06\/Bild01_bearbeitet-1-960x1140.webp 960w\" sizes=\"auto, (max-width: 480px) 100vw, 480px\" \/>    <\/div>\n    <div class=\"data-wrapper\">\n        <h3 class=\"title\">Chariot gourmand<\/h3>\n        <p class=\"excerpt\">Un projet de BR\u00dcLHART DUCRET AG pour la cave St\u00e4mpfli AG et Alachsa, Laupen<\/p>\n        <div class=\"wp-block-button read-more\">\n            <span class=\"wp-element-button\">en savoir plus<\/span>\n        <\/div>\n    <\/div>\n<\/a>                    <\/div>\n            <\/turbo-frame>\n<\/div>\n<\/div>","protected":false},"excerpt":{"rendered":"<p>F\u00fcr unser Architekturb\u00fcro ist hochwertiges Design bei jedem Bauprojekt ein grundlegendes Ziel und ein wesentlicher Anspruch. Dabei betrachten wir Design nicht als Selbstzweck, sondern als die \u00e4sthetische Essenz aller Anforderungen des Objekts und der lokalen Gegebenheiten. Unsere \u00dcberzeugung und unsere Erfahrungen basieren darauf, dass funktional \u00e4sthetische L\u00f6sungen in jeder Hinsicht erfolgreicher sind. Funktional Sch\u00f6nes hat [&hellip;]<\/p>","protected":false},"author":1,"featured_media":0,"parent":0,"menu_order":0,"comment_status":"closed","ping_status":"closed","template":"","meta":{"footnotes":""},"class_list":["post-80","page","type-page","status-publish","hentry"],"acf":[],"_links":{"self":[{"href":"https:\/\/www.bruelhartducret.ch\/fr\/wp-json\/wp\/v2\/pages\/80","targetHints":{"allow":["GET"]}}],"collection":[{"href":"https:\/\/www.bruelhartducret.ch\/fr\/wp-json\/wp\/v2\/pages"}],"about":[{"href":"https:\/\/www.bruelhartducret.ch\/fr\/wp-json\/wp\/v2\/types\/page"}],"author":[{"embeddable":true,"href":"https:\/\/www.bruelhartducret.ch\/fr\/wp-json\/wp\/v2\/users\/1"}],"replies":[{"embeddable":true,"href":"https:\/\/www.bruelhartducret.ch\/fr\/wp-json\/wp\/v2\/comments?post=80"}],"version-history":[{"count":92,"href":"https:\/\/www.bruelhartducret.ch\/fr\/wp-json\/wp\/v2\/pages\/80\/revisions"}],"predecessor-version":[{"id":1532,"href":"https:\/\/www.bruelhartducret.ch\/fr\/wp-json\/wp\/v2\/pages\/80\/revisions\/1532"}],"wp:attachment":[{"href":"https:\/\/www.bruelhartducret.ch\/fr\/wp-json\/wp\/v2\/media?parent=80"}],"curies":[{"name":"wp","href":"https:\/\/api.w.org\/{rel}","templated":true}]}}