{"id":780,"date":"2024-12-10T07:56:24","date_gmt":"2024-12-10T06:56:24","guid":{"rendered":"https:\/\/bruelhart-ducret.dev.hayloft-it.ch\/?page_id=780"},"modified":"2025-07-11T15:56:57","modified_gmt":"2025-07-11T13:56:57","slug":"batiments-industriels","status":"publish","type":"page","link":"https:\/\/www.bruelhartducret.ch\/fr\/batiments-industriels\/","title":{"rendered":"Secteur public &amp; commerciale"},"content":{"rendered":"<div class=\"wp-block-group alignfull hero-with-title-and-cover is-layout-flow wp-block-group-is-layout-flow\">\n<h1 class=\"wp-block-heading\"><strong><strong><strong><strong><strong><strong>secteur public<\/strong><\/strong><\/strong><\/strong> |<\/strong> <strong>commerciale<\/strong>:<\/strong> Fonctionnalit\u00e9, efficacit\u00e9 et qualit\u00e9 architecturale r\u00e9unies<\/h1>\n\n\n\n<div class=\"wp-block-cover alignfull is-light\"><img decoding=\"async\" class=\"wp-block-cover__image-background wp-image-477\" alt=\"\" src=\"https:\/\/bruelhartducret.ch\/wp-content\/uploads\/2024\/10\/Praxis-St.-Ursen_Atelier-Ducret_01.jpg\" data-object-fit=\"cover\"\/><span aria-hidden=\"true\" class=\"wp-block-cover__background has-background-dim-0 has-background-dim\" style=\"background-color:#a29a92\"><\/span><div class=\"wp-block-cover__inner-container is-layout-constrained wp-block-cover-is-layout-constrained\">\n<p class=\"has-text-align-center has-large-font-size\"><\/p>\n<\/div><\/div>\n<\/div>\n\n\n\n<div class=\"wp-block-group alignfull lead-wrapper is-layout-constrained wp-block-group-is-layout-constrained\">\n<p class=\"is-style-lead\">Les b\u00e2timents commerciaux doivent r\u00e9pondre aux exigences les plus \u00e9lev\u00e9es en mati\u00e8re de fonctionnalit\u00e9, de rentabilit\u00e9 et de flexibilit\u00e9. Qu'il s'agisse d'immeubles de bureaux, de halles de production, de surfaces de vente ou de biens immobiliers \u00e0 usage mixte, nous planifions et r\u00e9alisons des solutions sur mesure, adapt\u00e9es aux besoins sp\u00e9cifiques de votre entreprise. &nbsp;<\/p>\n\n\n\n<p class=\"is-style-lead\">Chez Br\u00fclhart Ducret, nous associons une architecture bien pens\u00e9e \u00e0 une utilisation efficace de l'espace, de l'\u00e9nergie et des ressources. Notre objectif est de cr\u00e9er des b\u00e2timents commerciaux qui ne convainquent pas seulement par leur fonctionnalit\u00e9, mais qui offrent \u00e9galement une qualit\u00e9 de travail et de s\u00e9jour inspirante. Forts de notre longue exp\u00e9rience, nous accompagnons votre projet de construction de sa conception \u00e0 son ach\u00e8vement, en gardant toujours \u00e0 l'esprit la durabilit\u00e9, le contr\u00f4le des co\u00fbts et les d\u00e9veloppements futurs. &nbsp;<\/p>\n\n\n\n<h2 class=\"wp-block-heading\"><strong><strong><strong>Les avantages d'une construction commerciale avec nous :<\/strong><\/strong><\/strong><\/h2>\n\n\n\n<ul class=\"wp-block-list\">\n<li><strong>Planification sur mesure :<\/strong> Chaque entreprise a des exigences individuelles - nous d\u00e9veloppons des concepts flexibles et p\u00e9rennes qui s'adaptent parfaitement \u00e0 vos processus d'exploitation. &nbsp;<\/li>\n\n\n\n<li><strong>Efficacit\u00e9 et rentabilit\u00e9 :<\/strong> Gr\u00e2ce \u00e0 des plans intelligents, \u00e0 une utilisation optimale des surfaces et \u00e0 des solutions efficaces sur le plan \u00e9nerg\u00e9tique, nous r\u00e9duisons les co\u00fbts d'exploitation et maximisons la rentabilit\u00e9 de votre bien immobilier. &nbsp;<\/li>\n\n\n\n<li><strong>Durabilit\u00e9 et innovation : <\/strong>Nous misons sur des m\u00e9thodes de construction qui pr\u00e9servent les ressources, sur des techniques de construction modernes et sur des mat\u00e9riaux durables afin de minimiser l'empreinte \u00e9cologique. &nbsp;<\/li>\n\n\n\n<li><strong>Qualit\u00e9 de travail et de s\u00e9jour :<\/strong> Un climat int\u00e9rieur agr\u00e9able, l'utilisation de la lumi\u00e8re du jour et un am\u00e9nagement ergonomique favorisent la productivit\u00e9 et le bien-\u00eatre - pour les collaborateurs, les clients et les visiteurs. &nbsp;<\/li>\n\n\n\n<li><strong>Pr\u00e9cision technique et qualit\u00e9 de conception :<\/strong> Nous combinons une architecture fonctionnelle avec un design esth\u00e9tique pour cr\u00e9er des b\u00e2timents commerciaux \u00e0 l'identit\u00e9 et aux caract\u00e9ristiques reconnaissables. &nbsp;<\/li>\n\n\n\n<li><strong>Respect des d\u00e9lais et du budget :<\/strong> Gr\u00e2ce \u00e0 une planification pr\u00e9voyante, une coordination \u00e9troite avec toutes les parties concern\u00e9es et un d\u00e9roulement efficace des travaux, nous garantissons le respect des d\u00e9lais et des budgets.<\/li>\n<\/ul>\n<\/div>\n\n\n\n<div style=\"height:50px\" aria-hidden=\"true\" class=\"wp-block-spacer\"><\/div>\n\n\n\n<p class=\"is-style-lead\"><strong><strong><strong>Avec Br\u00fclhart Ducret, vous avez \u00e0 vos c\u00f4t\u00e9s un partenaire exp\u00e9riment\u00e9 qui r\u00e9alise des b\u00e2timents commerciaux avec clairvoyance, qualit\u00e9 et efficacit\u00e9. Nous cr\u00e9ons des b\u00e2timents qui soutiennent de mani\u00e8re optimale vos processus commerciaux et garantissent des valeurs \u00e0 long terme.<\/strong><\/strong><\/strong><\/p>\n\n\n\n<div class=\"wp-block-group alignfull is-layout-constrained wp-block-group-is-layout-constrained\">\n<h5 class=\"wp-block-heading\">R\u00e9f\u00e9rences<\/h5>\n\n\n\n<h2 class=\"wp-block-heading\">Projets r\u00e9alis\u00e9s<\/h2>\n\n\n\n<div class=\"wp-block-buttons is-layout-flex wp-block-buttons-is-layout-flex\">\n<div class=\"wp-block-button\"><a class=\"wp-block-button__link wp-element-button\" href=\"https:\/\/www.bruelhartducret.ch\/fr\/apercu-du-projet\/\">voir tous les projets<\/a><\/div>\n<\/div>\n\n\n<div class=\"align is-style-list wp-block-bruelhart-ducret-projects\">\n    <turbo-frame id=\"projects\" data-turbo=\"true\">\n                <div class=\"teasers\">\n                            <a href=\"https:\/\/www.bruelhartducret.ch\/fr\/projet\/werkhofjungo\/\" class=\"post-1564 project type-project status-publish has-post-thumbnail hentry project_cat-gewerbebauten\" data-turbo=\"false\">\n    <div class=\"image-wrapper\">\n        <img loading=\"lazy\" decoding=\"async\" width=\"1920\" height=\"1440\" src=\"https:\/\/www.bruelhartducret.ch\/wp-content\/uploads\/2025\/12\/BDA-Jun-251002-ARC003.webp\" class=\"attachment-post-thumbnail size-post-thumbnail wp-post-image\" alt=\"\" srcset=\"https:\/\/www.bruelhartducret.ch\/wp-content\/uploads\/2025\/12\/BDA-Jun-251002-ARC003.webp 1920w, https:\/\/www.bruelhartducret.ch\/wp-content\/uploads\/2025\/12\/BDA-Jun-251002-ARC003-300x225.webp 300w, https:\/\/www.bruelhartducret.ch\/wp-content\/uploads\/2025\/12\/BDA-Jun-251002-ARC003-1024x768.webp 1024w, https:\/\/www.bruelhartducret.ch\/wp-content\/uploads\/2025\/12\/BDA-Jun-251002-ARC003-768x576.webp 768w, https:\/\/www.bruelhartducret.ch\/wp-content\/uploads\/2025\/12\/BDA-Jun-251002-ARC003-1536x1152.webp 1536w, https:\/\/www.bruelhartducret.ch\/wp-content\/uploads\/2025\/12\/BDA-Jun-251002-ARC003-16x12.webp 16w, https:\/\/www.bruelhartducret.ch\/wp-content\/uploads\/2025\/12\/BDA-Jun-251002-ARC003-407x305.webp 407w\" sizes=\"auto, (max-width: 1920px) 100vw, 1920px\" \/>    <\/div>\n    <div class=\"data-wrapper\">\n        <h3 class=\"title\">Werkhof Jungo Gartengestaltung<\/h3>\n        <p class=\"excerpt\">Werkhof Jungo Gartengestaltung<\/p>\n        <div class=\"wp-block-button read-more\">\n            <span class=\"wp-element-button\">en savoir plus<\/span>\n        <\/div>\n    <\/div>\n<\/a>                            <a href=\"https:\/\/www.bruelhartducret.ch\/fr\/projet\/buffet-de-la-gare\/\" class=\"post-526 project type-project status-publish has-post-thumbnail hentry project_cat-denkmalpflege project_cat-gewerbebauten project_cat-umbau-renovation-und-sanierung\" data-turbo=\"false\">\n    <div class=\"image-wrapper\">\n        <img loading=\"lazy\" decoding=\"async\" width=\"1920\" height=\"1080\" src=\"https:\/\/www.bruelhartducret.ch\/wp-content\/uploads\/2024\/11\/BDA-Buf-210420-ARC003.webp\" class=\"attachment-post-thumbnail size-post-thumbnail wp-post-image\" alt=\"\" srcset=\"https:\/\/www.bruelhartducret.ch\/wp-content\/uploads\/2024\/11\/BDA-Buf-210420-ARC003.webp 1920w, https:\/\/www.bruelhartducret.ch\/wp-content\/uploads\/2024\/11\/BDA-Buf-210420-ARC003-300x169.webp 300w, https:\/\/www.bruelhartducret.ch\/wp-content\/uploads\/2024\/11\/BDA-Buf-210420-ARC003-1024x576.webp 1024w, https:\/\/www.bruelhartducret.ch\/wp-content\/uploads\/2024\/11\/BDA-Buf-210420-ARC003-768x432.webp 768w, https:\/\/www.bruelhartducret.ch\/wp-content\/uploads\/2024\/11\/BDA-Buf-210420-ARC003-1536x864.webp 1536w, https:\/\/www.bruelhartducret.ch\/wp-content\/uploads\/2024\/11\/BDA-Buf-210420-ARC003-18x10.webp 18w, https:\/\/www.bruelhartducret.ch\/wp-content\/uploads\/2024\/11\/BDA-Buf-210420-ARC003-407x229.webp 407w\" sizes=\"auto, (max-width: 1920px) 100vw, 1920px\" \/>    <\/div>\n    <div class=\"data-wrapper\">\n        <h3 class=\"title\">Buf\u00adfet de la Gare<\/h3>\n        <p class=\"excerpt\">Le nouveau concept combine l'ancien et le nouveau et conf\u00e8re \u00e0 l'ensemble une ambiance de buffet de gare du d\u00e9but du si\u00e8cle.<\/p>\n        <div class=\"wp-block-button read-more\">\n            <span class=\"wp-element-button\">en savoir plus<\/span>\n        <\/div>\n    <\/div>\n<\/a>                            <a href=\"https:\/\/www.bruelhartducret.ch\/fr\/projet\/salle-dinhumation-tafers\/\" class=\"post-518 project type-project status-publish has-post-thumbnail hentry project_cat-gewerbebauten\" data-turbo=\"false\">\n    <div class=\"image-wrapper\">\n        <img loading=\"lazy\" decoding=\"async\" width=\"1920\" height=\"1080\" src=\"https:\/\/www.bruelhartducret.ch\/wp-content\/uploads\/2024\/11\/Aufbahrungshalle-tafers-visualisierung.webp\" class=\"attachment-post-thumbnail size-post-thumbnail wp-post-image\" alt=\"\" srcset=\"https:\/\/www.bruelhartducret.ch\/wp-content\/uploads\/2024\/11\/Aufbahrungshalle-tafers-visualisierung.webp 1920w, https:\/\/www.bruelhartducret.ch\/wp-content\/uploads\/2024\/11\/Aufbahrungshalle-tafers-visualisierung-300x169.webp 300w, https:\/\/www.bruelhartducret.ch\/wp-content\/uploads\/2024\/11\/Aufbahrungshalle-tafers-visualisierung-1024x576.webp 1024w, https:\/\/www.bruelhartducret.ch\/wp-content\/uploads\/2024\/11\/Aufbahrungshalle-tafers-visualisierung-768x432.webp 768w, https:\/\/www.bruelhartducret.ch\/wp-content\/uploads\/2024\/11\/Aufbahrungshalle-tafers-visualisierung-1536x864.webp 1536w, https:\/\/www.bruelhartducret.ch\/wp-content\/uploads\/2024\/11\/Aufbahrungshalle-tafers-visualisierung-18x10.webp 18w, https:\/\/www.bruelhartducret.ch\/wp-content\/uploads\/2024\/11\/Aufbahrungshalle-tafers-visualisierung-407x229.webp 407w\" sizes=\"auto, (max-width: 1920px) 100vw, 1920px\" \/>    <\/div>\n    <div class=\"data-wrapper\">\n        <h3 class=\"title\">Chapelle fun\u00e9raire \u00e0 Tavel<\/h3>\n        <p class=\"excerpt\">Lors du concours de projet pour la construction d'une nouvelle salle d'inhumation \u00e0 Tavel, notre projet a \u00e9t\u00e9 r\u00e9compens\u00e9 par le premier prix.<\/p>\n        <div class=\"wp-block-button read-more\">\n            <span class=\"wp-element-button\">en savoir plus<\/span>\n        <\/div>\n    <\/div>\n<\/a>                            <a href=\"https:\/\/www.bruelhartducret.ch\/fr\/projet\/batiment-polyvalent-tafers\/\" class=\"post-501 project type-project status-publish has-post-thumbnail hentry project_cat-gewerbebauten\" data-turbo=\"false\">\n    <div class=\"image-wrapper\">\n        <img loading=\"lazy\" decoding=\"async\" width=\"1920\" height=\"1440\" src=\"https:\/\/www.bruelhartducret.ch\/wp-content\/uploads\/2023\/09\/download.webp\" class=\"attachment-post-thumbnail size-post-thumbnail wp-post-image\" alt=\"\" srcset=\"https:\/\/www.bruelhartducret.ch\/wp-content\/uploads\/2023\/09\/download.webp 1920w, https:\/\/www.bruelhartducret.ch\/wp-content\/uploads\/2023\/09\/download-300x225.webp 300w, https:\/\/www.bruelhartducret.ch\/wp-content\/uploads\/2023\/09\/download-1024x768.webp 1024w, https:\/\/www.bruelhartducret.ch\/wp-content\/uploads\/2023\/09\/download-768x576.webp 768w, https:\/\/www.bruelhartducret.ch\/wp-content\/uploads\/2023\/09\/download-1536x1152.webp 1536w, https:\/\/www.bruelhartducret.ch\/wp-content\/uploads\/2023\/09\/download-16x12.webp 16w, https:\/\/www.bruelhartducret.ch\/wp-content\/uploads\/2023\/09\/download-407x305.webp 407w\" sizes=\"auto, (max-width: 1920px) 100vw, 1920px\" \/>    <\/div>\n    <div class=\"data-wrapper\">\n        <h3 class=\"title\">B\u00e2ti\u00adment poly\u00adva\u00adlent Tavel<\/h3>\n        <p class=\"excerpt\">Autre\u00adfois une car\u00adri\u00e8re de gravier, puis le b\u00e2ti\u00adment de l\u2019an\u00adci\u00adenne \u200b\u201cTr\u00f6ch\u00adni\u201d, aujour\u00add\u2019hui le b\u00e2ti\u00adment poly\u00adva\u00adlent de Tavel.<\/p>\n        <div class=\"wp-block-button read-more\">\n            <span class=\"wp-element-button\">en savoir plus<\/span>\n        <\/div>\n    <\/div>\n<\/a>                            <a href=\"https:\/\/www.bruelhartducret.ch\/fr\/projet\/landi-sense-duedingen\/\" class=\"post-1315 project type-project status-publish has-post-thumbnail hentry project_cat-gewerbebauten\" data-turbo=\"false\">\n    <div class=\"image-wrapper\">\n        <img loading=\"lazy\" decoding=\"async\" width=\"1920\" height=\"1440\" src=\"https:\/\/www.bruelhartducret.ch\/wp-content\/uploads\/2025\/05\/Landi-Sense_7.webp\" class=\"attachment-post-thumbnail size-post-thumbnail wp-post-image\" alt=\"\" srcset=\"https:\/\/www.bruelhartducret.ch\/wp-content\/uploads\/2025\/05\/Landi-Sense_7.webp 1920w, https:\/\/www.bruelhartducret.ch\/wp-content\/uploads\/2025\/05\/Landi-Sense_7-300x225.webp 300w, https:\/\/www.bruelhartducret.ch\/wp-content\/uploads\/2025\/05\/Landi-Sense_7-1024x768.webp 1024w, https:\/\/www.bruelhartducret.ch\/wp-content\/uploads\/2025\/05\/Landi-Sense_7-768x576.webp 768w, https:\/\/www.bruelhartducret.ch\/wp-content\/uploads\/2025\/05\/Landi-Sense_7-1536x1152.webp 1536w, https:\/\/www.bruelhartducret.ch\/wp-content\/uploads\/2025\/05\/Landi-Sense_7-16x12.webp 16w, https:\/\/www.bruelhartducret.ch\/wp-content\/uploads\/2025\/05\/Landi-Sense_7-407x305.webp 407w\" sizes=\"auto, (max-width: 1920px) 100vw, 1920px\" \/>    <\/div>\n    <div class=\"data-wrapper\">\n        <h3 class=\"title\">Landi Singine-Guin<\/h3>\n        <p class=\"excerpt\">Halle de chargement et de stockage avec presse \u00e0 balles structur\u00e9es \u2013 la fonction rencontre le design<\/p>\n        <div class=\"wp-block-button read-more\">\n            <span class=\"wp-element-button\">en savoir plus<\/span>\n        <\/div>\n    <\/div>\n<\/a>                            <a href=\"https:\/\/www.bruelhartducret.ch\/fr\/projet\/step-payerne\/\" class=\"post-1280 project type-project status-publish has-post-thumbnail hentry project_cat-gewerbebauten\" data-turbo=\"false\">\n    <div class=\"image-wrapper\">\n        <img loading=\"lazy\" decoding=\"async\" width=\"2560\" height=\"1440\" src=\"https:\/\/www.bruelhartducret.ch\/wp-content\/uploads\/2025\/05\/Step-Payerne_Visu-scaled.webp\" class=\"attachment-post-thumbnail size-post-thumbnail wp-post-image\" alt=\"\" srcset=\"https:\/\/www.bruelhartducret.ch\/wp-content\/uploads\/2025\/05\/Step-Payerne_Visu-scaled.webp 2560w, https:\/\/www.bruelhartducret.ch\/wp-content\/uploads\/2025\/05\/Step-Payerne_Visu-300x169.webp 300w, https:\/\/www.bruelhartducret.ch\/wp-content\/uploads\/2025\/05\/Step-Payerne_Visu-1024x576.webp 1024w, https:\/\/www.bruelhartducret.ch\/wp-content\/uploads\/2025\/05\/Step-Payerne_Visu-768x432.webp 768w, https:\/\/www.bruelhartducret.ch\/wp-content\/uploads\/2025\/05\/Step-Payerne_Visu-1536x864.webp 1536w, https:\/\/www.bruelhartducret.ch\/wp-content\/uploads\/2025\/05\/Step-Payerne_Visu-2048x1152.webp 2048w, https:\/\/www.bruelhartducret.ch\/wp-content\/uploads\/2025\/05\/Step-Payerne_Visu-18x10.webp 18w, https:\/\/www.bruelhartducret.ch\/wp-content\/uploads\/2025\/05\/Step-Payerne_Visu-407x229.webp 407w\" sizes=\"auto, (max-width: 2560px) 100vw, 2560px\" \/>    <\/div>\n    <div class=\"data-wrapper\">\n        <h3 class=\"title\">STEP Payerne<\/h3>\n        <p class=\"excerpt\">STEP r\u00e9gionale \u00ab\u202fl\u2019Eparse\u202f\u00bb \u00e0 Payerne<\/p>\n        <div class=\"wp-block-button read-more\">\n            <span class=\"wp-element-button\">en savoir plus<\/span>\n        <\/div>\n    <\/div>\n<\/a>                    <\/div>\n            <\/turbo-frame>\n<\/div>\n<\/div>\n\n\n<div class=\"alignfull has-background has-primary-background-color wp-block-group alignfull wp-block-bruelhart-ducret-contact has-background has-primary-background-color\">\n    <div class=\"content-wrapper\">\n        <div class=\"acf-innerblocks-container\">\n\n<h5 class=\"wp-block-heading\">Personne de contact<\/h5>\n\n\n\n<h2 class=\"wp-block-heading\"><strong>Vous avez des questions sur le d\u00e9veloppement de projets de construction de logements ?<\/strong> N'h\u00e9sitez pas \u00e0 nous contacter.<\/h2>\n\n\n\n<div class=\"wp-block-buttons is-layout-flex wp-block-buttons-is-layout-flex\">\n<div class=\"wp-block-button\"><a class=\"wp-block-button__link wp-element-button\" href=\"https:\/\/www.bruelhartducret.ch\/fr\/bureau-darchitecture\/#team\">Tous les contacts<\/a><\/div>\n<\/div>\n\n<\/div>\n    <\/div>\n            <div class=\"employees\">\n            <figure href=\"https:\/\/www.bruelhartducret.ch\/fr\/?employee=automatisch-gespeicherter-entwurf-4\" class=\"post-814 employee type-employee status-publish hentry\" data-turbo=\"false\">\n    <div class=\"portrait-wrapper\">\n        <img loading=\"lazy\" decoding=\"async\" width=\"407\" height=\"305\" src=\"https:\/\/www.bruelhartducret.ch\/wp-content\/uploads\/2025\/02\/Sacha_2025_2-407x305.webp\" class=\"attachment-portrait size-portrait\" alt=\"\" srcset=\"https:\/\/www.bruelhartducret.ch\/wp-content\/uploads\/2025\/02\/Sacha_2025_2-407x305.webp 407w, https:\/\/www.bruelhartducret.ch\/wp-content\/uploads\/2025\/02\/Sacha_2025_2-300x225.webp 300w, https:\/\/www.bruelhartducret.ch\/wp-content\/uploads\/2025\/02\/Sacha_2025_2-1024x768.webp 1024w, https:\/\/www.bruelhartducret.ch\/wp-content\/uploads\/2025\/02\/Sacha_2025_2-768x576.webp 768w, https:\/\/www.bruelhartducret.ch\/wp-content\/uploads\/2025\/02\/Sacha_2025_2-1536x1152.webp 1536w, https:\/\/www.bruelhartducret.ch\/wp-content\/uploads\/2025\/02\/Sacha_2025_2-2048x1536.webp 2048w, https:\/\/www.bruelhartducret.ch\/wp-content\/uploads\/2025\/02\/Sacha_2025_2-16x12.webp 16w\" sizes=\"auto, (max-width: 407px) 100vw, 407px\" \/>                    <a class=\"linkedin\" href=\"https:\/\/ch.linkedin.com\/in\/sacha-br%C3%BClhart-850106167\" target=\"_blank\"><\/a>\n            <\/div>\n    <figcaption>\n        <h3 class=\"name\">Sacha Br\u00fclhart <\/h3>\n                    <div class=\"occupation\">\n                                    <span class=\"job\">Architecte FH, biologiste du b\u00e2timent SIB<\/span>\n                                                    <span class=\"position\">Partenaire principal, co-directeur<\/span>\n                            <\/div>\n                            <div class=\"links\">\n                                    <a class=\"phone\" href=\"tel:+41 58 861 61 01\">+41 58 861 61 01<\/a>\n                                                    <a class=\"email\" href=\"mailto:sacha.bruelhart@bruelhartducret.ch\">sacha.bruelhart@bruelhartducret.ch<\/a>\n                            <\/div>\n            <\/figcaption>\n<\/figure>            <figure href=\"https:\/\/www.bruelhartducret.ch\/fr\/?employee=automatisch-gespeicherter-entwurf-4\" class=\"post-753 employee type-employee status-publish hentry\" data-turbo=\"false\">\n    <div class=\"portrait-wrapper\">\n        <img loading=\"lazy\" decoding=\"async\" width=\"407\" height=\"304\" src=\"https:\/\/www.bruelhartducret.ch\/wp-content\/uploads\/2025\/02\/2025_Steve-Ducret_1-scaled-e1752062618327-407x304.webp\" class=\"attachment-portrait size-portrait\" alt=\"\" srcset=\"https:\/\/www.bruelhartducret.ch\/wp-content\/uploads\/2025\/02\/2025_Steve-Ducret_1-scaled-e1752062618327-407x304.webp 407w, https:\/\/www.bruelhartducret.ch\/wp-content\/uploads\/2025\/02\/2025_Steve-Ducret_1-scaled-e1752062618327-300x224.webp 300w, https:\/\/www.bruelhartducret.ch\/wp-content\/uploads\/2025\/02\/2025_Steve-Ducret_1-scaled-e1752062618327-1024x766.webp 1024w, https:\/\/www.bruelhartducret.ch\/wp-content\/uploads\/2025\/02\/2025_Steve-Ducret_1-scaled-e1752062618327-768x575.webp 768w, https:\/\/www.bruelhartducret.ch\/wp-content\/uploads\/2025\/02\/2025_Steve-Ducret_1-scaled-e1752062618327-1536x1149.webp 1536w, https:\/\/www.bruelhartducret.ch\/wp-content\/uploads\/2025\/02\/2025_Steve-Ducret_1-scaled-e1752062618327-16x12.webp 16w, https:\/\/www.bruelhartducret.ch\/wp-content\/uploads\/2025\/02\/2025_Steve-Ducret_1-scaled-e1752062618327.webp 1540w\" sizes=\"auto, (max-width: 407px) 100vw, 407px\" \/>                    <a class=\"linkedin\" href=\"https:\/\/ch.linkedin.com\/in\/steve-ducret-9ba43746\" target=\"_blank\"><\/a>\n            <\/div>\n    <figcaption>\n        <h3 class=\"name\">Steve Ducret<\/h3>\n                    <div class=\"occupation\">\n                                    <span class=\"job\">Architecte FH<\/span>\n                                                    <span class=\"position\">Partenaire principal, co-directeur<\/span>\n                            <\/div>\n                            <div class=\"links\">\n                                    <a class=\"phone\" href=\"tel:+41 58 861 61 02\">+41 58 861 61 02<\/a>\n                                                    <a class=\"email\" href=\"mailto:steve.ducret@bruelhartducret.ch\">steve.ducret@bruelhartducret.ch<\/a>\n                            <\/div>\n            <\/figcaption>\n<\/figure>        <\/div>\n    <\/div>\n\n<div class=\"blaze-slider alignwide wp-block-bruelhart-ducret-testimonials\">\n    <div class=\"blaze-container\">\n        <div class=\"blaze-track-container\">\n            <ul class=\"blaze-track\">\n                                    <blockquote>\n                        <p>De la planification en 2021 jusqu'\u00e0 la remise des cl\u00e9s fin 2023, Br\u00fclhart Ducret SA et ses collaborateurs cr\u00e9atifs et exp\u00e9riment\u00e9s nous ont merveilleusement soutenus dans la r\u00e9alisation de notre projet de nouvelle construction.\nNous sommes tr\u00e8s heureux de notre superbe maison individuelle et avons eu beaucoup de plaisir \u00e0 mettre en \u0153uvre le projet avec Br\u00fclhart Ducret SA.<\/p>\n                        <cite>Eileen F.<\/cite>\n                    <\/blockquote>\n                                    <blockquote>\n                        <p>Mon bureau d'architecture, pour un projet de construction. Nous sommes impatients de voir le projet prendre forme.<\/p>\n                        <cite>Ralph Ch.<\/cite>\n                    <\/blockquote>\n                                    <blockquote>\n                        <p>La confiance est la base de tout investissement immobilier.\nNotre collaboration de longue date avec Br\u00fclhart Ducret SA d\u00e9montre que cr\u00e9ativit\u00e9, flexibilit\u00e9, sens strat\u00e9gique et expertise approfondie s\u2019unissent ici au plus haut niveau \u2013 un partenariat qui fait ses preuves.<\/p>\n                        <cite>Erich T.<\/cite>\n                    <\/blockquote>\n                                    <blockquote>\n                        <p>Notre architecte a fait de notre r\u00eave une r\u00e9alit\u00e9<\/p>\n                        <cite>Dora F., Daniel R.<\/cite>\n                    <\/blockquote>\n                                    <blockquote>\n                        <p>Le bureau d'architectes de mon choix pour un projet de construction. C'est toujours passionnant d'observer comment le projet prend forme.<\/p>\n                        <cite>David Z.<\/cite>\n                    <\/blockquote>\n                            <\/ul>\n        <\/div>\n        <div class=\"blaze-navigation\">\n            <button class=\"blaze-prev\"><\/button>\n            <button class=\"blaze-next\"><\/button>\n        <\/div>\n    <\/div>\n<\/div>","protected":false},"excerpt":{"rendered":"<p>\u00f6ffentliche Hand | Gewerbebau: Funktionalit\u00e4t, Effizienz und architektonische Qualit\u00e4t vereint Gewerbebauten m\u00fcssen h\u00f6chste Anforderungen an Funktionalit\u00e4t, Wirtschaftlichkeit und Flexibilit\u00e4t erf\u00fcllen. Ob B\u00fcrogeb\u00e4ude, Produktionshallen, Verkaufsfl\u00e4chen oder gemischt genutzte Immobilien \u2013 wir planen und realisieren massgeschneiderte L\u00f6sungen, die auf die spezifischen Bed\u00fcrfnisse Ihres Unternehmens abgestimmt sind. &nbsp; Bei Br\u00fclhart Ducret verbinden wir durchdachte Architektur mit effizienter Nutzung [&hellip;]<\/p>","protected":false},"author":2,"featured_media":0,"parent":0,"menu_order":0,"comment_status":"closed","ping_status":"closed","template":"","meta":{"footnotes":""},"class_list":["post-780","page","type-page","status-publish","hentry"],"acf":[],"_links":{"self":[{"href":"https:\/\/www.bruelhartducret.ch\/fr\/wp-json\/wp\/v2\/pages\/780","targetHints":{"allow":["GET"]}}],"collection":[{"href":"https:\/\/www.bruelhartducret.ch\/fr\/wp-json\/wp\/v2\/pages"}],"about":[{"href":"https:\/\/www.bruelhartducret.ch\/fr\/wp-json\/wp\/v2\/types\/page"}],"author":[{"embeddable":true,"href":"https:\/\/www.bruelhartducret.ch\/fr\/wp-json\/wp\/v2\/users\/2"}],"replies":[{"embeddable":true,"href":"https:\/\/www.bruelhartducret.ch\/fr\/wp-json\/wp\/v2\/comments?post=780"}],"version-history":[{"count":27,"href":"https:\/\/www.bruelhartducret.ch\/fr\/wp-json\/wp\/v2\/pages\/780\/revisions"}],"predecessor-version":[{"id":1476,"href":"https:\/\/www.bruelhartducret.ch\/fr\/wp-json\/wp\/v2\/pages\/780\/revisions\/1476"}],"wp:attachment":[{"href":"https:\/\/www.bruelhartducret.ch\/fr\/wp-json\/wp\/v2\/media?parent=780"}],"curies":[{"name":"wp","href":"https:\/\/api.w.org\/{rel}","templated":true}]}}