{"id":59,"date":"2026-02-09T13:35:32","date_gmt":"2026-02-09T12:35:32","guid":{"rendered":"https:\/\/bruelhart-ducret.dev.hayloft-it.ch\/?page_id=59"},"modified":"2026-02-09T13:40:20","modified_gmt":"2026-02-09T12:40:20","slug":"architekturbuero-2","status":"publish","type":"page","link":"https:\/\/www.bruelhartducret.ch\/fr\/architekturbuero-2\/","title":{"rendered":"Notre bureau"},"content":{"rendered":"<div class=\"wp-block-group alignfull hero-with-title-and-cover is-layout-flow wp-block-group-is-layout-flow\">\n<h1 class=\"wp-block-heading\"><strong>Atelier d\u2019architecture sp\u00e9cialis\u00e9 dans une architecture esth\u00e9tique, fonctionnelle et durable<\/strong> - accompagn\u00e9 personnellement dans votre projet<\/h1>\n\n\n\n<div class=\"wp-block-cover alignfull\"><img decoding=\"async\" class=\"wp-block-cover__image-background wp-image-540\" alt=\"\" src=\"https:\/\/bruelhartducret.ch\/wp-content\/uploads\/2024\/11\/SmartHouse_Foto-1_2024.jpg\" style=\"object-position:53% 89%\" data-object-fit=\"cover\" data-object-position=\"53% 89%\"\/><span aria-hidden=\"true\" class=\"wp-block-cover__background has-background-dim-0 has-background-dim\" style=\"background-color:#656469\"><\/span><div class=\"wp-block-cover__inner-container is-layout-constrained wp-block-cover-is-layout-constrained\">\n<p class=\"has-text-align-center has-large-font-size\"><\/p>\n<\/div><\/div>\n<\/div>\n\n\n\n<div class=\"wp-block-group alignfull lead-wrapper is-layout-constrained wp-block-group-is-layout-constrained\">\n<p class=\"is-style-lead\">Chez Br\u00fclhart Ducret, nous conjuguons qualit\u00e9 architecturale et accompagnement sur mesure. Forts de nombreux projets men\u00e9s avec succ\u00e8s, nous disposons du savoir-faire et des ressources n\u00e9cessaires pour mener \u00e0 bien des missions de toute envergure. Chaque projet est pilot\u00e9 par l\u2019un de nos deux associ\u00e9s \u2013 Steve Ducret ou Sacha Br\u00fclhart \u2013 en collaboration avec un\u00b7e chef\u00b7fe de projet d\u00e9di\u00e9\u00b7e. Ils sont soutenus par une \u00e9quipe engag\u00e9e, compos\u00e9e d\u2019architectes, de chefs de chantier et de dessinateur\u00b7rice\u00b7s. Ainsi, chaque projet b\u00e9n\u00e9ficie d\u2019un processus rigoureux, coh\u00e9rent et soigneusement \u00e9labor\u00e9.<\/p>\n\n\n\n<div class=\"wp-block-buttons is-layout-flex wp-block-buttons-is-layout-flex\">\n<div class=\"wp-block-button is-style-square\"><a class=\"wp-block-button__link wp-element-button\" href=\"#philosophie\">Philosophie<\/a><\/div>\n\n\n\n<div class=\"wp-block-button is-style-square\"><a class=\"wp-block-button__link wp-element-button\" href=\"#team\">\u00c9quipe<\/a><\/div>\n\n\n\n<div class=\"wp-block-button is-style-square\"><a class=\"wp-block-button__link wp-element-button\" href=\"#jobs\">Emplois<\/a><\/div>\n\n\n\n<div class=\"wp-block-button is-style-square\"><a class=\"wp-block-button__link wp-element-button\" href=\"#geschichte\">Histoire<\/a><\/div>\n\n\n\n<div class=\"wp-block-button is-style-square\"><a class=\"wp-block-button__link wp-element-button\" href=\"#standorte\">Sites<\/a><\/div>\n<\/div>\n<\/div>\n\n\n\n<div class=\"wp-block-group alignwide is-layout-flow wp-block-group-is-layout-flow\" id=\"philosophie\">\n<h5 class=\"wp-block-heading\">Philosophie<\/h5>\n\n\n\n<h2 class=\"wp-block-heading\"><strong>Le principe de l'iceberg :<\/strong> En interne \u00e9galement, notre voie vers le succ\u00e8s.<\/h2>\n\n\n\n<p>Nous travaillons en interne au sein de notre \u00e9quipe selon le m\u00eame principe que celui qui nous permet de concevoir et d'\u00e9laborer nos projets : le principe de l'iceberg.<\/p>\n\n\n\n<p>Cela signifie : Ce que vous voyez, vivez et recevez en tant que ma\u00eetre d\u2019ouvrage est toujours le r\u00e9sultat d\u2019un ensemble complexe de processus qui se d\u00e9roulent \u00ab sous la surface de l\u2019eau \u00bb.\nC\u2019est l\u2019aboutissement d\u2019une philosophie architecturale claire et partag\u00e9e, ainsi que de valeurs d\u00e9finies, \u00e0 la fois \u00ab dures \u00bb et \u00ab douces \u00bb, qui sont au c\u0153ur de notre entreprise.\nTout est orient\u00e9 vers un seul objectif : vous offrir la fonctionnalit\u00e9 esth\u00e9tique que vous attendez pour votre projet.<\/p>\n\n\n\n<p><\/p>\n<\/div>\n\n\n\n<div class=\"wp-block-group alignfull has-primary-background-color has-background is-layout-constrained wp-block-group-is-layout-constrained\" id=\"team\">\n<h5 class=\"wp-block-heading\">L'\u00e9quipe<\/h5>\n\n\n\n<h2 class=\"wp-block-heading\">Les personnes derri\u00e8re BR\u00dcLHART DUCRET<\/h2>\n\n\n\n<p><\/p>\n\n\n<div class=\"alignwide wp-block-bruelhart-ducret-employees\">\n            <figure href=\"https:\/\/www.bruelhartducret.ch\/fr\/?employee=automatisch-gespeicherter-entwurf-4\" class=\"post-814 employee type-employee status-publish hentry\" data-turbo=\"false\">\n    <div class=\"portrait-wrapper\">\n        <img loading=\"lazy\" decoding=\"async\" width=\"407\" height=\"305\" src=\"https:\/\/www.bruelhartducret.ch\/wp-content\/uploads\/2025\/02\/Sacha_2025_2-407x305.webp\" class=\"attachment-portrait size-portrait\" alt=\"\" srcset=\"https:\/\/www.bruelhartducret.ch\/wp-content\/uploads\/2025\/02\/Sacha_2025_2-407x305.webp 407w, https:\/\/www.bruelhartducret.ch\/wp-content\/uploads\/2025\/02\/Sacha_2025_2-300x225.webp 300w, https:\/\/www.bruelhartducret.ch\/wp-content\/uploads\/2025\/02\/Sacha_2025_2-1024x768.webp 1024w, https:\/\/www.bruelhartducret.ch\/wp-content\/uploads\/2025\/02\/Sacha_2025_2-768x576.webp 768w, https:\/\/www.bruelhartducret.ch\/wp-content\/uploads\/2025\/02\/Sacha_2025_2-1536x1152.webp 1536w, https:\/\/www.bruelhartducret.ch\/wp-content\/uploads\/2025\/02\/Sacha_2025_2-2048x1536.webp 2048w, https:\/\/www.bruelhartducret.ch\/wp-content\/uploads\/2025\/02\/Sacha_2025_2-16x12.webp 16w\" sizes=\"auto, (max-width: 407px) 100vw, 407px\" \/>                    <a class=\"linkedin\" href=\"https:\/\/ch.linkedin.com\/in\/sacha-br%C3%BClhart-850106167\" target=\"_blank\"><\/a>\n            <\/div>\n    <figcaption>\n        <h3 class=\"name\">Sacha Br\u00fclhart <\/h3>\n                    <div class=\"occupation\">\n                                    <span class=\"job\">Architecte FH, biologiste du b\u00e2timent SIB<\/span>\n                                                    <span class=\"position\">Partenaire principal, co-directeur<\/span>\n                            <\/div>\n                            <div class=\"links\">\n                                    <a class=\"phone\" href=\"tel:+41 58 861 61 01\">+41 58 861 61 01<\/a>\n                                                    <a class=\"email\" href=\"mailto:sacha.bruelhart@bruelhartducret.ch\">sacha.bruelhart@bruelhartducret.ch<\/a>\n                            <\/div>\n            <\/figcaption>\n<\/figure>            <figure href=\"https:\/\/www.bruelhartducret.ch\/fr\/?employee=automatisch-gespeicherter-entwurf-4\" class=\"post-753 employee type-employee status-publish hentry\" data-turbo=\"false\">\n    <div class=\"portrait-wrapper\">\n        <img loading=\"lazy\" decoding=\"async\" width=\"407\" height=\"304\" src=\"https:\/\/www.bruelhartducret.ch\/wp-content\/uploads\/2025\/02\/2025_Steve-Ducret_1-scaled-e1752062618327-407x304.webp\" class=\"attachment-portrait size-portrait\" alt=\"\" srcset=\"https:\/\/www.bruelhartducret.ch\/wp-content\/uploads\/2025\/02\/2025_Steve-Ducret_1-scaled-e1752062618327-407x304.webp 407w, https:\/\/www.bruelhartducret.ch\/wp-content\/uploads\/2025\/02\/2025_Steve-Ducret_1-scaled-e1752062618327-300x224.webp 300w, https:\/\/www.bruelhartducret.ch\/wp-content\/uploads\/2025\/02\/2025_Steve-Ducret_1-scaled-e1752062618327-1024x766.webp 1024w, https:\/\/www.bruelhartducret.ch\/wp-content\/uploads\/2025\/02\/2025_Steve-Ducret_1-scaled-e1752062618327-768x575.webp 768w, https:\/\/www.bruelhartducret.ch\/wp-content\/uploads\/2025\/02\/2025_Steve-Ducret_1-scaled-e1752062618327-1536x1149.webp 1536w, https:\/\/www.bruelhartducret.ch\/wp-content\/uploads\/2025\/02\/2025_Steve-Ducret_1-scaled-e1752062618327-16x12.webp 16w, https:\/\/www.bruelhartducret.ch\/wp-content\/uploads\/2025\/02\/2025_Steve-Ducret_1-scaled-e1752062618327.webp 1540w\" sizes=\"auto, (max-width: 407px) 100vw, 407px\" \/>                    <a class=\"linkedin\" href=\"https:\/\/ch.linkedin.com\/in\/steve-ducret-9ba43746\" target=\"_blank\"><\/a>\n            <\/div>\n    <figcaption>\n        <h3 class=\"name\">Steve Ducret<\/h3>\n                    <div class=\"occupation\">\n                                    <span class=\"job\">Architecte FH<\/span>\n                                                    <span class=\"position\">Partenaire principal, co-directeur<\/span>\n                            <\/div>\n                            <div class=\"links\">\n                                    <a class=\"phone\" href=\"tel:+41 58 861 61 02\">+41 58 861 61 02<\/a>\n                                                    <a class=\"email\" href=\"mailto:steve.ducret@bruelhartducret.ch\">steve.ducret@bruelhartducret.ch<\/a>\n                            <\/div>\n            <\/figcaption>\n<\/figure>            <figure href=\"https:\/\/www.bruelhartducret.ch\/fr\/?employee=automatisch-gespeicherter-entwurf-4\" class=\"post-751 employee type-employee status-publish hentry\" data-turbo=\"false\">\n    <div class=\"portrait-wrapper\">\n        <img loading=\"lazy\" decoding=\"async\" width=\"407\" height=\"304\" src=\"https:\/\/www.bruelhartducret.ch\/wp-content\/uploads\/2024\/11\/Jacques-Folly-407x304.webp\" class=\"attachment-portrait size-portrait\" alt=\"\" srcset=\"https:\/\/www.bruelhartducret.ch\/wp-content\/uploads\/2024\/11\/Jacques-Folly-407x304.webp 407w, https:\/\/www.bruelhartducret.ch\/wp-content\/uploads\/2024\/11\/Jacques-Folly-300x224.webp 300w, https:\/\/www.bruelhartducret.ch\/wp-content\/uploads\/2024\/11\/Jacques-Folly-16x12.webp 16w, https:\/\/www.bruelhartducret.ch\/wp-content\/uploads\/2024\/11\/Jacques-Folly.webp 768w\" sizes=\"auto, (max-width: 407px) 100vw, 407px\" \/>            <\/div>\n    <figcaption>\n        <h3 class=\"name\">Jacques Folly<\/h3>\n                    <div class=\"occupation\">\n                                    <span class=\"job\">Technicien du b\u00e2timent<\/span>\n                                                    <span class=\"position\">chef de projet<\/span>\n                            <\/div>\n                    <\/figcaption>\n<\/figure>            <figure href=\"https:\/\/www.bruelhartducret.ch\/fr\/?employee=automatisch-gespeicherter-entwurf-4\" class=\"post-219 employee type-employee status-publish hentry\" data-turbo=\"false\">\n    <div class=\"portrait-wrapper\">\n        <img loading=\"lazy\" decoding=\"async\" width=\"407\" height=\"304\" src=\"https:\/\/www.bruelhartducret.ch\/wp-content\/uploads\/2023\/09\/Dimitri-Bertschy-407x304.webp\" class=\"attachment-portrait size-portrait\" alt=\"\" srcset=\"https:\/\/www.bruelhartducret.ch\/wp-content\/uploads\/2023\/09\/Dimitri-Bertschy-407x304.webp 407w, https:\/\/www.bruelhartducret.ch\/wp-content\/uploads\/2023\/09\/Dimitri-Bertschy-300x224.webp 300w, https:\/\/www.bruelhartducret.ch\/wp-content\/uploads\/2023\/09\/Dimitri-Bertschy-16x12.webp 16w, https:\/\/www.bruelhartducret.ch\/wp-content\/uploads\/2023\/09\/Dimitri-Bertschy.webp 768w\" sizes=\"auto, (max-width: 407px) 100vw, 407px\" \/>            <\/div>\n    <figcaption>\n        <h3 class=\"name\">Dimitri Bertschy<\/h3>\n                    <div class=\"occupation\">\n                                    <span class=\"job\">Architecte BA<\/span>\n                                                    <span class=\"position\">Membre de la direction, chef de projet<\/span>\n                            <\/div>\n                    <\/figcaption>\n<\/figure>            <figure href=\"https:\/\/www.bruelhartducret.ch\/fr\/?employee=automatisch-gespeicherter-entwurf-4\" class=\"post-876 employee type-employee status-publish hentry\" data-turbo=\"false\">\n    <div class=\"portrait-wrapper\">\n        <img loading=\"lazy\" decoding=\"async\" width=\"407\" height=\"304\" src=\"https:\/\/www.bruelhartducret.ch\/wp-content\/uploads\/2025\/03\/Marc-Kuettel-407x304.webp\" class=\"attachment-portrait size-portrait\" alt=\"\" srcset=\"https:\/\/www.bruelhartducret.ch\/wp-content\/uploads\/2025\/03\/Marc-Kuettel-407x304.webp 407w, https:\/\/www.bruelhartducret.ch\/wp-content\/uploads\/2025\/03\/Marc-Kuettel-300x224.webp 300w, https:\/\/www.bruelhartducret.ch\/wp-content\/uploads\/2025\/03\/Marc-Kuettel-16x12.webp 16w, https:\/\/www.bruelhartducret.ch\/wp-content\/uploads\/2025\/03\/Marc-Kuettel.webp 768w\" sizes=\"auto, (max-width: 407px) 100vw, 407px\" \/>            <\/div>\n    <figcaption>\n        <h3 class=\"name\">Marc K\u00fcttel<\/h3>\n                    <div class=\"occupation\">\n                                    <span class=\"job\">Architecte BA <\/span>\n                                                    <span class=\"position\">chef de projet<\/span>\n                            <\/div>\n                    <\/figcaption>\n<\/figure>            <figure href=\"https:\/\/www.bruelhartducret.ch\/fr\/?employee=automatisch-gespeicherter-entwurf-4\" class=\"post-878 employee type-employee status-publish hentry\" data-turbo=\"false\">\n    <div class=\"portrait-wrapper\">\n        <img loading=\"lazy\" decoding=\"async\" width=\"407\" height=\"304\" src=\"https:\/\/www.bruelhartducret.ch\/wp-content\/uploads\/2025\/03\/Frederic-Schmutz-407x304.webp\" class=\"attachment-portrait size-portrait\" alt=\"\" srcset=\"https:\/\/www.bruelhartducret.ch\/wp-content\/uploads\/2025\/03\/Frederic-Schmutz-407x304.webp 407w, https:\/\/www.bruelhartducret.ch\/wp-content\/uploads\/2025\/03\/Frederic-Schmutz-300x224.webp 300w, https:\/\/www.bruelhartducret.ch\/wp-content\/uploads\/2025\/03\/Frederic-Schmutz-16x12.webp 16w, https:\/\/www.bruelhartducret.ch\/wp-content\/uploads\/2025\/03\/Frederic-Schmutz.webp 768w\" sizes=\"auto, (max-width: 407px) 100vw, 407px\" \/>            <\/div>\n    <figcaption>\n        <h3 class=\"name\">Fr\u00e9d\u00e9ric Schmutz<\/h3>\n                    <div class=\"occupation\">\n                                    <span class=\"job\">CFC de dessinateur en architecture<\/span>\n                                                    <span class=\"position\">chef de projet<\/span>\n                            <\/div>\n                    <\/figcaption>\n<\/figure>            <figure href=\"https:\/\/www.bruelhartducret.ch\/fr\/?employee=automatisch-gespeicherter-entwurf-4\" class=\"post-880 employee type-employee status-publish hentry\" data-turbo=\"false\">\n    <div class=\"portrait-wrapper\">\n        <img loading=\"lazy\" decoding=\"async\" width=\"407\" height=\"304\" src=\"https:\/\/www.bruelhartducret.ch\/wp-content\/uploads\/2025\/03\/Manfred-Schafer-407x304.webp\" class=\"attachment-portrait size-portrait\" alt=\"\" srcset=\"https:\/\/www.bruelhartducret.ch\/wp-content\/uploads\/2025\/03\/Manfred-Schafer-407x304.webp 407w, https:\/\/www.bruelhartducret.ch\/wp-content\/uploads\/2025\/03\/Manfred-Schafer-300x224.webp 300w, https:\/\/www.bruelhartducret.ch\/wp-content\/uploads\/2025\/03\/Manfred-Schafer-16x12.webp 16w, https:\/\/www.bruelhartducret.ch\/wp-content\/uploads\/2025\/03\/Manfred-Schafer.webp 768w\" sizes=\"auto, (max-width: 407px) 100vw, 407px\" \/>            <\/div>\n    <figcaption>\n        <h3 class=\"name\">Manfred Schafer<\/h3>\n                    <div class=\"occupation\">\n                                    <span class=\"job\">Architecte ETS<\/span>\n                                                    <span class=\"position\">D\u00e9veloppeur de projet<\/span>\n                            <\/div>\n                    <\/figcaption>\n<\/figure>            <figure href=\"https:\/\/www.bruelhartducret.ch\/fr\/?employee=automatisch-gespeicherter-entwurf-4\" class=\"post-882 employee type-employee status-publish hentry\" data-turbo=\"false\">\n    <div class=\"portrait-wrapper\">\n        <img loading=\"lazy\" decoding=\"async\" width=\"407\" height=\"304\" src=\"https:\/\/www.bruelhartducret.ch\/wp-content\/uploads\/2025\/03\/Katrin-Gauderon-407x304.webp\" class=\"attachment-portrait size-portrait\" alt=\"\" srcset=\"https:\/\/www.bruelhartducret.ch\/wp-content\/uploads\/2025\/03\/Katrin-Gauderon-407x304.webp 407w, https:\/\/www.bruelhartducret.ch\/wp-content\/uploads\/2025\/03\/Katrin-Gauderon-300x224.webp 300w, https:\/\/www.bruelhartducret.ch\/wp-content\/uploads\/2025\/03\/Katrin-Gauderon-16x12.webp 16w, https:\/\/www.bruelhartducret.ch\/wp-content\/uploads\/2025\/03\/Katrin-Gauderon.webp 768w\" sizes=\"auto, (max-width: 407px) 100vw, 407px\" \/>            <\/div>\n    <figcaption>\n        <h3 class=\"name\">Katrin Gauderon<\/h3>\n                    <div class=\"occupation\">\n                                    <span class=\"job\">Architecte dipl\u00f4m\u00e9e FH<\/span>\n                                            <\/div>\n                    <\/figcaption>\n<\/figure>            <figure href=\"https:\/\/www.bruelhartducret.ch\/fr\/?employee=automatisch-gespeicherter-entwurf-4\" class=\"post-884 employee type-employee status-publish hentry\" data-turbo=\"false\">\n    <div class=\"portrait-wrapper\">\n        <img loading=\"lazy\" decoding=\"async\" width=\"407\" height=\"304\" src=\"https:\/\/www.bruelhartducret.ch\/wp-content\/uploads\/2025\/03\/David-Gomes-407x304.webp\" class=\"attachment-portrait size-portrait\" alt=\"\" srcset=\"https:\/\/www.bruelhartducret.ch\/wp-content\/uploads\/2025\/03\/David-Gomes-407x304.webp 407w, https:\/\/www.bruelhartducret.ch\/wp-content\/uploads\/2025\/03\/David-Gomes-300x224.webp 300w, https:\/\/www.bruelhartducret.ch\/wp-content\/uploads\/2025\/03\/David-Gomes-16x12.webp 16w, https:\/\/www.bruelhartducret.ch\/wp-content\/uploads\/2025\/03\/David-Gomes.webp 768w\" sizes=\"auto, (max-width: 407px) 100vw, 407px\" \/>            <\/div>\n    <figcaption>\n        <h3 class=\"name\">David Gomes<\/h3>\n                    <div class=\"occupation\">\n                                    <span class=\"job\">Architecte BA<\/span>\n                                            <\/div>\n                    <\/figcaption>\n<\/figure>            <figure href=\"https:\/\/www.bruelhartducret.ch\/fr\/?employee=automatisch-gespeicherter-entwurf-4\" class=\"post-888 employee type-employee status-publish hentry\" data-turbo=\"false\">\n    <div class=\"portrait-wrapper\">\n        <img loading=\"lazy\" decoding=\"async\" width=\"407\" height=\"304\" src=\"https:\/\/www.bruelhartducret.ch\/wp-content\/uploads\/2025\/03\/Thomas-Bronnimann-407x304.webp\" class=\"attachment-portrait size-portrait\" alt=\"\" srcset=\"https:\/\/www.bruelhartducret.ch\/wp-content\/uploads\/2025\/03\/Thomas-Bronnimann-407x304.webp 407w, https:\/\/www.bruelhartducret.ch\/wp-content\/uploads\/2025\/03\/Thomas-Bronnimann-300x224.webp 300w, https:\/\/www.bruelhartducret.ch\/wp-content\/uploads\/2025\/03\/Thomas-Bronnimann-16x12.webp 16w, https:\/\/www.bruelhartducret.ch\/wp-content\/uploads\/2025\/03\/Thomas-Bronnimann.webp 768w\" sizes=\"auto, (max-width: 407px) 100vw, 407px\" \/>            <\/div>\n    <figcaption>\n        <h3 class=\"name\">Thomas Br\u00f6nnimann<\/h3>\n                    <div class=\"occupation\">\n                                    <span class=\"job\">Contrema\u00eetre en construction bois avec dipl\u00f4me f\u00e9d\u00e9ral<\/span>\n                                                    <span class=\"position\">Chef de chantier<\/span>\n                            <\/div>\n                    <\/figcaption>\n<\/figure>            <figure href=\"https:\/\/www.bruelhartducret.ch\/fr\/?employee=automatisch-gespeicherter-entwurf-4\" class=\"post-894 employee type-employee status-publish hentry\" data-turbo=\"false\">\n    <div class=\"portrait-wrapper\">\n        <img loading=\"lazy\" decoding=\"async\" width=\"407\" height=\"304\" src=\"https:\/\/www.bruelhartducret.ch\/wp-content\/uploads\/2025\/03\/Andreas-Mast-407x304.webp\" class=\"attachment-portrait size-portrait\" alt=\"\" srcset=\"https:\/\/www.bruelhartducret.ch\/wp-content\/uploads\/2025\/03\/Andreas-Mast-407x304.webp 407w, https:\/\/www.bruelhartducret.ch\/wp-content\/uploads\/2025\/03\/Andreas-Mast-300x224.webp 300w, https:\/\/www.bruelhartducret.ch\/wp-content\/uploads\/2025\/03\/Andreas-Mast-16x12.webp 16w, https:\/\/www.bruelhartducret.ch\/wp-content\/uploads\/2025\/03\/Andreas-Mast.webp 768w\" sizes=\"auto, (max-width: 407px) 100vw, 407px\" \/>            <\/div>\n    <figcaption>\n        <h3 class=\"name\">Andreas Mast<\/h3>\n                    <div class=\"occupation\">\n                                    <span class=\"job\">Chef de chantier dipl\u00f4m\u00e9<\/span>\n                                                    <span class=\"position\">Calculateur des co\u00fbts de construction<\/span>\n                            <\/div>\n                    <\/figcaption>\n<\/figure>            <figure href=\"https:\/\/www.bruelhartducret.ch\/fr\/?employee=automatisch-gespeicherter-entwurf-4\" class=\"post-898 employee type-employee status-publish hentry\" data-turbo=\"false\">\n    <div class=\"portrait-wrapper\">\n        <img loading=\"lazy\" decoding=\"async\" width=\"407\" height=\"304\" src=\"https:\/\/www.bruelhartducret.ch\/wp-content\/uploads\/2025\/03\/Lukas-Schuwey-407x304.webp\" class=\"attachment-portrait size-portrait\" alt=\"\" srcset=\"https:\/\/www.bruelhartducret.ch\/wp-content\/uploads\/2025\/03\/Lukas-Schuwey-407x304.webp 407w, https:\/\/www.bruelhartducret.ch\/wp-content\/uploads\/2025\/03\/Lukas-Schuwey-300x224.webp 300w, https:\/\/www.bruelhartducret.ch\/wp-content\/uploads\/2025\/03\/Lukas-Schuwey-16x12.webp 16w, https:\/\/www.bruelhartducret.ch\/wp-content\/uploads\/2025\/03\/Lukas-Schuwey.webp 768w\" sizes=\"auto, (max-width: 407px) 100vw, 407px\" \/>            <\/div>\n    <figcaption>\n        <h3 class=\"name\">Lukas Schuwey<\/h3>\n                    <div class=\"occupation\">\n                                    <span class=\"job\">CFC de dessinateur en architecture <\/span>\n                                                    <span class=\"position\">Formateur professionnel<\/span>\n                            <\/div>\n                    <\/figcaption>\n<\/figure>            <figure href=\"https:\/\/www.bruelhartducret.ch\/fr\/?employee=automatisch-gespeicherter-entwurf-4\" class=\"post-900 employee type-employee status-publish hentry\" data-turbo=\"false\">\n    <div class=\"portrait-wrapper\">\n        <img loading=\"lazy\" decoding=\"async\" width=\"407\" height=\"304\" src=\"https:\/\/www.bruelhartducret.ch\/wp-content\/uploads\/2025\/03\/Marc-Grossrieder-407x304.webp\" class=\"attachment-portrait size-portrait\" alt=\"\" srcset=\"https:\/\/www.bruelhartducret.ch\/wp-content\/uploads\/2025\/03\/Marc-Grossrieder-407x304.webp 407w, https:\/\/www.bruelhartducret.ch\/wp-content\/uploads\/2025\/03\/Marc-Grossrieder-300x224.webp 300w, https:\/\/www.bruelhartducret.ch\/wp-content\/uploads\/2025\/03\/Marc-Grossrieder-16x12.webp 16w, https:\/\/www.bruelhartducret.ch\/wp-content\/uploads\/2025\/03\/Marc-Grossrieder.webp 768w\" sizes=\"auto, (max-width: 407px) 100vw, 407px\" \/>            <\/div>\n    <figcaption>\n        <h3 class=\"name\">Marc Grossrieder<\/h3>\n                    <div class=\"occupation\">\n                                    <span class=\"job\">CFC de dessinateur en architecture<\/span>\n                                            <\/div>\n                    <\/figcaption>\n<\/figure>            <figure href=\"https:\/\/www.bruelhartducret.ch\/fr\/?employee=automatisch-gespeicherter-entwurf-4\" class=\"post-902 employee type-employee status-publish hentry\" data-turbo=\"false\">\n    <div class=\"portrait-wrapper\">\n        <img loading=\"lazy\" decoding=\"async\" width=\"407\" height=\"304\" src=\"https:\/\/www.bruelhartducret.ch\/wp-content\/uploads\/2025\/03\/Stephanie-Fontana-407x304.webp\" class=\"attachment-portrait size-portrait\" alt=\"\" srcset=\"https:\/\/www.bruelhartducret.ch\/wp-content\/uploads\/2025\/03\/Stephanie-Fontana-407x304.webp 407w, https:\/\/www.bruelhartducret.ch\/wp-content\/uploads\/2025\/03\/Stephanie-Fontana-300x224.webp 300w, https:\/\/www.bruelhartducret.ch\/wp-content\/uploads\/2025\/03\/Stephanie-Fontana-16x12.webp 16w, https:\/\/www.bruelhartducret.ch\/wp-content\/uploads\/2025\/03\/Stephanie-Fontana.webp 768w\" sizes=\"auto, (max-width: 407px) 100vw, 407px\" \/>            <\/div>\n    <figcaption>\n        <h3 class=\"name\">St\u00e9phanie Fontana<\/h3>\n                    <div class=\"occupation\">\n                                    <span class=\"job\">CFC de dessinateur en architecture<\/span>\n                                            <\/div>\n                    <\/figcaption>\n<\/figure>            <figure href=\"https:\/\/www.bruelhartducret.ch\/fr\/?employee=automatisch-gespeicherter-entwurf-4\" class=\"post-910 employee type-employee status-publish hentry\" data-turbo=\"false\">\n    <div class=\"portrait-wrapper\">\n        <img loading=\"lazy\" decoding=\"async\" width=\"407\" height=\"304\" src=\"https:\/\/www.bruelhartducret.ch\/wp-content\/uploads\/2025\/03\/Mathias-Stulz-407x304.webp\" class=\"attachment-portrait size-portrait\" alt=\"\" srcset=\"https:\/\/www.bruelhartducret.ch\/wp-content\/uploads\/2025\/03\/Mathias-Stulz-407x304.webp 407w, https:\/\/www.bruelhartducret.ch\/wp-content\/uploads\/2025\/03\/Mathias-Stulz-300x224.webp 300w, https:\/\/www.bruelhartducret.ch\/wp-content\/uploads\/2025\/03\/Mathias-Stulz-16x12.webp 16w, https:\/\/www.bruelhartducret.ch\/wp-content\/uploads\/2025\/03\/Mathias-Stulz.webp 768w\" sizes=\"auto, (max-width: 407px) 100vw, 407px\" \/>            <\/div>\n    <figcaption>\n        <h3 class=\"name\">Mathias Stulz<\/h3>\n                    <div class=\"occupation\">\n                                    <span class=\"job\">Employ\u00e9 de commerce<\/span>\n                                                    <span class=\"position\">Responsable du back-office<\/span>\n                            <\/div>\n                    <\/figcaption>\n<\/figure>            <figure href=\"https:\/\/www.bruelhartducret.ch\/fr\/?employee=automatisch-gespeicherter-entwurf-4\" class=\"post-912 employee type-employee status-publish hentry\" data-turbo=\"false\">\n    <div class=\"portrait-wrapper\">\n        <img loading=\"lazy\" decoding=\"async\" width=\"407\" height=\"304\" src=\"https:\/\/www.bruelhartducret.ch\/wp-content\/uploads\/2025\/03\/Jasmin-Bucher-407x304.webp\" class=\"attachment-portrait size-portrait\" alt=\"\" srcset=\"https:\/\/www.bruelhartducret.ch\/wp-content\/uploads\/2025\/03\/Jasmin-Bucher-407x304.webp 407w, https:\/\/www.bruelhartducret.ch\/wp-content\/uploads\/2025\/03\/Jasmin-Bucher-300x224.webp 300w, https:\/\/www.bruelhartducret.ch\/wp-content\/uploads\/2025\/03\/Jasmin-Bucher-16x12.webp 16w, https:\/\/www.bruelhartducret.ch\/wp-content\/uploads\/2025\/03\/Jasmin-Bucher.webp 768w\" sizes=\"auto, (max-width: 407px) 100vw, 407px\" \/>            <\/div>\n    <figcaption>\n        <h3 class=\"name\">Jasmin Bucher<\/h3>\n                    <div class=\"occupation\">\n                                    <span class=\"job\">CFC Dessinatrice en architecture i.A.<\/span>\n                                            <\/div>\n                    <\/figcaption>\n<\/figure>            <figure href=\"https:\/\/www.bruelhartducret.ch\/fr\/?employee=automatisch-gespeicherter-entwurf-4\" class=\"post-914 employee type-employee status-publish hentry\" data-turbo=\"false\">\n    <div class=\"portrait-wrapper\">\n        <img loading=\"lazy\" decoding=\"async\" width=\"407\" height=\"304\" src=\"https:\/\/www.bruelhartducret.ch\/wp-content\/uploads\/2025\/03\/Jamiro-Sorg-407x304.webp\" class=\"attachment-portrait size-portrait\" alt=\"\" srcset=\"https:\/\/www.bruelhartducret.ch\/wp-content\/uploads\/2025\/03\/Jamiro-Sorg-407x304.webp 407w, https:\/\/www.bruelhartducret.ch\/wp-content\/uploads\/2025\/03\/Jamiro-Sorg-300x224.webp 300w, https:\/\/www.bruelhartducret.ch\/wp-content\/uploads\/2025\/03\/Jamiro-Sorg-16x12.webp 16w, https:\/\/www.bruelhartducret.ch\/wp-content\/uploads\/2025\/03\/Jamiro-Sorg.webp 768w\" sizes=\"auto, (max-width: 407px) 100vw, 407px\" \/>            <\/div>\n    <figcaption>\n        <h3 class=\"name\">Jamiro Sorg<\/h3>\n                    <div class=\"occupation\">\n                                    <span class=\"job\">CFC Dessinateur en architecture i. A.<\/span>\n                                            <\/div>\n                    <\/figcaption>\n<\/figure>            <figure href=\"https:\/\/www.bruelhartducret.ch\/fr\/?employee=automatisch-gespeicherter-entwurf-4\" class=\"post-1591 employee type-employee status-publish hentry\" data-turbo=\"false\">\n    <div class=\"portrait-wrapper\">\n        <img loading=\"lazy\" decoding=\"async\" width=\"407\" height=\"305\" src=\"https:\/\/www.bruelhartducret.ch\/wp-content\/uploads\/2026\/02\/Cornelia-1-1-407x305.webp\" class=\"attachment-portrait size-portrait\" alt=\"\" srcset=\"https:\/\/www.bruelhartducret.ch\/wp-content\/uploads\/2026\/02\/Cornelia-1-1-407x305.webp 407w, https:\/\/www.bruelhartducret.ch\/wp-content\/uploads\/2026\/02\/Cornelia-1-1-300x225.webp 300w, https:\/\/www.bruelhartducret.ch\/wp-content\/uploads\/2026\/02\/Cornelia-1-1-1024x768.webp 1024w, https:\/\/www.bruelhartducret.ch\/wp-content\/uploads\/2026\/02\/Cornelia-1-1-768x576.webp 768w, https:\/\/www.bruelhartducret.ch\/wp-content\/uploads\/2026\/02\/Cornelia-1-1-1536x1152.webp 1536w, https:\/\/www.bruelhartducret.ch\/wp-content\/uploads\/2026\/02\/Cornelia-1-1-2048x1536.webp 2048w, https:\/\/www.bruelhartducret.ch\/wp-content\/uploads\/2026\/02\/Cornelia-1-1-16x12.webp 16w\" sizes=\"auto, (max-width: 407px) 100vw, 407px\" \/>            <\/div>\n    <figcaption>\n        <h3 class=\"name\">Cornelia Raemy<\/h3>\n                    <div class=\"occupation\">\n                                    <span class=\"job\">CFC de dessinateur en architecture<\/span>\n                                            <\/div>\n                    <\/figcaption>\n<\/figure>            <figure href=\"https:\/\/www.bruelhartducret.ch\/fr\/?employee=automatisch-gespeicherter-entwurf-4\" class=\"post-1592 employee type-employee status-publish hentry\" data-turbo=\"false\">\n    <div class=\"portrait-wrapper\">\n        <img loading=\"lazy\" decoding=\"async\" width=\"407\" height=\"305\" src=\"https:\/\/www.bruelhartducret.ch\/wp-content\/uploads\/2026\/02\/Marco-1-407x305.webp\" class=\"attachment-portrait size-portrait\" alt=\"\" srcset=\"https:\/\/www.bruelhartducret.ch\/wp-content\/uploads\/2026\/02\/Marco-1-407x305.webp 407w, https:\/\/www.bruelhartducret.ch\/wp-content\/uploads\/2026\/02\/Marco-1-300x225.webp 300w, https:\/\/www.bruelhartducret.ch\/wp-content\/uploads\/2026\/02\/Marco-1-1024x768.webp 1024w, https:\/\/www.bruelhartducret.ch\/wp-content\/uploads\/2026\/02\/Marco-1-768x576.webp 768w, https:\/\/www.bruelhartducret.ch\/wp-content\/uploads\/2026\/02\/Marco-1-1536x1152.webp 1536w, https:\/\/www.bruelhartducret.ch\/wp-content\/uploads\/2026\/02\/Marco-1-2048x1536.webp 2048w, https:\/\/www.bruelhartducret.ch\/wp-content\/uploads\/2026\/02\/Marco-1-16x12.webp 16w\" sizes=\"auto, (max-width: 407px) 100vw, 407px\" \/>            <\/div>\n    <figcaption>\n        <h3 class=\"name\">Marco Wendel<\/h3>\n                    <div class=\"occupation\">\n                                    <span class=\"job\">Technicien dipl. ES i.A.<\/span>\n                                            <\/div>\n                    <\/figcaption>\n<\/figure>            <figure href=\"https:\/\/www.bruelhartducret.ch\/fr\/?employee=automatisch-gespeicherter-entwurf-4\" class=\"post-1501 employee type-employee status-publish hentry\" data-turbo=\"false\">\n    <div class=\"portrait-wrapper\">\n        <img loading=\"lazy\" decoding=\"async\" width=\"407\" height=\"305\" src=\"https:\/\/www.bruelhartducret.ch\/wp-content\/uploads\/2025\/08\/Silvan-Zbinden_3-407x305.webp\" class=\"attachment-portrait size-portrait\" alt=\"\" srcset=\"https:\/\/www.bruelhartducret.ch\/wp-content\/uploads\/2025\/08\/Silvan-Zbinden_3-407x305.webp 407w, https:\/\/www.bruelhartducret.ch\/wp-content\/uploads\/2025\/08\/Silvan-Zbinden_3-300x225.webp 300w, https:\/\/www.bruelhartducret.ch\/wp-content\/uploads\/2025\/08\/Silvan-Zbinden_3-1024x768.webp 1024w, https:\/\/www.bruelhartducret.ch\/wp-content\/uploads\/2025\/08\/Silvan-Zbinden_3-768x576.webp 768w, https:\/\/www.bruelhartducret.ch\/wp-content\/uploads\/2025\/08\/Silvan-Zbinden_3-1536x1152.webp 1536w, https:\/\/www.bruelhartducret.ch\/wp-content\/uploads\/2025\/08\/Silvan-Zbinden_3-2048x1536.webp 2048w, https:\/\/www.bruelhartducret.ch\/wp-content\/uploads\/2025\/08\/Silvan-Zbinden_3-16x12.webp 16w\" sizes=\"auto, (max-width: 407px) 100vw, 407px\" \/>            <\/div>\n    <figcaption>\n        <h3 class=\"name\">Silvan Zbinden<\/h3>\n                    <div class=\"occupation\">\n                                    <span class=\"job\">Stagiaire en architecture<\/span>\n                                            <\/div>\n                    <\/figcaption>\n<\/figure>    <\/div><\/div>\n\n\n\n<div class=\"wp-block-group alignfull has-white-background-color has-background is-layout-constrained wp-block-group-is-layout-constrained\" id=\"jobs\">\n<h5 class=\"wp-block-heading\">Emplois<\/h5>\n\n\n\n<div class=\"wp-block-group alignfull title-with-lead is-layout-constrained wp-block-group-is-layout-constrained\">\n<h1 class=\"wp-block-heading\">Votre poste ?<br><strong>Nous comptons sur vous !<\/strong><\/h1>\n\n\n\n<div class=\"wp-block-group alignfull lead-wrapper is-layout-flow wp-block-group-is-layout-flow\">\n<p class=\"is-style-lead\">Nous sommes toujours \u00e0 la recherche de personnes talentueuses et engag\u00e9es. Si vous souhaitez faire partie de notre \u00e9quipe, n'h\u00e9sitez pas \u00e0 nous envoyer votre candidature spontan\u00e9e.<\/p>\n<\/div>\n<\/div>\n\n\n\n<div style=\"height:100px\" aria-hidden=\"true\" class=\"wp-block-spacer\"><\/div>\n\n\n<div class=\"alignfull has-background has-primary-background-color wp-block-group alignfull wp-block-bruelhart-ducret-contact has-background has-primary-background-color\">\n    <div class=\"content-wrapper\">\n        <div class=\"acf-innerblocks-container\">\n\n<h5 class=\"wp-block-heading\">Personne de contact<\/h5>\n\n\n\n<h2 class=\"wp-block-heading\"><strong>Vous voulez aller au terrier ?<\/strong><br><strong>Nous sommes l\u00e0 pour vous aider !<\/strong><br>Contactez-moi si vous avez des questions et\/ou si vous \u00eates int\u00e9ress\u00e9(e).<\/h2>\n\n\n\n<div class=\"wp-block-buttons is-layout-flex wp-block-buttons-is-layout-flex\">\n<div class=\"wp-block-button\"><a class=\"wp-block-button__link wp-element-button\" href=\"#team\">Tous les contacts<\/a><\/div>\n<\/div>\n\n<\/div>\n    <\/div>\n            <div class=\"employees\">\n            <figure href=\"https:\/\/www.bruelhartducret.ch\/fr\/?employee=automatisch-gespeicherter-entwurf-4\" class=\"post-814 employee type-employee status-publish hentry\" data-turbo=\"false\">\n    <div class=\"portrait-wrapper\">\n        <img loading=\"lazy\" decoding=\"async\" width=\"407\" height=\"305\" src=\"https:\/\/www.bruelhartducret.ch\/wp-content\/uploads\/2025\/02\/Sacha_2025_2-407x305.webp\" class=\"attachment-portrait size-portrait\" alt=\"\" srcset=\"https:\/\/www.bruelhartducret.ch\/wp-content\/uploads\/2025\/02\/Sacha_2025_2-407x305.webp 407w, https:\/\/www.bruelhartducret.ch\/wp-content\/uploads\/2025\/02\/Sacha_2025_2-300x225.webp 300w, https:\/\/www.bruelhartducret.ch\/wp-content\/uploads\/2025\/02\/Sacha_2025_2-1024x768.webp 1024w, https:\/\/www.bruelhartducret.ch\/wp-content\/uploads\/2025\/02\/Sacha_2025_2-768x576.webp 768w, https:\/\/www.bruelhartducret.ch\/wp-content\/uploads\/2025\/02\/Sacha_2025_2-1536x1152.webp 1536w, https:\/\/www.bruelhartducret.ch\/wp-content\/uploads\/2025\/02\/Sacha_2025_2-2048x1536.webp 2048w, https:\/\/www.bruelhartducret.ch\/wp-content\/uploads\/2025\/02\/Sacha_2025_2-16x12.webp 16w\" sizes=\"auto, (max-width: 407px) 100vw, 407px\" \/>                    <a class=\"linkedin\" href=\"https:\/\/ch.linkedin.com\/in\/sacha-br%C3%BClhart-850106167\" target=\"_blank\"><\/a>\n            <\/div>\n    <figcaption>\n        <h3 class=\"name\">Sacha Br\u00fclhart <\/h3>\n                    <div class=\"occupation\">\n                                    <span class=\"job\">Architecte FH, biologiste du b\u00e2timent SIB<\/span>\n                                                    <span class=\"position\">Partenaire principal, co-directeur<\/span>\n                            <\/div>\n                            <div class=\"links\">\n                                    <a class=\"phone\" href=\"tel:+41 58 861 61 01\">+41 58 861 61 01<\/a>\n                                                    <a class=\"email\" href=\"mailto:sacha.bruelhart@bruelhartducret.ch\">sacha.bruelhart@bruelhartducret.ch<\/a>\n                            <\/div>\n            <\/figcaption>\n<\/figure>            <figure href=\"https:\/\/www.bruelhartducret.ch\/fr\/?employee=automatisch-gespeicherter-entwurf-4\" class=\"post-753 employee type-employee status-publish hentry\" data-turbo=\"false\">\n    <div class=\"portrait-wrapper\">\n        <img loading=\"lazy\" decoding=\"async\" width=\"407\" height=\"304\" src=\"https:\/\/www.bruelhartducret.ch\/wp-content\/uploads\/2025\/02\/2025_Steve-Ducret_1-scaled-e1752062618327-407x304.webp\" class=\"attachment-portrait size-portrait\" alt=\"\" srcset=\"https:\/\/www.bruelhartducret.ch\/wp-content\/uploads\/2025\/02\/2025_Steve-Ducret_1-scaled-e1752062618327-407x304.webp 407w, https:\/\/www.bruelhartducret.ch\/wp-content\/uploads\/2025\/02\/2025_Steve-Ducret_1-scaled-e1752062618327-300x224.webp 300w, https:\/\/www.bruelhartducret.ch\/wp-content\/uploads\/2025\/02\/2025_Steve-Ducret_1-scaled-e1752062618327-1024x766.webp 1024w, https:\/\/www.bruelhartducret.ch\/wp-content\/uploads\/2025\/02\/2025_Steve-Ducret_1-scaled-e1752062618327-768x575.webp 768w, https:\/\/www.bruelhartducret.ch\/wp-content\/uploads\/2025\/02\/2025_Steve-Ducret_1-scaled-e1752062618327-1536x1149.webp 1536w, https:\/\/www.bruelhartducret.ch\/wp-content\/uploads\/2025\/02\/2025_Steve-Ducret_1-scaled-e1752062618327-16x12.webp 16w, https:\/\/www.bruelhartducret.ch\/wp-content\/uploads\/2025\/02\/2025_Steve-Ducret_1-scaled-e1752062618327.webp 1540w\" sizes=\"auto, (max-width: 407px) 100vw, 407px\" \/>                    <a class=\"linkedin\" href=\"https:\/\/ch.linkedin.com\/in\/steve-ducret-9ba43746\" target=\"_blank\"><\/a>\n            <\/div>\n    <figcaption>\n        <h3 class=\"name\">Steve Ducret<\/h3>\n                    <div class=\"occupation\">\n                                    <span class=\"job\">Architecte FH<\/span>\n                                                    <span class=\"position\">Partenaire principal, co-directeur<\/span>\n                            <\/div>\n                            <div class=\"links\">\n                                    <a class=\"phone\" href=\"tel:+41 58 861 61 02\">+41 58 861 61 02<\/a>\n                                                    <a class=\"email\" href=\"mailto:steve.ducret@bruelhartducret.ch\">steve.ducret@bruelhartducret.ch<\/a>\n                            <\/div>\n            <\/figcaption>\n<\/figure>        <\/div>\n    <\/div><\/div>\n\n\n\n<div class=\"wp-block-group alignfull has-white-background-color has-background is-layout-constrained wp-block-group-is-layout-constrained\" id=\"geschichte\">\n<h5 class=\"wp-block-heading\">Une grande exp\u00e9rience pour votre projet <\/h5>\n\n\n\n<h2 class=\"wp-block-heading\">Notre histoire<\/h2>\n\n\n\n<figure class=\"wp-block-table alignright table-with-numbers\"><table><tbody><tr><td>1977<\/td><td>Fondation de l'entreprise individuelle par l'architecte Beat Baeriswyl.<\/td><\/tr><tr><td>1981<\/td><td>Transformation de l'entreprise individuelle en Beat Baeriswyl AG, Architekturb\u00fcro.<\/td><\/tr><tr><td>1999<\/td><td>Partage de bureau avec Jacques Folly S\u00e0rl, bureau d'architecture.<\/td><\/tr><tr><td>2009<\/td><td>Cr\u00e9ation du bureau d'architecture Atelier Ducret par Steve Ducret.<\/td><\/tr><tr><td>2011<\/td><td>Entr\u00e9e de Sacha Br\u00fclhart dans le bureau d'architecture de Beat Baeriswyl.<\/td><\/tr><tr><td>2012<\/td><td>Fondation de la soci\u00e9t\u00e9 Baeriswyl Architekten AG.<\/td><\/tr><tr><td>2013<\/td><td>R\u00e8glement de la succession : Sacha Br\u00fclhart reprend la direction de l'entreprise et devient propri\u00e9taire de Baeriswyl Architekten AG.<br><br>Transformation de la raison individuelle Atelier Ducret en Atelier Ducret, Architektur und Design GmbH.<\/td><\/tr><tr><td>2020<\/td><td>Beat Baeriswyl se retire des activit\u00e9s op\u00e9rationnelles. Il accompagne le d\u00e9veloppement de la nouvelle soci\u00e9t\u00e9 en tant que membre du conseil d'administration.<\/td><\/tr><tr><td>2021<\/td><td>Lancement de la soci\u00e9t\u00e9 Br\u00fclhart Ducret SA, issue de la fusion de Baeriswyl Architekten SA et de l'Atelier Ducret GmbH.<br><br>Emm\u00e9nagement dans les nouveaux locaux de la Hauptstrasse 24 \u00e0 Alterswil.<\/td><\/tr><\/tbody><\/table><\/figure>\n<\/div>\n\n\n\n<div class=\"wp-block-group alignfull has-white-background-color has-background is-layout-constrained wp-block-group-is-layout-constrained\" id=\"standorte\">\n<h5 class=\"wp-block-heading\">Sites<\/h5>\n\n\n\n<h2 class=\"wp-block-heading\">Contact<\/h2>\n\n\n\n<p class=\"has-large-font-size\">Nous sommes volontiers \u00e0 votre disposition dans toute la Suisse.<\/p>\n\n\n\n<div class=\"wp-block-columns is-layout-flex wp-container-core-columns-is-layout-9d6595d7 wp-block-columns-is-layout-flex\">\n<div class=\"wp-block-column is-layout-flow wp-block-column-is-layout-flow\">\n<figure data-no-zoom=\"true\" class=\"wp-block-image size-full\"><img loading=\"lazy\" decoding=\"async\" width=\"768\" height=\"573\" src=\"https:\/\/bruelhartducret.ch\/wp-content\/uploads\/2024\/12\/alterswil.webp\" alt=\"\" class=\"wp-image-770\" srcset=\"https:\/\/www.bruelhartducret.ch\/wp-content\/uploads\/2024\/12\/alterswil.webp 768w, https:\/\/www.bruelhartducret.ch\/wp-content\/uploads\/2024\/12\/alterswil-300x224.webp 300w, https:\/\/www.bruelhartducret.ch\/wp-content\/uploads\/2024\/12\/alterswil-16x12.webp 16w, https:\/\/www.bruelhartducret.ch\/wp-content\/uploads\/2024\/12\/alterswil-407x304.webp 407w\" sizes=\"auto, (max-width: 768px) 100vw, 768px\" \/><\/figure>\n\n\n\n<p><strong>Si\u00e8ge social<\/strong> <strong>Alterswil<\/strong><\/p>\n\n\n\n<p>24, rue principale<br>1715 Alterswil<\/p>\n\n\n\n<p><a href=\"tel:41588616161\">+41 58 861 61 61 <\/a><\/p>\n\n\n\n<p><a href=\"mailto:info@bruelhartducret.ch\">info@bruelhartducret.ch<\/a><\/p>\n<\/div>\n\n\n\n<div class=\"wp-block-column is-layout-flow wp-block-column-is-layout-flow\">\n<figure data-no-zoom=\"true\" class=\"wp-block-image size-full\"><img loading=\"lazy\" decoding=\"async\" width=\"768\" height=\"573\" src=\"https:\/\/bruelhartducret.ch\/wp-content\/uploads\/2024\/12\/freiburg.webp\" alt=\"\" class=\"wp-image-769\" srcset=\"https:\/\/www.bruelhartducret.ch\/wp-content\/uploads\/2024\/12\/freiburg.webp 768w, https:\/\/www.bruelhartducret.ch\/wp-content\/uploads\/2024\/12\/freiburg-300x224.webp 300w, https:\/\/www.bruelhartducret.ch\/wp-content\/uploads\/2024\/12\/freiburg-16x12.webp 16w, https:\/\/www.bruelhartducret.ch\/wp-content\/uploads\/2024\/12\/freiburg-407x304.webp 407w\" sizes=\"auto, (max-width: 768px) 100vw, 768px\" \/><\/figure>\n\n\n\n<p><strong>Filiale de Fribourg<\/strong><\/p>\n\n\n\n<p>Avenue de Tivoli 4<br>1700 Fribourg<\/p>\n\n\n\n<p><a href=\"tel:41588616161\">+41 58 861 61 61 <\/a><\/p>\n\n\n\n<p><a href=\"mailto:info@bruelhartducret.ch\">info@bruelhartducret.ch<\/a><\/p>\n<\/div>\n<\/div>\n<\/div>\n\n\n\n<div class=\"wp-block-group alignfull offset-content is-layout-constrained wp-block-group-is-layout-constrained\">\n<div class=\"wp-block-group alignfull has-primary-background-color has-background is-layout-constrained wp-block-group-is-layout-constrained\">\n<h5 class=\"wp-block-heading\">Actualit\u00e9s et nouveaut\u00e9s<\/h5>\n\n\n\n<div class=\"wp-block-group lead-with-cta is-nowrap is-layout-flex wp-container-core-group-is-layout-ad2f72ca wp-block-group-is-layout-flex\">\n<p class=\"is-style-lead\"><strong>Fonctionnalit\u00e9 esth\u00e9tique dans l'application pratique :<\/strong> Lisez ici les articles de notre blog \u00e0 ce sujet !<\/p>\n\n\n\n<div class=\"wp-block-buttons is-layout-flex wp-block-buttons-is-layout-flex\">\n<div class=\"wp-block-button\"><a class=\"wp-block-button__link wp-element-button\" href=\"https:\/\/www.bruelhartducret.ch\/fr\/expertise\/\">en savoir plus<\/a><\/div>\n<\/div>\n<\/div>\n<\/div>\n\n\n<div class=\"alignfull is-style-slider is-offset wp-block-bruelhart-ducret-posts\">\n    <turbo-frame id=\"posts\" data-turbo=\"true\">\n                <div class=\"teasers\">\n                            <a href=\"https:\/\/www.bruelhartducret.ch\/fr\/skitagingstaad\/\" class=\"post-1604 post type-post status-publish format-standard has-post-thumbnail hentry\" data-turbo=\"false\">\n    <div class=\"image-wrapper\">\n        <img loading=\"lazy\" decoding=\"async\" width=\"480\" height=\"570\" src=\"https:\/\/www.bruelhartducret.ch\/wp-content\/uploads\/2026\/03\/Skitag-1-480x570.webp\" class=\"attachment-teaser size-teaser wp-post-image\" alt=\"\" srcset=\"https:\/\/www.bruelhartducret.ch\/wp-content\/uploads\/2026\/03\/Skitag-1-480x570.webp 480w, https:\/\/www.bruelhartducret.ch\/wp-content\/uploads\/2026\/03\/Skitag-1-960x1140.webp 960w\" sizes=\"auto, (max-width: 480px) 100vw, 480px\" \/>    <\/div>\n    <div class=\"data-wrapper\">\n        <h3 class=\"title\">Journ\u00e9e de ski \u00e0 Gstaad<\/h3>\n        <p class=\"excerpt\">Une journ\u00e9e de ski parfaite avec des conditions d'enneigement optimales, du soleil et de la bonne humeur !<\/p>\n        <div class=\"wp-block-button read-more\">\n            <span class=\"wp-element-button\">en savoir plus<\/span>\n        <\/div>\n    <\/div>\n<\/a>                            <a href=\"https:\/\/www.bruelhartducret.ch\/fr\/dimitri-gl\/\" class=\"post-1555 post type-post status-publish format-standard has-post-thumbnail hentry\" data-turbo=\"false\">\n    <div class=\"image-wrapper\">\n        <img loading=\"lazy\" decoding=\"async\" width=\"480\" height=\"570\" src=\"https:\/\/www.bruelhartducret.ch\/wp-content\/uploads\/2025\/11\/251017_Portrait-GL-BD-480x570.webp\" class=\"attachment-teaser size-teaser wp-post-image\" alt=\"\" srcset=\"https:\/\/www.bruelhartducret.ch\/wp-content\/uploads\/2025\/11\/251017_Portrait-GL-BD-480x570.webp 480w, https:\/\/www.bruelhartducret.ch\/wp-content\/uploads\/2025\/11\/251017_Portrait-GL-BD-960x1140.webp 960w\" sizes=\"auto, (max-width: 480px) 100vw, 480px\" \/>    <\/div>\n    <div class=\"data-wrapper\">\n        <h3 class=\"title\">BR\u00dcLHART DUCRET AG \u00c9LARGIT SA DIRECTION<\/h3>\n        <p class=\"excerpt\">\u00c9largit direction<\/p>\n        <div class=\"wp-block-button read-more\">\n            <span class=\"wp-element-button\">en savoir plus<\/span>\n        <\/div>\n    <\/div>\n<\/a>                            <a href=\"https:\/\/www.bruelhartducret.ch\/fr\/seislermaess-3\/\" class=\"post-1546 post type-post status-publish format-standard has-post-thumbnail hentry\" data-turbo=\"false\">\n    <div class=\"image-wrapper\">\n        <img loading=\"lazy\" decoding=\"async\" width=\"480\" height=\"570\" src=\"https:\/\/www.bruelhartducret.ch\/wp-content\/uploads\/2025\/11\/thumbnail_IMG_9979-480x570.webp\" class=\"attachment-teaser size-teaser wp-post-image\" alt=\"\" srcset=\"https:\/\/www.bruelhartducret.ch\/wp-content\/uploads\/2025\/11\/thumbnail_IMG_9979-480x570.webp 480w, https:\/\/www.bruelhartducret.ch\/wp-content\/uploads\/2025\/11\/thumbnail_IMG_9979-960x1140.webp 960w\" sizes=\"auto, (max-width: 480px) 100vw, 480px\" \/>    <\/div>\n    <div class=\"data-wrapper\">\n        <h3 class=\"title\">Visite au mus\u00e9e &amp; plaisirs culinaires \u00e0 Fribourg<\/h3>\n        <p class=\"excerpt\">Visite au mus\u00e9e &amp; plaisirs culinaires \u00e0 Fribourg<\/p>\n        <div class=\"wp-block-button read-more\">\n            <span class=\"wp-element-button\">en savoir plus<\/span>\n        <\/div>\n    <\/div>\n<\/a>                            <a href=\"https:\/\/www.bruelhartducret.ch\/fr\/seislermaess\/\" class=\"post-1414 post type-post status-publish format-standard has-post-thumbnail hentry\" data-turbo=\"false\">\n    <div class=\"image-wrapper\">\n        <img loading=\"lazy\" decoding=\"async\" width=\"480\" height=\"570\" src=\"https:\/\/www.bruelhartducret.ch\/wp-content\/uploads\/2025\/06\/Bild01_bearbeitet-1-480x570.webp\" class=\"attachment-teaser size-teaser wp-post-image\" alt=\"\" srcset=\"https:\/\/www.bruelhartducret.ch\/wp-content\/uploads\/2025\/06\/Bild01_bearbeitet-1-480x570.webp 480w, https:\/\/www.bruelhartducret.ch\/wp-content\/uploads\/2025\/06\/Bild01_bearbeitet-1-9x12.webp 9w, https:\/\/www.bruelhartducret.ch\/wp-content\/uploads\/2025\/06\/Bild01_bearbeitet-1-960x1140.webp 960w\" sizes=\"auto, (max-width: 480px) 100vw, 480px\" \/>    <\/div>\n    <div class=\"data-wrapper\">\n        <h3 class=\"title\">Chariot gourmand<\/h3>\n        <p class=\"excerpt\">Un projet de BR\u00dcLHART DUCRET AG pour la cave St\u00e4mpfli AG et Alachsa, Laupen<\/p>\n        <div class=\"wp-block-button read-more\">\n            <span class=\"wp-element-button\">en savoir plus<\/span>\n        <\/div>\n    <\/div>\n<\/a>                    <\/div>\n            <\/turbo-frame>\n<\/div>\n<\/div>","protected":false},"excerpt":{"rendered":"<p>Architekturb\u00fcro f\u00fcr \u00e4sthetische, funktionale und nachhaltige Architektur \u2013 pers\u00f6nlich begleitet f\u00fcr ihr Bauprojekt Bei Br\u00fclhart Ducret vereinen wir architektonische Qualit\u00e4t mit pers\u00f6nlicher Begleitung. Wir blicken auf zahlreiche erfolgreich realisierte Projekte und verf\u00fcgen \u00fcber das Wissen und die Kapazit\u00e4t f\u00fcr Aufgaben jeder Gr\u00f6sse. Jedes Projekt wird von einem unserer beiden Partner \u2013 Steve Ducret oder Sacha [&hellip;]<\/p>","protected":false},"author":1,"featured_media":0,"parent":0,"menu_order":0,"comment_status":"closed","ping_status":"closed","template":"","meta":{"footnotes":""},"class_list":["post-59","page","type-page","status-publish","hentry"],"acf":[],"_links":{"self":[{"href":"https:\/\/www.bruelhartducret.ch\/fr\/wp-json\/wp\/v2\/pages\/59","targetHints":{"allow":["GET"]}}],"collection":[{"href":"https:\/\/www.bruelhartducret.ch\/fr\/wp-json\/wp\/v2\/pages"}],"about":[{"href":"https:\/\/www.bruelhartducret.ch\/fr\/wp-json\/wp\/v2\/types\/page"}],"author":[{"embeddable":true,"href":"https:\/\/www.bruelhartducret.ch\/fr\/wp-json\/wp\/v2\/users\/1"}],"replies":[{"embeddable":true,"href":"https:\/\/www.bruelhartducret.ch\/fr\/wp-json\/wp\/v2\/comments?post=59"}],"version-history":[{"count":108,"href":"https:\/\/www.bruelhartducret.ch\/fr\/wp-json\/wp\/v2\/pages\/59\/revisions"}],"predecessor-version":[{"id":1596,"href":"https:\/\/www.bruelhartducret.ch\/fr\/wp-json\/wp\/v2\/pages\/59\/revisions\/1596"}],"wp:attachment":[{"href":"https:\/\/www.bruelhartducret.ch\/fr\/wp-json\/wp\/v2\/media?parent=59"}],"curies":[{"name":"wp","href":"https:\/\/api.w.org\/{rel}","templated":true}]}}