{"id":53,"date":"2026-03-05T10:35:05","date_gmt":"2026-03-05T09:35:05","guid":{"rendered":"https:\/\/bruelhart-ducret.dev.hayloft-it.ch\/?page_id=53"},"modified":"2026-03-05T11:15:30","modified_gmt":"2026-03-05T10:15:30","slug":"conservation-du-patrimoine","status":"publish","type":"page","link":"https:\/\/www.bruelhartducret.ch\/fr\/conservation-du-patrimoine\/","title":{"rendered":"Monuments historiques"},"content":{"rendered":"<div class=\"wp-block-group alignfull hero-with-title-and-cover is-layout-flow wp-block-group-is-layout-flow\">\n<h1 class=\"wp-block-heading\"><strong><strong><strong>Monuments historiques<\/strong><\/strong>:<\/strong> Pr\u00e9server, d\u00e9velopper, conserver<\/h1>\n\n\n\n<div class=\"wp-block-cover alignfull is-light\"><img loading=\"lazy\" decoding=\"async\" width=\"2560\" height=\"1707\" class=\"wp-block-cover__image-background wp-image-1008\" alt=\"\" src=\"https:\/\/bruelhartducret.ch\/wp-content\/uploads\/2025\/05\/Maigrauge-Bruelhart-Ducret-scaled.webp\" style=\"object-position:53% 37%\" data-object-fit=\"cover\" data-object-position=\"53% 37%\" srcset=\"https:\/\/www.bruelhartducret.ch\/wp-content\/uploads\/2025\/05\/Maigrauge-Bruelhart-Ducret-scaled.webp 2560w, https:\/\/www.bruelhartducret.ch\/wp-content\/uploads\/2025\/05\/Maigrauge-Bruelhart-Ducret-300x200.webp 300w, https:\/\/www.bruelhartducret.ch\/wp-content\/uploads\/2025\/05\/Maigrauge-Bruelhart-Ducret-1024x683.webp 1024w, https:\/\/www.bruelhartducret.ch\/wp-content\/uploads\/2025\/05\/Maigrauge-Bruelhart-Ducret-768x512.webp 768w, https:\/\/www.bruelhartducret.ch\/wp-content\/uploads\/2025\/05\/Maigrauge-Bruelhart-Ducret-1536x1024.webp 1536w, https:\/\/www.bruelhartducret.ch\/wp-content\/uploads\/2025\/05\/Maigrauge-Bruelhart-Ducret-2048x1366.webp 2048w, https:\/\/www.bruelhartducret.ch\/wp-content\/uploads\/2025\/05\/Maigrauge-Bruelhart-Ducret-18x12.webp 18w, https:\/\/www.bruelhartducret.ch\/wp-content\/uploads\/2025\/05\/Maigrauge-Bruelhart-Ducret-407x271.webp 407w\" sizes=\"auto, (max-width: 2560px) 100vw, 2560px\" \/><span aria-hidden=\"true\" class=\"wp-block-cover__background has-background-dim-0 has-background-dim\" style=\"background-color:#b1aa9b\"><\/span><div class=\"wp-block-cover__inner-container is-layout-constrained wp-block-cover-is-layout-constrained\">\n<p class=\"has-text-align-center has-large-font-size\"><\/p>\n<\/div><\/div>\n<\/div>\n\n\n\n<div class=\"wp-block-group alignfull lead-wrapper is-layout-constrained wp-block-group-is-layout-constrained\">\n<p class=\"is-style-lead\">Notre travail dans la conservation des monuments historiques allie un artisanat traditionnel \u00e0 des connaissances architecturales modernes, afin de pr\u00e9server durablement les b\u00e2timents historiques et de les d\u00e9velopper dans une perspective d'avenir. Nous sommes convaincus que le traitement respectueux du patrimoine b\u00e2ti existant contribue non seulement \u00e0 la pr\u00e9servation de l'identit\u00e9, mais garantit \u00e9galement les valeurs architecturales, culturelles et \u00e9conomiques \u00e0 long terme. &nbsp;<\/p>\n\n\n\n<p class=\"is-style-lead\">Forts d'une solide exp\u00e9rience acquise dans le cadre de nombreux projets de restauration et d'assainissement r\u00e9ussis, nous nous engageons pour la conservation et la transformation prudente de b\u00e2timents historiques. Ce faisant, nous veillons \u00e0 l'\u00e9quilibre entre la conservation authentique de la substance et les exigences contemporaines en mati\u00e8re d'utilisation, de confort et d'efficacit\u00e9 \u00e9nerg\u00e9tique. &nbsp;<\/p>\n\n\n\n<h2 class=\"wp-block-heading\"><strong>Les avantages de l'entretien des monuments historiques avec nous :<\/strong><\/h2>\n\n\n\n<ul class=\"wp-block-list\">\n<li><strong>Pr\u00e9servation de la valeur et de l'identit\u00e9 :<\/strong> Les b\u00e2timents historiques marquent le paysage urbain et l'environnement. Une r\u00e9novation professionnelle augmente non seulement l'esth\u00e9tique, mais aussi la valeur \u00e0 long terme de votre bien immobilier. &nbsp;<\/li>\n\n\n\n<li><strong>Durabilit\u00e9 :<\/strong> En pr\u00e9servant les structures existantes, nous minimisons la consommation de ressources et contribuons activement \u00e0 la r\u00e9duction de l'empreinte \u00e9cologique. &nbsp;<\/li>\n\n\n\n<li><strong>Expertise technique :<\/strong> Notre exp\u00e9rience dans le traitement des structures historiques, des techniques artisanales traditionnelles et des m\u00e9thodes de restauration innovantes garantit une qualit\u00e9 et une durabilit\u00e9 maximales. &nbsp;<\/li>\n\n\n\n<li><strong>Processus administratifs et subventions :<\/strong> Nous vous guidons en toute s\u00e9curit\u00e9 \u00e0 travers des processus d'autorisation complexes et vous aidons \u00e0 obtenir des subventions pour la conservation des b\u00e2timents class\u00e9s.<\/li>\n\n\n\n<li><strong>Harmonie entre l'ancien et le nouveau :<\/strong> Nous d\u00e9veloppons des solutions sur mesure qui pr\u00e9servent l'architecture historique tout en l'harmonisant avec des concepts d'utilisation modernes.<\/li>\n\n\n\n<li><strong>Conseils individuel :<\/strong> Chaque b\u00e2timent class\u00e9 monument historique est unique. Nous vous accompagnons avec une planification personnalis\u00e9e, adapt\u00e9e \u00e0 vos besoins - de l'analyse de l'existant \u00e0 la r\u00e9alisation. &nbsp;<\/li>\n<\/ul>\n<\/div>\n\n\n\n<div style=\"height:50px\" aria-hidden=\"true\" class=\"wp-block-spacer\"><\/div>\n\n\n\n<p class=\"is-style-lead\"><strong>Avec Br\u00fclhart Ducret, vous faites confiance \u00e0 un bureau d'architectes exp\u00e9riment\u00e9 qui comprend la valeur et l'histoire de votre b\u00e2timent et qui le conduit avec soin vers l'avenir.<\/strong><\/p>\n\n\n\n<div class=\"wp-block-group alignfull is-layout-constrained wp-block-group-is-layout-constrained\">\n<h5 class=\"wp-block-heading\">R\u00e9f\u00e9rences<\/h5>\n\n\n\n<h2 class=\"wp-block-heading\">Projets r\u00e9alis\u00e9s<\/h2>\n\n\n\n<div class=\"wp-block-buttons is-layout-flex wp-block-buttons-is-layout-flex\">\n<div class=\"wp-block-button\"><a class=\"wp-block-button__link wp-element-button\" href=\"https:\/\/www.bruelhartducret.ch\/fr\/apercu-du-projet\/\">voir tous les projets<\/a><\/div>\n<\/div>\n\n\n<div class=\"align is-style-list wp-block-bruelhart-ducret-projects\">\n    <turbo-frame id=\"projects\" data-turbo=\"true\">\n                <div class=\"teasers\">\n                            <a href=\"https:\/\/www.bruelhartducret.ch\/fr\/projet\/schulhausplasselb\/\" class=\"post-1577 project type-project status-publish has-post-thumbnail hentry project_cat-denkmalpflege project_cat-umbau-renovation-und-sanierung\" data-turbo=\"false\">\n    <div class=\"image-wrapper\">\n        <img loading=\"lazy\" decoding=\"async\" width=\"1920\" height=\"1050\" src=\"https:\/\/www.bruelhartducret.ch\/wp-content\/uploads\/2025\/12\/BDA-Pla-251015-ARC001.webp\" class=\"attachment-post-thumbnail size-post-thumbnail wp-post-image\" alt=\"\" srcset=\"https:\/\/www.bruelhartducret.ch\/wp-content\/uploads\/2025\/12\/BDA-Pla-251015-ARC001.webp 1920w, https:\/\/www.bruelhartducret.ch\/wp-content\/uploads\/2025\/12\/BDA-Pla-251015-ARC001-300x164.webp 300w, https:\/\/www.bruelhartducret.ch\/wp-content\/uploads\/2025\/12\/BDA-Pla-251015-ARC001-1024x560.webp 1024w, https:\/\/www.bruelhartducret.ch\/wp-content\/uploads\/2025\/12\/BDA-Pla-251015-ARC001-768x420.webp 768w, https:\/\/www.bruelhartducret.ch\/wp-content\/uploads\/2025\/12\/BDA-Pla-251015-ARC001-1536x840.webp 1536w, https:\/\/www.bruelhartducret.ch\/wp-content\/uploads\/2025\/12\/BDA-Pla-251015-ARC001-18x10.webp 18w, https:\/\/www.bruelhartducret.ch\/wp-content\/uploads\/2025\/12\/BDA-Pla-251015-ARC001-407x223.webp 407w\" sizes=\"auto, (max-width: 1920px) 100vw, 1920px\" \/>    <\/div>\n    <div class=\"data-wrapper\">\n        <h3 class=\"title\">Schulhaus Plasselb<\/h3>\n        <p class=\"excerpt\">Das Schulhaus der Gemeinde Plasselb wurde im Rahmen eines umfassenden Gesamtprojekts sorgf\u00e4ltig saniert und strukturell ert\u00fcchtigt. Die Massnahmen erfolgten mit grossem Respekt vor der bestehenden Bausubstanz und mit dem Ziel, die architektonische Identit\u00e4t des Geb\u00e4udes zu bewahren und gleichzeitig den heutigen technischen, energetischen und funktionalen Anforderungen gerecht zu werden.<\/p>\n        <div class=\"wp-block-button read-more\">\n            <span class=\"wp-element-button\">en savoir plus<\/span>\n        <\/div>\n    <\/div>\n<\/a>                            <a href=\"https:\/\/www.bruelhartducret.ch\/fr\/projet\/buffet-de-la-gare\/\" class=\"post-526 project type-project status-publish has-post-thumbnail hentry project_cat-denkmalpflege project_cat-gewerbebauten project_cat-umbau-renovation-und-sanierung\" data-turbo=\"false\">\n    <div class=\"image-wrapper\">\n        <img loading=\"lazy\" decoding=\"async\" width=\"1920\" height=\"1080\" src=\"https:\/\/www.bruelhartducret.ch\/wp-content\/uploads\/2024\/11\/BDA-Buf-210420-ARC003.webp\" class=\"attachment-post-thumbnail size-post-thumbnail wp-post-image\" alt=\"\" srcset=\"https:\/\/www.bruelhartducret.ch\/wp-content\/uploads\/2024\/11\/BDA-Buf-210420-ARC003.webp 1920w, https:\/\/www.bruelhartducret.ch\/wp-content\/uploads\/2024\/11\/BDA-Buf-210420-ARC003-300x169.webp 300w, https:\/\/www.bruelhartducret.ch\/wp-content\/uploads\/2024\/11\/BDA-Buf-210420-ARC003-1024x576.webp 1024w, https:\/\/www.bruelhartducret.ch\/wp-content\/uploads\/2024\/11\/BDA-Buf-210420-ARC003-768x432.webp 768w, https:\/\/www.bruelhartducret.ch\/wp-content\/uploads\/2024\/11\/BDA-Buf-210420-ARC003-1536x864.webp 1536w, https:\/\/www.bruelhartducret.ch\/wp-content\/uploads\/2024\/11\/BDA-Buf-210420-ARC003-18x10.webp 18w, https:\/\/www.bruelhartducret.ch\/wp-content\/uploads\/2024\/11\/BDA-Buf-210420-ARC003-407x229.webp 407w\" sizes=\"auto, (max-width: 1920px) 100vw, 1920px\" \/>    <\/div>\n    <div class=\"data-wrapper\">\n        <h3 class=\"title\">Buf\u00adfet de la Gare<\/h3>\n        <p class=\"excerpt\">Le nouveau concept combine l'ancien et le nouveau et conf\u00e8re \u00e0 l'ensemble une ambiance de buffet de gare du d\u00e9but du si\u00e8cle.<\/p>\n        <div class=\"wp-block-button read-more\">\n            <span class=\"wp-element-button\">en savoir plus<\/span>\n        <\/div>\n    <\/div>\n<\/a>                            <a href=\"https:\/\/www.bruelhartducret.ch\/fr\/projet\/wohnhaus-maggenberg\/\" class=\"post-1295 project type-project status-publish has-post-thumbnail hentry project_cat-denkmalpflege project_cat-umbau-renovation-und-sanierung\" data-turbo=\"false\">\n    <div class=\"image-wrapper\">\n        <img loading=\"lazy\" decoding=\"async\" width=\"1920\" height=\"1440\" src=\"https:\/\/www.bruelhartducret.ch\/wp-content\/uploads\/2025\/05\/Maggenberg_3.webp\" class=\"attachment-post-thumbnail size-post-thumbnail wp-post-image\" alt=\"\" srcset=\"https:\/\/www.bruelhartducret.ch\/wp-content\/uploads\/2025\/05\/Maggenberg_3.webp 1920w, https:\/\/www.bruelhartducret.ch\/wp-content\/uploads\/2025\/05\/Maggenberg_3-300x225.webp 300w, https:\/\/www.bruelhartducret.ch\/wp-content\/uploads\/2025\/05\/Maggenberg_3-1024x768.webp 1024w, https:\/\/www.bruelhartducret.ch\/wp-content\/uploads\/2025\/05\/Maggenberg_3-768x576.webp 768w, https:\/\/www.bruelhartducret.ch\/wp-content\/uploads\/2025\/05\/Maggenberg_3-1536x1152.webp 1536w, https:\/\/www.bruelhartducret.ch\/wp-content\/uploads\/2025\/05\/Maggenberg_3-16x12.webp 16w, https:\/\/www.bruelhartducret.ch\/wp-content\/uploads\/2025\/05\/Maggenberg_3-407x305.webp 407w\" sizes=\"auto, (max-width: 1920px) 100vw, 1920px\" \/>    <\/div>\n    <div class=\"data-wrapper\">\n        <h3 class=\"title\">Maison d'habitation Maggenberg<\/h3>\n        <p class=\"excerpt\">R\u00e9novation d'ensemble \u2013 Un nouveau chapitre pour la maison d\u2019habitation Maggenberg\u00a0<\/p>\n        <div class=\"wp-block-button read-more\">\n            <span class=\"wp-element-button\">en savoir plus<\/span>\n        <\/div>\n    <\/div>\n<\/a>                            <a href=\"https:\/\/www.bruelhartducret.ch\/fr\/projet\/hotel-taverne\/\" class=\"post-578 project type-project status-publish has-post-thumbnail hentry project_cat-denkmalpflege project_cat-umbau-renovation-und-sanierung\" data-turbo=\"false\">\n    <div class=\"image-wrapper\">\n        <img loading=\"lazy\" decoding=\"async\" width=\"1920\" height=\"1080\" src=\"https:\/\/www.bruelhartducret.ch\/wp-content\/uploads\/2024\/11\/G01A7032.webp\" class=\"attachment-post-thumbnail size-post-thumbnail wp-post-image\" alt=\"\" srcset=\"https:\/\/www.bruelhartducret.ch\/wp-content\/uploads\/2024\/11\/G01A7032.webp 1920w, https:\/\/www.bruelhartducret.ch\/wp-content\/uploads\/2024\/11\/G01A7032-300x169.webp 300w, https:\/\/www.bruelhartducret.ch\/wp-content\/uploads\/2024\/11\/G01A7032-1024x576.webp 1024w, https:\/\/www.bruelhartducret.ch\/wp-content\/uploads\/2024\/11\/G01A7032-768x432.webp 768w, https:\/\/www.bruelhartducret.ch\/wp-content\/uploads\/2024\/11\/G01A7032-1536x864.webp 1536w, https:\/\/www.bruelhartducret.ch\/wp-content\/uploads\/2024\/11\/G01A7032-18x10.webp 18w, https:\/\/www.bruelhartducret.ch\/wp-content\/uploads\/2024\/11\/G01A7032-407x229.webp 407w\" sizes=\"auto, (max-width: 1920px) 100vw, 1920px\" \/>    <\/div>\n    <div class=\"data-wrapper\">\n        <h3 class=\"title\">H\u00f4tel Tav\u00ader\u00adna<\/h3>\n        <p class=\"excerpt\">Situ\u00e9 au c\u0153ur du village, l'h\u00f4tel Taverna brille, apr\u00e8s une phase de transformation et de r\u00e9novation de trois mois, comme un h\u00f4tel moderne dot\u00e9 d'un restaurant innovant et d'un nouveau design int\u00e9rieur.<\/p>\n        <div class=\"wp-block-button read-more\">\n            <span class=\"wp-element-button\">en savoir plus<\/span>\n        <\/div>\n    <\/div>\n<\/a>                            <a href=\"https:\/\/www.bruelhartducret.ch\/fr\/projet\/hotel-cascade\/\" class=\"post-605 project type-project status-publish has-post-thumbnail hentry project_cat-denkmalpflege project_cat-gewerbebauten project_cat-umbau-renovation-und-sanierung\" data-turbo=\"false\">\n    <div class=\"image-wrapper\">\n        <img loading=\"lazy\" decoding=\"async\" width=\"1920\" height=\"1080\" src=\"https:\/\/www.bruelhartducret.ch\/wp-content\/uploads\/2024\/11\/151A1144_1.webp\" class=\"attachment-post-thumbnail size-post-thumbnail wp-post-image\" alt=\"\" srcset=\"https:\/\/www.bruelhartducret.ch\/wp-content\/uploads\/2024\/11\/151A1144_1.webp 1920w, https:\/\/www.bruelhartducret.ch\/wp-content\/uploads\/2024\/11\/151A1144_1-300x169.webp 300w, https:\/\/www.bruelhartducret.ch\/wp-content\/uploads\/2024\/11\/151A1144_1-1024x576.webp 1024w, https:\/\/www.bruelhartducret.ch\/wp-content\/uploads\/2024\/11\/151A1144_1-768x432.webp 768w, https:\/\/www.bruelhartducret.ch\/wp-content\/uploads\/2024\/11\/151A1144_1-1536x864.webp 1536w, https:\/\/www.bruelhartducret.ch\/wp-content\/uploads\/2024\/11\/151A1144_1-18x10.webp 18w, https:\/\/www.bruelhartducret.ch\/wp-content\/uploads\/2024\/11\/151A1144_1-407x229.webp 407w\" sizes=\"auto, (max-width: 1920px) 100vw, 1920px\" \/>    <\/div>\n    <div class=\"data-wrapper\">\n        <h3 class=\"title\">H\u00f4tel Wasserfall<\/h3>\n        <p class=\"excerpt\">Situ\u00e9 sur la route du col de Jaun, au c\u0153ur du village, l'h\u00f4tel compte parmi les plus anciens b\u00e2timents de Jaun. Apr\u00e8s sa r\u00e9novation et sa transformation, l'h\u00f4tel propose 14 chambres doubles et 3 chambres familiales.<\/p>\n        <div class=\"wp-block-button read-more\">\n            <span class=\"wp-element-button\">en savoir plus<\/span>\n        <\/div>\n    <\/div>\n<\/a>                            <a href=\"https:\/\/www.bruelhartducret.ch\/fr\/projet\/abbaye-maigrauge\/\" class=\"post-643 project type-project status-publish has-post-thumbnail hentry project_cat-denkmalpflege project_cat-umbau-renovation-und-sanierung\" data-turbo=\"false\">\n    <div class=\"image-wrapper\">\n        <img loading=\"lazy\" decoding=\"async\" width=\"1920\" height=\"1080\" src=\"https:\/\/www.bruelhartducret.ch\/wp-content\/uploads\/2024\/11\/05_16_9.webp\" class=\"attachment-post-thumbnail size-post-thumbnail wp-post-image\" alt=\"\" srcset=\"https:\/\/www.bruelhartducret.ch\/wp-content\/uploads\/2024\/11\/05_16_9.webp 1920w, https:\/\/www.bruelhartducret.ch\/wp-content\/uploads\/2024\/11\/05_16_9-300x169.webp 300w, https:\/\/www.bruelhartducret.ch\/wp-content\/uploads\/2024\/11\/05_16_9-1024x576.webp 1024w, https:\/\/www.bruelhartducret.ch\/wp-content\/uploads\/2024\/11\/05_16_9-768x432.webp 768w, https:\/\/www.bruelhartducret.ch\/wp-content\/uploads\/2024\/11\/05_16_9-1536x864.webp 1536w, https:\/\/www.bruelhartducret.ch\/wp-content\/uploads\/2024\/11\/05_16_9-18x10.webp 18w, https:\/\/www.bruelhartducret.ch\/wp-content\/uploads\/2024\/11\/05_16_9-407x229.webp 407w\" sizes=\"auto, (max-width: 1920px) 100vw, 1920px\" \/>    <\/div>\n    <div class=\"data-wrapper\">\n        <h3 class=\"title\">Abbaye de la Maigrauge<\/h3>\n        <p class=\"excerpt\">En collaboration avec le Service des biens culturels de Fribourg, des arch\u00e9ologues et des restaurateurs, les fa\u00e7ades ont \u00e9t\u00e9 recr\u00e9\u00e9es, r\u00e9par\u00e9es et rafra\u00eechies avec des mat\u00e9riaux de construction traditionnels.<\/p>\n        <div class=\"wp-block-button read-more\">\n            <span class=\"wp-element-button\">en savoir plus<\/span>\n        <\/div>\n    <\/div>\n<\/a>                    <\/div>\n            <\/turbo-frame>\n<\/div>\n<\/div>\n\n\n<div class=\"alignfull has-background has-primary-background-color wp-block-group alignfull wp-block-bruelhart-ducret-contact has-background has-primary-background-color\">\n    <div class=\"content-wrapper\">\n        <div class=\"acf-innerblocks-container\">\n\n<h5 class=\"wp-block-heading\">Personne de contact<\/h5>\n\n\n\n<h2 class=\"wp-block-heading\"><strong>Vous avez des questions sur le d\u00e9veloppement de projets de construction de logements ?<\/strong> N'h\u00e9sitez pas \u00e0 nous contacter.<\/h2>\n\n\n\n<div class=\"wp-block-buttons is-layout-flex wp-block-buttons-is-layout-flex\">\n<div class=\"wp-block-button\"><a class=\"wp-block-button__link wp-element-button\" href=\"https:\/\/www.bruelhartducret.ch\/fr\/bureau-darchitecture\/#team\">Tous les contacts<\/a><\/div>\n<\/div>\n\n<\/div>\n    <\/div>\n            <div class=\"employees\">\n            <figure href=\"https:\/\/www.bruelhartducret.ch\/fr\/?employee=automatisch-gespeicherter-entwurf-4\" class=\"post-814 employee type-employee status-publish hentry\" data-turbo=\"false\">\n    <div class=\"portrait-wrapper\">\n        <img loading=\"lazy\" decoding=\"async\" width=\"407\" height=\"305\" src=\"https:\/\/www.bruelhartducret.ch\/wp-content\/uploads\/2025\/02\/Sacha_2025_2-407x305.webp\" class=\"attachment-portrait size-portrait\" alt=\"\" srcset=\"https:\/\/www.bruelhartducret.ch\/wp-content\/uploads\/2025\/02\/Sacha_2025_2-407x305.webp 407w, https:\/\/www.bruelhartducret.ch\/wp-content\/uploads\/2025\/02\/Sacha_2025_2-300x225.webp 300w, https:\/\/www.bruelhartducret.ch\/wp-content\/uploads\/2025\/02\/Sacha_2025_2-1024x768.webp 1024w, https:\/\/www.bruelhartducret.ch\/wp-content\/uploads\/2025\/02\/Sacha_2025_2-768x576.webp 768w, https:\/\/www.bruelhartducret.ch\/wp-content\/uploads\/2025\/02\/Sacha_2025_2-1536x1152.webp 1536w, https:\/\/www.bruelhartducret.ch\/wp-content\/uploads\/2025\/02\/Sacha_2025_2-2048x1536.webp 2048w, https:\/\/www.bruelhartducret.ch\/wp-content\/uploads\/2025\/02\/Sacha_2025_2-16x12.webp 16w\" sizes=\"auto, (max-width: 407px) 100vw, 407px\" \/>                    <a class=\"linkedin\" href=\"https:\/\/ch.linkedin.com\/in\/sacha-br%C3%BClhart-850106167\" target=\"_blank\"><\/a>\n            <\/div>\n    <figcaption>\n        <h3 class=\"name\">Sacha Br\u00fclhart <\/h3>\n                    <div class=\"occupation\">\n                                    <span class=\"job\">Architecte FH, biologiste du b\u00e2timent SIB<\/span>\n                                                    <span class=\"position\">Partenaire principal, co-directeur<\/span>\n                            <\/div>\n                            <div class=\"links\">\n                                    <a class=\"phone\" href=\"tel:+41 58 861 61 01\">+41 58 861 61 01<\/a>\n                                                    <a class=\"email\" href=\"mailto:sacha.bruelhart@bruelhartducret.ch\">sacha.bruelhart@bruelhartducret.ch<\/a>\n                            <\/div>\n            <\/figcaption>\n<\/figure>            <figure href=\"https:\/\/www.bruelhartducret.ch\/fr\/?employee=automatisch-gespeicherter-entwurf-4\" class=\"post-753 employee type-employee status-publish hentry\" data-turbo=\"false\">\n    <div class=\"portrait-wrapper\">\n        <img loading=\"lazy\" decoding=\"async\" width=\"407\" height=\"304\" src=\"https:\/\/www.bruelhartducret.ch\/wp-content\/uploads\/2025\/02\/2025_Steve-Ducret_1-scaled-e1752062618327-407x304.webp\" class=\"attachment-portrait size-portrait\" alt=\"\" srcset=\"https:\/\/www.bruelhartducret.ch\/wp-content\/uploads\/2025\/02\/2025_Steve-Ducret_1-scaled-e1752062618327-407x304.webp 407w, https:\/\/www.bruelhartducret.ch\/wp-content\/uploads\/2025\/02\/2025_Steve-Ducret_1-scaled-e1752062618327-300x224.webp 300w, https:\/\/www.bruelhartducret.ch\/wp-content\/uploads\/2025\/02\/2025_Steve-Ducret_1-scaled-e1752062618327-1024x766.webp 1024w, https:\/\/www.bruelhartducret.ch\/wp-content\/uploads\/2025\/02\/2025_Steve-Ducret_1-scaled-e1752062618327-768x575.webp 768w, https:\/\/www.bruelhartducret.ch\/wp-content\/uploads\/2025\/02\/2025_Steve-Ducret_1-scaled-e1752062618327-1536x1149.webp 1536w, https:\/\/www.bruelhartducret.ch\/wp-content\/uploads\/2025\/02\/2025_Steve-Ducret_1-scaled-e1752062618327-16x12.webp 16w, https:\/\/www.bruelhartducret.ch\/wp-content\/uploads\/2025\/02\/2025_Steve-Ducret_1-scaled-e1752062618327.webp 1540w\" sizes=\"auto, (max-width: 407px) 100vw, 407px\" \/>                    <a class=\"linkedin\" href=\"https:\/\/ch.linkedin.com\/in\/steve-ducret-9ba43746\" target=\"_blank\"><\/a>\n            <\/div>\n    <figcaption>\n        <h3 class=\"name\">Steve Ducret<\/h3>\n                    <div class=\"occupation\">\n                                    <span class=\"job\">Architecte FH<\/span>\n                                                    <span class=\"position\">Partenaire principal, co-directeur<\/span>\n                            <\/div>\n                            <div class=\"links\">\n                                    <a class=\"phone\" href=\"tel:+41 58 861 61 02\">+41 58 861 61 02<\/a>\n                                                    <a class=\"email\" href=\"mailto:steve.ducret@bruelhartducret.ch\">steve.ducret@bruelhartducret.ch<\/a>\n                            <\/div>\n            <\/figcaption>\n<\/figure>        <\/div>\n    <\/div>\n\n<div class=\"blaze-slider alignwide wp-block-bruelhart-ducret-testimonials\">\n    <div class=\"blaze-container\">\n        <div class=\"blaze-track-container\">\n            <ul class=\"blaze-track\">\n                                    <blockquote>\n                        <p>De la planification en 2021 jusqu'\u00e0 la remise des cl\u00e9s fin 2023, Br\u00fclhart Ducret SA et ses collaborateurs cr\u00e9atifs et exp\u00e9riment\u00e9s nous ont merveilleusement soutenus dans la r\u00e9alisation de notre projet de nouvelle construction.\nNous sommes tr\u00e8s heureux de notre superbe maison individuelle et avons eu beaucoup de plaisir \u00e0 mettre en \u0153uvre le projet avec Br\u00fclhart Ducret SA.<\/p>\n                        <cite>Eileen F.<\/cite>\n                    <\/blockquote>\n                                    <blockquote>\n                        <p>Mon bureau d'architecture, pour un projet de construction. Nous sommes impatients de voir le projet prendre forme.<\/p>\n                        <cite>Ralph Ch.<\/cite>\n                    <\/blockquote>\n                                    <blockquote>\n                        <p>La confiance est la base de tout investissement immobilier.\nNotre collaboration de longue date avec Br\u00fclhart Ducret SA d\u00e9montre que cr\u00e9ativit\u00e9, flexibilit\u00e9, sens strat\u00e9gique et expertise approfondie s\u2019unissent ici au plus haut niveau \u2013 un partenariat qui fait ses preuves.<\/p>\n                        <cite>Erich T.<\/cite>\n                    <\/blockquote>\n                                    <blockquote>\n                        <p>Notre architecte a fait de notre r\u00eave une r\u00e9alit\u00e9<\/p>\n                        <cite>Dora F., Daniel R.<\/cite>\n                    <\/blockquote>\n                                    <blockquote>\n                        <p>Le bureau d'architectes de mon choix pour un projet de construction. C'est toujours passionnant d'observer comment le projet prend forme.<\/p>\n                        <cite>David Z.<\/cite>\n                    <\/blockquote>\n                            <\/ul>\n        <\/div>\n        <div class=\"blaze-navigation\">\n            <button class=\"blaze-prev\"><\/button>\n            <button class=\"blaze-next\"><\/button>\n        <\/div>\n    <\/div>\n<\/div>","protected":false},"excerpt":{"rendered":"<p>Denkmalpflege: Bewahren, Weiterentwickeln, Erhalten Unsere Arbeit in der Denkmalpflege verbindet traditionelles Handwerk mit modernem architektonischem Fachwissen, um historische Bauten nachhaltig zu erhalten und zukunftsorientiert weiterzuentwickeln. Wir sind davon \u00fcberzeugt, dass der respektvolle Umgang mit bestehender Bausubstanz nicht nur zur Identit\u00e4tsbewahrung beitr\u00e4gt, sondern auch architektonische, kulturelle und wirtschaftliche Werte langfristig sichert. &nbsp; Mit fundierter Erfahrung aus [&hellip;]<\/p>","protected":false},"author":1,"featured_media":0,"parent":0,"menu_order":0,"comment_status":"closed","ping_status":"closed","template":"","meta":{"footnotes":""},"class_list":["post-53","page","type-page","status-publish","hentry"],"acf":[],"_links":{"self":[{"href":"https:\/\/www.bruelhartducret.ch\/fr\/wp-json\/wp\/v2\/pages\/53","targetHints":{"allow":["GET"]}}],"collection":[{"href":"https:\/\/www.bruelhartducret.ch\/fr\/wp-json\/wp\/v2\/pages"}],"about":[{"href":"https:\/\/www.bruelhartducret.ch\/fr\/wp-json\/wp\/v2\/types\/page"}],"author":[{"embeddable":true,"href":"https:\/\/www.bruelhartducret.ch\/fr\/wp-json\/wp\/v2\/users\/1"}],"replies":[{"embeddable":true,"href":"https:\/\/www.bruelhartducret.ch\/fr\/wp-json\/wp\/v2\/comments?post=53"}],"version-history":[{"count":18,"href":"https:\/\/www.bruelhartducret.ch\/fr\/wp-json\/wp\/v2\/pages\/53\/revisions"}],"predecessor-version":[{"id":1474,"href":"https:\/\/www.bruelhartducret.ch\/fr\/wp-json\/wp\/v2\/pages\/53\/revisions\/1474"}],"wp:attachment":[{"href":"https:\/\/www.bruelhartducret.ch\/fr\/wp-json\/wp\/v2\/media?parent=53"}],"curies":[{"name":"wp","href":"https:\/\/api.w.org\/{rel}","templated":true}]}}