{"id":51,"date":"2023-09-15T09:20:15","date_gmt":"2023-09-15T07:20:15","guid":{"rendered":"https:\/\/bruelhart-ducret.dev.hayloft-it.ch\/?page_id=51"},"modified":"2025-07-10T08:53:26","modified_gmt":"2025-07-10T06:53:26","slug":"developpement-de-projets-de-construction-de-logements","status":"publish","type":"page","link":"https:\/\/www.bruelhartducret.ch\/fr\/developpement-de-projets-de-construction-de-logements\/","title":{"rendered":"Logements"},"content":{"rendered":"<div class=\"wp-block-group alignfull hero-with-title-and-cover is-layout-flow wp-block-group-is-layout-flow\">\n<h1 class=\"wp-block-heading\"><strong><strong>Logements<\/strong>:<\/strong> Des logements attrayants et durables avec une plus-value<\/h1>\n\n\n\n<div class=\"wp-block-cover alignfull is-light\"><img loading=\"lazy\" decoding=\"async\" width=\"2560\" height=\"1920\" class=\"wp-block-cover__image-background wp-image-1009\" alt=\"\" src=\"https:\/\/bruelhartducret.ch\/wp-content\/uploads\/2025\/05\/Panorama-1715-bruelhart-Ducret-scaled.webp\" data-object-fit=\"cover\" srcset=\"https:\/\/www.bruelhartducret.ch\/wp-content\/uploads\/2025\/05\/Panorama-1715-bruelhart-Ducret-scaled.webp 2560w, https:\/\/www.bruelhartducret.ch\/wp-content\/uploads\/2025\/05\/Panorama-1715-bruelhart-Ducret-300x225.webp 300w, https:\/\/www.bruelhartducret.ch\/wp-content\/uploads\/2025\/05\/Panorama-1715-bruelhart-Ducret-1024x768.webp 1024w, https:\/\/www.bruelhartducret.ch\/wp-content\/uploads\/2025\/05\/Panorama-1715-bruelhart-Ducret-768x576.webp 768w, https:\/\/www.bruelhartducret.ch\/wp-content\/uploads\/2025\/05\/Panorama-1715-bruelhart-Ducret-1536x1152.webp 1536w, https:\/\/www.bruelhartducret.ch\/wp-content\/uploads\/2025\/05\/Panorama-1715-bruelhart-Ducret-2048x1536.webp 2048w, https:\/\/www.bruelhartducret.ch\/wp-content\/uploads\/2025\/05\/Panorama-1715-bruelhart-Ducret-16x12.webp 16w, https:\/\/www.bruelhartducret.ch\/wp-content\/uploads\/2025\/05\/Panorama-1715-bruelhart-Ducret-407x305.webp 407w\" sizes=\"auto, (max-width: 2560px) 100vw, 2560px\" \/><span aria-hidden=\"true\" class=\"wp-block-cover__background has-background-dim-0 has-background-dim\" style=\"background-color:#98a5b2\"><\/span><div class=\"wp-block-cover__inner-container is-layout-constrained wp-block-cover-is-layout-constrained\">\n<p class=\"has-text-align-center has-large-font-size\"><\/p>\n<\/div><\/div>\n<\/div>\n\n\n\n<div class=\"wp-block-group alignfull lead-wrapper is-layout-constrained wp-block-group-is-layout-constrained\">\n<p class=\"is-style-lead\">Dans le domaine de la construction de logements, nous nous concentrons sur le d\u00e9veloppement d'objets qui r\u00e9pondent aux besoins actuels et futurs des gens. Nous sommes convaincus que seuls les projets qui convainquent tant sur le plan fonctionnel qu'esth\u00e9tique ont du succ\u00e8s \u00e0 long terme ! Nous cr\u00e9ons des espaces de vie attrayants et durables qui augmentent la valeur de votre bien immobilier. Chez Br\u00fclhart Ducret, nous disposons d'un vaste savoir-faire issu de nombreux projets men\u00e9s \u00e0 bien.<\/p>\n\n\n\n<h2 class=\"wp-block-heading\"><strong><strong>Les avantages d'un d\u00e9veloppement de projet avec nous :<\/strong><\/strong><\/h2>\n\n\n\n<ul class=\"wp-block-list\">\n<li><strong>Augmentation de la valeur \u00e0 long terme :<\/strong>&nbsp;L'association harmonieuse de la fonctionnalit\u00e9 et de l'esth\u00e9tique augmente la valeur \u00e0 long terme de votre bien immobilier, en tenant compte des aspects structurels, \u00e9conomiques, durables et sociaux.<\/li>\n\n\n\n<li><strong>\u00c9cologie :<\/strong>&nbsp;Une enveloppe de b\u00e2timent efficace sur le plan \u00e9nerg\u00e9tique et des technologies innovantes qui minimisent la consommation d'\u00e9nergie, associ\u00e9es \u00e0 des mat\u00e9riaux \u00e0 faible entretien, durables et respectueux de l'environnement, constituent la base d'une construction durable.<\/li>\n\n\n\n<li><strong>Innovation :<\/strong>&nbsp;Nous misons sur une architecture, des mat\u00e9riaux et des technologies de pointe qui rendent votre bien immobilier p\u00e9renne et comp\u00e9titif.<\/li>\n\n\n\n<li><strong>D\u00e9veloppement urbain :<\/strong>&nbsp;Nous contribuons \u00e0 l'am\u00e9lioration de la qualit\u00e9 de vie gr\u00e2ce \u00e0 une revalorisation r\u00e9fl\u00e9chie de l'infrastructure et \u00e0 l'augmentation de l'attractivit\u00e9.<\/li>\n\n\n\n<li><strong>\u00c9conomie :<\/strong>&nbsp;L'utilisation efficace de l'espace et des ressources ainsi que des concepts d'habitation bien pens\u00e9s et attrayants permettent d'obtenir des rendements \u00e0 long terme tout en r\u00e9duisant les co\u00fbts d'exploitation.<\/li>\n\n\n\n<li><strong>Soci\u00e9t\u00e9 :<\/strong>&nbsp;Nos projets renforcent l'int\u00e9gration sociale, am\u00e9liorent le bien-\u00eatre, augmentent la s\u00e9curit\u00e9 et soutiennent la diversit\u00e9. Ils favorisent les \u00e9changes entre les g\u00e9n\u00e9rations et contribuent \u00e0 une cohabitation harmonieuse.<\/li>\n\n\n\n<li><strong>Exp\u00e9rience :<\/strong>&nbsp;Nous avons mis en \u0153uvre avec succ\u00e8s un grand nombre de projets d\u00e9velopp\u00e9s par nous-m\u00eames ou par des clients. Nous proposons en outre un soutien complet pour le financement et la recherche d'investissements.<\/li>\n\n\n\n<li><strong>Suivi individuel :<\/strong>&nbsp;Nous d\u00e9veloppons des solutions individuelles et travaillons en \u00e9troite collaboration avec vous afin d'apporter une touche personnelle \u00e0 votre projet et d'atteindre vos objectifs d'investissement.<\/li>\n<\/ul>\n<\/div>\n\n\n\n<div class=\"wp-block-group alignfull is-layout-constrained wp-block-group-is-layout-constrained\">\n<h5 class=\"wp-block-heading\">R\u00e9f\u00e9rences<\/h5>\n\n\n\n<h2 class=\"wp-block-heading\">Projets r\u00e9alis\u00e9s<\/h2>\n\n\n\n<div class=\"wp-block-buttons is-layout-flex wp-block-buttons-is-layout-flex\">\n<div class=\"wp-block-button\"><a class=\"wp-block-button__link wp-element-button\" href=\"https:\/\/www.bruelhartducret.ch\/fr\/apercu-du-projet\/\">voir tous les projets<\/a><\/div>\n<\/div>\n\n\n<div class=\"align is-style-list wp-block-bruelhart-ducret-projects\">\n    <turbo-frame id=\"projects\" data-turbo=\"true\">\n                <div class=\"teasers\">\n                            <a href=\"https:\/\/www.bruelhartducret.ch\/fr\/projet\/neubau-efh-rechthalten\/\" class=\"post-1244 project type-project status-publish has-post-thumbnail hentry project_cat-projektentwicklung-wohnungsbau\" data-turbo=\"false\">\n    <div class=\"image-wrapper\">\n        <img loading=\"lazy\" decoding=\"async\" width=\"1920\" height=\"1440\" src=\"https:\/\/www.bruelhartducret.ch\/wp-content\/uploads\/2025\/05\/Fasel-Rechthalten_4.webp\" class=\"attachment-post-thumbnail size-post-thumbnail wp-post-image\" alt=\"\" srcset=\"https:\/\/www.bruelhartducret.ch\/wp-content\/uploads\/2025\/05\/Fasel-Rechthalten_4.webp 1920w, https:\/\/www.bruelhartducret.ch\/wp-content\/uploads\/2025\/05\/Fasel-Rechthalten_4-300x225.webp 300w, https:\/\/www.bruelhartducret.ch\/wp-content\/uploads\/2025\/05\/Fasel-Rechthalten_4-1024x768.webp 1024w, https:\/\/www.bruelhartducret.ch\/wp-content\/uploads\/2025\/05\/Fasel-Rechthalten_4-768x576.webp 768w, https:\/\/www.bruelhartducret.ch\/wp-content\/uploads\/2025\/05\/Fasel-Rechthalten_4-1536x1152.webp 1536w, https:\/\/www.bruelhartducret.ch\/wp-content\/uploads\/2025\/05\/Fasel-Rechthalten_4-16x12.webp 16w, https:\/\/www.bruelhartducret.ch\/wp-content\/uploads\/2025\/05\/Fasel-Rechthalten_4-407x305.webp 407w\" sizes=\"auto, (max-width: 1920px) 100vw, 1920px\" \/>    <\/div>\n    <div class=\"data-wrapper\">\n        <h3 class=\"title\">Constuction maison d'habitation Rechthalten<\/h3>\n        <p class=\"excerpt\">Maison individuelle sur versant sud \u2013 Habiter avec vue et raffinement<\/p>\n        <div class=\"wp-block-button read-more\">\n            <span class=\"wp-element-button\">en savoir plus<\/span>\n        <\/div>\n    <\/div>\n<\/a>                            <a href=\"https:\/\/www.bruelhartducret.ch\/fr\/projet\/smarthouse\/\" class=\"post-539 project type-project status-publish has-post-thumbnail hentry project_cat-projektentwicklung-wohnungsbau\" data-turbo=\"false\">\n    <div class=\"image-wrapper\">\n        <img loading=\"lazy\" decoding=\"async\" width=\"1920\" height=\"1080\" src=\"https:\/\/www.bruelhartducret.ch\/wp-content\/uploads\/2024\/11\/SmartHouse_Foto-1_2024.webp\" class=\"attachment-post-thumbnail size-post-thumbnail wp-post-image\" alt=\"\" srcset=\"https:\/\/www.bruelhartducret.ch\/wp-content\/uploads\/2024\/11\/SmartHouse_Foto-1_2024.webp 1920w, https:\/\/www.bruelhartducret.ch\/wp-content\/uploads\/2024\/11\/SmartHouse_Foto-1_2024-300x169.webp 300w, https:\/\/www.bruelhartducret.ch\/wp-content\/uploads\/2024\/11\/SmartHouse_Foto-1_2024-1024x576.webp 1024w, https:\/\/www.bruelhartducret.ch\/wp-content\/uploads\/2024\/11\/SmartHouse_Foto-1_2024-768x432.webp 768w, https:\/\/www.bruelhartducret.ch\/wp-content\/uploads\/2024\/11\/SmartHouse_Foto-1_2024-1536x864.webp 1536w, https:\/\/www.bruelhartducret.ch\/wp-content\/uploads\/2024\/11\/SmartHouse_Foto-1_2024-18x10.webp 18w, https:\/\/www.bruelhartducret.ch\/wp-content\/uploads\/2024\/11\/SmartHouse_Foto-1_2024-407x229.webp 407w\" sizes=\"auto, (max-width: 1920px) 100vw, 1920px\" \/>    <\/div>\n    <div class=\"data-wrapper\">\n        <h3 class=\"title\">SmartHouse<\/h3>\n        <p class=\"excerpt\">Mai\u00adson intel\u00adli\u00adgente durable pour une util\u00adi\u00adsa\u00adtion inno\u00advante des sur\u00adfaces r\u00e9sidu\u00adelles\n\n<\/p>\n        <div class=\"wp-block-button read-more\">\n            <span class=\"wp-element-button\">en savoir plus<\/span>\n        <\/div>\n    <\/div>\n<\/a>                            <a href=\"https:\/\/www.bruelhartducret.ch\/fr\/projet\/villa-lugnorre\/\" class=\"post-513 project type-project status-publish has-post-thumbnail hentry project_cat-projektentwicklung-wohnungsbau\" data-turbo=\"false\">\n    <div class=\"image-wrapper\">\n        <img loading=\"lazy\" decoding=\"async\" width=\"1920\" height=\"1080\" src=\"https:\/\/www.bruelhartducret.ch\/wp-content\/uploads\/2024\/11\/lugnorre-aussen.webp\" class=\"attachment-post-thumbnail size-post-thumbnail wp-post-image\" alt=\"\" srcset=\"https:\/\/www.bruelhartducret.ch\/wp-content\/uploads\/2024\/11\/lugnorre-aussen.webp 1920w, https:\/\/www.bruelhartducret.ch\/wp-content\/uploads\/2024\/11\/lugnorre-aussen-300x169.webp 300w, https:\/\/www.bruelhartducret.ch\/wp-content\/uploads\/2024\/11\/lugnorre-aussen-1024x576.webp 1024w, https:\/\/www.bruelhartducret.ch\/wp-content\/uploads\/2024\/11\/lugnorre-aussen-768x432.webp 768w, https:\/\/www.bruelhartducret.ch\/wp-content\/uploads\/2024\/11\/lugnorre-aussen-1536x864.webp 1536w, https:\/\/www.bruelhartducret.ch\/wp-content\/uploads\/2024\/11\/lugnorre-aussen-18x10.webp 18w, https:\/\/www.bruelhartducret.ch\/wp-content\/uploads\/2024\/11\/lugnorre-aussen-407x229.webp 407w\" sizes=\"auto, (max-width: 1920px) 100vw, 1920px\" \/>    <\/div>\n    <div class=\"data-wrapper\">\n        <h3 class=\"title\">Villa Lugnorre<\/h3>\n        <p class=\"excerpt\">Une villa doit \u00eatre construite \u00e0 Lugnorre, avec une vue imprenable sur le lac de Morat et le paysage alpin. <\/p>\n        <div class=\"wp-block-button read-more\">\n            <span class=\"wp-element-button\">en savoir plus<\/span>\n        <\/div>\n    <\/div>\n<\/a>                            <a href=\"https:\/\/www.bruelhartducret.ch\/fr\/projet\/neubau-terrassenhaus-alterswil\/\" class=\"post-1258 project type-project status-publish has-post-thumbnail hentry project_cat-projektentwicklung-wohnungsbau\" data-turbo=\"false\">\n    <div class=\"image-wrapper\">\n        <img loading=\"lazy\" decoding=\"async\" width=\"1920\" height=\"1440\" src=\"https:\/\/www.bruelhartducret.ch\/wp-content\/uploads\/2025\/05\/Planbau-Alterswil_15.webp\" class=\"attachment-post-thumbnail size-post-thumbnail wp-post-image\" alt=\"\" srcset=\"https:\/\/www.bruelhartducret.ch\/wp-content\/uploads\/2025\/05\/Planbau-Alterswil_15.webp 1920w, https:\/\/www.bruelhartducret.ch\/wp-content\/uploads\/2025\/05\/Planbau-Alterswil_15-300x225.webp 300w, https:\/\/www.bruelhartducret.ch\/wp-content\/uploads\/2025\/05\/Planbau-Alterswil_15-1024x768.webp 1024w, https:\/\/www.bruelhartducret.ch\/wp-content\/uploads\/2025\/05\/Planbau-Alterswil_15-768x576.webp 768w, https:\/\/www.bruelhartducret.ch\/wp-content\/uploads\/2025\/05\/Planbau-Alterswil_15-1536x1152.webp 1536w, https:\/\/www.bruelhartducret.ch\/wp-content\/uploads\/2025\/05\/Planbau-Alterswil_15-16x12.webp 16w, https:\/\/www.bruelhartducret.ch\/wp-content\/uploads\/2025\/05\/Planbau-Alterswil_15-407x305.webp 407w\" sizes=\"auto, (max-width: 1920px) 100vw, 1920px\" \/>    <\/div>\n    <div class=\"data-wrapper\">\n        <h3 class=\"title\">Nouvelle construction d\u2019une maison en terrasses \u00e0 Alterswil<\/h3>\n        <p class=\"excerpt\">Habiter avec vue \u2013 une architecture en dialogue avec le paysage<\/p>\n        <div class=\"wp-block-button read-more\">\n            <span class=\"wp-element-button\">en savoir plus<\/span>\n        <\/div>\n    <\/div>\n<\/a>                            <a href=\"https:\/\/www.bruelhartducret.ch\/fr\/projet\/drei-hoefe-guemmenen\/\" class=\"post-1287 project type-project status-publish has-post-thumbnail hentry project_cat-projektentwicklung-wohnungsbau\" data-turbo=\"false\">\n    <div class=\"image-wrapper\">\n        <img loading=\"lazy\" decoding=\"async\" width=\"2560\" height=\"1707\" src=\"https:\/\/www.bruelhartducret.ch\/wp-content\/uploads\/2025\/05\/Drei-Hoefe-Guemmen_4-scaled.webp\" class=\"attachment-post-thumbnail size-post-thumbnail wp-post-image\" alt=\"\" srcset=\"https:\/\/www.bruelhartducret.ch\/wp-content\/uploads\/2025\/05\/Drei-Hoefe-Guemmen_4-scaled.webp 2560w, https:\/\/www.bruelhartducret.ch\/wp-content\/uploads\/2025\/05\/Drei-Hoefe-Guemmen_4-300x200.webp 300w, https:\/\/www.bruelhartducret.ch\/wp-content\/uploads\/2025\/05\/Drei-Hoefe-Guemmen_4-1024x683.webp 1024w, https:\/\/www.bruelhartducret.ch\/wp-content\/uploads\/2025\/05\/Drei-Hoefe-Guemmen_4-768x512.webp 768w, https:\/\/www.bruelhartducret.ch\/wp-content\/uploads\/2025\/05\/Drei-Hoefe-Guemmen_4-1536x1024.webp 1536w, https:\/\/www.bruelhartducret.ch\/wp-content\/uploads\/2025\/05\/Drei-Hoefe-Guemmen_4-2048x1365.webp 2048w, https:\/\/www.bruelhartducret.ch\/wp-content\/uploads\/2025\/05\/Drei-Hoefe-Guemmen_4-18x12.webp 18w, https:\/\/www.bruelhartducret.ch\/wp-content\/uploads\/2025\/05\/Drei-Hoefe-Guemmen_4-407x271.webp 407w\" sizes=\"auto, (max-width: 2560px) 100vw, 2560px\" \/>    <\/div>\n    <div class=\"data-wrapper\">\n        <h3 class=\"title\">Drei H\u00f6fe G\u00fcmmenen<\/h3>\n        <p class=\"excerpt\">R\u00e9interpr\u00e9tation contemporaine d\u2019un ensemble rural typique<\/p>\n        <div class=\"wp-block-button read-more\">\n            <span class=\"wp-element-button\">en savoir plus<\/span>\n        <\/div>\n    <\/div>\n<\/a>                            <a href=\"https:\/\/www.bruelhartducret.ch\/fr\/projet\/construction-dun-immeuble-dhabitation-a-alterswil\/\" class=\"post-714 project type-project status-publish has-post-thumbnail hentry project_cat-projektentwicklung-wohnungsbau\" data-turbo=\"false\">\n    <div class=\"image-wrapper\">\n        <img loading=\"lazy\" decoding=\"async\" width=\"1920\" height=\"1152\" src=\"https:\/\/www.bruelhartducret.ch\/wp-content\/uploads\/2025\/05\/Alte-Landi-Alterswil_15-e1749188176787.webp\" class=\"attachment-post-thumbnail size-post-thumbnail wp-post-image\" alt=\"\" srcset=\"https:\/\/www.bruelhartducret.ch\/wp-content\/uploads\/2025\/05\/Alte-Landi-Alterswil_15-e1749188176787.webp 1920w, https:\/\/www.bruelhartducret.ch\/wp-content\/uploads\/2025\/05\/Alte-Landi-Alterswil_15-e1749188176787-300x180.webp 300w, https:\/\/www.bruelhartducret.ch\/wp-content\/uploads\/2025\/05\/Alte-Landi-Alterswil_15-e1749188176787-1024x614.webp 1024w, https:\/\/www.bruelhartducret.ch\/wp-content\/uploads\/2025\/05\/Alte-Landi-Alterswil_15-e1749188176787-768x461.webp 768w, https:\/\/www.bruelhartducret.ch\/wp-content\/uploads\/2025\/05\/Alte-Landi-Alterswil_15-e1749188176787-1536x922.webp 1536w, https:\/\/www.bruelhartducret.ch\/wp-content\/uploads\/2025\/05\/Alte-Landi-Alterswil_15-e1749188176787-18x12.webp 18w, https:\/\/www.bruelhartducret.ch\/wp-content\/uploads\/2025\/05\/Alte-Landi-Alterswil_15-e1749188176787-407x244.webp 407w\" sizes=\"auto, (max-width: 1920px) 100vw, 1920px\" \/>    <\/div>\n    <div class=\"data-wrapper\">\n        <h3 class=\"title\">Nou\u00advelle con\u00adstruc\u00adtion immeu\u00adble col\u00adlec\u00adtif \u00e0 Alterswil<\/h3>\n        <p class=\"excerpt\">La \u00ab mai\u00adson interg\u00e9n\u00e9ra\u00adtionnelle Alte Lan\u00addi \u00bb n\u2019est pas qu\u2019une sim\u00adple mai\u00adson, c\u2019est la r\u00e9al\u00adi\u00adsa\u00adtion d\u2019un r\u00eave de longue date du ma\u00eetre d\u2019ou\u00advrage.<\/p>\n        <div class=\"wp-block-button read-more\">\n            <span class=\"wp-element-button\">en savoir plus<\/span>\n        <\/div>\n    <\/div>\n<\/a>                    <\/div>\n            <\/turbo-frame>\n<\/div>\n<\/div>\n\n\n<div class=\"alignfull has-background has-primary-background-color wp-block-group alignfull wp-block-bruelhart-ducret-contact has-background has-primary-background-color\">\n    <div class=\"content-wrapper\">\n        <div class=\"acf-innerblocks-container\">\n\n<h5 class=\"wp-block-heading\">Personne de contact<\/h5>\n\n\n\n<h2 class=\"wp-block-heading\"><strong>Vous avez des questions sur le d\u00e9veloppement de projets de construction de logements ?<\/strong> N'h\u00e9sitez pas \u00e0 nous contacter.<\/h2>\n\n\n\n<div class=\"wp-block-buttons is-layout-flex wp-block-buttons-is-layout-flex\">\n<div class=\"wp-block-button\"><a class=\"wp-block-button__link wp-element-button\" href=\"https:\/\/www.bruelhartducret.ch\/fr\/bureau-darchitecture\/#team\">Tous les contacts<\/a><\/div>\n<\/div>\n\n<\/div>\n    <\/div>\n            <div class=\"employees\">\n            <figure href=\"https:\/\/www.bruelhartducret.ch\/fr\/?employee=automatisch-gespeicherter-entwurf-4\" class=\"post-814 employee type-employee status-publish hentry\" data-turbo=\"false\">\n    <div class=\"portrait-wrapper\">\n        <img loading=\"lazy\" decoding=\"async\" width=\"407\" height=\"305\" src=\"https:\/\/www.bruelhartducret.ch\/wp-content\/uploads\/2025\/02\/Sacha_2025_2-407x305.webp\" class=\"attachment-portrait size-portrait\" alt=\"\" srcset=\"https:\/\/www.bruelhartducret.ch\/wp-content\/uploads\/2025\/02\/Sacha_2025_2-407x305.webp 407w, https:\/\/www.bruelhartducret.ch\/wp-content\/uploads\/2025\/02\/Sacha_2025_2-300x225.webp 300w, https:\/\/www.bruelhartducret.ch\/wp-content\/uploads\/2025\/02\/Sacha_2025_2-1024x768.webp 1024w, https:\/\/www.bruelhartducret.ch\/wp-content\/uploads\/2025\/02\/Sacha_2025_2-768x576.webp 768w, https:\/\/www.bruelhartducret.ch\/wp-content\/uploads\/2025\/02\/Sacha_2025_2-1536x1152.webp 1536w, https:\/\/www.bruelhartducret.ch\/wp-content\/uploads\/2025\/02\/Sacha_2025_2-2048x1536.webp 2048w, https:\/\/www.bruelhartducret.ch\/wp-content\/uploads\/2025\/02\/Sacha_2025_2-16x12.webp 16w\" sizes=\"auto, (max-width: 407px) 100vw, 407px\" \/>                    <a class=\"linkedin\" href=\"https:\/\/ch.linkedin.com\/in\/sacha-br%C3%BClhart-850106167\" target=\"_blank\"><\/a>\n            <\/div>\n    <figcaption>\n        <h3 class=\"name\">Sacha Br\u00fclhart <\/h3>\n                    <div class=\"occupation\">\n                                    <span class=\"job\">Architecte FH, biologiste du b\u00e2timent SIB<\/span>\n                                                    <span class=\"position\">Partenaire principal, co-directeur<\/span>\n                            <\/div>\n                            <div class=\"links\">\n                                    <a class=\"phone\" href=\"tel:+41 58 861 61 01\">+41 58 861 61 01<\/a>\n                                                    <a class=\"email\" href=\"mailto:sacha.bruelhart@bruelhartducret.ch\">sacha.bruelhart@bruelhartducret.ch<\/a>\n                            <\/div>\n            <\/figcaption>\n<\/figure>            <figure href=\"https:\/\/www.bruelhartducret.ch\/fr\/?employee=automatisch-gespeicherter-entwurf-4\" class=\"post-753 employee type-employee status-publish hentry\" data-turbo=\"false\">\n    <div class=\"portrait-wrapper\">\n        <img loading=\"lazy\" decoding=\"async\" width=\"407\" height=\"304\" src=\"https:\/\/www.bruelhartducret.ch\/wp-content\/uploads\/2025\/02\/2025_Steve-Ducret_1-scaled-e1752062618327-407x304.webp\" class=\"attachment-portrait size-portrait\" alt=\"\" srcset=\"https:\/\/www.bruelhartducret.ch\/wp-content\/uploads\/2025\/02\/2025_Steve-Ducret_1-scaled-e1752062618327-407x304.webp 407w, https:\/\/www.bruelhartducret.ch\/wp-content\/uploads\/2025\/02\/2025_Steve-Ducret_1-scaled-e1752062618327-300x224.webp 300w, https:\/\/www.bruelhartducret.ch\/wp-content\/uploads\/2025\/02\/2025_Steve-Ducret_1-scaled-e1752062618327-1024x766.webp 1024w, https:\/\/www.bruelhartducret.ch\/wp-content\/uploads\/2025\/02\/2025_Steve-Ducret_1-scaled-e1752062618327-768x575.webp 768w, https:\/\/www.bruelhartducret.ch\/wp-content\/uploads\/2025\/02\/2025_Steve-Ducret_1-scaled-e1752062618327-1536x1149.webp 1536w, https:\/\/www.bruelhartducret.ch\/wp-content\/uploads\/2025\/02\/2025_Steve-Ducret_1-scaled-e1752062618327-16x12.webp 16w, https:\/\/www.bruelhartducret.ch\/wp-content\/uploads\/2025\/02\/2025_Steve-Ducret_1-scaled-e1752062618327.webp 1540w\" sizes=\"auto, (max-width: 407px) 100vw, 407px\" \/>                    <a class=\"linkedin\" href=\"https:\/\/ch.linkedin.com\/in\/steve-ducret-9ba43746\" target=\"_blank\"><\/a>\n            <\/div>\n    <figcaption>\n        <h3 class=\"name\">Steve Ducret<\/h3>\n                    <div class=\"occupation\">\n                                    <span class=\"job\">Architecte FH<\/span>\n                                                    <span class=\"position\">Partenaire principal, co-directeur<\/span>\n                            <\/div>\n                            <div class=\"links\">\n                                    <a class=\"phone\" href=\"tel:+41 58 861 61 02\">+41 58 861 61 02<\/a>\n                                                    <a class=\"email\" href=\"mailto:steve.ducret@bruelhartducret.ch\">steve.ducret@bruelhartducret.ch<\/a>\n                            <\/div>\n            <\/figcaption>\n<\/figure>        <\/div>\n    <\/div>\n\n<div class=\"blaze-slider alignwide wp-block-bruelhart-ducret-testimonials\">\n    <div class=\"blaze-container\">\n        <div class=\"blaze-track-container\">\n            <ul class=\"blaze-track\">\n                                    <blockquote>\n                        <p>De la planification en 2021 jusqu'\u00e0 la remise des cl\u00e9s fin 2023, Br\u00fclhart Ducret SA et ses collaborateurs cr\u00e9atifs et exp\u00e9riment\u00e9s nous ont merveilleusement soutenus dans la r\u00e9alisation de notre projet de nouvelle construction.\nNous sommes tr\u00e8s heureux de notre superbe maison individuelle et avons eu beaucoup de plaisir \u00e0 mettre en \u0153uvre le projet avec Br\u00fclhart Ducret SA.<\/p>\n                        <cite>Eileen F.<\/cite>\n                    <\/blockquote>\n                                    <blockquote>\n                        <p>Mon bureau d'architecture, pour un projet de construction. Nous sommes impatients de voir le projet prendre forme.<\/p>\n                        <cite>Ralph Ch.<\/cite>\n                    <\/blockquote>\n                                    <blockquote>\n                        <p>La confiance est la base de tout investissement immobilier.\nNotre collaboration de longue date avec Br\u00fclhart Ducret SA d\u00e9montre que cr\u00e9ativit\u00e9, flexibilit\u00e9, sens strat\u00e9gique et expertise approfondie s\u2019unissent ici au plus haut niveau \u2013 un partenariat qui fait ses preuves.<\/p>\n                        <cite>Erich T.<\/cite>\n                    <\/blockquote>\n                                    <blockquote>\n                        <p>Notre architecte a fait de notre r\u00eave une r\u00e9alit\u00e9<\/p>\n                        <cite>Dora F., Daniel R.<\/cite>\n                    <\/blockquote>\n                                    <blockquote>\n                        <p>Le bureau d'architectes de mon choix pour un projet de construction. C'est toujours passionnant d'observer comment le projet prend forme.<\/p>\n                        <cite>David Z.<\/cite>\n                    <\/blockquote>\n                            <\/ul>\n        <\/div>\n        <div class=\"blaze-navigation\">\n            <button class=\"blaze-prev\"><\/button>\n            <button class=\"blaze-next\"><\/button>\n        <\/div>\n    <\/div>\n<\/div>","protected":false},"excerpt":{"rendered":"<p>Projektentwicklung Wohnungsbau: Ansprechende, langlebige Wohnr\u00e4ume mit Wertsteigerung Unser Fokus im Wohnungsbau liegt auf der Entwicklung von Objekten, die den aktuellen und zuk\u00fcnftigen Bed\u00fcrfnissen der Menschen gerecht werden. Wir sind davon \u00fcberzeugt, dass nur Projekte, die sowohl funktional als auch \u00e4sthetisch \u00fcberzeugen, langfristig erfolgreich sind! Wir schaffen ansprechende und langlebige Wohnr\u00e4ume, die den Wert Ihrer Immobilie [&hellip;]<\/p>","protected":false},"author":1,"featured_media":0,"parent":0,"menu_order":0,"comment_status":"closed","ping_status":"closed","template":"","meta":{"footnotes":""},"class_list":["post-51","page","type-page","status-publish","hentry"],"acf":[],"_links":{"self":[{"href":"https:\/\/www.bruelhartducret.ch\/fr\/wp-json\/wp\/v2\/pages\/51","targetHints":{"allow":["GET"]}}],"collection":[{"href":"https:\/\/www.bruelhartducret.ch\/fr\/wp-json\/wp\/v2\/pages"}],"about":[{"href":"https:\/\/www.bruelhartducret.ch\/fr\/wp-json\/wp\/v2\/types\/page"}],"author":[{"embeddable":true,"href":"https:\/\/www.bruelhartducret.ch\/fr\/wp-json\/wp\/v2\/users\/1"}],"replies":[{"embeddable":true,"href":"https:\/\/www.bruelhartducret.ch\/fr\/wp-json\/wp\/v2\/comments?post=51"}],"version-history":[{"count":23,"href":"https:\/\/www.bruelhartducret.ch\/fr\/wp-json\/wp\/v2\/pages\/51\/revisions"}],"predecessor-version":[{"id":1470,"href":"https:\/\/www.bruelhartducret.ch\/fr\/wp-json\/wp\/v2\/pages\/51\/revisions\/1470"}],"wp:attachment":[{"href":"https:\/\/www.bruelhartducret.ch\/fr\/wp-json\/wp\/v2\/media?parent=51"}],"curies":[{"name":"wp","href":"https:\/\/api.w.org\/{rel}","templated":true}]}}