{"id":468,"date":"2024-02-02T11:34:25","date_gmt":"2024-02-02T10:34:25","guid":{"rendered":"https:\/\/bruelhart-ducret.dev.hayloft-it.ch\/?page_id=468"},"modified":"2025-03-25T09:42:26","modified_gmt":"2025-03-25T08:42:26","slug":"protection-des-donnees","status":"publish","type":"page","link":"https:\/\/www.bruelhartducret.ch\/fr\/protection-des-donnees\/","title":{"rendered":"Protection des donn\u00e9es"},"content":{"rendered":"<h2 class=\"wp-block-heading\">Protection des donn\u00e9es<\/h2>\n\n\n\n<h4 class=\"wp-block-heading\"><strong>Remarque g\u00e9n\u00e9rale et informations obligatoires<\/strong><\/h4>\n\n\n\n<p>D\u00e9signation de l'organisme responsable. Le responsable du traitement des donn\u00e9es sur ce site est :<\/p>\n\n\n\n<p>Br\u00fclhart Ducret<br>24, rue principale<br>1715 Alterswil<\/p>\n\n\n\n<p>Le responsable d\u00e9cide, seul ou conjointement avec d'autres, des finalit\u00e9s et des moyens du traitement des donn\u00e9es \u00e0 caract\u00e8re personnel (p. ex. noms, coordonn\u00e9es ou autres).<\/p>\n\n\n\n<h4 class=\"wp-block-heading\">R\u00e9vocation de votre consentement au traitement des donn\u00e9es<\/h4>\n\n\n\n<p>Certaines op\u00e9rations de traitement des donn\u00e9es ne sont possibles qu'avec votre consentement explicite. Il est possible de r\u00e9voquer \u00e0 tout moment le consentement que vous avez d\u00e9j\u00e0 donn\u00e9. Pour la r\u00e9vocation, il suffit d'envoyer un message informel par e-mail. La l\u00e9galit\u00e9 du traitement des donn\u00e9es effectu\u00e9 jusqu'\u00e0 la r\u00e9vocation n'est pas affect\u00e9e par la r\u00e9vocation.<\/p>\n\n\n\n<h4 class=\"wp-block-heading\">Droit de recours aupr\u00e8s de l'autorit\u00e9 de surveillance comp\u00e9tente<\/h4>\n\n\n\n<p>En tant que personne concern\u00e9e, vous disposez d'un droit de recours aupr\u00e8s de l'autorit\u00e9 de surveillance comp\u00e9tente en cas d'infraction au droit de la protection des donn\u00e9es. L'autorit\u00e9 de surveillance comp\u00e9tente pour les questions relatives \u00e0 la protection des donn\u00e9es est le d\u00e9l\u00e9gu\u00e9 \u00e0 la protection des donn\u00e9es du Land dans lequel se trouve le si\u00e8ge de notre entreprise. Le lien suivant fournit une liste des responsables de la protection des donn\u00e9es ainsi que leurs coordonn\u00e9es :&nbsp;<a href=\"https:\/\/www.bfdi.bund.de\/DE\/Infothek\/Anschriften_Links\/anschriften_links-node.html\" target=\"_blank\" rel=\"noreferrer noopener\">bfdi.bund.de<\/a><\/p>\n\n\n\n<h4 class=\"wp-block-heading\">Droit \u00e0 la portabilit\u00e9 des donn\u00e9es<\/h4>\n\n\n\n<p>Vous avez le droit de vous faire remettre ou de faire remettre \u00e0 un tiers les donn\u00e9es que nous traitons de mani\u00e8re automatis\u00e9e sur la base de votre consentement ou en ex\u00e9cution d'un contrat. La mise \u00e0 disposition se fait dans un format lisible par machine. Si vous demandez la transmission directe des donn\u00e9es \u00e0 un autre responsable, cela ne se fera que dans la mesure o\u00f9 cela est techniquement faisable.<\/p>\n\n\n\n<h4 class=\"wp-block-heading\">Droit d'acc\u00e8s, de rectification, de blocage, d'effacement<\/h4>\n\n\n\n<p>Dans le cadre des dispositions l\u00e9gales en vigueur, vous avez \u00e0 tout moment le droit d'obtenir gratuitement des informations sur vos donn\u00e9es personnelles enregistr\u00e9es, l'origine des donn\u00e9es, leurs destinataires et la finalit\u00e9 du traitement des donn\u00e9es et, le cas \u00e9ch\u00e9ant, un droit de rectification, de blocage ou de suppression de ces donn\u00e9es. \u00c0 ce sujet et pour toute autre question relative aux donn\u00e9es personnelles, vous pouvez nous contacter \u00e0 tout moment en utilisant les coordonn\u00e9es indiqu\u00e9es dans les mentions l\u00e9gales.<\/p>\n\n\n\n<h4 class=\"wp-block-heading\">Chiffrement SSL ou TLS<\/h4>\n\n\n\n<p>Pour des raisons de s\u00e9curit\u00e9 et pour prot\u00e9ger la transmission de contenus confidentiels que vous nous envoyez en tant qu'exploitant du site, notre site Internet utilise un cryptage SSL ou TLS. Ainsi, les donn\u00e9es que vous transmettez via ce site web ne sont pas lisibles par des tiers. Vous reconnaissez une connexion crypt\u00e9e \u00e0 la ligne d'adresse \"https:\/\/\" de votre navigateur et au symbole du cadenas dans la ligne du navigateur.<\/p>\n\n\n\n<h4 class=\"wp-block-heading\">Vimeo<\/h4>\n\n\n\n<p>Pour l'int\u00e9gration et la pr\u00e9sentation de contenus vid\u00e9o, notre site web utilise des plugins de Vimeo. Le fournisseur du portail vid\u00e9o est Vimeo Inc., 555 West 18<sup>th<\/sup>&nbsp;Street, New York, New York 10011, USA. Lors de l'appel d'une page avec un plugin Vimeo int\u00e9gr\u00e9, une connexion est \u00e9tablie avec les serveurs de Vimeo. Vimeo est ainsi inform\u00e9 des pages que vous avez consult\u00e9es. Vimeo apprend votre adresse IP, m\u00eame si vous n'\u00eates pas connect\u00e9 au portail vid\u00e9o ou si vous n'y poss\u00e9dez pas de compte. Les informations saisies par Vimeo sont transmises aux serveurs du portail vid\u00e9o aux \u00c9tats-Unis, ce qui permet \u00e0 Vimeo d'associer directement votre comportement de navigation \u00e0 votre profil personnel. Vous avez la possibilit\u00e9 d'emp\u00eacher cela en vous d\u00e9connectant au pr\u00e9alable.Vous trouverez des d\u00e9tails sur le traitement des donn\u00e9es des utilisateurs dans la d\u00e9claration de protection des donn\u00e9es de Vimeo sous :&nbsp;<a href=\"https:\/\/vimeo.com\/privacy\" target=\"_blank\" rel=\"noreferrer noopener\">vimeo.com<\/a><\/p>\n\n\n\n<h4 class=\"wp-block-heading\">Cookies<\/h4>\n\n\n\n<p>Notre site web utilise des cookies. Il s'agit de petits fichiers texte que votre navigateur web enregistre sur votre terminal. Les cookies nous aident \u00e0 rendre notre offre plus conviviale, plus efficace et plus s\u00fbre. Certains cookies sont des \"cookies de session\". De tels cookies sont supprim\u00e9s d'eux-m\u00eames \u00e0 la fin de votre session de navigation. En revanche, d'autres cookies restent sur votre terminal jusqu'\u00e0 ce que vous les supprimiez vous-m\u00eame. De tels cookies nous aident \u00e0 vous reconna\u00eetre lorsque vous revenez sur notre site web.Un navigateur web moderne vous permet de surveiller, de limiter ou d'emp\u00eacher l'installation de cookies. De nombreux navigateurs web peuvent \u00eatre configur\u00e9s de mani\u00e8re \u00e0 ce que les cookies soient supprim\u00e9s d'eux-m\u00eames \u00e0 la fermeture du programme. La d\u00e9sactivation des cookies peut avoir pour cons\u00e9quence une fonctionnalit\u00e9 limit\u00e9e de notre site web.L'installation de cookies n\u00e9cessaires \u00e0 l'ex\u00e9cution de processus de communication \u00e9lectronique ou \u00e0 la mise \u00e0 disposition de certaines fonctions que vous souhaitez (par ex. panier d'achat) s'effectue sur la base de l'article 6, alin\u00e9a 1, lettre f du RGPD. En tant qu'exploitant de ce site web, nous avons un int\u00e9r\u00eat l\u00e9gitime \u00e0 l'enregistrement de cookies pour une mise \u00e0 disposition de nos services sans erreur technique et sans probl\u00e8me. Dans la mesure o\u00f9 le placement d'autres cookies (par exemple pour des fonctions d'analyse) a lieu, ceux-ci sont trait\u00e9s s\u00e9par\u00e9ment dans la pr\u00e9sente d\u00e9claration de protection des donn\u00e9es.<\/p>\n\n\n\n<h4 class=\"wp-block-heading\">Google Analytics<\/h4>\n\n\n\n<p>Notre site web utilise des fonctions du service d'analyse web Google Analytics. Le fournisseur du service d'analyse web est Google Inc., 1600 Amphitheatre Parkway, Mountain View, CA 94043, USA.Google Analytics utilise des \"cookies\". Il s'agit de petits fichiers texte que votre navigateur web enregistre sur votre terminal et qui permettent d'analyser l'utilisation du site web. Les informations g\u00e9n\u00e9r\u00e9es par les cookies concernant votre utilisation de notre site web sont transmises \u00e0 un serveur de Google et y sont enregistr\u00e9es. En r\u00e8gle g\u00e9n\u00e9rale, le serveur est situ\u00e9 aux \u00c9tats-Unis. L'installation des cookies Google Analytics se fait sur la base de l'article 6, paragraphe 1, point f du RGPD. En tant qu'exploitant de ce site web, nous avons un int\u00e9r\u00eat l\u00e9gitime \u00e0 analyser le comportement des utilisateurs afin d'optimiser notre offre web et, le cas \u00e9ch\u00e9ant, notre publicit\u00e9.<\/p>\n\n\n\n<p>Anonymisation des IP<\/p>\n\n\n\n<p>Nous utilisons Google Analytics en combinaison avec la fonction d'anonymisation IP. Elle garantit que Google tronque votre adresse IP dans les \u00c9tats membres de l'Union europ\u00e9enne ou dans d'autres \u00c9tats signataires de l'accord sur l'Espace \u00e9conomique europ\u00e9en avant de la transmettre aux \u00c9tats-Unis. Il peut y avoir des cas exceptionnels dans lesquels Google transmet l'adresse IP compl\u00e8te \u00e0 un serveur aux \u00c9tats-Unis et l'y raccourcit. Google utilisera ces informations pour notre compte afin d'\u00e9valuer votre utilisation du site, d'\u00e9tablir des rapports sur les activit\u00e9s du site et de nous fournir d'autres services li\u00e9s \u00e0 l'utilisation du site et d'Internet. L'adresse IP transmise par Google Analytics n'est pas recoup\u00e9e avec d'autres donn\u00e9es de Google.<\/p>\n\n\n\n<p>Plugin de navigateur<\/p>\n\n\n\n<p>Il est possible d'emp\u00eacher l'installation de cookies par votre navigateur web. Certaines fonctions de notre site web pourraient toutefois s'en trouver limit\u00e9es. Vous pouvez \u00e9galement emp\u00eacher la collecte de donn\u00e9es relatives \u00e0 votre utilisation du site web, y compris votre adresse IP, et leur traitement ult\u00e9rieur par Google. Pour ce faire, il vous suffit de t\u00e9l\u00e9charger et d'installer le plug-in de navigateur accessible via le lien suivant :&nbsp;<a href=\"https:\/\/tools.google.com\/dlpage\/gaoptout?hl=de\" target=\"_blank\" rel=\"noreferrer noopener\">tools.google.com<\/a><\/p>\n\n\n\n<p>Opposition \u00e0 la collecte de donn\u00e9es<\/p>\n\n\n\n<p>Vous pouvez emp\u00eacher la saisie de vos donn\u00e9es par Google Analytics en cliquant sur le lien suivant. Un cookie d'opt-out sera install\u00e9, qui emp\u00eachera la collecte de vos donn\u00e9es lors de vos prochaines visites sur notre site : Pour plus de d\u00e9tails sur le traitement des donn\u00e9es utilisateur par Google Analytics, veuillez consulter la d\u00e9claration de confidentialit\u00e9 de Google :&nbsp;<a href=\"https:\/\/support.google.com\/analytics\/answer\/6004245?hl=de\" target=\"_blank\" rel=\"noreferrer noopener\">support.google.com<\/a><\/p>\n\n\n\n<p>Traitement des commandes<\/p>\n\n\n\n<p>Afin de satisfaire pleinement aux exigences l\u00e9gales en mati\u00e8re de protection des donn\u00e9es, nous avons conclu un contrat de traitement des commandes avec Google.<\/p>\n\n\n\n<p>Caract\u00e9ristiques d\u00e9mographiques dans Google Analytics<\/p>\n\n\n\n<p>Notre site utilise la fonction \"caract\u00e9ristiques d\u00e9mographiques\" de Google Analytics. Celle-ci permet de cr\u00e9er des rapports contenant des d\u00e9clarations sur l'\u00e2ge, le sexe et les int\u00e9r\u00eats des visiteurs du site. Ces donn\u00e9es proviennent de la publicit\u00e9 cibl\u00e9e par centres d'int\u00e9r\u00eat de Google ainsi que de donn\u00e9es de visiteurs de fournisseurs tiers. Une attribution des donn\u00e9es \u00e0 une personne pr\u00e9cise n'est pas possible. Vous pouvez d\u00e9sactiver cette fonction \u00e0 tout moment. Cela est possible via les param\u00e8tres des annonces dans votre compte Google ou en interdisant de mani\u00e8re g\u00e9n\u00e9rale la collecte de vos donn\u00e9es par Google Analytics, comme expliqu\u00e9 au point \"Opposition \u00e0 la collecte de donn\u00e9es\".<\/p>\n\n\n\n<p><br>Les textes allemands sur la protection des donn\u00e9es s'appliquent \u00e0 la version fran\u00e7aise. Source : Configurateur de protection des donn\u00e9es de&nbsp;<a href=\"https:\/\/mein-datenschutzbeauftragter.de\/\" target=\"_blank\" rel=\"noreferrer noopener\">mon-charg\u00e9-de-la-protection-des-donn\u00e9es.de<\/a><\/p>","protected":false},"excerpt":{"rendered":"<p>Datenschutz All\u00adge\u00admein\u00ader Hin\u00adweis und Pflichtinformationen Benen\u00adnung der ver\u00adant\u00adwortlichen Stelle. Die ver\u00adant\u00adwortliche Stelle f\u00fcr die Daten\u00adver\u00adar\u00adbeitung auf dieser Web\u00adsite\u00a0ist: Br\u00fcl\u00adhart DucretHaupt\u00adstrasse&nbsp;241715&nbsp;Alter\u00adswil Die ver\u00adant\u00adwortliche Stelle entschei\u00addet allein oder gemein\u00adsam mit anderen \u00fcber die Zwecke und Mit\u00adtel der Ver\u00adar\u00adbeitung von per\u00adso\u00adn\u00aden\u00adbe\u00adzo\u00adge\u00adnen Dat\u00aden (z.B. Namen, Kon\u00adtak\u00adt\u00addat\u00aden o.&nbsp;\u00c4.). Wider\u00adruf Ihrer Ein\u00adwilli\u00adgung zur Datenverarbeitung Nur mit Ihrer aus\u00addr\u00fcck\u00adlichen Ein\u00adwilli\u00adgung sind einige [&hellip;]<\/p>","protected":false},"author":1,"featured_media":0,"parent":0,"menu_order":0,"comment_status":"closed","ping_status":"closed","template":"","meta":{"footnotes":""},"class_list":["post-468","page","type-page","status-publish","hentry"],"acf":[],"_links":{"self":[{"href":"https:\/\/www.bruelhartducret.ch\/fr\/wp-json\/wp\/v2\/pages\/468","targetHints":{"allow":["GET"]}}],"collection":[{"href":"https:\/\/www.bruelhartducret.ch\/fr\/wp-json\/wp\/v2\/pages"}],"about":[{"href":"https:\/\/www.bruelhartducret.ch\/fr\/wp-json\/wp\/v2\/types\/page"}],"author":[{"embeddable":true,"href":"https:\/\/www.bruelhartducret.ch\/fr\/wp-json\/wp\/v2\/users\/1"}],"replies":[{"embeddable":true,"href":"https:\/\/www.bruelhartducret.ch\/fr\/wp-json\/wp\/v2\/comments?post=468"}],"version-history":[{"count":2,"href":"https:\/\/www.bruelhartducret.ch\/fr\/wp-json\/wp\/v2\/pages\/468\/revisions"}],"predecessor-version":[{"id":958,"href":"https:\/\/www.bruelhartducret.ch\/fr\/wp-json\/wp\/v2\/pages\/468\/revisions\/958"}],"wp:attachment":[{"href":"https:\/\/www.bruelhartducret.ch\/fr\/wp-json\/wp\/v2\/media?parent=468"}],"curies":[{"name":"wp","href":"https:\/\/api.w.org\/{rel}","templated":true}]}}